{"id":254504,"date":"2026-03-12T15:20:33","date_gmt":"2026-03-12T18:20:33","guid":{"rendered":"https:\/\/www.manaus.am.gov.br\/semcom\/?post_type=pautas&#038;p=254504"},"modified":"2026-03-12T15:20:34","modified_gmt":"2026-03-12T18:20:34","slug":"prefeitura-fdt-boleraodasaudade-mirante","status":"publish","type":"pautas","link":"https:\/\/www.manaus.am.gov.br\/semcom\/pautas\/prefeitura-fdt-boleraodasaudade-mirante\/","title":{"rendered":"Prefeitura de Manaus lan\u00e7a projeto \u2018Boler\u00e3o da Saudade\u2019 no mirante L\u00facia Almeida nesta sexta-feira"},"content":{"rendered":"\n<p>A Prefeitura de Manaus, por meio da Funda\u00e7\u00e3o de Apoio ao Idoso Doutor Thomas (FDT), realiza, nesta sexta-feira, 13\/3, das 16h \u00e0s 20h, o lan\u00e7amento do projeto \u201cBoler\u00e3o da Saudade\u201d, no estacionamento do mirante L\u00facia Almeida, localizado no centro hist\u00f3rico da cidade, na zona Sul. O evento \u00e9 gratuito e aberto ao p\u00fablico.<\/p>\n\n\n\n<p>Voltado especialmente para o p\u00fablico idoso, o evento promete uma tarde e noite de m\u00fasica, dan\u00e7a e conviv\u00eancia social, com apresenta\u00e7\u00f5es do cantor Guto Lima e do DJ Edy Castro, que ir\u00e3o animar o p\u00fablico com sucessos que marcaram \u00e9poca.<\/p>\n\n\n\n<p>O \u201cBoler\u00e3o da Saudade\u201d surge como um novo projeto de lazer e socializa\u00e7\u00e3o voltado \u00e0 popula\u00e7\u00e3o idosa da capital. A proposta \u00e9 que a iniciativa se torne itinerante, levando m\u00fasica, cultura e momentos de integra\u00e7\u00e3o para diversos equipamentos municipais de Manaus, ampliando as oportunidades de conviv\u00eancia e entretenimento para esse p\u00fablico.<\/p>\n\n\n\n<p>O diretor-presidente da FDT, Eduardo Lucas, estar\u00e1 presente no local e ficar\u00e1 dispon\u00edvel para atender a imprensa.<\/p>\n\n\n\n<p><strong>SERVI\u00c7O:<\/strong><\/p>\n\n\n\n<p><strong>O qu\u00ea<\/strong> &#8211;&nbsp;Lan\u00e7amento do projeto \u201cBoler\u00e3o da Saudade\u201d<\/p>\n\n\n\n<p><strong>Quando<\/strong> &#8211;&nbsp;Sexta-feira, 13\/3<\/p>\n\n\n\n<p><strong>Hor\u00e1rio<\/strong> &#8211;&nbsp;16h \u00e0s 20h<\/p>\n\n\n\n<p>Local &#8211;&nbsp;Estacionamento do mirante L\u00facia Almeida, avenida 7 de Setembro, n\u00ba 8, bairro Centro<\/p>\n\n\n\n<p><strong>Localiza\u00e7\u00e3o<\/strong> &#8211;&nbsp;<a href=\"https:\/\/maps.app.goo.gl\/JB88fUTZaP6eh74TA\" target=\"_blank\" rel=\"noreferrer noopener\">https:\/\/maps.app.goo.gl\/JB88fUTZaP6eh74TA<\/a>&nbsp;(mirante&nbsp;L\u00facia Almeida)<\/p>\n","protected":false},"featured_media":208729,"template":"","categories":[795],"acf":[],"yoast_head":"<!-- This site is optimized with the Yoast SEO plugin v23.0 - https:\/\/yoast.com\/wordpress\/plugins\/seo\/ -->\n<title>Prefeitura de Manaus lan\u00e7a projeto \u2018Boler\u00e3o da Saudade\u2019 no mirante L\u00facia Almeida nesta sexta-feira<\/title>\n<meta name=\"description\" content=\"A Prefeitura de Manaus, por meio da Funda\u00e7\u00e3o de Apoio ao Idoso Doutor Thomas (FDT), realiza, nesta sexta-feira, 13\/3, das 16h \u00e0s 20h, o lan\u00e7amento do projeto \u201cBoler\u00e3o da Saudade\u201d, no estacionamento do mirante L\u00facia Almeida, localizado no centro hist\u00f3rico da cidade, na zona Sul. O evento \u00e9 gratuito e aberto ao p\u00fablico.\" \/>\n<meta name=\"robots\" content=\"index, follow, max-snippet:-1, max-image-preview:large, max-video-preview:-1\" \/>\n<link rel=\"canonical\" href=\"https:\/\/www.manaus.am.gov.br\/semcom\/pautas\/prefeitura-fdt-boleraodasaudade-mirante\/\" \/>\n<meta property=\"og:locale\" content=\"pt_BR\" \/>\n<meta property=\"og:type\" content=\"article\" \/>\n<meta property=\"og:title\" content=\"Prefeitura de Manaus lan\u00e7a projeto \u2018Boler\u00e3o da Saudade\u2019 no mirante L\u00facia Almeida nesta sexta-feira\" \/>\n<meta property=\"og:description\" content=\"A Prefeitura de Manaus, por meio da Funda\u00e7\u00e3o de Apoio ao Idoso Doutor Thomas (FDT), realiza, nesta sexta-feira, 13\/3, das 16h \u00e0s 20h, o lan\u00e7amento do projeto \u201cBoler\u00e3o da Saudade\u201d, no estacionamento do mirante L\u00facia Almeida, localizado no centro hist\u00f3rico da cidade, na zona Sul. O evento \u00e9 gratuito e aberto ao p\u00fablico.\" \/>\n<meta property=\"og:url\" content=\"https:\/\/www.manaus.am.gov.br\/semcom\/pautas\/prefeitura-fdt-boleraodasaudade-mirante\/\" \/>\n<meta property=\"og:site_name\" content=\"SEMCOM\" \/>\n<meta property=\"article:modified_time\" content=\"2026-03-12T18:20:34+00:00\" \/>\n<meta property=\"og:image\" content=\"https:\/\/www.manaus.am.gov.br\/semcom\/wp-content\/uploads\/sites\/5\/2023\/02\/sugestaodepauta.png\" \/>\n\t<meta property=\"og:image:width\" content=\"1020\" \/>\n\t<meta property=\"og:image:height\" content=\"540\" \/>\n\t<meta property=\"og:image:type\" content=\"image\/png\" \/>\n<meta name=\"twitter:card\" content=\"summary_large_image\" \/>\n<meta name=\"twitter:label1\" content=\"Est. reading time\" \/>\n\t<meta name=\"twitter:data1\" content=\"2 minutos\" \/>\n<script type=\"application\/ld+json\" class=\"yoast-schema-graph\">{\"@context\":\"https:\/\/schema.org\",\"@graph\":[{\"@type\":\"WebPage\",\"@id\":\"https:\/\/www.manaus.am.gov.br\/semcom\/pautas\/prefeitura-fdt-boleraodasaudade-mirante\/\",\"url\":\"https:\/\/www.manaus.am.gov.br\/semcom\/pautas\/prefeitura-fdt-boleraodasaudade-mirante\/\",\"name\":\"Prefeitura de Manaus lan\u00e7a projeto \u2018Boler\u00e3o da Saudade\u2019 no mirante L\u00facia Almeida nesta sexta-feira\",\"isPartOf\":{\"@id\":\"https:\/\/www.manaus.am.gov.br\/semcom\/#website\"},\"primaryImageOfPage\":{\"@id\":\"https:\/\/www.manaus.am.gov.br\/semcom\/pautas\/prefeitura-fdt-boleraodasaudade-mirante\/#primaryimage\"},\"image\":{\"@id\":\"https:\/\/www.manaus.am.gov.br\/semcom\/pautas\/prefeitura-fdt-boleraodasaudade-mirante\/#primaryimage\"},\"thumbnailUrl\":\"https:\/\/www.manaus.am.gov.br\/semcom\/wp-content\/uploads\/sites\/5\/2023\/02\/sugestaodepauta.png\",\"datePublished\":\"2026-03-12T18:20:33+00:00\",\"dateModified\":\"2026-03-12T18:20:34+00:00\",\"description\":\"A Prefeitura de Manaus, por meio da Funda\u00e7\u00e3o de Apoio ao Idoso Doutor Thomas (FDT), realiza, nesta sexta-feira, 13\/3, das 16h \u00e0s 20h, o lan\u00e7amento do projeto \u201cBoler\u00e3o da Saudade\u201d, no estacionamento do mirante L\u00facia Almeida, localizado no centro hist\u00f3rico da cidade, na zona Sul. O evento \u00e9 gratuito e aberto ao p\u00fablico.\",\"inLanguage\":\"pt-BR\",\"potentialAction\":[{\"@type\":\"ReadAction\",\"target\":[\"https:\/\/www.manaus.am.gov.br\/semcom\/pautas\/prefeitura-fdt-boleraodasaudade-mirante\/\"]}]},{\"@type\":\"ImageObject\",\"inLanguage\":\"pt-BR\",\"@id\":\"https:\/\/www.manaus.am.gov.br\/semcom\/pautas\/prefeitura-fdt-boleraodasaudade-mirante\/#primaryimage\",\"url\":\"https:\/\/www.manaus.am.gov.br\/semcom\/wp-content\/uploads\/sites\/5\/2023\/02\/sugestaodepauta.png\",\"contentUrl\":\"https:\/\/www.manaus.am.gov.br\/semcom\/wp-content\/uploads\/sites\/5\/2023\/02\/sugestaodepauta.png\",\"width\":1020,\"height\":540},{\"@type\":\"WebSite\",\"@id\":\"https:\/\/www.manaus.am.gov.br\/semcom\/#website\",\"url\":\"https:\/\/www.manaus.am.gov.br\/semcom\/\",\"name\":\"SEMCOM\",\"description\":\"Secretaria Municipal de Comunica\u00e7\u00e3o\",\"potentialAction\":[{\"@type\":\"SearchAction\",\"target\":{\"@type\":\"EntryPoint\",\"urlTemplate\":\"https:\/\/www.manaus.am.gov.br\/semcom\/?s={search_term_string}\"},\"query-input\":\"required name=search_term_string\"}],\"inLanguage\":\"pt-BR\"}]}<\/script>\n<!-- \/ Yoast SEO plugin. -->","yoast_head_json":{"title":"Prefeitura de Manaus lan\u00e7a projeto \u2018Boler\u00e3o da Saudade\u2019 no mirante L\u00facia Almeida nesta sexta-feira","description":"A Prefeitura de Manaus, por meio da Funda\u00e7\u00e3o de Apoio ao Idoso Doutor Thomas (FDT), realiza, nesta sexta-feira, 13\/3, das 16h \u00e0s 20h, o lan\u00e7amento do projeto \u201cBoler\u00e3o da Saudade\u201d, no estacionamento do mirante L\u00facia Almeida, localizado no centro hist\u00f3rico da cidade, na zona Sul. O evento \u00e9 gratuito e aberto ao p\u00fablico.","robots":{"index":"index","follow":"follow","max-snippet":"max-snippet:-1","max-image-preview":"max-image-preview:large","max-video-preview":"max-video-preview:-1"},"canonical":"https:\/\/www.manaus.am.gov.br\/semcom\/pautas\/prefeitura-fdt-boleraodasaudade-mirante\/","og_locale":"pt_BR","og_type":"article","og_title":"Prefeitura de Manaus lan\u00e7a projeto \u2018Boler\u00e3o da Saudade\u2019 no mirante L\u00facia Almeida nesta sexta-feira","og_description":"A Prefeitura de Manaus, por meio da Funda\u00e7\u00e3o de Apoio ao Idoso Doutor Thomas (FDT), realiza, nesta sexta-feira, 13\/3, das 16h \u00e0s 20h, o lan\u00e7amento do projeto \u201cBoler\u00e3o da Saudade\u201d, no estacionamento do mirante L\u00facia Almeida, localizado no centro hist\u00f3rico da cidade, na zona Sul. O evento \u00e9 gratuito e aberto ao p\u00fablico.","og_url":"https:\/\/www.manaus.am.gov.br\/semcom\/pautas\/prefeitura-fdt-boleraodasaudade-mirante\/","og_site_name":"SEMCOM","article_modified_time":"2026-03-12T18:20:34+00:00","og_image":[{"width":1020,"height":540,"url":"https:\/\/www.manaus.am.gov.br\/semcom\/wp-content\/uploads\/sites\/5\/2023\/02\/sugestaodepauta.png","type":"image\/png"}],"twitter_card":"summary_large_image","twitter_misc":{"Est. reading time":"2 minutos"},"schema":{"@context":"https:\/\/schema.org","@graph":[{"@type":"WebPage","@id":"https:\/\/www.manaus.am.gov.br\/semcom\/pautas\/prefeitura-fdt-boleraodasaudade-mirante\/","url":"https:\/\/www.manaus.am.gov.br\/semcom\/pautas\/prefeitura-fdt-boleraodasaudade-mirante\/","name":"Prefeitura de Manaus lan\u00e7a projeto \u2018Boler\u00e3o da Saudade\u2019 no mirante L\u00facia Almeida nesta sexta-feira","isPartOf":{"@id":"https:\/\/www.manaus.am.gov.br\/semcom\/#website"},"primaryImageOfPage":{"@id":"https:\/\/www.manaus.am.gov.br\/semcom\/pautas\/prefeitura-fdt-boleraodasaudade-mirante\/#primaryimage"},"image":{"@id":"https:\/\/www.manaus.am.gov.br\/semcom\/pautas\/prefeitura-fdt-boleraodasaudade-mirante\/#primaryimage"},"thumbnailUrl":"https:\/\/www.manaus.am.gov.br\/semcom\/wp-content\/uploads\/sites\/5\/2023\/02\/sugestaodepauta.png","datePublished":"2026-03-12T18:20:33+00:00","dateModified":"2026-03-12T18:20:34+00:00","description":"A Prefeitura de Manaus, por meio da Funda\u00e7\u00e3o de Apoio ao Idoso Doutor Thomas (FDT), realiza, nesta sexta-feira, 13\/3, das 16h \u00e0s 20h, o lan\u00e7amento do projeto \u201cBoler\u00e3o da Saudade\u201d, no estacionamento do mirante L\u00facia Almeida, localizado no centro hist\u00f3rico da cidade, na zona Sul. O evento \u00e9 gratuito e aberto ao p\u00fablico.","inLanguage":"pt-BR","potentialAction":[{"@type":"ReadAction","target":["https:\/\/www.manaus.am.gov.br\/semcom\/pautas\/prefeitura-fdt-boleraodasaudade-mirante\/"]}]},{"@type":"ImageObject","inLanguage":"pt-BR","@id":"https:\/\/www.manaus.am.gov.br\/semcom\/pautas\/prefeitura-fdt-boleraodasaudade-mirante\/#primaryimage","url":"https:\/\/www.manaus.am.gov.br\/semcom\/wp-content\/uploads\/sites\/5\/2023\/02\/sugestaodepauta.png","contentUrl":"https:\/\/www.manaus.am.gov.br\/semcom\/wp-content\/uploads\/sites\/5\/2023\/02\/sugestaodepauta.png","width":1020,"height":540},{"@type":"WebSite","@id":"https:\/\/www.manaus.am.gov.br\/semcom\/#website","url":"https:\/\/www.manaus.am.gov.br\/semcom\/","name":"SEMCOM","description":"Secretaria Municipal de Comunica\u00e7\u00e3o","potentialAction":[{"@type":"SearchAction","target":{"@type":"EntryPoint","urlTemplate":"https:\/\/www.manaus.am.gov.br\/semcom\/?s={search_term_string}"},"query-input":"required name=search_term_string"}],"inLanguage":"pt-BR"}]}},"_links":{"self":[{"href":"https:\/\/www.manaus.am.gov.br\/semcom\/wp-json\/wp\/v2\/pautas\/254504"}],"collection":[{"href":"https:\/\/www.manaus.am.gov.br\/semcom\/wp-json\/wp\/v2\/pautas"}],"about":[{"href":"https:\/\/www.manaus.am.gov.br\/semcom\/wp-json\/wp\/v2\/types\/pautas"}],"wp:featuredmedia":[{"embeddable":true,"href":"https:\/\/www.manaus.am.gov.br\/semcom\/wp-json\/wp\/v2\/media\/208729"}],"wp:attachment":[{"href":"https:\/\/www.manaus.am.gov.br\/semcom\/wp-json\/wp\/v2\/media?parent=254504"}],"wp:term":[{"taxonomy":"category","embeddable":true,"href":"https:\/\/www.manaus.am.gov.br\/semcom\/wp-json\/wp\/v2\/categories?post=254504"}],"curies":[{"name":"wp","href":"https:\/\/api.w.org\/{rel}","templated":true}]}}