{"id":254286,"date":"2026-03-10T15:37:58","date_gmt":"2026-03-10T18:37:58","guid":{"rendered":"https:\/\/www.manaus.am.gov.br\/semcom\/?post_type=pautas&#038;p=254286"},"modified":"2026-03-10T15:37:59","modified_gmt":"2026-03-10T18:37:59","slug":"reinauguracao-escolas-zona-rural-rodoviaria","status":"publish","type":"pautas","link":"https:\/\/www.manaus.am.gov.br\/semcom\/pautas\/reinauguracao-escolas-zona-rural-rodoviaria\/","title":{"rendered":"Prefeitura de Manaus reinaugura duas unidades de ensino na zona rural rodovi\u00e1ria da capital"},"content":{"rendered":"\n<p>A Prefeitura de Manaus, por meio da Secretaria Municipal de Educa\u00e7\u00e3o (Semed), reinaugura, nesta quarta-feira, 11\/3, duas unidades de ensino localizadas na zona&nbsp;rural&nbsp;rodovi\u00e1ria da capital. As&nbsp;escolas municipais Arthur Virg\u00edlio Filho e Manoel Adriano foram totalmente reformadas&nbsp;para&nbsp;fortalecer o atendimento \u00e0 comunidade escolar da regi\u00e3o.&nbsp;<\/p>\n\n\n\n<p>A escola municipal Arthur Virg\u00edlio Filho ser\u00e1 entregue, \u00e0s 8h30, no ramal Cl\u00e1udio Mesquita, quil\u00f4metro 15, na BR-174. Na sequ\u00eancia,&nbsp;\u00e0s 10h30,&nbsp;ser\u00e1 a escola municipal Manoel Adriano, no ramal S\u00e3o Francisco, quil\u00f4metro 42, comunidade S\u00e3o Sebasti\u00e3o, na AM-010.&nbsp;<\/p>\n\n\n\n<p><strong>SERVI\u00c7O<\/strong>&nbsp;<\/p>\n\n\n\n<p><strong>O qu\u00ea<\/strong>&nbsp;\u2013 Reinaugura\u00e7\u00e3o de duas unidades de ensino na zona rodovi\u00e1ria de Manaus&nbsp;<\/p>\n\n\n\n<p><strong>Quando<\/strong>&nbsp;\u2013 Quarta-feira, 11\/3&nbsp;<\/p>\n\n\n\n<p><strong>Hor\u00e1rio&nbsp;<\/strong>\u2013 8h30 (Escola Arthur Virg\u00edlio Filho); e 10h30 (Escola Manoel Adriano)&nbsp;<\/p>\n\n\n\n<p><strong>Locais \u2013<\/strong>&nbsp;Escola municipal Arthur Virg\u00edlio Filho, no ramal Cl\u00e1udio Mesquita, no quil\u00f4metro 15, na BR-174; escola municipal Manoel Adriano, no ramal S\u00e3o Francisco, quil\u00f4metro 42, na comunidade S\u00e3o Sebasti\u00e3o, na AM-010.<\/p>\n\n\n\n<p><strong>Localiza\u00e7\u00e3o \u2013 <\/strong>Escola Arthur Virg\u00edlio Filho (<a href=\"https:\/\/maps.app.goo.gl\/RHqibsnTSytfbUrz5\">https:\/\/maps.app.goo.gl\/RHqibsnTSytfbUrz5<\/a>); escola Manoel Adriano (<a href=\"https:\/\/maps.app.goo.gl\/pAKXFmh5b728QbUi6\">https:\/\/maps.app.goo.gl\/pAKXFmh5b728QbUi6<\/a>)<\/p>\n","protected":false},"featured_media":208729,"template":"","categories":[788],"acf":[],"yoast_head":"<!-- This site is optimized with the Yoast SEO plugin v23.0 - https:\/\/yoast.com\/wordpress\/plugins\/seo\/ -->\n<title>Reinaugura\u00e7\u00e3o de duas escolas na zona rural rodovi\u00e1ria<\/title>\n<meta name=\"description\" content=\"Prefeitura de Manaus, por meio da Semed, reinaugura duas unidades de ensino na zona rural rodovi\u00e1ria da capital.\" \/>\n<meta name=\"robots\" content=\"index, follow, max-snippet:-1, max-image-preview:large, max-video-preview:-1\" \/>\n<link rel=\"canonical\" href=\"https:\/\/www.manaus.am.gov.br\/semcom\/pautas\/reinauguracao-escolas-zona-rural-rodoviaria\/\" \/>\n<meta property=\"og:locale\" content=\"pt_BR\" \/>\n<meta property=\"og:type\" content=\"article\" \/>\n<meta property=\"og:title\" content=\"Reinaugura\u00e7\u00e3o de duas escolas na zona rural rodovi\u00e1ria\" \/>\n<meta property=\"og:description\" content=\"Prefeitura de Manaus, por meio da Semed, reinaugura duas unidades de ensino na zona rural rodovi\u00e1ria da capital.\" \/>\n<meta property=\"og:url\" content=\"https:\/\/www.manaus.am.gov.br\/semcom\/pautas\/reinauguracao-escolas-zona-rural-rodoviaria\/\" \/>\n<meta property=\"og:site_name\" content=\"SEMCOM\" \/>\n<meta property=\"article:modified_time\" content=\"2026-03-10T18:37:59+00:00\" \/>\n<meta property=\"og:image\" content=\"https:\/\/www.manaus.am.gov.br\/semcom\/wp-content\/uploads\/sites\/5\/2023\/02\/sugestaodepauta.png\" \/>\n\t<meta property=\"og:image:width\" content=\"1020\" \/>\n\t<meta property=\"og:image:height\" content=\"540\" \/>\n\t<meta property=\"og:image:type\" content=\"image\/png\" \/>\n<meta name=\"twitter:card\" content=\"summary_large_image\" \/>\n<meta name=\"twitter:label1\" content=\"Est. reading time\" \/>\n\t<meta name=\"twitter:data1\" content=\"2 minutos\" \/>\n<script type=\"application\/ld+json\" class=\"yoast-schema-graph\">{\"@context\":\"https:\/\/schema.org\",\"@graph\":[{\"@type\":\"WebPage\",\"@id\":\"https:\/\/www.manaus.am.gov.br\/semcom\/pautas\/reinauguracao-escolas-zona-rural-rodoviaria\/\",\"url\":\"https:\/\/www.manaus.am.gov.br\/semcom\/pautas\/reinauguracao-escolas-zona-rural-rodoviaria\/\",\"name\":\"Reinaugura\u00e7\u00e3o de duas escolas na zona rural rodovi\u00e1ria\",\"isPartOf\":{\"@id\":\"https:\/\/www.manaus.am.gov.br\/semcom\/#website\"},\"primaryImageOfPage\":{\"@id\":\"https:\/\/www.manaus.am.gov.br\/semcom\/pautas\/reinauguracao-escolas-zona-rural-rodoviaria\/#primaryimage\"},\"image\":{\"@id\":\"https:\/\/www.manaus.am.gov.br\/semcom\/pautas\/reinauguracao-escolas-zona-rural-rodoviaria\/#primaryimage\"},\"thumbnailUrl\":\"https:\/\/www.manaus.am.gov.br\/semcom\/wp-content\/uploads\/sites\/5\/2023\/02\/sugestaodepauta.png\",\"datePublished\":\"2026-03-10T18:37:58+00:00\",\"dateModified\":\"2026-03-10T18:37:59+00:00\",\"description\":\"Prefeitura de Manaus, por meio da Semed, reinaugura duas unidades de ensino na zona rural rodovi\u00e1ria da capital.\",\"inLanguage\":\"pt-BR\",\"potentialAction\":[{\"@type\":\"ReadAction\",\"target\":[\"https:\/\/www.manaus.am.gov.br\/semcom\/pautas\/reinauguracao-escolas-zona-rural-rodoviaria\/\"]}]},{\"@type\":\"ImageObject\",\"inLanguage\":\"pt-BR\",\"@id\":\"https:\/\/www.manaus.am.gov.br\/semcom\/pautas\/reinauguracao-escolas-zona-rural-rodoviaria\/#primaryimage\",\"url\":\"https:\/\/www.manaus.am.gov.br\/semcom\/wp-content\/uploads\/sites\/5\/2023\/02\/sugestaodepauta.png\",\"contentUrl\":\"https:\/\/www.manaus.am.gov.br\/semcom\/wp-content\/uploads\/sites\/5\/2023\/02\/sugestaodepauta.png\",\"width\":1020,\"height\":540},{\"@type\":\"WebSite\",\"@id\":\"https:\/\/www.manaus.am.gov.br\/semcom\/#website\",\"url\":\"https:\/\/www.manaus.am.gov.br\/semcom\/\",\"name\":\"SEMCOM\",\"description\":\"Secretaria Municipal de Comunica\u00e7\u00e3o\",\"potentialAction\":[{\"@type\":\"SearchAction\",\"target\":{\"@type\":\"EntryPoint\",\"urlTemplate\":\"https:\/\/www.manaus.am.gov.br\/semcom\/?s={search_term_string}\"},\"query-input\":\"required name=search_term_string\"}],\"inLanguage\":\"pt-BR\"}]}<\/script>\n<!-- \/ Yoast SEO plugin. -->","yoast_head_json":{"title":"Reinaugura\u00e7\u00e3o de duas escolas na zona rural rodovi\u00e1ria","description":"Prefeitura de Manaus, por meio da Semed, reinaugura duas unidades de ensino na zona rural rodovi\u00e1ria da capital.","robots":{"index":"index","follow":"follow","max-snippet":"max-snippet:-1","max-image-preview":"max-image-preview:large","max-video-preview":"max-video-preview:-1"},"canonical":"https:\/\/www.manaus.am.gov.br\/semcom\/pautas\/reinauguracao-escolas-zona-rural-rodoviaria\/","og_locale":"pt_BR","og_type":"article","og_title":"Reinaugura\u00e7\u00e3o de duas escolas na zona rural rodovi\u00e1ria","og_description":"Prefeitura de Manaus, por meio da Semed, reinaugura duas unidades de ensino na zona rural rodovi\u00e1ria da capital.","og_url":"https:\/\/www.manaus.am.gov.br\/semcom\/pautas\/reinauguracao-escolas-zona-rural-rodoviaria\/","og_site_name":"SEMCOM","article_modified_time":"2026-03-10T18:37:59+00:00","og_image":[{"width":1020,"height":540,"url":"https:\/\/www.manaus.am.gov.br\/semcom\/wp-content\/uploads\/sites\/5\/2023\/02\/sugestaodepauta.png","type":"image\/png"}],"twitter_card":"summary_large_image","twitter_misc":{"Est. reading time":"2 minutos"},"schema":{"@context":"https:\/\/schema.org","@graph":[{"@type":"WebPage","@id":"https:\/\/www.manaus.am.gov.br\/semcom\/pautas\/reinauguracao-escolas-zona-rural-rodoviaria\/","url":"https:\/\/www.manaus.am.gov.br\/semcom\/pautas\/reinauguracao-escolas-zona-rural-rodoviaria\/","name":"Reinaugura\u00e7\u00e3o de duas escolas na zona rural rodovi\u00e1ria","isPartOf":{"@id":"https:\/\/www.manaus.am.gov.br\/semcom\/#website"},"primaryImageOfPage":{"@id":"https:\/\/www.manaus.am.gov.br\/semcom\/pautas\/reinauguracao-escolas-zona-rural-rodoviaria\/#primaryimage"},"image":{"@id":"https:\/\/www.manaus.am.gov.br\/semcom\/pautas\/reinauguracao-escolas-zona-rural-rodoviaria\/#primaryimage"},"thumbnailUrl":"https:\/\/www.manaus.am.gov.br\/semcom\/wp-content\/uploads\/sites\/5\/2023\/02\/sugestaodepauta.png","datePublished":"2026-03-10T18:37:58+00:00","dateModified":"2026-03-10T18:37:59+00:00","description":"Prefeitura de Manaus, por meio da Semed, reinaugura duas unidades de ensino na zona rural rodovi\u00e1ria da capital.","inLanguage":"pt-BR","potentialAction":[{"@type":"ReadAction","target":["https:\/\/www.manaus.am.gov.br\/semcom\/pautas\/reinauguracao-escolas-zona-rural-rodoviaria\/"]}]},{"@type":"ImageObject","inLanguage":"pt-BR","@id":"https:\/\/www.manaus.am.gov.br\/semcom\/pautas\/reinauguracao-escolas-zona-rural-rodoviaria\/#primaryimage","url":"https:\/\/www.manaus.am.gov.br\/semcom\/wp-content\/uploads\/sites\/5\/2023\/02\/sugestaodepauta.png","contentUrl":"https:\/\/www.manaus.am.gov.br\/semcom\/wp-content\/uploads\/sites\/5\/2023\/02\/sugestaodepauta.png","width":1020,"height":540},{"@type":"WebSite","@id":"https:\/\/www.manaus.am.gov.br\/semcom\/#website","url":"https:\/\/www.manaus.am.gov.br\/semcom\/","name":"SEMCOM","description":"Secretaria Municipal de Comunica\u00e7\u00e3o","potentialAction":[{"@type":"SearchAction","target":{"@type":"EntryPoint","urlTemplate":"https:\/\/www.manaus.am.gov.br\/semcom\/?s={search_term_string}"},"query-input":"required name=search_term_string"}],"inLanguage":"pt-BR"}]}},"_links":{"self":[{"href":"https:\/\/www.manaus.am.gov.br\/semcom\/wp-json\/wp\/v2\/pautas\/254286"}],"collection":[{"href":"https:\/\/www.manaus.am.gov.br\/semcom\/wp-json\/wp\/v2\/pautas"}],"about":[{"href":"https:\/\/www.manaus.am.gov.br\/semcom\/wp-json\/wp\/v2\/types\/pautas"}],"wp:featuredmedia":[{"embeddable":true,"href":"https:\/\/www.manaus.am.gov.br\/semcom\/wp-json\/wp\/v2\/media\/208729"}],"wp:attachment":[{"href":"https:\/\/www.manaus.am.gov.br\/semcom\/wp-json\/wp\/v2\/media?parent=254286"}],"wp:term":[{"taxonomy":"category","embeddable":true,"href":"https:\/\/www.manaus.am.gov.br\/semcom\/wp-json\/wp\/v2\/categories?post=254286"}],"curies":[{"name":"wp","href":"https:\/\/api.w.org\/{rel}","templated":true}]}}