{"id":254180,"date":"2026-03-09T17:16:18","date_gmt":"2026-03-09T20:16:18","guid":{"rendered":"https:\/\/www.manaus.am.gov.br\/semcom\/?post_type=pautas&#038;p=254180"},"modified":"2026-03-09T17:16:18","modified_gmt":"2026-03-09T20:16:18","slug":"fiscalizacao-viaria-zona-leste","status":"publish","type":"pautas","link":"https:\/\/www.manaus.am.gov.br\/semcom\/pautas\/fiscalizacao-viaria-zona-leste\/","title":{"rendered":"Prefeitura promove a\u00e7\u00e3o de fiscaliza\u00e7\u00e3o vi\u00e1ria na zona Leste com opera\u00e7\u00e3o \u2018Tr\u00e2nsito Seguro\u2019"},"content":{"rendered":"\n<p>A Prefeitura de Manaus, por meio do Instituto Municipal de Mobilidade Urbana (IMMU), realiza, nesta ter\u00e7a-feira, 10\/3, \u00e0s 9h30, uma fiscaliza\u00e7\u00e3o conjunta com outros \u00f3rg\u00e3os no cruzamento das avenidas Ita\u00faba com Mirra, no bairro Jorge Teixeira, zona Leste da capital. A a\u00e7\u00e3o integra o programa \u201cTr\u00e2nsito Seguro\u201d, iniciativa que vem ampliando as medidas de preven\u00e7\u00e3o a acidentes em \u00e1reas de maior fluxo da cidade.<\/p>\n\n\n\n<p>Durante a opera\u00e7\u00e3o, equipes do IMMU v\u00e3o atuar com blitz, incluindo verifica\u00e7\u00e3o de documenta\u00e7\u00e3o, orienta\u00e7\u00f5es para condutores, al\u00e9m de interven\u00e7\u00f5es para organizar o fluxo vi\u00e1rio. O objetivo \u00e9 reduzir riscos de acidentes, aumentar a seguran\u00e7a de motoristas, motociclistas e pedestres e refor\u00e7ar a presen\u00e7a do poder p\u00fablico em pontos cr\u00edticos da regi\u00e3o.<\/p>\n\n\n\n<p>A imprensa ter\u00e1 acesso a imagens de abordagem, entrevistas com porta-voz t\u00e9cnico do IMMU e informa\u00e7\u00f5es atualizadas sobre os impactos positivos das a\u00e7\u00f5es j\u00e1 executadas pelo programa.<\/p>\n\n\n\n<p><strong>SERVI\u00c7O<\/strong><\/p>\n\n\n\n<p><strong>O qu\u00ea<\/strong> &#8211; Opera\u00e7\u00e3o \u201cTr\u00e2nsito Seguro\u201d<\/p>\n\n\n\n<p><strong>Quando <\/strong>&#8211; Ter\u00e7a-feira, 10\/3<\/p>\n\n\n\n<p><strong>Hor\u00e1rio <\/strong>&#8211; 9h30<\/p>\n\n\n\n<p><strong>Local <\/strong>\u2013 Cruzamento das avenidas Ita\u00faba com Mirra, bairro Jorge Teixeira, zona Leste<\/p>\n\n\n\n<p><strong>Localiza\u00e7\u00e3o <\/strong>&#8211;&nbsp;<a href=\"https:\/\/maps.app.goo.gl\/AgWjmmproLaAtRQK7\" target=\"_blank\" rel=\"noreferrer noopener\">https:\/\/maps.app.goo.gl\/AgWjmmproLaAtRQK7<\/a><\/p>\n","protected":false},"featured_media":208729,"template":"","categories":[797],"acf":[],"yoast_head":"<!-- This site is optimized with the Yoast SEO plugin v23.0 - https:\/\/yoast.com\/wordpress\/plugins\/seo\/ -->\n<title>A\u00e7\u00e3o de fiscaliza\u00e7\u00e3o vi\u00e1ria na zona Leste com opera\u00e7\u00e3o \u2018Tr\u00e2nsito Seguro\u2019<\/title>\n<meta name=\"description\" content=\"Prefeitura de Manaus, por meio do IMMU, promove a\u00e7\u00e3o de fiscaliza\u00e7\u00e3o vi\u00e1ria na zona Leste com opera\u00e7\u00e3o \u2018Tr\u00e2nsito Seguro\u2019.\" \/>\n<meta name=\"robots\" content=\"index, follow, max-snippet:-1, max-image-preview:large, max-video-preview:-1\" \/>\n<link rel=\"canonical\" href=\"https:\/\/www.manaus.am.gov.br\/semcom\/pautas\/fiscalizacao-viaria-zona-leste\/\" \/>\n<meta property=\"og:locale\" content=\"pt_BR\" \/>\n<meta property=\"og:type\" content=\"article\" \/>\n<meta property=\"og:title\" content=\"A\u00e7\u00e3o de fiscaliza\u00e7\u00e3o vi\u00e1ria na zona Leste com opera\u00e7\u00e3o \u2018Tr\u00e2nsito Seguro\u2019\" \/>\n<meta property=\"og:description\" content=\"Prefeitura de Manaus, por meio do IMMU, promove a\u00e7\u00e3o de fiscaliza\u00e7\u00e3o vi\u00e1ria na zona Leste com opera\u00e7\u00e3o \u2018Tr\u00e2nsito Seguro\u2019.\" \/>\n<meta property=\"og:url\" content=\"https:\/\/www.manaus.am.gov.br\/semcom\/pautas\/fiscalizacao-viaria-zona-leste\/\" \/>\n<meta property=\"og:site_name\" content=\"SEMCOM\" \/>\n<meta property=\"og:image\" content=\"https:\/\/www.manaus.am.gov.br\/semcom\/wp-content\/uploads\/sites\/5\/2023\/02\/sugestaodepauta.png\" \/>\n\t<meta property=\"og:image:width\" content=\"1020\" \/>\n\t<meta property=\"og:image:height\" content=\"540\" \/>\n\t<meta property=\"og:image:type\" content=\"image\/png\" \/>\n<meta name=\"twitter:card\" content=\"summary_large_image\" \/>\n<meta name=\"twitter:label1\" content=\"Est. reading time\" \/>\n\t<meta name=\"twitter:data1\" content=\"2 minutos\" \/>\n<script type=\"application\/ld+json\" class=\"yoast-schema-graph\">{\"@context\":\"https:\/\/schema.org\",\"@graph\":[{\"@type\":\"WebPage\",\"@id\":\"https:\/\/www.manaus.am.gov.br\/semcom\/pautas\/fiscalizacao-viaria-zona-leste\/\",\"url\":\"https:\/\/www.manaus.am.gov.br\/semcom\/pautas\/fiscalizacao-viaria-zona-leste\/\",\"name\":\"A\u00e7\u00e3o de fiscaliza\u00e7\u00e3o vi\u00e1ria na zona Leste com opera\u00e7\u00e3o \u2018Tr\u00e2nsito Seguro\u2019\",\"isPartOf\":{\"@id\":\"https:\/\/www.manaus.am.gov.br\/semcom\/#website\"},\"primaryImageOfPage\":{\"@id\":\"https:\/\/www.manaus.am.gov.br\/semcom\/pautas\/fiscalizacao-viaria-zona-leste\/#primaryimage\"},\"image\":{\"@id\":\"https:\/\/www.manaus.am.gov.br\/semcom\/pautas\/fiscalizacao-viaria-zona-leste\/#primaryimage\"},\"thumbnailUrl\":\"https:\/\/www.manaus.am.gov.br\/semcom\/wp-content\/uploads\/sites\/5\/2023\/02\/sugestaodepauta.png\",\"datePublished\":\"2026-03-09T20:16:18+00:00\",\"dateModified\":\"2026-03-09T20:16:18+00:00\",\"description\":\"Prefeitura de Manaus, por meio do IMMU, promove a\u00e7\u00e3o de fiscaliza\u00e7\u00e3o vi\u00e1ria na zona Leste com opera\u00e7\u00e3o \u2018Tr\u00e2nsito Seguro\u2019.\",\"inLanguage\":\"pt-BR\",\"potentialAction\":[{\"@type\":\"ReadAction\",\"target\":[\"https:\/\/www.manaus.am.gov.br\/semcom\/pautas\/fiscalizacao-viaria-zona-leste\/\"]}]},{\"@type\":\"ImageObject\",\"inLanguage\":\"pt-BR\",\"@id\":\"https:\/\/www.manaus.am.gov.br\/semcom\/pautas\/fiscalizacao-viaria-zona-leste\/#primaryimage\",\"url\":\"https:\/\/www.manaus.am.gov.br\/semcom\/wp-content\/uploads\/sites\/5\/2023\/02\/sugestaodepauta.png\",\"contentUrl\":\"https:\/\/www.manaus.am.gov.br\/semcom\/wp-content\/uploads\/sites\/5\/2023\/02\/sugestaodepauta.png\",\"width\":1020,\"height\":540},{\"@type\":\"WebSite\",\"@id\":\"https:\/\/www.manaus.am.gov.br\/semcom\/#website\",\"url\":\"https:\/\/www.manaus.am.gov.br\/semcom\/\",\"name\":\"SEMCOM\",\"description\":\"Secretaria Municipal de Comunica\u00e7\u00e3o\",\"potentialAction\":[{\"@type\":\"SearchAction\",\"target\":{\"@type\":\"EntryPoint\",\"urlTemplate\":\"https:\/\/www.manaus.am.gov.br\/semcom\/?s={search_term_string}\"},\"query-input\":\"required name=search_term_string\"}],\"inLanguage\":\"pt-BR\"}]}<\/script>\n<!-- \/ Yoast SEO plugin. -->","yoast_head_json":{"title":"A\u00e7\u00e3o de fiscaliza\u00e7\u00e3o vi\u00e1ria na zona Leste com opera\u00e7\u00e3o \u2018Tr\u00e2nsito Seguro\u2019","description":"Prefeitura de Manaus, por meio do IMMU, promove a\u00e7\u00e3o de fiscaliza\u00e7\u00e3o vi\u00e1ria na zona Leste com opera\u00e7\u00e3o \u2018Tr\u00e2nsito Seguro\u2019.","robots":{"index":"index","follow":"follow","max-snippet":"max-snippet:-1","max-image-preview":"max-image-preview:large","max-video-preview":"max-video-preview:-1"},"canonical":"https:\/\/www.manaus.am.gov.br\/semcom\/pautas\/fiscalizacao-viaria-zona-leste\/","og_locale":"pt_BR","og_type":"article","og_title":"A\u00e7\u00e3o de fiscaliza\u00e7\u00e3o vi\u00e1ria na zona Leste com opera\u00e7\u00e3o \u2018Tr\u00e2nsito Seguro\u2019","og_description":"Prefeitura de Manaus, por meio do IMMU, promove a\u00e7\u00e3o de fiscaliza\u00e7\u00e3o vi\u00e1ria na zona Leste com opera\u00e7\u00e3o \u2018Tr\u00e2nsito Seguro\u2019.","og_url":"https:\/\/www.manaus.am.gov.br\/semcom\/pautas\/fiscalizacao-viaria-zona-leste\/","og_site_name":"SEMCOM","og_image":[{"width":1020,"height":540,"url":"https:\/\/www.manaus.am.gov.br\/semcom\/wp-content\/uploads\/sites\/5\/2023\/02\/sugestaodepauta.png","type":"image\/png"}],"twitter_card":"summary_large_image","twitter_misc":{"Est. reading time":"2 minutos"},"schema":{"@context":"https:\/\/schema.org","@graph":[{"@type":"WebPage","@id":"https:\/\/www.manaus.am.gov.br\/semcom\/pautas\/fiscalizacao-viaria-zona-leste\/","url":"https:\/\/www.manaus.am.gov.br\/semcom\/pautas\/fiscalizacao-viaria-zona-leste\/","name":"A\u00e7\u00e3o de fiscaliza\u00e7\u00e3o vi\u00e1ria na zona Leste com opera\u00e7\u00e3o \u2018Tr\u00e2nsito Seguro\u2019","isPartOf":{"@id":"https:\/\/www.manaus.am.gov.br\/semcom\/#website"},"primaryImageOfPage":{"@id":"https:\/\/www.manaus.am.gov.br\/semcom\/pautas\/fiscalizacao-viaria-zona-leste\/#primaryimage"},"image":{"@id":"https:\/\/www.manaus.am.gov.br\/semcom\/pautas\/fiscalizacao-viaria-zona-leste\/#primaryimage"},"thumbnailUrl":"https:\/\/www.manaus.am.gov.br\/semcom\/wp-content\/uploads\/sites\/5\/2023\/02\/sugestaodepauta.png","datePublished":"2026-03-09T20:16:18+00:00","dateModified":"2026-03-09T20:16:18+00:00","description":"Prefeitura de Manaus, por meio do IMMU, promove a\u00e7\u00e3o de fiscaliza\u00e7\u00e3o vi\u00e1ria na zona Leste com opera\u00e7\u00e3o \u2018Tr\u00e2nsito Seguro\u2019.","inLanguage":"pt-BR","potentialAction":[{"@type":"ReadAction","target":["https:\/\/www.manaus.am.gov.br\/semcom\/pautas\/fiscalizacao-viaria-zona-leste\/"]}]},{"@type":"ImageObject","inLanguage":"pt-BR","@id":"https:\/\/www.manaus.am.gov.br\/semcom\/pautas\/fiscalizacao-viaria-zona-leste\/#primaryimage","url":"https:\/\/www.manaus.am.gov.br\/semcom\/wp-content\/uploads\/sites\/5\/2023\/02\/sugestaodepauta.png","contentUrl":"https:\/\/www.manaus.am.gov.br\/semcom\/wp-content\/uploads\/sites\/5\/2023\/02\/sugestaodepauta.png","width":1020,"height":540},{"@type":"WebSite","@id":"https:\/\/www.manaus.am.gov.br\/semcom\/#website","url":"https:\/\/www.manaus.am.gov.br\/semcom\/","name":"SEMCOM","description":"Secretaria Municipal de Comunica\u00e7\u00e3o","potentialAction":[{"@type":"SearchAction","target":{"@type":"EntryPoint","urlTemplate":"https:\/\/www.manaus.am.gov.br\/semcom\/?s={search_term_string}"},"query-input":"required name=search_term_string"}],"inLanguage":"pt-BR"}]}},"_links":{"self":[{"href":"https:\/\/www.manaus.am.gov.br\/semcom\/wp-json\/wp\/v2\/pautas\/254180"}],"collection":[{"href":"https:\/\/www.manaus.am.gov.br\/semcom\/wp-json\/wp\/v2\/pautas"}],"about":[{"href":"https:\/\/www.manaus.am.gov.br\/semcom\/wp-json\/wp\/v2\/types\/pautas"}],"wp:featuredmedia":[{"embeddable":true,"href":"https:\/\/www.manaus.am.gov.br\/semcom\/wp-json\/wp\/v2\/media\/208729"}],"wp:attachment":[{"href":"https:\/\/www.manaus.am.gov.br\/semcom\/wp-json\/wp\/v2\/media?parent=254180"}],"wp:term":[{"taxonomy":"category","embeddable":true,"href":"https:\/\/www.manaus.am.gov.br\/semcom\/wp-json\/wp\/v2\/categories?post=254180"}],"curies":[{"name":"wp","href":"https:\/\/api.w.org\/{rel}","templated":true}]}}