{"id":254103,"date":"2026-03-06T17:24:08","date_gmt":"2026-03-06T20:24:08","guid":{"rendered":"https:\/\/www.manaus.am.gov.br\/semcom\/?post_type=pautas&#038;p=254103"},"modified":"2026-03-06T17:24:10","modified_gmt":"2026-03-06T20:24:10","slug":"dia-mulher-faixa","status":"publish","type":"pautas","link":"https:\/\/www.manaus.am.gov.br\/semcom\/pautas\/dia-mulher-faixa\/","title":{"rendered":"Prefeitura de Manaus promove &#8216;Dia da Mulher na Faixa Liberada&#8217; em comemora\u00e7\u00e3o ao Dia Internacional da Mulher"},"content":{"rendered":"\n<p>A Prefeitura de Manaus, por meio do Fundo Manaus Solid\u00e1ria (FMS), em parceria com a Secretaria Municipal de Juventude, Esporte e Lazer (Semjel), e a Secretaria Municipal de Sa\u00fade (Semsa), realizar\u00e1 no domingo, 8\/3, a a\u00e7\u00e3o &#8216;Dia da Mulher na Faixa Liberada&#8217; a partir das 7h, na Faixa Liberada da Avenida Get\u00falio Vargas, no Centro.<\/p>\n\n\n\n<p>A programa\u00e7\u00e3o busca trazer a conscientiza\u00e7\u00e3o sobre temas essenciais, como sa\u00fade da mulher, sa\u00fade emocional, pr\u00e1ticas de autocuidado, al\u00e9m de atualiza\u00e7\u00e3o de vacinas, servi\u00e7os de embelezamento e atividades de lazer para o p\u00fablico feminino.<\/p>\n\n\n\n<p>A presidente do Fundo Manaus Solid\u00e1ria, Viviana Lira, atender\u00e1 a imprensa a partir das 8h, pr\u00f3ximo \u00e0 Policl\u00ednica Governador Gilberto Mestrinho, na Avenida Get\u00falio Vargas.<\/p>\n\n\n\n<p>&#8212;&nbsp; &#8212; &#8212;<\/p>\n\n\n\n<p><strong>SERVI\u00c7O<\/strong><\/p>\n\n\n\n<p><strong>O qu\u00ea<\/strong> &#8211; Dia da Mulher na Faixa Liberada<\/p>\n\n\n\n<p><strong>Quando<\/strong> &#8211; Domingo, 8\/3<\/p>\n\n\n\n<p><strong>Hor\u00e1rio<\/strong> &#8211; 7h<\/p>\n\n\n\n<p><strong>Local<\/strong> &#8211; Na Faixa Liberada da avenida Get\u00falio Vargas, Centro, em frente \u00e0 Policl\u00ednica Governador Gilberto Mestrinho.<\/p>\n\n\n\n<p><strong>Localizador<\/strong> &#8211; <a href=\"https:\/\/maps.app.goo.gl\/AnfHYGwzGgmDTqzD6\">https:\/\/maps.app.goo.gl\/AnfHYGwzGgmDTqzD6<\/a><\/p>\n","protected":false},"featured_media":208729,"template":"","categories":[13277],"acf":[],"yoast_head":"<!-- This site is optimized with the Yoast SEO plugin v23.0 - https:\/\/yoast.com\/wordpress\/plugins\/seo\/ -->\n<title>Prefeitura de Manaus promove &#039;Dia da Mulher na Faixa Liberada&#039; em comemora\u00e7\u00e3o ao Dia Internacional da Mulher<\/title>\n<meta name=\"description\" content=\"A Prefeitura de Manaus, por meio do Fundo Manaus Solid\u00e1ria (FMS), em parceria com a Secretaria Municipal de Juventude, Esporte e Lazer (Semjel), e a Secretaria Municipal de Sa\u00fade (Semsa), realizar\u00e1 no domingo, 8\/3, a a\u00e7\u00e3o &#039;Dia da Mulher na Faixa Liberada&#039;\" \/>\n<meta name=\"robots\" content=\"index, follow, max-snippet:-1, max-image-preview:large, max-video-preview:-1\" \/>\n<link rel=\"canonical\" href=\"https:\/\/www.manaus.am.gov.br\/semcom\/pautas\/dia-mulher-faixa\/\" \/>\n<meta property=\"og:locale\" content=\"pt_BR\" \/>\n<meta property=\"og:type\" content=\"article\" \/>\n<meta property=\"og:title\" content=\"Prefeitura de Manaus promove &#039;Dia da Mulher na Faixa Liberada&#039; em comemora\u00e7\u00e3o ao Dia Internacional da Mulher\" \/>\n<meta property=\"og:description\" content=\"A Prefeitura de Manaus, por meio do Fundo Manaus Solid\u00e1ria (FMS), em parceria com a Secretaria Municipal de Juventude, Esporte e Lazer (Semjel), e a Secretaria Municipal de Sa\u00fade (Semsa), realizar\u00e1 no domingo, 8\/3, a a\u00e7\u00e3o &#039;Dia da Mulher na Faixa Liberada&#039;\" \/>\n<meta property=\"og:url\" content=\"https:\/\/www.manaus.am.gov.br\/semcom\/pautas\/dia-mulher-faixa\/\" \/>\n<meta property=\"og:site_name\" content=\"SEMCOM\" \/>\n<meta property=\"article:modified_time\" content=\"2026-03-06T20:24:10+00:00\" \/>\n<meta property=\"og:image\" content=\"https:\/\/www.manaus.am.gov.br\/semcom\/wp-content\/uploads\/sites\/5\/2023\/02\/sugestaodepauta.png\" \/>\n\t<meta property=\"og:image:width\" content=\"1020\" \/>\n\t<meta property=\"og:image:height\" content=\"540\" \/>\n\t<meta property=\"og:image:type\" content=\"image\/png\" \/>\n<meta name=\"twitter:card\" content=\"summary_large_image\" \/>\n<meta name=\"twitter:label1\" content=\"Est. reading time\" \/>\n\t<meta name=\"twitter:data1\" content=\"2 minutos\" \/>\n<script type=\"application\/ld+json\" class=\"yoast-schema-graph\">{\"@context\":\"https:\/\/schema.org\",\"@graph\":[{\"@type\":\"WebPage\",\"@id\":\"https:\/\/www.manaus.am.gov.br\/semcom\/pautas\/dia-mulher-faixa\/\",\"url\":\"https:\/\/www.manaus.am.gov.br\/semcom\/pautas\/dia-mulher-faixa\/\",\"name\":\"Prefeitura de Manaus promove 'Dia da Mulher na Faixa Liberada' em comemora\u00e7\u00e3o ao Dia Internacional da Mulher\",\"isPartOf\":{\"@id\":\"https:\/\/www.manaus.am.gov.br\/semcom\/#website\"},\"primaryImageOfPage\":{\"@id\":\"https:\/\/www.manaus.am.gov.br\/semcom\/pautas\/dia-mulher-faixa\/#primaryimage\"},\"image\":{\"@id\":\"https:\/\/www.manaus.am.gov.br\/semcom\/pautas\/dia-mulher-faixa\/#primaryimage\"},\"thumbnailUrl\":\"https:\/\/www.manaus.am.gov.br\/semcom\/wp-content\/uploads\/sites\/5\/2023\/02\/sugestaodepauta.png\",\"datePublished\":\"2026-03-06T20:24:08+00:00\",\"dateModified\":\"2026-03-06T20:24:10+00:00\",\"description\":\"A Prefeitura de Manaus, por meio do Fundo Manaus Solid\u00e1ria (FMS), em parceria com a Secretaria Municipal de Juventude, Esporte e Lazer (Semjel), e a Secretaria Municipal de Sa\u00fade (Semsa), realizar\u00e1 no domingo, 8\/3, a a\u00e7\u00e3o 'Dia da Mulher na Faixa Liberada'\",\"inLanguage\":\"pt-BR\",\"potentialAction\":[{\"@type\":\"ReadAction\",\"target\":[\"https:\/\/www.manaus.am.gov.br\/semcom\/pautas\/dia-mulher-faixa\/\"]}]},{\"@type\":\"ImageObject\",\"inLanguage\":\"pt-BR\",\"@id\":\"https:\/\/www.manaus.am.gov.br\/semcom\/pautas\/dia-mulher-faixa\/#primaryimage\",\"url\":\"https:\/\/www.manaus.am.gov.br\/semcom\/wp-content\/uploads\/sites\/5\/2023\/02\/sugestaodepauta.png\",\"contentUrl\":\"https:\/\/www.manaus.am.gov.br\/semcom\/wp-content\/uploads\/sites\/5\/2023\/02\/sugestaodepauta.png\",\"width\":1020,\"height\":540},{\"@type\":\"WebSite\",\"@id\":\"https:\/\/www.manaus.am.gov.br\/semcom\/#website\",\"url\":\"https:\/\/www.manaus.am.gov.br\/semcom\/\",\"name\":\"SEMCOM\",\"description\":\"Secretaria Municipal de Comunica\u00e7\u00e3o\",\"potentialAction\":[{\"@type\":\"SearchAction\",\"target\":{\"@type\":\"EntryPoint\",\"urlTemplate\":\"https:\/\/www.manaus.am.gov.br\/semcom\/?s={search_term_string}\"},\"query-input\":\"required name=search_term_string\"}],\"inLanguage\":\"pt-BR\"}]}<\/script>\n<!-- \/ Yoast SEO plugin. -->","yoast_head_json":{"title":"Prefeitura de Manaus promove 'Dia da Mulher na Faixa Liberada' em comemora\u00e7\u00e3o ao Dia Internacional da Mulher","description":"A Prefeitura de Manaus, por meio do Fundo Manaus Solid\u00e1ria (FMS), em parceria com a Secretaria Municipal de Juventude, Esporte e Lazer (Semjel), e a Secretaria Municipal de Sa\u00fade (Semsa), realizar\u00e1 no domingo, 8\/3, a a\u00e7\u00e3o 'Dia da Mulher na Faixa Liberada'","robots":{"index":"index","follow":"follow","max-snippet":"max-snippet:-1","max-image-preview":"max-image-preview:large","max-video-preview":"max-video-preview:-1"},"canonical":"https:\/\/www.manaus.am.gov.br\/semcom\/pautas\/dia-mulher-faixa\/","og_locale":"pt_BR","og_type":"article","og_title":"Prefeitura de Manaus promove 'Dia da Mulher na Faixa Liberada' em comemora\u00e7\u00e3o ao Dia Internacional da Mulher","og_description":"A Prefeitura de Manaus, por meio do Fundo Manaus Solid\u00e1ria (FMS), em parceria com a Secretaria Municipal de Juventude, Esporte e Lazer (Semjel), e a Secretaria Municipal de Sa\u00fade (Semsa), realizar\u00e1 no domingo, 8\/3, a a\u00e7\u00e3o 'Dia da Mulher na Faixa Liberada'","og_url":"https:\/\/www.manaus.am.gov.br\/semcom\/pautas\/dia-mulher-faixa\/","og_site_name":"SEMCOM","article_modified_time":"2026-03-06T20:24:10+00:00","og_image":[{"width":1020,"height":540,"url":"https:\/\/www.manaus.am.gov.br\/semcom\/wp-content\/uploads\/sites\/5\/2023\/02\/sugestaodepauta.png","type":"image\/png"}],"twitter_card":"summary_large_image","twitter_misc":{"Est. reading time":"2 minutos"},"schema":{"@context":"https:\/\/schema.org","@graph":[{"@type":"WebPage","@id":"https:\/\/www.manaus.am.gov.br\/semcom\/pautas\/dia-mulher-faixa\/","url":"https:\/\/www.manaus.am.gov.br\/semcom\/pautas\/dia-mulher-faixa\/","name":"Prefeitura de Manaus promove 'Dia da Mulher na Faixa Liberada' em comemora\u00e7\u00e3o ao Dia Internacional da Mulher","isPartOf":{"@id":"https:\/\/www.manaus.am.gov.br\/semcom\/#website"},"primaryImageOfPage":{"@id":"https:\/\/www.manaus.am.gov.br\/semcom\/pautas\/dia-mulher-faixa\/#primaryimage"},"image":{"@id":"https:\/\/www.manaus.am.gov.br\/semcom\/pautas\/dia-mulher-faixa\/#primaryimage"},"thumbnailUrl":"https:\/\/www.manaus.am.gov.br\/semcom\/wp-content\/uploads\/sites\/5\/2023\/02\/sugestaodepauta.png","datePublished":"2026-03-06T20:24:08+00:00","dateModified":"2026-03-06T20:24:10+00:00","description":"A Prefeitura de Manaus, por meio do Fundo Manaus Solid\u00e1ria (FMS), em parceria com a Secretaria Municipal de Juventude, Esporte e Lazer (Semjel), e a Secretaria Municipal de Sa\u00fade (Semsa), realizar\u00e1 no domingo, 8\/3, a a\u00e7\u00e3o 'Dia da Mulher na Faixa Liberada'","inLanguage":"pt-BR","potentialAction":[{"@type":"ReadAction","target":["https:\/\/www.manaus.am.gov.br\/semcom\/pautas\/dia-mulher-faixa\/"]}]},{"@type":"ImageObject","inLanguage":"pt-BR","@id":"https:\/\/www.manaus.am.gov.br\/semcom\/pautas\/dia-mulher-faixa\/#primaryimage","url":"https:\/\/www.manaus.am.gov.br\/semcom\/wp-content\/uploads\/sites\/5\/2023\/02\/sugestaodepauta.png","contentUrl":"https:\/\/www.manaus.am.gov.br\/semcom\/wp-content\/uploads\/sites\/5\/2023\/02\/sugestaodepauta.png","width":1020,"height":540},{"@type":"WebSite","@id":"https:\/\/www.manaus.am.gov.br\/semcom\/#website","url":"https:\/\/www.manaus.am.gov.br\/semcom\/","name":"SEMCOM","description":"Secretaria Municipal de Comunica\u00e7\u00e3o","potentialAction":[{"@type":"SearchAction","target":{"@type":"EntryPoint","urlTemplate":"https:\/\/www.manaus.am.gov.br\/semcom\/?s={search_term_string}"},"query-input":"required name=search_term_string"}],"inLanguage":"pt-BR"}]}},"_links":{"self":[{"href":"https:\/\/www.manaus.am.gov.br\/semcom\/wp-json\/wp\/v2\/pautas\/254103"}],"collection":[{"href":"https:\/\/www.manaus.am.gov.br\/semcom\/wp-json\/wp\/v2\/pautas"}],"about":[{"href":"https:\/\/www.manaus.am.gov.br\/semcom\/wp-json\/wp\/v2\/types\/pautas"}],"wp:featuredmedia":[{"embeddable":true,"href":"https:\/\/www.manaus.am.gov.br\/semcom\/wp-json\/wp\/v2\/media\/208729"}],"wp:attachment":[{"href":"https:\/\/www.manaus.am.gov.br\/semcom\/wp-json\/wp\/v2\/media?parent=254103"}],"wp:term":[{"taxonomy":"category","embeddable":true,"href":"https:\/\/www.manaus.am.gov.br\/semcom\/wp-json\/wp\/v2\/categories?post=254103"}],"curies":[{"name":"wp","href":"https:\/\/api.w.org\/{rel}","templated":true}]}}