{"id":254063,"date":"2026-03-06T15:06:52","date_gmt":"2026-03-06T18:06:52","guid":{"rendered":"https:\/\/www.manaus.am.gov.br\/semcom\/?post_type=pautas&#038;p=254063"},"modified":"2026-03-06T15:06:53","modified_gmt":"2026-03-06T18:06:53","slug":"corrida-pela-vida-8-3","status":"publish","type":"pautas","link":"https:\/\/www.manaus.am.gov.br\/semcom\/pautas\/corrida-pela-vida-8-3\/","title":{"rendered":"Prefeitura de Manaus realiza &#8216;Corrida pela Vida&#8217; em comemora\u00e7\u00e3o ao Dia Internacional da Mulher"},"content":{"rendered":"\n<p>A Prefeitura de Manaus, por meio da Secretaria Municipal da Mulher, Assist\u00eancia Social e Cidadania (Semasc), realiza, neste domingo, 8\/3, a primeira \u201cCorrida pela Vida\u201d, em comemora\u00e7\u00e3o ao Dia Internacional da Mulher. A a\u00e7\u00e3o acontece a partir das 7h, na &#8220;Faixa Liberada&#8221; da avenida Get\u00falio Vargas, no centro da cidade.<\/p>\n\n\n\n<p>A corrida busca transformar a atividade esportiva em um ato simb\u00f3lico de conscientiza\u00e7\u00e3o e engajamento social. A proposta \u00e9 chamar aten\u00e7\u00e3o para a necessidade de fortalecimento das redes de apoio \u00e0s mulheres e ampliar o debate p\u00fablico sobre o enfrentamento \u00e0 viol\u00eancia.<\/p>\n\n\n\n<p>O secret\u00e1rio da Semasc, Nildo Mello, estar\u00e1 \u00e0s 7h, em frente \u00e0 policl\u00ednica Governador Gilberto Mestrinho, na avenida Get\u00falio Vargas, para atender \u00e0 imprensa.<\/p>\n\n\n\n<p><strong>SERVI\u00c7O<\/strong><\/p>\n\n\n\n<p><strong>O qu\u00ea &#8211;<\/strong>&nbsp;\u2018Corrida pela Vida\u2019 em comemora\u00e7\u00e3o ao Dia Internacional da Mulher<\/p>\n\n\n\n<p><strong>Quando &#8211;<\/strong>&nbsp;Domingo, 8\/3<\/p>\n\n\n\n<p><strong>Hor\u00e1rio &#8211;<\/strong>&nbsp;7h<\/p>\n\n\n\n<p><strong>Local &#8211;<\/strong>&nbsp;&#8220;Faixa Liberada&#8221; da avenida Get\u00falio Vargas, bairro Centro, zona Sul<strong>Localiza\u00e7\u00e3o \u2013 <\/strong><a href=\"https:\/\/maps.app.goo.gl\/3tgpUavcMqdgLEKAA\">https:\/\/maps.app.goo.gl\/3tgpUavcMqdgLEKAA<\/a><\/p>\n","protected":false},"featured_media":208729,"template":"","categories":[802],"acf":[],"yoast_head":"<!-- This site is optimized with the Yoast SEO plugin v23.0 - https:\/\/yoast.com\/wordpress\/plugins\/seo\/ -->\n<title>&#039;Corrida pela Vida&#039; em comemora\u00e7\u00e3o ao Dia da Mulher<\/title>\n<meta name=\"description\" content=\"Prefeitura de Manaus, por meio da Semasc, realiza &#039;Corrida pela Vida&#039; em comemora\u00e7\u00e3o ao Dia Internacional da Mulher.\" \/>\n<meta name=\"robots\" content=\"index, follow, max-snippet:-1, max-image-preview:large, max-video-preview:-1\" \/>\n<link rel=\"canonical\" href=\"https:\/\/www.manaus.am.gov.br\/semcom\/pautas\/corrida-pela-vida-8-3\/\" \/>\n<meta property=\"og:locale\" content=\"pt_BR\" \/>\n<meta property=\"og:type\" content=\"article\" \/>\n<meta property=\"og:title\" content=\"&#039;Corrida pela Vida&#039; em comemora\u00e7\u00e3o ao Dia da Mulher\" \/>\n<meta property=\"og:description\" content=\"Prefeitura de Manaus, por meio da Semasc, realiza &#039;Corrida pela Vida&#039; em comemora\u00e7\u00e3o ao Dia Internacional da Mulher.\" \/>\n<meta property=\"og:url\" content=\"https:\/\/www.manaus.am.gov.br\/semcom\/pautas\/corrida-pela-vida-8-3\/\" \/>\n<meta property=\"og:site_name\" content=\"SEMCOM\" \/>\n<meta property=\"article:modified_time\" content=\"2026-03-06T18:06:53+00:00\" \/>\n<meta property=\"og:image\" content=\"https:\/\/www.manaus.am.gov.br\/semcom\/wp-content\/uploads\/sites\/5\/2023\/02\/sugestaodepauta.png\" \/>\n\t<meta property=\"og:image:width\" content=\"1020\" \/>\n\t<meta property=\"og:image:height\" content=\"540\" \/>\n\t<meta property=\"og:image:type\" content=\"image\/png\" \/>\n<meta name=\"twitter:card\" content=\"summary_large_image\" \/>\n<meta name=\"twitter:label1\" content=\"Est. reading time\" \/>\n\t<meta name=\"twitter:data1\" content=\"2 minutos\" \/>\n<script type=\"application\/ld+json\" class=\"yoast-schema-graph\">{\"@context\":\"https:\/\/schema.org\",\"@graph\":[{\"@type\":\"WebPage\",\"@id\":\"https:\/\/www.manaus.am.gov.br\/semcom\/pautas\/corrida-pela-vida-8-3\/\",\"url\":\"https:\/\/www.manaus.am.gov.br\/semcom\/pautas\/corrida-pela-vida-8-3\/\",\"name\":\"'Corrida pela Vida' em comemora\u00e7\u00e3o ao Dia da Mulher\",\"isPartOf\":{\"@id\":\"https:\/\/www.manaus.am.gov.br\/semcom\/#website\"},\"primaryImageOfPage\":{\"@id\":\"https:\/\/www.manaus.am.gov.br\/semcom\/pautas\/corrida-pela-vida-8-3\/#primaryimage\"},\"image\":{\"@id\":\"https:\/\/www.manaus.am.gov.br\/semcom\/pautas\/corrida-pela-vida-8-3\/#primaryimage\"},\"thumbnailUrl\":\"https:\/\/www.manaus.am.gov.br\/semcom\/wp-content\/uploads\/sites\/5\/2023\/02\/sugestaodepauta.png\",\"datePublished\":\"2026-03-06T18:06:52+00:00\",\"dateModified\":\"2026-03-06T18:06:53+00:00\",\"description\":\"Prefeitura de Manaus, por meio da Semasc, realiza 'Corrida pela Vida' em comemora\u00e7\u00e3o ao Dia Internacional da Mulher.\",\"inLanguage\":\"pt-BR\",\"potentialAction\":[{\"@type\":\"ReadAction\",\"target\":[\"https:\/\/www.manaus.am.gov.br\/semcom\/pautas\/corrida-pela-vida-8-3\/\"]}]},{\"@type\":\"ImageObject\",\"inLanguage\":\"pt-BR\",\"@id\":\"https:\/\/www.manaus.am.gov.br\/semcom\/pautas\/corrida-pela-vida-8-3\/#primaryimage\",\"url\":\"https:\/\/www.manaus.am.gov.br\/semcom\/wp-content\/uploads\/sites\/5\/2023\/02\/sugestaodepauta.png\",\"contentUrl\":\"https:\/\/www.manaus.am.gov.br\/semcom\/wp-content\/uploads\/sites\/5\/2023\/02\/sugestaodepauta.png\",\"width\":1020,\"height\":540},{\"@type\":\"WebSite\",\"@id\":\"https:\/\/www.manaus.am.gov.br\/semcom\/#website\",\"url\":\"https:\/\/www.manaus.am.gov.br\/semcom\/\",\"name\":\"SEMCOM\",\"description\":\"Secretaria Municipal de Comunica\u00e7\u00e3o\",\"potentialAction\":[{\"@type\":\"SearchAction\",\"target\":{\"@type\":\"EntryPoint\",\"urlTemplate\":\"https:\/\/www.manaus.am.gov.br\/semcom\/?s={search_term_string}\"},\"query-input\":\"required name=search_term_string\"}],\"inLanguage\":\"pt-BR\"}]}<\/script>\n<!-- \/ Yoast SEO plugin. -->","yoast_head_json":{"title":"'Corrida pela Vida' em comemora\u00e7\u00e3o ao Dia da Mulher","description":"Prefeitura de Manaus, por meio da Semasc, realiza 'Corrida pela Vida' em comemora\u00e7\u00e3o ao Dia Internacional da Mulher.","robots":{"index":"index","follow":"follow","max-snippet":"max-snippet:-1","max-image-preview":"max-image-preview:large","max-video-preview":"max-video-preview:-1"},"canonical":"https:\/\/www.manaus.am.gov.br\/semcom\/pautas\/corrida-pela-vida-8-3\/","og_locale":"pt_BR","og_type":"article","og_title":"'Corrida pela Vida' em comemora\u00e7\u00e3o ao Dia da Mulher","og_description":"Prefeitura de Manaus, por meio da Semasc, realiza 'Corrida pela Vida' em comemora\u00e7\u00e3o ao Dia Internacional da Mulher.","og_url":"https:\/\/www.manaus.am.gov.br\/semcom\/pautas\/corrida-pela-vida-8-3\/","og_site_name":"SEMCOM","article_modified_time":"2026-03-06T18:06:53+00:00","og_image":[{"width":1020,"height":540,"url":"https:\/\/www.manaus.am.gov.br\/semcom\/wp-content\/uploads\/sites\/5\/2023\/02\/sugestaodepauta.png","type":"image\/png"}],"twitter_card":"summary_large_image","twitter_misc":{"Est. reading time":"2 minutos"},"schema":{"@context":"https:\/\/schema.org","@graph":[{"@type":"WebPage","@id":"https:\/\/www.manaus.am.gov.br\/semcom\/pautas\/corrida-pela-vida-8-3\/","url":"https:\/\/www.manaus.am.gov.br\/semcom\/pautas\/corrida-pela-vida-8-3\/","name":"'Corrida pela Vida' em comemora\u00e7\u00e3o ao Dia da Mulher","isPartOf":{"@id":"https:\/\/www.manaus.am.gov.br\/semcom\/#website"},"primaryImageOfPage":{"@id":"https:\/\/www.manaus.am.gov.br\/semcom\/pautas\/corrida-pela-vida-8-3\/#primaryimage"},"image":{"@id":"https:\/\/www.manaus.am.gov.br\/semcom\/pautas\/corrida-pela-vida-8-3\/#primaryimage"},"thumbnailUrl":"https:\/\/www.manaus.am.gov.br\/semcom\/wp-content\/uploads\/sites\/5\/2023\/02\/sugestaodepauta.png","datePublished":"2026-03-06T18:06:52+00:00","dateModified":"2026-03-06T18:06:53+00:00","description":"Prefeitura de Manaus, por meio da Semasc, realiza 'Corrida pela Vida' em comemora\u00e7\u00e3o ao Dia Internacional da Mulher.","inLanguage":"pt-BR","potentialAction":[{"@type":"ReadAction","target":["https:\/\/www.manaus.am.gov.br\/semcom\/pautas\/corrida-pela-vida-8-3\/"]}]},{"@type":"ImageObject","inLanguage":"pt-BR","@id":"https:\/\/www.manaus.am.gov.br\/semcom\/pautas\/corrida-pela-vida-8-3\/#primaryimage","url":"https:\/\/www.manaus.am.gov.br\/semcom\/wp-content\/uploads\/sites\/5\/2023\/02\/sugestaodepauta.png","contentUrl":"https:\/\/www.manaus.am.gov.br\/semcom\/wp-content\/uploads\/sites\/5\/2023\/02\/sugestaodepauta.png","width":1020,"height":540},{"@type":"WebSite","@id":"https:\/\/www.manaus.am.gov.br\/semcom\/#website","url":"https:\/\/www.manaus.am.gov.br\/semcom\/","name":"SEMCOM","description":"Secretaria Municipal de Comunica\u00e7\u00e3o","potentialAction":[{"@type":"SearchAction","target":{"@type":"EntryPoint","urlTemplate":"https:\/\/www.manaus.am.gov.br\/semcom\/?s={search_term_string}"},"query-input":"required name=search_term_string"}],"inLanguage":"pt-BR"}]}},"_links":{"self":[{"href":"https:\/\/www.manaus.am.gov.br\/semcom\/wp-json\/wp\/v2\/pautas\/254063"}],"collection":[{"href":"https:\/\/www.manaus.am.gov.br\/semcom\/wp-json\/wp\/v2\/pautas"}],"about":[{"href":"https:\/\/www.manaus.am.gov.br\/semcom\/wp-json\/wp\/v2\/types\/pautas"}],"wp:featuredmedia":[{"embeddable":true,"href":"https:\/\/www.manaus.am.gov.br\/semcom\/wp-json\/wp\/v2\/media\/208729"}],"wp:attachment":[{"href":"https:\/\/www.manaus.am.gov.br\/semcom\/wp-json\/wp\/v2\/media?parent=254063"}],"wp:term":[{"taxonomy":"category","embeddable":true,"href":"https:\/\/www.manaus.am.gov.br\/semcom\/wp-json\/wp\/v2\/categories?post=254063"}],"curies":[{"name":"wp","href":"https:\/\/api.w.org\/{rel}","templated":true}]}}