{"id":253916,"date":"2026-03-05T11:20:11","date_gmt":"2026-03-05T14:20:11","guid":{"rendered":"https:\/\/www.manaus.am.gov.br\/semcom\/?post_type=pautas&#038;p=253916"},"modified":"2026-03-05T11:20:12","modified_gmt":"2026-03-05T14:20:12","slug":"prefeitura-semmas-evento-parque","status":"publish","type":"pautas","link":"https:\/\/www.manaus.am.gov.br\/semcom\/pautas\/prefeitura-semmas-evento-parque\/","title":{"rendered":"Prefeitura de Manaus promove manh\u00e3 l\u00fadica e sustent\u00e1vel no parque Cidade da Crian\u00e7a"},"content":{"rendered":"\n<p>A Prefeitura de Manaus, por meio da Secretaria Municipal de Meio Ambiente e Sustentabilidade (Semmas), realiza, nesta sexta-feira, 6\/3, no parque Cidade da Crian\u00e7a, no bairro Aleixo, zona Centro-Sul, uma manh\u00e3 de atividades em um grande laborat\u00f3rio ambiental. A programa\u00e7\u00e3o \u00e9 gratuita, para crian\u00e7as de at\u00e9 12 anos. A a\u00e7\u00e3o, que ocorre das 9h \u00e0s 11h, conta com a parceria da Secretaria Municipal de Educa\u00e7\u00e3o (Semed), para estimular a consci\u00eancia ecol\u00f3gica de forma l\u00fadica \u00e0s fam\u00edlias manauaras.<\/p>\n\n\n\n<p>O objetivo \u00e9 sensibilizar as crian\u00e7as sobre a import\u00e2ncia da preserva\u00e7\u00e3o, por meio de viv\u00eancias diretas com a natureza e orienta\u00e7\u00f5es sobre o descarte correto de res\u00edduos. A programa\u00e7\u00e3o conta com teatro de fantoches, aula pr\u00e1tica sobre produ\u00e7\u00e3o de mudas, compostagem, plantio de jardim sensorial, jogos ambientais (basquete da reciclagem e tapete ecol\u00f3gico), lanche e pintura facial. Al\u00e9m disso, haver\u00e1 a doa\u00e7\u00e3o de 250 mudas, entre frut\u00edferas, ornamentais e medicinais.&nbsp;<\/p>\n\n\n\n<p><strong>SERVI\u00c7O:<\/strong><\/p>\n\n\n\n<p><strong>O qu\u00ea<\/strong>&nbsp;&#8211;&nbsp;Manh\u00e3 l\u00fadica e sustent\u00e1vel no parque Cidade da Crian\u00e7a<\/p>\n\n\n\n<p><strong>Quando<\/strong>&nbsp;&#8211;&nbsp;Sexta-feira, 6\/3<\/p>\n\n\n\n<p><strong>Hor\u00e1rio<\/strong>&nbsp;&#8211;&nbsp;9h \u00e0s 10h30&nbsp;<\/p>\n\n\n\n<p><strong>Local<\/strong>&nbsp;&#8211;&nbsp;Parque Cidade da Crian\u00e7a, na rua Castro Alves, 100, bairro Aleixo, zona Centro-Sul.&nbsp;<a href=\"https:\/\/maps.app.goo.gl\/Qhv6VVr6XsTEZza47\" target=\"_blank\" rel=\"noreferrer noopener\">https:\/\/maps.app.goo.gl\/Qhv6VVr6XsTEZza47<\/a><\/p>\n","protected":false},"featured_media":208729,"template":"","categories":[808],"acf":[],"yoast_head":"<!-- This site is optimized with the Yoast SEO plugin v23.0 - https:\/\/yoast.com\/wordpress\/plugins\/seo\/ -->\n<title>Prefeitura de Manaus promove manh\u00e3 l\u00fadica e sustent\u00e1vel no parque Cidade da Crian\u00e7a<\/title>\n<meta name=\"description\" content=\"A Prefeitura de Manaus, por meio da Secretaria Municipal de Meio Ambiente e Sustentabilidade (Semmas), realiza, nesta sexta-feira, 6\/3, no parque Cidade da Crian\u00e7a, no bairro Aleixo, zona Centro-Sul, uma manh\u00e3 de atividades em um grande laborat\u00f3rio ambiental.\" \/>\n<meta name=\"robots\" content=\"index, follow, max-snippet:-1, max-image-preview:large, max-video-preview:-1\" \/>\n<link rel=\"canonical\" href=\"https:\/\/www.manaus.am.gov.br\/semcom\/pautas\/prefeitura-semmas-evento-parque\/\" \/>\n<meta property=\"og:locale\" content=\"pt_BR\" \/>\n<meta property=\"og:type\" content=\"article\" \/>\n<meta property=\"og:title\" content=\"Prefeitura de Manaus promove manh\u00e3 l\u00fadica e sustent\u00e1vel no parque Cidade da Crian\u00e7a\" \/>\n<meta property=\"og:description\" content=\"A Prefeitura de Manaus, por meio da Secretaria Municipal de Meio Ambiente e Sustentabilidade (Semmas), realiza, nesta sexta-feira, 6\/3, no parque Cidade da Crian\u00e7a, no bairro Aleixo, zona Centro-Sul, uma manh\u00e3 de atividades em um grande laborat\u00f3rio ambiental.\" \/>\n<meta property=\"og:url\" content=\"https:\/\/www.manaus.am.gov.br\/semcom\/pautas\/prefeitura-semmas-evento-parque\/\" \/>\n<meta property=\"og:site_name\" content=\"SEMCOM\" \/>\n<meta property=\"article:modified_time\" content=\"2026-03-05T14:20:12+00:00\" \/>\n<meta property=\"og:image\" content=\"https:\/\/www.manaus.am.gov.br\/semcom\/wp-content\/uploads\/sites\/5\/2023\/02\/sugestaodepauta.png\" \/>\n\t<meta property=\"og:image:width\" content=\"1020\" \/>\n\t<meta property=\"og:image:height\" content=\"540\" \/>\n\t<meta property=\"og:image:type\" content=\"image\/png\" \/>\n<meta name=\"twitter:card\" content=\"summary_large_image\" \/>\n<meta name=\"twitter:label1\" content=\"Est. reading time\" \/>\n\t<meta name=\"twitter:data1\" content=\"1 minuto\" \/>\n<script type=\"application\/ld+json\" class=\"yoast-schema-graph\">{\"@context\":\"https:\/\/schema.org\",\"@graph\":[{\"@type\":\"WebPage\",\"@id\":\"https:\/\/www.manaus.am.gov.br\/semcom\/pautas\/prefeitura-semmas-evento-parque\/\",\"url\":\"https:\/\/www.manaus.am.gov.br\/semcom\/pautas\/prefeitura-semmas-evento-parque\/\",\"name\":\"Prefeitura de Manaus promove manh\u00e3 l\u00fadica e sustent\u00e1vel no parque Cidade da Crian\u00e7a\",\"isPartOf\":{\"@id\":\"https:\/\/www.manaus.am.gov.br\/semcom\/#website\"},\"primaryImageOfPage\":{\"@id\":\"https:\/\/www.manaus.am.gov.br\/semcom\/pautas\/prefeitura-semmas-evento-parque\/#primaryimage\"},\"image\":{\"@id\":\"https:\/\/www.manaus.am.gov.br\/semcom\/pautas\/prefeitura-semmas-evento-parque\/#primaryimage\"},\"thumbnailUrl\":\"https:\/\/www.manaus.am.gov.br\/semcom\/wp-content\/uploads\/sites\/5\/2023\/02\/sugestaodepauta.png\",\"datePublished\":\"2026-03-05T14:20:11+00:00\",\"dateModified\":\"2026-03-05T14:20:12+00:00\",\"description\":\"A Prefeitura de Manaus, por meio da Secretaria Municipal de Meio Ambiente e Sustentabilidade (Semmas), realiza, nesta sexta-feira, 6\/3, no parque Cidade da Crian\u00e7a, no bairro Aleixo, zona Centro-Sul, uma manh\u00e3 de atividades em um grande laborat\u00f3rio ambiental.\",\"inLanguage\":\"pt-BR\",\"potentialAction\":[{\"@type\":\"ReadAction\",\"target\":[\"https:\/\/www.manaus.am.gov.br\/semcom\/pautas\/prefeitura-semmas-evento-parque\/\"]}]},{\"@type\":\"ImageObject\",\"inLanguage\":\"pt-BR\",\"@id\":\"https:\/\/www.manaus.am.gov.br\/semcom\/pautas\/prefeitura-semmas-evento-parque\/#primaryimage\",\"url\":\"https:\/\/www.manaus.am.gov.br\/semcom\/wp-content\/uploads\/sites\/5\/2023\/02\/sugestaodepauta.png\",\"contentUrl\":\"https:\/\/www.manaus.am.gov.br\/semcom\/wp-content\/uploads\/sites\/5\/2023\/02\/sugestaodepauta.png\",\"width\":1020,\"height\":540},{\"@type\":\"WebSite\",\"@id\":\"https:\/\/www.manaus.am.gov.br\/semcom\/#website\",\"url\":\"https:\/\/www.manaus.am.gov.br\/semcom\/\",\"name\":\"SEMCOM\",\"description\":\"Secretaria Municipal de Comunica\u00e7\u00e3o\",\"potentialAction\":[{\"@type\":\"SearchAction\",\"target\":{\"@type\":\"EntryPoint\",\"urlTemplate\":\"https:\/\/www.manaus.am.gov.br\/semcom\/?s={search_term_string}\"},\"query-input\":\"required name=search_term_string\"}],\"inLanguage\":\"pt-BR\"}]}<\/script>\n<!-- \/ Yoast SEO plugin. -->","yoast_head_json":{"title":"Prefeitura de Manaus promove manh\u00e3 l\u00fadica e sustent\u00e1vel no parque Cidade da Crian\u00e7a","description":"A Prefeitura de Manaus, por meio da Secretaria Municipal de Meio Ambiente e Sustentabilidade (Semmas), realiza, nesta sexta-feira, 6\/3, no parque Cidade da Crian\u00e7a, no bairro Aleixo, zona Centro-Sul, uma manh\u00e3 de atividades em um grande laborat\u00f3rio ambiental.","robots":{"index":"index","follow":"follow","max-snippet":"max-snippet:-1","max-image-preview":"max-image-preview:large","max-video-preview":"max-video-preview:-1"},"canonical":"https:\/\/www.manaus.am.gov.br\/semcom\/pautas\/prefeitura-semmas-evento-parque\/","og_locale":"pt_BR","og_type":"article","og_title":"Prefeitura de Manaus promove manh\u00e3 l\u00fadica e sustent\u00e1vel no parque Cidade da Crian\u00e7a","og_description":"A Prefeitura de Manaus, por meio da Secretaria Municipal de Meio Ambiente e Sustentabilidade (Semmas), realiza, nesta sexta-feira, 6\/3, no parque Cidade da Crian\u00e7a, no bairro Aleixo, zona Centro-Sul, uma manh\u00e3 de atividades em um grande laborat\u00f3rio ambiental.","og_url":"https:\/\/www.manaus.am.gov.br\/semcom\/pautas\/prefeitura-semmas-evento-parque\/","og_site_name":"SEMCOM","article_modified_time":"2026-03-05T14:20:12+00:00","og_image":[{"width":1020,"height":540,"url":"https:\/\/www.manaus.am.gov.br\/semcom\/wp-content\/uploads\/sites\/5\/2023\/02\/sugestaodepauta.png","type":"image\/png"}],"twitter_card":"summary_large_image","twitter_misc":{"Est. reading time":"1 minuto"},"schema":{"@context":"https:\/\/schema.org","@graph":[{"@type":"WebPage","@id":"https:\/\/www.manaus.am.gov.br\/semcom\/pautas\/prefeitura-semmas-evento-parque\/","url":"https:\/\/www.manaus.am.gov.br\/semcom\/pautas\/prefeitura-semmas-evento-parque\/","name":"Prefeitura de Manaus promove manh\u00e3 l\u00fadica e sustent\u00e1vel no parque Cidade da Crian\u00e7a","isPartOf":{"@id":"https:\/\/www.manaus.am.gov.br\/semcom\/#website"},"primaryImageOfPage":{"@id":"https:\/\/www.manaus.am.gov.br\/semcom\/pautas\/prefeitura-semmas-evento-parque\/#primaryimage"},"image":{"@id":"https:\/\/www.manaus.am.gov.br\/semcom\/pautas\/prefeitura-semmas-evento-parque\/#primaryimage"},"thumbnailUrl":"https:\/\/www.manaus.am.gov.br\/semcom\/wp-content\/uploads\/sites\/5\/2023\/02\/sugestaodepauta.png","datePublished":"2026-03-05T14:20:11+00:00","dateModified":"2026-03-05T14:20:12+00:00","description":"A Prefeitura de Manaus, por meio da Secretaria Municipal de Meio Ambiente e Sustentabilidade (Semmas), realiza, nesta sexta-feira, 6\/3, no parque Cidade da Crian\u00e7a, no bairro Aleixo, zona Centro-Sul, uma manh\u00e3 de atividades em um grande laborat\u00f3rio ambiental.","inLanguage":"pt-BR","potentialAction":[{"@type":"ReadAction","target":["https:\/\/www.manaus.am.gov.br\/semcom\/pautas\/prefeitura-semmas-evento-parque\/"]}]},{"@type":"ImageObject","inLanguage":"pt-BR","@id":"https:\/\/www.manaus.am.gov.br\/semcom\/pautas\/prefeitura-semmas-evento-parque\/#primaryimage","url":"https:\/\/www.manaus.am.gov.br\/semcom\/wp-content\/uploads\/sites\/5\/2023\/02\/sugestaodepauta.png","contentUrl":"https:\/\/www.manaus.am.gov.br\/semcom\/wp-content\/uploads\/sites\/5\/2023\/02\/sugestaodepauta.png","width":1020,"height":540},{"@type":"WebSite","@id":"https:\/\/www.manaus.am.gov.br\/semcom\/#website","url":"https:\/\/www.manaus.am.gov.br\/semcom\/","name":"SEMCOM","description":"Secretaria Municipal de Comunica\u00e7\u00e3o","potentialAction":[{"@type":"SearchAction","target":{"@type":"EntryPoint","urlTemplate":"https:\/\/www.manaus.am.gov.br\/semcom\/?s={search_term_string}"},"query-input":"required name=search_term_string"}],"inLanguage":"pt-BR"}]}},"_links":{"self":[{"href":"https:\/\/www.manaus.am.gov.br\/semcom\/wp-json\/wp\/v2\/pautas\/253916"}],"collection":[{"href":"https:\/\/www.manaus.am.gov.br\/semcom\/wp-json\/wp\/v2\/pautas"}],"about":[{"href":"https:\/\/www.manaus.am.gov.br\/semcom\/wp-json\/wp\/v2\/types\/pautas"}],"wp:featuredmedia":[{"embeddable":true,"href":"https:\/\/www.manaus.am.gov.br\/semcom\/wp-json\/wp\/v2\/media\/208729"}],"wp:attachment":[{"href":"https:\/\/www.manaus.am.gov.br\/semcom\/wp-json\/wp\/v2\/media?parent=253916"}],"wp:term":[{"taxonomy":"category","embeddable":true,"href":"https:\/\/www.manaus.am.gov.br\/semcom\/wp-json\/wp\/v2\/categories?post=253916"}],"curies":[{"name":"wp","href":"https:\/\/api.w.org\/{rel}","templated":true}]}}