{"id":253821,"date":"2026-03-03T22:33:48","date_gmt":"2026-03-04T01:33:48","guid":{"rendered":"https:\/\/www.manaus.am.gov.br\/semcom\/?post_type=pautas&#038;p=253821"},"modified":"2026-03-05T13:01:55","modified_gmt":"2026-03-05T16:01:55","slug":"apresentacao-comandante-subcomandante-formacao-curso","status":"publish","type":"pautas","link":"https:\/\/www.manaus.am.gov.br\/semcom\/pautas\/apresentacao-comandante-subcomandante-formacao-curso\/","title":{"rendered":"David Almeida apresenta os novos comandante e subcomandante da Guarda Municipal durante a formatura do primeiro curso da Guardi\u00e3 Maria da Penha"},"content":{"rendered":"\n<p>O prefeito de Manaus, David Almeida, realiza, nesta sexta-feira, 6\/3, \u00e0s 9h30, a solenidade de apresenta\u00e7\u00e3o da nova comandante e do novo subcomandante da Guarda Municipal de Manaus (GMM), al\u00e9m da formatura do primeiro curso da Guardi\u00e3 Maria da Penha, no audit\u00f3rio Isabel Victoria de Mattos Pereira do Carmo Ribeiro, na sede da prefeitura, no bairro Compensa, zona Oeste. A cerim\u00f4nia contar\u00e1 com a presen\u00e7a de autoridades municipais e representantes das for\u00e7as de seguran\u00e7a.<\/p>\n\n\n\n<p>O evento integra a programa\u00e7\u00e3o em alus\u00e3o ao Dia Internacional da Mulher, comemorado no dia 8 de mar\u00e7o, e refor\u00e7a o compromisso da gest\u00e3o municipal com a valoriza\u00e7\u00e3o da lideran\u00e7a feminina, o fortalecimento institucional da Guarda Municipal e a amplia\u00e7\u00e3o das pol\u00edticas p\u00fablicas de prote\u00e7\u00e3o \u00e0 mulher.<\/p>\n\n\n\n<p>Durante a solenidade, ser\u00e3o oficialmente apresentados a nova comandante Francilene Vieira Bezerra e o novo subcomandante Failo Alves Ribeiro, marcando um novo momento na estrutura organizacional da corpora\u00e7\u00e3o. &nbsp;<\/p>\n\n\n\n<p>A formatura do curso da Guardi\u00e3 Maria da Penha tamb\u00e9m simboliza o fortalecimento das a\u00e7\u00f5es voltadas ao enfrentamento da viol\u00eancia contra a mulher, consolidando o papel da Guarda Municipal como institui\u00e7\u00e3o estrat\u00e9gica na promo\u00e7\u00e3o da seguran\u00e7a cidad\u00e3 e na prote\u00e7\u00e3o dos direitos das mulheres.<\/p>\n\n\n\n<p><strong>SERVI\u00c7O<\/strong><\/p>\n\n\n\n<p><strong>O qu\u00ea<\/strong>&nbsp;&#8211; Apresenta\u00e7\u00e3o dos novos comandante e subcomandante da Guarda Municipal durante a formatura do primeiro curso da Guardi\u00e3 Maria da Penha<\/p>\n\n\n\n<p><strong>Quando<\/strong>&nbsp;\u2013 Sexta-feira, 6\/3<\/p>\n\n\n\n<p><strong>Hor\u00e1rio&nbsp;<\/strong>&#8211; 9h30<\/p>\n\n\n\n<p><strong>Local &#8211;<\/strong>&nbsp;Audit\u00f3rio Isabel Victoria de Mattos Pereira do Carmo Ribeiro, na sede da prefeitura, avenida Brasil, n\u00ba 2971, bairro Compensa, zona Oeste<\/p>\n\n\n\n<p><strong>Localiza\u00e7\u00e3o \u2013&nbsp;<\/strong><a href=\"https:\/\/maps.app.goo.gl\/V8QWtB4gzLE618Nv5\" target=\"_blank\" rel=\"noreferrer noopener\">https:\/\/maps.app.goo.gl\/V8QWtB4gzLE618Nv5<\/a><\/p>\n","protected":false},"featured_media":208729,"template":"","categories":[807],"acf":[],"yoast_head":"<!-- This site is optimized with the Yoast SEO plugin v23.0 - https:\/\/yoast.com\/wordpress\/plugins\/seo\/ -->\n<title>Apresenta\u00e7\u00e3o dos novos comandantes da Guarda Municipal durante a formatura do primeiro curso da Guardi\u00e3 Maria da Penha<\/title>\n<meta name=\"description\" content=\"Prefeito apresenta os novos comandante e subcomandante da Guarda Municipal durante a formatura do primeiro curso da Guardi\u00e3 Maria da Penha.\" \/>\n<meta name=\"robots\" content=\"index, follow, max-snippet:-1, max-image-preview:large, max-video-preview:-1\" \/>\n<link rel=\"canonical\" href=\"https:\/\/www.manaus.am.gov.br\/semcom\/pautas\/apresentacao-comandante-subcomandante-formacao-curso\/\" \/>\n<meta property=\"og:locale\" content=\"pt_BR\" \/>\n<meta property=\"og:type\" content=\"article\" \/>\n<meta property=\"og:title\" content=\"Apresenta\u00e7\u00e3o dos novos comandantes da Guarda Municipal durante a formatura do primeiro curso da Guardi\u00e3 Maria da Penha\" \/>\n<meta property=\"og:description\" content=\"Prefeito apresenta os novos comandante e subcomandante da Guarda Municipal durante a formatura do primeiro curso da Guardi\u00e3 Maria da Penha.\" \/>\n<meta property=\"og:url\" content=\"https:\/\/www.manaus.am.gov.br\/semcom\/pautas\/apresentacao-comandante-subcomandante-formacao-curso\/\" \/>\n<meta property=\"og:site_name\" content=\"SEMCOM\" \/>\n<meta property=\"article:modified_time\" content=\"2026-03-05T16:01:55+00:00\" \/>\n<meta property=\"og:image\" content=\"https:\/\/www.manaus.am.gov.br\/semcom\/wp-content\/uploads\/sites\/5\/2023\/02\/sugestaodepauta.png\" \/>\n\t<meta property=\"og:image:width\" content=\"1020\" \/>\n\t<meta property=\"og:image:height\" content=\"540\" \/>\n\t<meta property=\"og:image:type\" content=\"image\/png\" \/>\n<meta name=\"twitter:card\" content=\"summary_large_image\" \/>\n<meta name=\"twitter:label1\" content=\"Est. reading time\" \/>\n\t<meta name=\"twitter:data1\" content=\"2 minutos\" \/>\n<script type=\"application\/ld+json\" class=\"yoast-schema-graph\">{\"@context\":\"https:\/\/schema.org\",\"@graph\":[{\"@type\":\"WebPage\",\"@id\":\"https:\/\/www.manaus.am.gov.br\/semcom\/pautas\/apresentacao-comandante-subcomandante-formacao-curso\/\",\"url\":\"https:\/\/www.manaus.am.gov.br\/semcom\/pautas\/apresentacao-comandante-subcomandante-formacao-curso\/\",\"name\":\"Apresenta\u00e7\u00e3o dos novos comandantes da Guarda Municipal durante a formatura do primeiro curso da Guardi\u00e3 Maria da Penha\",\"isPartOf\":{\"@id\":\"https:\/\/www.manaus.am.gov.br\/semcom\/#website\"},\"primaryImageOfPage\":{\"@id\":\"https:\/\/www.manaus.am.gov.br\/semcom\/pautas\/apresentacao-comandante-subcomandante-formacao-curso\/#primaryimage\"},\"image\":{\"@id\":\"https:\/\/www.manaus.am.gov.br\/semcom\/pautas\/apresentacao-comandante-subcomandante-formacao-curso\/#primaryimage\"},\"thumbnailUrl\":\"https:\/\/www.manaus.am.gov.br\/semcom\/wp-content\/uploads\/sites\/5\/2023\/02\/sugestaodepauta.png\",\"datePublished\":\"2026-03-04T01:33:48+00:00\",\"dateModified\":\"2026-03-05T16:01:55+00:00\",\"description\":\"Prefeito apresenta os novos comandante e subcomandante da Guarda Municipal durante a formatura do primeiro curso da Guardi\u00e3 Maria da Penha.\",\"inLanguage\":\"pt-BR\",\"potentialAction\":[{\"@type\":\"ReadAction\",\"target\":[\"https:\/\/www.manaus.am.gov.br\/semcom\/pautas\/apresentacao-comandante-subcomandante-formacao-curso\/\"]}]},{\"@type\":\"ImageObject\",\"inLanguage\":\"pt-BR\",\"@id\":\"https:\/\/www.manaus.am.gov.br\/semcom\/pautas\/apresentacao-comandante-subcomandante-formacao-curso\/#primaryimage\",\"url\":\"https:\/\/www.manaus.am.gov.br\/semcom\/wp-content\/uploads\/sites\/5\/2023\/02\/sugestaodepauta.png\",\"contentUrl\":\"https:\/\/www.manaus.am.gov.br\/semcom\/wp-content\/uploads\/sites\/5\/2023\/02\/sugestaodepauta.png\",\"width\":1020,\"height\":540},{\"@type\":\"WebSite\",\"@id\":\"https:\/\/www.manaus.am.gov.br\/semcom\/#website\",\"url\":\"https:\/\/www.manaus.am.gov.br\/semcom\/\",\"name\":\"SEMCOM\",\"description\":\"Secretaria Municipal de Comunica\u00e7\u00e3o\",\"potentialAction\":[{\"@type\":\"SearchAction\",\"target\":{\"@type\":\"EntryPoint\",\"urlTemplate\":\"https:\/\/www.manaus.am.gov.br\/semcom\/?s={search_term_string}\"},\"query-input\":\"required name=search_term_string\"}],\"inLanguage\":\"pt-BR\"}]}<\/script>\n<!-- \/ Yoast SEO plugin. -->","yoast_head_json":{"title":"Apresenta\u00e7\u00e3o dos novos comandantes da Guarda Municipal durante a formatura do primeiro curso da Guardi\u00e3 Maria da Penha","description":"Prefeito apresenta os novos comandante e subcomandante da Guarda Municipal durante a formatura do primeiro curso da Guardi\u00e3 Maria da Penha.","robots":{"index":"index","follow":"follow","max-snippet":"max-snippet:-1","max-image-preview":"max-image-preview:large","max-video-preview":"max-video-preview:-1"},"canonical":"https:\/\/www.manaus.am.gov.br\/semcom\/pautas\/apresentacao-comandante-subcomandante-formacao-curso\/","og_locale":"pt_BR","og_type":"article","og_title":"Apresenta\u00e7\u00e3o dos novos comandantes da Guarda Municipal durante a formatura do primeiro curso da Guardi\u00e3 Maria da Penha","og_description":"Prefeito apresenta os novos comandante e subcomandante da Guarda Municipal durante a formatura do primeiro curso da Guardi\u00e3 Maria da Penha.","og_url":"https:\/\/www.manaus.am.gov.br\/semcom\/pautas\/apresentacao-comandante-subcomandante-formacao-curso\/","og_site_name":"SEMCOM","article_modified_time":"2026-03-05T16:01:55+00:00","og_image":[{"width":1020,"height":540,"url":"https:\/\/www.manaus.am.gov.br\/semcom\/wp-content\/uploads\/sites\/5\/2023\/02\/sugestaodepauta.png","type":"image\/png"}],"twitter_card":"summary_large_image","twitter_misc":{"Est. reading time":"2 minutos"},"schema":{"@context":"https:\/\/schema.org","@graph":[{"@type":"WebPage","@id":"https:\/\/www.manaus.am.gov.br\/semcom\/pautas\/apresentacao-comandante-subcomandante-formacao-curso\/","url":"https:\/\/www.manaus.am.gov.br\/semcom\/pautas\/apresentacao-comandante-subcomandante-formacao-curso\/","name":"Apresenta\u00e7\u00e3o dos novos comandantes da Guarda Municipal durante a formatura do primeiro curso da Guardi\u00e3 Maria da Penha","isPartOf":{"@id":"https:\/\/www.manaus.am.gov.br\/semcom\/#website"},"primaryImageOfPage":{"@id":"https:\/\/www.manaus.am.gov.br\/semcom\/pautas\/apresentacao-comandante-subcomandante-formacao-curso\/#primaryimage"},"image":{"@id":"https:\/\/www.manaus.am.gov.br\/semcom\/pautas\/apresentacao-comandante-subcomandante-formacao-curso\/#primaryimage"},"thumbnailUrl":"https:\/\/www.manaus.am.gov.br\/semcom\/wp-content\/uploads\/sites\/5\/2023\/02\/sugestaodepauta.png","datePublished":"2026-03-04T01:33:48+00:00","dateModified":"2026-03-05T16:01:55+00:00","description":"Prefeito apresenta os novos comandante e subcomandante da Guarda Municipal durante a formatura do primeiro curso da Guardi\u00e3 Maria da Penha.","inLanguage":"pt-BR","potentialAction":[{"@type":"ReadAction","target":["https:\/\/www.manaus.am.gov.br\/semcom\/pautas\/apresentacao-comandante-subcomandante-formacao-curso\/"]}]},{"@type":"ImageObject","inLanguage":"pt-BR","@id":"https:\/\/www.manaus.am.gov.br\/semcom\/pautas\/apresentacao-comandante-subcomandante-formacao-curso\/#primaryimage","url":"https:\/\/www.manaus.am.gov.br\/semcom\/wp-content\/uploads\/sites\/5\/2023\/02\/sugestaodepauta.png","contentUrl":"https:\/\/www.manaus.am.gov.br\/semcom\/wp-content\/uploads\/sites\/5\/2023\/02\/sugestaodepauta.png","width":1020,"height":540},{"@type":"WebSite","@id":"https:\/\/www.manaus.am.gov.br\/semcom\/#website","url":"https:\/\/www.manaus.am.gov.br\/semcom\/","name":"SEMCOM","description":"Secretaria Municipal de Comunica\u00e7\u00e3o","potentialAction":[{"@type":"SearchAction","target":{"@type":"EntryPoint","urlTemplate":"https:\/\/www.manaus.am.gov.br\/semcom\/?s={search_term_string}"},"query-input":"required name=search_term_string"}],"inLanguage":"pt-BR"}]}},"_links":{"self":[{"href":"https:\/\/www.manaus.am.gov.br\/semcom\/wp-json\/wp\/v2\/pautas\/253821"}],"collection":[{"href":"https:\/\/www.manaus.am.gov.br\/semcom\/wp-json\/wp\/v2\/pautas"}],"about":[{"href":"https:\/\/www.manaus.am.gov.br\/semcom\/wp-json\/wp\/v2\/types\/pautas"}],"wp:featuredmedia":[{"embeddable":true,"href":"https:\/\/www.manaus.am.gov.br\/semcom\/wp-json\/wp\/v2\/media\/208729"}],"wp:attachment":[{"href":"https:\/\/www.manaus.am.gov.br\/semcom\/wp-json\/wp\/v2\/media?parent=253821"}],"wp:term":[{"taxonomy":"category","embeddable":true,"href":"https:\/\/www.manaus.am.gov.br\/semcom\/wp-json\/wp\/v2\/categories?post=253821"}],"curies":[{"name":"wp","href":"https:\/\/api.w.org\/{rel}","templated":true}]}}