{"id":239199,"date":"2025-05-19T14:46:28","date_gmt":"2025-05-19T17:46:28","guid":{"rendered":"https:\/\/www.manaus.am.gov.br\/semcom\/?post_type=pautas&#038;p=239199"},"modified":"2025-05-19T14:46:29","modified_gmt":"2025-05-19T17:46:29","slug":"operacao-carga-pesada-3","status":"publish","type":"pautas","link":"https:\/\/www.manaus.am.gov.br\/semcom\/pautas\/operacao-carga-pesada-3\/","title":{"rendered":"Prefeitura de Manaus realiza opera\u00e7\u00e3o \u2018Carga Pesada\u2019 para fiscalizar caminh\u00f5es irregulares"},"content":{"rendered":"\n<p>A Prefeitura de Manaus, por meio do Instituto Municipal de Mobilidade Urbana (IMMU), realiza, nesta segunda-feira, 19\/5, \u00e0s 14h20, a opera\u00e7\u00e3o \u201cCarga Pesada\u201d, na avenida das Torres, na parte inferior da avenida Margarita, no bairro Nova Cidade, zona Norte, para fiscalizar caminh\u00f5es que circulam de forma irregular e sem os equipamentos obrigat\u00f3rios na via.<\/p>\n\n\n\n<p><br>A a\u00e7\u00e3o tem como objetivo garantir a seguran\u00e7a dos motoristas e pedestres que circulam pela regi\u00e3o, al\u00e9m de coibir pr\u00e1ticas ilegais no tr\u00e2nsito, como a falta de documenta\u00e7\u00e3o e a utiliza\u00e7\u00e3o de ve\u00edculos em m\u00e1s condi\u00e7\u00f5es.<\/p>\n\n\n\n<p><br>Ser\u00e3o verificados os documentos dos motoristas e dos ve\u00edculos, bem como a presen\u00e7a de equipamentos de seguran\u00e7a, como cintos de seguran\u00e7a, far\u00f3is, lanternas e retrovisores. Os caminh\u00f5es que estiverem em desacordo com as normas ser\u00e3o autuados e poder\u00e3o ser apreendidos.<\/p>\n\n\n\n<p><br>A opera\u00e7\u00e3o ter\u00e1 o apoio da Guarda Civil Metropolitana de Manaus e do Batalh\u00e3o de Pol\u00edcia de Tr\u00e2nsito (BPTran).<\/p>\n\n\n\n<p><br><strong>SERVI\u00c7O<\/strong><\/p>\n\n\n\n<p><br><strong>O qu\u00ea &#8211;<\/strong>&nbsp;Opera\u00e7\u00e3o \u2018Carga Pesada\u2019&nbsp;<\/p>\n\n\n\n<p><strong>Quando<\/strong>&nbsp;\u2013 Segunda-feira, 19\/5<\/p>\n\n\n\n<p><strong>Hor\u00e1rio<\/strong>&nbsp;\u2013 14h20<\/p>\n\n\n\n<p><strong>Local&nbsp;<\/strong>\u2013 Avenida das Torres, na parte inferior da avenida Margarita, bairro Nova Cidade, zona Norte<\/p>\n","protected":false},"featured_media":208729,"template":"","categories":[797],"acf":[],"yoast_head":"<!-- This site is optimized with the Yoast SEO plugin v23.0 - https:\/\/yoast.com\/wordpress\/plugins\/seo\/ -->\n<title>Opera\u00e7\u00e3o \u2018Carga Pesada\u2019 para fiscalizar caminh\u00f5es irregulares<\/title>\n<meta name=\"description\" content=\"Prefeitura de Manaus, por meio do IMMU, realiza opera\u00e7\u00e3o \u2018Carga Pesada\u2019 para fiscalizar caminh\u00f5es irregulares.\" \/>\n<meta name=\"robots\" content=\"index, follow, max-snippet:-1, max-image-preview:large, max-video-preview:-1\" \/>\n<link rel=\"canonical\" href=\"https:\/\/www.manaus.am.gov.br\/semcom\/pautas\/operacao-carga-pesada-3\/\" \/>\n<meta property=\"og:locale\" content=\"pt_BR\" \/>\n<meta property=\"og:type\" content=\"article\" \/>\n<meta property=\"og:title\" content=\"Opera\u00e7\u00e3o \u2018Carga Pesada\u2019 para fiscalizar caminh\u00f5es irregulares\" \/>\n<meta property=\"og:description\" content=\"Prefeitura de Manaus, por meio do IMMU, realiza opera\u00e7\u00e3o \u2018Carga Pesada\u2019 para fiscalizar caminh\u00f5es irregulares.\" \/>\n<meta property=\"og:url\" content=\"https:\/\/www.manaus.am.gov.br\/semcom\/pautas\/operacao-carga-pesada-3\/\" \/>\n<meta property=\"og:site_name\" content=\"SEMCOM\" \/>\n<meta property=\"article:modified_time\" content=\"2025-05-19T17:46:29+00:00\" \/>\n<meta property=\"og:image\" content=\"https:\/\/www.manaus.am.gov.br\/semcom\/wp-content\/uploads\/sites\/5\/2023\/02\/sugestaodepauta.png\" \/>\n\t<meta property=\"og:image:width\" content=\"1020\" \/>\n\t<meta property=\"og:image:height\" content=\"540\" \/>\n\t<meta property=\"og:image:type\" content=\"image\/png\" \/>\n<meta name=\"twitter:card\" content=\"summary_large_image\" \/>\n<meta name=\"twitter:label1\" content=\"Est. reading time\" \/>\n\t<meta name=\"twitter:data1\" content=\"2 minutos\" \/>\n<script type=\"application\/ld+json\" class=\"yoast-schema-graph\">{\"@context\":\"https:\/\/schema.org\",\"@graph\":[{\"@type\":\"WebPage\",\"@id\":\"https:\/\/www.manaus.am.gov.br\/semcom\/pautas\/operacao-carga-pesada-3\/\",\"url\":\"https:\/\/www.manaus.am.gov.br\/semcom\/pautas\/operacao-carga-pesada-3\/\",\"name\":\"Opera\u00e7\u00e3o \u2018Carga Pesada\u2019 para fiscalizar caminh\u00f5es irregulares\",\"isPartOf\":{\"@id\":\"https:\/\/www.manaus.am.gov.br\/semcom\/#website\"},\"primaryImageOfPage\":{\"@id\":\"https:\/\/www.manaus.am.gov.br\/semcom\/pautas\/operacao-carga-pesada-3\/#primaryimage\"},\"image\":{\"@id\":\"https:\/\/www.manaus.am.gov.br\/semcom\/pautas\/operacao-carga-pesada-3\/#primaryimage\"},\"thumbnailUrl\":\"https:\/\/www.manaus.am.gov.br\/semcom\/wp-content\/uploads\/sites\/5\/2023\/02\/sugestaodepauta.png\",\"datePublished\":\"2025-05-19T17:46:28+00:00\",\"dateModified\":\"2025-05-19T17:46:29+00:00\",\"description\":\"Prefeitura de Manaus, por meio do IMMU, realiza opera\u00e7\u00e3o \u2018Carga Pesada\u2019 para fiscalizar caminh\u00f5es irregulares.\",\"inLanguage\":\"pt-BR\",\"potentialAction\":[{\"@type\":\"ReadAction\",\"target\":[\"https:\/\/www.manaus.am.gov.br\/semcom\/pautas\/operacao-carga-pesada-3\/\"]}]},{\"@type\":\"ImageObject\",\"inLanguage\":\"pt-BR\",\"@id\":\"https:\/\/www.manaus.am.gov.br\/semcom\/pautas\/operacao-carga-pesada-3\/#primaryimage\",\"url\":\"https:\/\/www.manaus.am.gov.br\/semcom\/wp-content\/uploads\/sites\/5\/2023\/02\/sugestaodepauta.png\",\"contentUrl\":\"https:\/\/www.manaus.am.gov.br\/semcom\/wp-content\/uploads\/sites\/5\/2023\/02\/sugestaodepauta.png\",\"width\":1020,\"height\":540},{\"@type\":\"WebSite\",\"@id\":\"https:\/\/www.manaus.am.gov.br\/semcom\/#website\",\"url\":\"https:\/\/www.manaus.am.gov.br\/semcom\/\",\"name\":\"SEMCOM\",\"description\":\"Secretaria Municipal de Comunica\u00e7\u00e3o\",\"potentialAction\":[{\"@type\":\"SearchAction\",\"target\":{\"@type\":\"EntryPoint\",\"urlTemplate\":\"https:\/\/www.manaus.am.gov.br\/semcom\/?s={search_term_string}\"},\"query-input\":\"required name=search_term_string\"}],\"inLanguage\":\"pt-BR\"}]}<\/script>\n<!-- \/ Yoast SEO plugin. -->","yoast_head_json":{"title":"Opera\u00e7\u00e3o \u2018Carga Pesada\u2019 para fiscalizar caminh\u00f5es irregulares","description":"Prefeitura de Manaus, por meio do IMMU, realiza opera\u00e7\u00e3o \u2018Carga Pesada\u2019 para fiscalizar caminh\u00f5es irregulares.","robots":{"index":"index","follow":"follow","max-snippet":"max-snippet:-1","max-image-preview":"max-image-preview:large","max-video-preview":"max-video-preview:-1"},"canonical":"https:\/\/www.manaus.am.gov.br\/semcom\/pautas\/operacao-carga-pesada-3\/","og_locale":"pt_BR","og_type":"article","og_title":"Opera\u00e7\u00e3o \u2018Carga Pesada\u2019 para fiscalizar caminh\u00f5es irregulares","og_description":"Prefeitura de Manaus, por meio do IMMU, realiza opera\u00e7\u00e3o \u2018Carga Pesada\u2019 para fiscalizar caminh\u00f5es irregulares.","og_url":"https:\/\/www.manaus.am.gov.br\/semcom\/pautas\/operacao-carga-pesada-3\/","og_site_name":"SEMCOM","article_modified_time":"2025-05-19T17:46:29+00:00","og_image":[{"width":1020,"height":540,"url":"https:\/\/www.manaus.am.gov.br\/semcom\/wp-content\/uploads\/sites\/5\/2023\/02\/sugestaodepauta.png","type":"image\/png"}],"twitter_card":"summary_large_image","twitter_misc":{"Est. reading time":"2 minutos"},"schema":{"@context":"https:\/\/schema.org","@graph":[{"@type":"WebPage","@id":"https:\/\/www.manaus.am.gov.br\/semcom\/pautas\/operacao-carga-pesada-3\/","url":"https:\/\/www.manaus.am.gov.br\/semcom\/pautas\/operacao-carga-pesada-3\/","name":"Opera\u00e7\u00e3o \u2018Carga Pesada\u2019 para fiscalizar caminh\u00f5es irregulares","isPartOf":{"@id":"https:\/\/www.manaus.am.gov.br\/semcom\/#website"},"primaryImageOfPage":{"@id":"https:\/\/www.manaus.am.gov.br\/semcom\/pautas\/operacao-carga-pesada-3\/#primaryimage"},"image":{"@id":"https:\/\/www.manaus.am.gov.br\/semcom\/pautas\/operacao-carga-pesada-3\/#primaryimage"},"thumbnailUrl":"https:\/\/www.manaus.am.gov.br\/semcom\/wp-content\/uploads\/sites\/5\/2023\/02\/sugestaodepauta.png","datePublished":"2025-05-19T17:46:28+00:00","dateModified":"2025-05-19T17:46:29+00:00","description":"Prefeitura de Manaus, por meio do IMMU, realiza opera\u00e7\u00e3o \u2018Carga Pesada\u2019 para fiscalizar caminh\u00f5es irregulares.","inLanguage":"pt-BR","potentialAction":[{"@type":"ReadAction","target":["https:\/\/www.manaus.am.gov.br\/semcom\/pautas\/operacao-carga-pesada-3\/"]}]},{"@type":"ImageObject","inLanguage":"pt-BR","@id":"https:\/\/www.manaus.am.gov.br\/semcom\/pautas\/operacao-carga-pesada-3\/#primaryimage","url":"https:\/\/www.manaus.am.gov.br\/semcom\/wp-content\/uploads\/sites\/5\/2023\/02\/sugestaodepauta.png","contentUrl":"https:\/\/www.manaus.am.gov.br\/semcom\/wp-content\/uploads\/sites\/5\/2023\/02\/sugestaodepauta.png","width":1020,"height":540},{"@type":"WebSite","@id":"https:\/\/www.manaus.am.gov.br\/semcom\/#website","url":"https:\/\/www.manaus.am.gov.br\/semcom\/","name":"SEMCOM","description":"Secretaria Municipal de Comunica\u00e7\u00e3o","potentialAction":[{"@type":"SearchAction","target":{"@type":"EntryPoint","urlTemplate":"https:\/\/www.manaus.am.gov.br\/semcom\/?s={search_term_string}"},"query-input":"required name=search_term_string"}],"inLanguage":"pt-BR"}]}},"_links":{"self":[{"href":"https:\/\/www.manaus.am.gov.br\/semcom\/wp-json\/wp\/v2\/pautas\/239199"}],"collection":[{"href":"https:\/\/www.manaus.am.gov.br\/semcom\/wp-json\/wp\/v2\/pautas"}],"about":[{"href":"https:\/\/www.manaus.am.gov.br\/semcom\/wp-json\/wp\/v2\/types\/pautas"}],"wp:featuredmedia":[{"embeddable":true,"href":"https:\/\/www.manaus.am.gov.br\/semcom\/wp-json\/wp\/v2\/media\/208729"}],"wp:attachment":[{"href":"https:\/\/www.manaus.am.gov.br\/semcom\/wp-json\/wp\/v2\/media?parent=239199"}],"wp:term":[{"taxonomy":"category","embeddable":true,"href":"https:\/\/www.manaus.am.gov.br\/semcom\/wp-json\/wp\/v2\/categories?post=239199"}],"curies":[{"name":"wp","href":"https:\/\/api.w.org\/{rel}","templated":true}]}}