{"id":236622,"date":"2025-03-26T11:58:04","date_gmt":"2025-03-26T14:58:04","guid":{"rendered":"https:\/\/www.manaus.am.gov.br\/semcom\/?post_type=pautas&#038;p=236622"},"modified":"2025-03-26T11:58:04","modified_gmt":"2025-03-26T14:58:04","slug":"1o-manaus-mais-cidada-2025-zona-norte","status":"publish","type":"pautas","link":"https:\/\/www.manaus.am.gov.br\/semcom\/pautas\/1o-manaus-mais-cidada-2025-zona-norte\/","title":{"rendered":"Prefeitura realiza 1\u00aa edi\u00e7\u00e3o do \u2018Manaus Mais Cidad\u00e3\u2019 de 2025 na zona Norte"},"content":{"rendered":"\n<p>A Prefeitura de Manaus, por meio da Secretaria Municipal da Mulher, Assist\u00eancia Social e Cidadania (Semasc), realiza, neste s\u00e1bado, 29\/3, a partir das 8h, a 1\u00aa edi\u00e7\u00e3o de 2025 do mutir\u00e3o \u201cManaus Mais Cidad\u00e3\u201d, no bairro Lago Azul, zona Norte. O evento&nbsp;acontece na escola municipal Gilberto Rodrigues dos Santos, localizada na rua Raio de Luz, no residencial Viver Melhor.<\/p>\n\n\n\n<p>Ser\u00e3o oferecidos mais de 160 servi\u00e7os gratuitos \u00e0 popula\u00e7\u00e3o, em parceria com secretarias municipais e estaduais e Organiza\u00e7\u00f5es da Sociedade Civil (OSCs). Entre os atendimentos est\u00e3o: a inser\u00e7\u00e3o e atualiza\u00e7\u00e3o do Cadastro \u00danico, emiss\u00e3o de&nbsp;certid\u00e3o de nascimento,&nbsp;atendimentos da Amazonas Energia e \u00c1guas de Manaus, consultas m\u00e9dicas, vacina\u00e7\u00e3o, alistamento militar, emiss\u00e3o de carteira de trabalho digital, atendimento do Departamento Estadual de Tr\u00e2nsito do Amazonas (Detran-AM), entre outros.<\/p>\n\n\n\n<p><strong>SERVI\u00c7O<\/strong><\/p>\n\n\n\n<p><strong>O qu\u00ea \u2013&nbsp;<\/strong>1\u00aa edi\u00e7\u00e3o do \u201cManaus Mais Cidad\u00e3\u201d 2025<\/p>\n\n\n\n<p><strong>Quando &#8211;&nbsp;<\/strong>S\u00e1bado, 29\/3<\/p>\n\n\n\n<p><strong>Hor\u00e1rio &#8211;&nbsp;<\/strong>8h<\/p>\n\n\n\n<p><strong>Local &#8211;&nbsp;<\/strong>Rua Raio de Luz, s\/n\u00ba, bairro Lago Azul, zona Norte<\/p>\n\n\n\n<p><strong>Localiza\u00e7\u00e3o &#8211;&nbsp;<\/strong><a href=\"https:\/\/g.co\/kgs\/pw7Wraz\" target=\"_blank\" rel=\"noreferrer noopener\">https:\/\/g.co\/kgs\/pw7Wraz<\/a><\/p>\n","protected":false},"featured_media":208729,"template":"","categories":[802],"acf":[],"yoast_head":"<!-- This site is optimized with the Yoast SEO plugin v23.0 - https:\/\/yoast.com\/wordpress\/plugins\/seo\/ -->\n<title>1\u00aa edi\u00e7\u00e3o do \u2018Manaus Mais Cidad\u00e3\u2019 de 2025 na zona Norte<\/title>\n<meta name=\"description\" content=\"Prefeitura de Manaus, por meio da Semasc, realiza 1\u00aa edi\u00e7\u00e3o do \u2018Manaus Mais Cidad\u00e3\u2019 de 2025 no bairro Lago Azul, na zona Norte.\" \/>\n<meta name=\"robots\" content=\"index, follow, max-snippet:-1, max-image-preview:large, max-video-preview:-1\" \/>\n<link rel=\"canonical\" href=\"https:\/\/www.manaus.am.gov.br\/semcom\/pautas\/1o-manaus-mais-cidada-2025-zona-norte\/\" \/>\n<meta property=\"og:locale\" content=\"pt_BR\" \/>\n<meta property=\"og:type\" content=\"article\" \/>\n<meta property=\"og:title\" content=\"1\u00aa edi\u00e7\u00e3o do \u2018Manaus Mais Cidad\u00e3\u2019 de 2025 na zona Norte\" \/>\n<meta property=\"og:description\" content=\"Prefeitura de Manaus, por meio da Semasc, realiza 1\u00aa edi\u00e7\u00e3o do \u2018Manaus Mais Cidad\u00e3\u2019 de 2025 no bairro Lago Azul, na zona Norte.\" \/>\n<meta property=\"og:url\" content=\"https:\/\/www.manaus.am.gov.br\/semcom\/pautas\/1o-manaus-mais-cidada-2025-zona-norte\/\" \/>\n<meta property=\"og:site_name\" content=\"SEMCOM\" \/>\n<meta property=\"og:image\" content=\"https:\/\/www.manaus.am.gov.br\/semcom\/wp-content\/uploads\/sites\/5\/2023\/02\/sugestaodepauta.png\" \/>\n\t<meta property=\"og:image:width\" content=\"1020\" \/>\n\t<meta property=\"og:image:height\" content=\"540\" \/>\n\t<meta property=\"og:image:type\" content=\"image\/png\" \/>\n<meta name=\"twitter:card\" content=\"summary_large_image\" \/>\n<meta name=\"twitter:label1\" content=\"Est. reading time\" \/>\n\t<meta name=\"twitter:data1\" content=\"2 minutos\" \/>\n<script type=\"application\/ld+json\" class=\"yoast-schema-graph\">{\"@context\":\"https:\/\/schema.org\",\"@graph\":[{\"@type\":\"WebPage\",\"@id\":\"https:\/\/www.manaus.am.gov.br\/semcom\/pautas\/1o-manaus-mais-cidada-2025-zona-norte\/\",\"url\":\"https:\/\/www.manaus.am.gov.br\/semcom\/pautas\/1o-manaus-mais-cidada-2025-zona-norte\/\",\"name\":\"1\u00aa edi\u00e7\u00e3o do \u2018Manaus Mais Cidad\u00e3\u2019 de 2025 na zona Norte\",\"isPartOf\":{\"@id\":\"https:\/\/www.manaus.am.gov.br\/semcom\/#website\"},\"primaryImageOfPage\":{\"@id\":\"https:\/\/www.manaus.am.gov.br\/semcom\/pautas\/1o-manaus-mais-cidada-2025-zona-norte\/#primaryimage\"},\"image\":{\"@id\":\"https:\/\/www.manaus.am.gov.br\/semcom\/pautas\/1o-manaus-mais-cidada-2025-zona-norte\/#primaryimage\"},\"thumbnailUrl\":\"https:\/\/www.manaus.am.gov.br\/semcom\/wp-content\/uploads\/sites\/5\/2023\/02\/sugestaodepauta.png\",\"datePublished\":\"2025-03-26T14:58:04+00:00\",\"dateModified\":\"2025-03-26T14:58:04+00:00\",\"description\":\"Prefeitura de Manaus, por meio da Semasc, realiza 1\u00aa edi\u00e7\u00e3o do \u2018Manaus Mais Cidad\u00e3\u2019 de 2025 no bairro Lago Azul, na zona Norte.\",\"inLanguage\":\"pt-BR\",\"potentialAction\":[{\"@type\":\"ReadAction\",\"target\":[\"https:\/\/www.manaus.am.gov.br\/semcom\/pautas\/1o-manaus-mais-cidada-2025-zona-norte\/\"]}]},{\"@type\":\"ImageObject\",\"inLanguage\":\"pt-BR\",\"@id\":\"https:\/\/www.manaus.am.gov.br\/semcom\/pautas\/1o-manaus-mais-cidada-2025-zona-norte\/#primaryimage\",\"url\":\"https:\/\/www.manaus.am.gov.br\/semcom\/wp-content\/uploads\/sites\/5\/2023\/02\/sugestaodepauta.png\",\"contentUrl\":\"https:\/\/www.manaus.am.gov.br\/semcom\/wp-content\/uploads\/sites\/5\/2023\/02\/sugestaodepauta.png\",\"width\":1020,\"height\":540},{\"@type\":\"WebSite\",\"@id\":\"https:\/\/www.manaus.am.gov.br\/semcom\/#website\",\"url\":\"https:\/\/www.manaus.am.gov.br\/semcom\/\",\"name\":\"SEMCOM\",\"description\":\"Secretaria Municipal de Comunica\u00e7\u00e3o\",\"potentialAction\":[{\"@type\":\"SearchAction\",\"target\":{\"@type\":\"EntryPoint\",\"urlTemplate\":\"https:\/\/www.manaus.am.gov.br\/semcom\/?s={search_term_string}\"},\"query-input\":\"required name=search_term_string\"}],\"inLanguage\":\"pt-BR\"}]}<\/script>\n<!-- \/ Yoast SEO plugin. -->","yoast_head_json":{"title":"1\u00aa edi\u00e7\u00e3o do \u2018Manaus Mais Cidad\u00e3\u2019 de 2025 na zona Norte","description":"Prefeitura de Manaus, por meio da Semasc, realiza 1\u00aa edi\u00e7\u00e3o do \u2018Manaus Mais Cidad\u00e3\u2019 de 2025 no bairro Lago Azul, na zona Norte.","robots":{"index":"index","follow":"follow","max-snippet":"max-snippet:-1","max-image-preview":"max-image-preview:large","max-video-preview":"max-video-preview:-1"},"canonical":"https:\/\/www.manaus.am.gov.br\/semcom\/pautas\/1o-manaus-mais-cidada-2025-zona-norte\/","og_locale":"pt_BR","og_type":"article","og_title":"1\u00aa edi\u00e7\u00e3o do \u2018Manaus Mais Cidad\u00e3\u2019 de 2025 na zona Norte","og_description":"Prefeitura de Manaus, por meio da Semasc, realiza 1\u00aa edi\u00e7\u00e3o do \u2018Manaus Mais Cidad\u00e3\u2019 de 2025 no bairro Lago Azul, na zona Norte.","og_url":"https:\/\/www.manaus.am.gov.br\/semcom\/pautas\/1o-manaus-mais-cidada-2025-zona-norte\/","og_site_name":"SEMCOM","og_image":[{"width":1020,"height":540,"url":"https:\/\/www.manaus.am.gov.br\/semcom\/wp-content\/uploads\/sites\/5\/2023\/02\/sugestaodepauta.png","type":"image\/png"}],"twitter_card":"summary_large_image","twitter_misc":{"Est. reading time":"2 minutos"},"schema":{"@context":"https:\/\/schema.org","@graph":[{"@type":"WebPage","@id":"https:\/\/www.manaus.am.gov.br\/semcom\/pautas\/1o-manaus-mais-cidada-2025-zona-norte\/","url":"https:\/\/www.manaus.am.gov.br\/semcom\/pautas\/1o-manaus-mais-cidada-2025-zona-norte\/","name":"1\u00aa edi\u00e7\u00e3o do \u2018Manaus Mais Cidad\u00e3\u2019 de 2025 na zona Norte","isPartOf":{"@id":"https:\/\/www.manaus.am.gov.br\/semcom\/#website"},"primaryImageOfPage":{"@id":"https:\/\/www.manaus.am.gov.br\/semcom\/pautas\/1o-manaus-mais-cidada-2025-zona-norte\/#primaryimage"},"image":{"@id":"https:\/\/www.manaus.am.gov.br\/semcom\/pautas\/1o-manaus-mais-cidada-2025-zona-norte\/#primaryimage"},"thumbnailUrl":"https:\/\/www.manaus.am.gov.br\/semcom\/wp-content\/uploads\/sites\/5\/2023\/02\/sugestaodepauta.png","datePublished":"2025-03-26T14:58:04+00:00","dateModified":"2025-03-26T14:58:04+00:00","description":"Prefeitura de Manaus, por meio da Semasc, realiza 1\u00aa edi\u00e7\u00e3o do \u2018Manaus Mais Cidad\u00e3\u2019 de 2025 no bairro Lago Azul, na zona Norte.","inLanguage":"pt-BR","potentialAction":[{"@type":"ReadAction","target":["https:\/\/www.manaus.am.gov.br\/semcom\/pautas\/1o-manaus-mais-cidada-2025-zona-norte\/"]}]},{"@type":"ImageObject","inLanguage":"pt-BR","@id":"https:\/\/www.manaus.am.gov.br\/semcom\/pautas\/1o-manaus-mais-cidada-2025-zona-norte\/#primaryimage","url":"https:\/\/www.manaus.am.gov.br\/semcom\/wp-content\/uploads\/sites\/5\/2023\/02\/sugestaodepauta.png","contentUrl":"https:\/\/www.manaus.am.gov.br\/semcom\/wp-content\/uploads\/sites\/5\/2023\/02\/sugestaodepauta.png","width":1020,"height":540},{"@type":"WebSite","@id":"https:\/\/www.manaus.am.gov.br\/semcom\/#website","url":"https:\/\/www.manaus.am.gov.br\/semcom\/","name":"SEMCOM","description":"Secretaria Municipal de Comunica\u00e7\u00e3o","potentialAction":[{"@type":"SearchAction","target":{"@type":"EntryPoint","urlTemplate":"https:\/\/www.manaus.am.gov.br\/semcom\/?s={search_term_string}"},"query-input":"required name=search_term_string"}],"inLanguage":"pt-BR"}]}},"_links":{"self":[{"href":"https:\/\/www.manaus.am.gov.br\/semcom\/wp-json\/wp\/v2\/pautas\/236622"}],"collection":[{"href":"https:\/\/www.manaus.am.gov.br\/semcom\/wp-json\/wp\/v2\/pautas"}],"about":[{"href":"https:\/\/www.manaus.am.gov.br\/semcom\/wp-json\/wp\/v2\/types\/pautas"}],"wp:featuredmedia":[{"embeddable":true,"href":"https:\/\/www.manaus.am.gov.br\/semcom\/wp-json\/wp\/v2\/media\/208729"}],"wp:attachment":[{"href":"https:\/\/www.manaus.am.gov.br\/semcom\/wp-json\/wp\/v2\/media?parent=236622"}],"wp:term":[{"taxonomy":"category","embeddable":true,"href":"https:\/\/www.manaus.am.gov.br\/semcom\/wp-json\/wp\/v2\/categories?post=236622"}],"curies":[{"name":"wp","href":"https:\/\/api.w.org\/{rel}","templated":true}]}}