{"id":236449,"date":"2025-03-21T17:10:44","date_gmt":"2025-03-21T20:10:44","guid":{"rendered":"https:\/\/www.manaus.am.gov.br\/semcom\/?post_type=pautas&#038;p=236449"},"modified":"2025-03-21T17:10:45","modified_gmt":"2025-03-21T20:10:45","slug":"aula-inaugural-nupdec","status":"publish","type":"pautas","link":"https:\/\/www.manaus.am.gov.br\/semcom\/pautas\/aula-inaugural-nupdec\/","title":{"rendered":"Prefeitura de Manaus realiza aula inaugural do N\u00facleo de Prote\u00e7\u00e3o e Defesa Civil"},"content":{"rendered":"\n<p>A Prefeitura de Manaus, por meio da Secretaria Executiva de Prote\u00e7\u00e3o e Defesa Civil (Sepdec), vinculada \u00e0 Secretaria Municipal de Seguran\u00e7a P\u00fablica e Defesa Social (Semseg), promove, neste s\u00e1bado, 22\/3, \u00e0s 8h30, a aula inaugural do N\u00facleo de Prote\u00e7\u00e3o e Defesa Civil (Nupdec), na sede da IACCD \u2013 Alimentando Nosso Futuro, localizada na rua Can\u00e1rio, n\u00ba 19, no bairro Tancredo Neves, zona Leste.<\/p>\n\n\n\n<p>A aula inaugural tem como o objetivo capacitar lideran\u00e7as comunit\u00e1rias para atuarem em situa\u00e7\u00f5es de risco e emerg\u00eancia, al\u00e9m de fortalecer a cultura de preven\u00e7\u00e3o em \u00e1reas vulner\u00e1veis.<\/p>\n\n\n\n<p><br>A programa\u00e7\u00e3o ser\u00e1 dividida em tr\u00eas m\u00f3dulos: 1\u00ba M\u00f3dulo \u2013 Defesa Civil: Hist\u00f3ria, a\u00e7\u00f5es desenvolvidas em Manaus e percep\u00e7\u00e3o de risco; 2\u00ba M\u00f3dulo \u2013 Educa\u00e7\u00e3o Ambiental: Consumo e manuseio correto do lixo e da \u00e1gua; e 3\u00ba M\u00f3dulo \u2013 Primeiros Socorros: No\u00e7\u00f5es b\u00e1sicas e preven\u00e7\u00e3o de acidentes dom\u00e9sticos.<\/p>\n\n\n\n<p><br>A atividade busca aproximar a popula\u00e7\u00e3o das a\u00e7\u00f5es da Defesa Civil e prefeitura, promovendo comunidades mais preparadas e resilientes diante de desastres naturais e outras situa\u00e7\u00f5es emergenciais.<br><br><strong>SERVI\u00c7O<\/strong><br><br><strong>O qu\u00ea<\/strong> &#8211; Prefeitura de Manaus realiza aula inaugural do N\u00facleo de Prote\u00e7\u00e3o e Defesa Civil<\/p>\n\n\n\n<p><strong>Quando<\/strong> \u2013 S\u00e1bado, 22\/3<\/p>\n\n\n\n<p><strong>Hor\u00e1rio<\/strong> &#8211; 8h30<\/p>\n\n\n\n<p><strong>Local <\/strong>&#8211; Rua Can\u00e1rio, n\u00ba 19, bairro Tancredo Neves, zona Leste<\/p>\n\n\n\n<p><strong>Localiza\u00e7\u00e3o &#8211; <\/strong><a href=\"https:\/\/maps.app.goo.gl\/UTEGGrJLpotWfpRt5\">https:\/\/maps.app.goo.gl\/UTEGGrJLpotWfpRt5<\/a><\/p>\n","protected":false},"featured_media":208729,"template":"","categories":[807],"acf":[],"yoast_head":"<!-- This site is optimized with the Yoast SEO plugin v23.0 - https:\/\/yoast.com\/wordpress\/plugins\/seo\/ -->\n<title>Aula inaugural do N\u00facleo de Prote\u00e7\u00e3o e Defesa Civil<\/title>\n<meta name=\"description\" content=\"Prefeitura de Manaus, por meio da Sepdec, vinculada \u00e0 Semseg, realiza aula inaugural do N\u00facleo de Prote\u00e7\u00e3o e Defesa Civil.\" \/>\n<meta name=\"robots\" content=\"index, follow, max-snippet:-1, max-image-preview:large, max-video-preview:-1\" \/>\n<link rel=\"canonical\" href=\"https:\/\/www.manaus.am.gov.br\/semcom\/pautas\/aula-inaugural-nupdec\/\" \/>\n<meta property=\"og:locale\" content=\"pt_BR\" \/>\n<meta property=\"og:type\" content=\"article\" \/>\n<meta property=\"og:title\" content=\"Aula inaugural do N\u00facleo de Prote\u00e7\u00e3o e Defesa Civil\" \/>\n<meta property=\"og:description\" content=\"Prefeitura de Manaus, por meio da Sepdec, vinculada \u00e0 Semseg, realiza aula inaugural do N\u00facleo de Prote\u00e7\u00e3o e Defesa Civil.\" \/>\n<meta property=\"og:url\" content=\"https:\/\/www.manaus.am.gov.br\/semcom\/pautas\/aula-inaugural-nupdec\/\" \/>\n<meta property=\"og:site_name\" content=\"SEMCOM\" \/>\n<meta property=\"article:modified_time\" content=\"2025-03-21T20:10:45+00:00\" \/>\n<meta property=\"og:image\" content=\"https:\/\/www.manaus.am.gov.br\/semcom\/wp-content\/uploads\/sites\/5\/2023\/02\/sugestaodepauta.png\" \/>\n\t<meta property=\"og:image:width\" content=\"1020\" \/>\n\t<meta property=\"og:image:height\" content=\"540\" \/>\n\t<meta property=\"og:image:type\" content=\"image\/png\" \/>\n<meta name=\"twitter:card\" content=\"summary_large_image\" \/>\n<meta name=\"twitter:label1\" content=\"Est. reading time\" \/>\n\t<meta name=\"twitter:data1\" content=\"2 minutos\" \/>\n<script type=\"application\/ld+json\" class=\"yoast-schema-graph\">{\"@context\":\"https:\/\/schema.org\",\"@graph\":[{\"@type\":\"WebPage\",\"@id\":\"https:\/\/www.manaus.am.gov.br\/semcom\/pautas\/aula-inaugural-nupdec\/\",\"url\":\"https:\/\/www.manaus.am.gov.br\/semcom\/pautas\/aula-inaugural-nupdec\/\",\"name\":\"Aula inaugural do N\u00facleo de Prote\u00e7\u00e3o e Defesa Civil\",\"isPartOf\":{\"@id\":\"https:\/\/www.manaus.am.gov.br\/semcom\/#website\"},\"primaryImageOfPage\":{\"@id\":\"https:\/\/www.manaus.am.gov.br\/semcom\/pautas\/aula-inaugural-nupdec\/#primaryimage\"},\"image\":{\"@id\":\"https:\/\/www.manaus.am.gov.br\/semcom\/pautas\/aula-inaugural-nupdec\/#primaryimage\"},\"thumbnailUrl\":\"https:\/\/www.manaus.am.gov.br\/semcom\/wp-content\/uploads\/sites\/5\/2023\/02\/sugestaodepauta.png\",\"datePublished\":\"2025-03-21T20:10:44+00:00\",\"dateModified\":\"2025-03-21T20:10:45+00:00\",\"description\":\"Prefeitura de Manaus, por meio da Sepdec, vinculada \u00e0 Semseg, realiza aula inaugural do N\u00facleo de Prote\u00e7\u00e3o e Defesa Civil.\",\"inLanguage\":\"pt-BR\",\"potentialAction\":[{\"@type\":\"ReadAction\",\"target\":[\"https:\/\/www.manaus.am.gov.br\/semcom\/pautas\/aula-inaugural-nupdec\/\"]}]},{\"@type\":\"ImageObject\",\"inLanguage\":\"pt-BR\",\"@id\":\"https:\/\/www.manaus.am.gov.br\/semcom\/pautas\/aula-inaugural-nupdec\/#primaryimage\",\"url\":\"https:\/\/www.manaus.am.gov.br\/semcom\/wp-content\/uploads\/sites\/5\/2023\/02\/sugestaodepauta.png\",\"contentUrl\":\"https:\/\/www.manaus.am.gov.br\/semcom\/wp-content\/uploads\/sites\/5\/2023\/02\/sugestaodepauta.png\",\"width\":1020,\"height\":540},{\"@type\":\"WebSite\",\"@id\":\"https:\/\/www.manaus.am.gov.br\/semcom\/#website\",\"url\":\"https:\/\/www.manaus.am.gov.br\/semcom\/\",\"name\":\"SEMCOM\",\"description\":\"Secretaria Municipal de Comunica\u00e7\u00e3o\",\"potentialAction\":[{\"@type\":\"SearchAction\",\"target\":{\"@type\":\"EntryPoint\",\"urlTemplate\":\"https:\/\/www.manaus.am.gov.br\/semcom\/?s={search_term_string}\"},\"query-input\":\"required name=search_term_string\"}],\"inLanguage\":\"pt-BR\"}]}<\/script>\n<!-- \/ Yoast SEO plugin. -->","yoast_head_json":{"title":"Aula inaugural do N\u00facleo de Prote\u00e7\u00e3o e Defesa Civil","description":"Prefeitura de Manaus, por meio da Sepdec, vinculada \u00e0 Semseg, realiza aula inaugural do N\u00facleo de Prote\u00e7\u00e3o e Defesa Civil.","robots":{"index":"index","follow":"follow","max-snippet":"max-snippet:-1","max-image-preview":"max-image-preview:large","max-video-preview":"max-video-preview:-1"},"canonical":"https:\/\/www.manaus.am.gov.br\/semcom\/pautas\/aula-inaugural-nupdec\/","og_locale":"pt_BR","og_type":"article","og_title":"Aula inaugural do N\u00facleo de Prote\u00e7\u00e3o e Defesa Civil","og_description":"Prefeitura de Manaus, por meio da Sepdec, vinculada \u00e0 Semseg, realiza aula inaugural do N\u00facleo de Prote\u00e7\u00e3o e Defesa Civil.","og_url":"https:\/\/www.manaus.am.gov.br\/semcom\/pautas\/aula-inaugural-nupdec\/","og_site_name":"SEMCOM","article_modified_time":"2025-03-21T20:10:45+00:00","og_image":[{"width":1020,"height":540,"url":"https:\/\/www.manaus.am.gov.br\/semcom\/wp-content\/uploads\/sites\/5\/2023\/02\/sugestaodepauta.png","type":"image\/png"}],"twitter_card":"summary_large_image","twitter_misc":{"Est. reading time":"2 minutos"},"schema":{"@context":"https:\/\/schema.org","@graph":[{"@type":"WebPage","@id":"https:\/\/www.manaus.am.gov.br\/semcom\/pautas\/aula-inaugural-nupdec\/","url":"https:\/\/www.manaus.am.gov.br\/semcom\/pautas\/aula-inaugural-nupdec\/","name":"Aula inaugural do N\u00facleo de Prote\u00e7\u00e3o e Defesa Civil","isPartOf":{"@id":"https:\/\/www.manaus.am.gov.br\/semcom\/#website"},"primaryImageOfPage":{"@id":"https:\/\/www.manaus.am.gov.br\/semcom\/pautas\/aula-inaugural-nupdec\/#primaryimage"},"image":{"@id":"https:\/\/www.manaus.am.gov.br\/semcom\/pautas\/aula-inaugural-nupdec\/#primaryimage"},"thumbnailUrl":"https:\/\/www.manaus.am.gov.br\/semcom\/wp-content\/uploads\/sites\/5\/2023\/02\/sugestaodepauta.png","datePublished":"2025-03-21T20:10:44+00:00","dateModified":"2025-03-21T20:10:45+00:00","description":"Prefeitura de Manaus, por meio da Sepdec, vinculada \u00e0 Semseg, realiza aula inaugural do N\u00facleo de Prote\u00e7\u00e3o e Defesa Civil.","inLanguage":"pt-BR","potentialAction":[{"@type":"ReadAction","target":["https:\/\/www.manaus.am.gov.br\/semcom\/pautas\/aula-inaugural-nupdec\/"]}]},{"@type":"ImageObject","inLanguage":"pt-BR","@id":"https:\/\/www.manaus.am.gov.br\/semcom\/pautas\/aula-inaugural-nupdec\/#primaryimage","url":"https:\/\/www.manaus.am.gov.br\/semcom\/wp-content\/uploads\/sites\/5\/2023\/02\/sugestaodepauta.png","contentUrl":"https:\/\/www.manaus.am.gov.br\/semcom\/wp-content\/uploads\/sites\/5\/2023\/02\/sugestaodepauta.png","width":1020,"height":540},{"@type":"WebSite","@id":"https:\/\/www.manaus.am.gov.br\/semcom\/#website","url":"https:\/\/www.manaus.am.gov.br\/semcom\/","name":"SEMCOM","description":"Secretaria Municipal de Comunica\u00e7\u00e3o","potentialAction":[{"@type":"SearchAction","target":{"@type":"EntryPoint","urlTemplate":"https:\/\/www.manaus.am.gov.br\/semcom\/?s={search_term_string}"},"query-input":"required name=search_term_string"}],"inLanguage":"pt-BR"}]}},"_links":{"self":[{"href":"https:\/\/www.manaus.am.gov.br\/semcom\/wp-json\/wp\/v2\/pautas\/236449"}],"collection":[{"href":"https:\/\/www.manaus.am.gov.br\/semcom\/wp-json\/wp\/v2\/pautas"}],"about":[{"href":"https:\/\/www.manaus.am.gov.br\/semcom\/wp-json\/wp\/v2\/types\/pautas"}],"wp:featuredmedia":[{"embeddable":true,"href":"https:\/\/www.manaus.am.gov.br\/semcom\/wp-json\/wp\/v2\/media\/208729"}],"wp:attachment":[{"href":"https:\/\/www.manaus.am.gov.br\/semcom\/wp-json\/wp\/v2\/media?parent=236449"}],"wp:term":[{"taxonomy":"category","embeddable":true,"href":"https:\/\/www.manaus.am.gov.br\/semcom\/wp-json\/wp\/v2\/categories?post=236449"}],"curies":[{"name":"wp","href":"https:\/\/api.w.org\/{rel}","templated":true}]}}