{"id":236337,"date":"2025-03-20T12:40:47","date_gmt":"2025-03-20T15:40:47","guid":{"rendered":"https:\/\/www.manaus.am.gov.br\/semcom\/?post_type=pautas&#038;p=236337"},"modified":"2025-03-20T12:40:47","modified_gmt":"2025-03-20T15:40:47","slug":"premiacao-3a-mostra-manaus-aqui-tem-sus","status":"publish","type":"pautas","link":"https:\/\/www.manaus.am.gov.br\/semcom\/pautas\/premiacao-3a-mostra-manaus-aqui-tem-sus\/","title":{"rendered":"Prefeitura de Manaus realiza premia\u00e7\u00e3o dos vencedores da 3\u00aa \u2018Mostra Manaus, Aqui tem SUS\u2019"},"content":{"rendered":"\n<p>A Prefeitura de Manaus, por meio da Secretaria Municipal de Sa\u00fade (Semsa), realiza, nesta quinta-feira, 20\/3,&nbsp;a partir das 15h, a cerim\u00f4nia de premia\u00e7\u00e3o da 3\u00aa&nbsp;&#8220;Mostra Manaus, Aqui tem SUS&#8221; &#8211; edi\u00e7\u00e3o 2025.&nbsp;O evento acontece no audit\u00f3rio V\u00e2nia Pimentel, localizado no Centro de Ensino Superior Nilton Lins, no bairro Parque das Laranjeiras, zona Centro-Sul da cidade.<\/p>\n\n\n\n<p>As experi\u00eancias mais bem avaliadas ir\u00e3o representar a gest\u00e3o municipal na 6\u00aa&nbsp;edi\u00e7\u00e3o&nbsp;da \u201cMostra Amazonas, Aqui Tem SUS\u201d, onde os trabalhos da Semsa ir\u00e3o disputar a participa\u00e7\u00e3o na 20\u00aa \u201cMostra Brasil, Aqui Tem SUS&#8221;.<\/p>\n\n\n\n<p>Concebida com a proposta de estimular e divulgar experi\u00eancias bem-sucedidas e promover um espa\u00e7o para o compartilhamento de viv\u00eancias que refletem na melhoria da organiza\u00e7\u00e3o dos servi\u00e7os de sa\u00fade no \u00e2mbito do Sistema \u00danico de Sa\u00fade (SUS), o evento municipal, organizado pela Escola de Sa\u00fade P\u00fablica de Manaus (Esap), reuniu ao longo dos \u00faltimos tr\u00eas dias, 120 trabalhos que destacam solu\u00e7\u00f5es, avan\u00e7os, instrumentos tecnol\u00f3gicos e melhorias na oferta de servi\u00e7os da Rede de Aten\u00e7\u00e3o Prim\u00e1ria \u00e0 Sa\u00fade.<\/p>\n\n\n\n<p><strong>SERVI\u00c7O<\/strong><\/p>\n\n\n\n<p><strong>O qu\u00ea<\/strong>&nbsp;\u2013 Premia\u00e7\u00e3o da 3\u00aa \u201cMostra Manaus, Aqui tem SUS\u201d<\/p>\n\n\n\n<p><strong>Quando<\/strong>&nbsp;\u2013 Quinta-feira, 20\/3<\/p>\n\n\n\n<p><strong>Hor\u00e1rio&nbsp;<\/strong>\u2013 15h<\/p>\n\n\n\n<p><strong>Local<\/strong>&nbsp;\u2013 Audit\u00f3rio V\u00e2nia Pimentel, bloco Unicenter &#8211; 3\u00ba piso (Universidade Nilton Lins), n\u00ba 3.259, bairro Flores, zona Centro-Sul<\/p>\n","protected":false},"featured_media":208729,"template":"","categories":[787],"acf":[],"yoast_head":"<!-- This site is optimized with the Yoast SEO plugin v23.0 - https:\/\/yoast.com\/wordpress\/plugins\/seo\/ -->\n<title>Premia\u00e7\u00e3o dos vencedores da 3\u00aa \u2018Mostra Manaus, Aqui tem SUS\u2019<\/title>\n<meta name=\"description\" content=\"Prefeitura de Manaus, por meio da Semsa, realiza premia\u00e7\u00e3o dos vencedores da 3\u00aa \u2018Mostra Manaus, Aqui tem SUS\u2019.\" \/>\n<meta name=\"robots\" content=\"index, follow, max-snippet:-1, max-image-preview:large, max-video-preview:-1\" \/>\n<link rel=\"canonical\" href=\"https:\/\/www.manaus.am.gov.br\/semcom\/pautas\/premiacao-3a-mostra-manaus-aqui-tem-sus\/\" \/>\n<meta property=\"og:locale\" content=\"pt_BR\" \/>\n<meta property=\"og:type\" content=\"article\" \/>\n<meta property=\"og:title\" content=\"Premia\u00e7\u00e3o dos vencedores da 3\u00aa \u2018Mostra Manaus, Aqui tem SUS\u2019\" \/>\n<meta property=\"og:description\" content=\"Prefeitura de Manaus, por meio da Semsa, realiza premia\u00e7\u00e3o dos vencedores da 3\u00aa \u2018Mostra Manaus, Aqui tem SUS\u2019.\" \/>\n<meta property=\"og:url\" content=\"https:\/\/www.manaus.am.gov.br\/semcom\/pautas\/premiacao-3a-mostra-manaus-aqui-tem-sus\/\" \/>\n<meta property=\"og:site_name\" content=\"SEMCOM\" \/>\n<meta property=\"og:image\" content=\"https:\/\/www.manaus.am.gov.br\/semcom\/wp-content\/uploads\/sites\/5\/2023\/02\/sugestaodepauta.png\" \/>\n\t<meta property=\"og:image:width\" content=\"1020\" \/>\n\t<meta property=\"og:image:height\" content=\"540\" \/>\n\t<meta property=\"og:image:type\" content=\"image\/png\" \/>\n<meta name=\"twitter:card\" content=\"summary_large_image\" \/>\n<meta name=\"twitter:label1\" content=\"Est. reading time\" \/>\n\t<meta name=\"twitter:data1\" content=\"2 minutos\" \/>\n<script type=\"application\/ld+json\" class=\"yoast-schema-graph\">{\"@context\":\"https:\/\/schema.org\",\"@graph\":[{\"@type\":\"WebPage\",\"@id\":\"https:\/\/www.manaus.am.gov.br\/semcom\/pautas\/premiacao-3a-mostra-manaus-aqui-tem-sus\/\",\"url\":\"https:\/\/www.manaus.am.gov.br\/semcom\/pautas\/premiacao-3a-mostra-manaus-aqui-tem-sus\/\",\"name\":\"Premia\u00e7\u00e3o dos vencedores da 3\u00aa \u2018Mostra Manaus, Aqui tem SUS\u2019\",\"isPartOf\":{\"@id\":\"https:\/\/www.manaus.am.gov.br\/semcom\/#website\"},\"primaryImageOfPage\":{\"@id\":\"https:\/\/www.manaus.am.gov.br\/semcom\/pautas\/premiacao-3a-mostra-manaus-aqui-tem-sus\/#primaryimage\"},\"image\":{\"@id\":\"https:\/\/www.manaus.am.gov.br\/semcom\/pautas\/premiacao-3a-mostra-manaus-aqui-tem-sus\/#primaryimage\"},\"thumbnailUrl\":\"https:\/\/www.manaus.am.gov.br\/semcom\/wp-content\/uploads\/sites\/5\/2023\/02\/sugestaodepauta.png\",\"datePublished\":\"2025-03-20T15:40:47+00:00\",\"dateModified\":\"2025-03-20T15:40:47+00:00\",\"description\":\"Prefeitura de Manaus, por meio da Semsa, realiza premia\u00e7\u00e3o dos vencedores da 3\u00aa \u2018Mostra Manaus, Aqui tem SUS\u2019.\",\"inLanguage\":\"pt-BR\",\"potentialAction\":[{\"@type\":\"ReadAction\",\"target\":[\"https:\/\/www.manaus.am.gov.br\/semcom\/pautas\/premiacao-3a-mostra-manaus-aqui-tem-sus\/\"]}]},{\"@type\":\"ImageObject\",\"inLanguage\":\"pt-BR\",\"@id\":\"https:\/\/www.manaus.am.gov.br\/semcom\/pautas\/premiacao-3a-mostra-manaus-aqui-tem-sus\/#primaryimage\",\"url\":\"https:\/\/www.manaus.am.gov.br\/semcom\/wp-content\/uploads\/sites\/5\/2023\/02\/sugestaodepauta.png\",\"contentUrl\":\"https:\/\/www.manaus.am.gov.br\/semcom\/wp-content\/uploads\/sites\/5\/2023\/02\/sugestaodepauta.png\",\"width\":1020,\"height\":540},{\"@type\":\"WebSite\",\"@id\":\"https:\/\/www.manaus.am.gov.br\/semcom\/#website\",\"url\":\"https:\/\/www.manaus.am.gov.br\/semcom\/\",\"name\":\"SEMCOM\",\"description\":\"Secretaria Municipal de Comunica\u00e7\u00e3o\",\"potentialAction\":[{\"@type\":\"SearchAction\",\"target\":{\"@type\":\"EntryPoint\",\"urlTemplate\":\"https:\/\/www.manaus.am.gov.br\/semcom\/?s={search_term_string}\"},\"query-input\":\"required name=search_term_string\"}],\"inLanguage\":\"pt-BR\"}]}<\/script>\n<!-- \/ Yoast SEO plugin. -->","yoast_head_json":{"title":"Premia\u00e7\u00e3o dos vencedores da 3\u00aa \u2018Mostra Manaus, Aqui tem SUS\u2019","description":"Prefeitura de Manaus, por meio da Semsa, realiza premia\u00e7\u00e3o dos vencedores da 3\u00aa \u2018Mostra Manaus, Aqui tem SUS\u2019.","robots":{"index":"index","follow":"follow","max-snippet":"max-snippet:-1","max-image-preview":"max-image-preview:large","max-video-preview":"max-video-preview:-1"},"canonical":"https:\/\/www.manaus.am.gov.br\/semcom\/pautas\/premiacao-3a-mostra-manaus-aqui-tem-sus\/","og_locale":"pt_BR","og_type":"article","og_title":"Premia\u00e7\u00e3o dos vencedores da 3\u00aa \u2018Mostra Manaus, Aqui tem SUS\u2019","og_description":"Prefeitura de Manaus, por meio da Semsa, realiza premia\u00e7\u00e3o dos vencedores da 3\u00aa \u2018Mostra Manaus, Aqui tem SUS\u2019.","og_url":"https:\/\/www.manaus.am.gov.br\/semcom\/pautas\/premiacao-3a-mostra-manaus-aqui-tem-sus\/","og_site_name":"SEMCOM","og_image":[{"width":1020,"height":540,"url":"https:\/\/www.manaus.am.gov.br\/semcom\/wp-content\/uploads\/sites\/5\/2023\/02\/sugestaodepauta.png","type":"image\/png"}],"twitter_card":"summary_large_image","twitter_misc":{"Est. reading time":"2 minutos"},"schema":{"@context":"https:\/\/schema.org","@graph":[{"@type":"WebPage","@id":"https:\/\/www.manaus.am.gov.br\/semcom\/pautas\/premiacao-3a-mostra-manaus-aqui-tem-sus\/","url":"https:\/\/www.manaus.am.gov.br\/semcom\/pautas\/premiacao-3a-mostra-manaus-aqui-tem-sus\/","name":"Premia\u00e7\u00e3o dos vencedores da 3\u00aa \u2018Mostra Manaus, Aqui tem SUS\u2019","isPartOf":{"@id":"https:\/\/www.manaus.am.gov.br\/semcom\/#website"},"primaryImageOfPage":{"@id":"https:\/\/www.manaus.am.gov.br\/semcom\/pautas\/premiacao-3a-mostra-manaus-aqui-tem-sus\/#primaryimage"},"image":{"@id":"https:\/\/www.manaus.am.gov.br\/semcom\/pautas\/premiacao-3a-mostra-manaus-aqui-tem-sus\/#primaryimage"},"thumbnailUrl":"https:\/\/www.manaus.am.gov.br\/semcom\/wp-content\/uploads\/sites\/5\/2023\/02\/sugestaodepauta.png","datePublished":"2025-03-20T15:40:47+00:00","dateModified":"2025-03-20T15:40:47+00:00","description":"Prefeitura de Manaus, por meio da Semsa, realiza premia\u00e7\u00e3o dos vencedores da 3\u00aa \u2018Mostra Manaus, Aqui tem SUS\u2019.","inLanguage":"pt-BR","potentialAction":[{"@type":"ReadAction","target":["https:\/\/www.manaus.am.gov.br\/semcom\/pautas\/premiacao-3a-mostra-manaus-aqui-tem-sus\/"]}]},{"@type":"ImageObject","inLanguage":"pt-BR","@id":"https:\/\/www.manaus.am.gov.br\/semcom\/pautas\/premiacao-3a-mostra-manaus-aqui-tem-sus\/#primaryimage","url":"https:\/\/www.manaus.am.gov.br\/semcom\/wp-content\/uploads\/sites\/5\/2023\/02\/sugestaodepauta.png","contentUrl":"https:\/\/www.manaus.am.gov.br\/semcom\/wp-content\/uploads\/sites\/5\/2023\/02\/sugestaodepauta.png","width":1020,"height":540},{"@type":"WebSite","@id":"https:\/\/www.manaus.am.gov.br\/semcom\/#website","url":"https:\/\/www.manaus.am.gov.br\/semcom\/","name":"SEMCOM","description":"Secretaria Municipal de Comunica\u00e7\u00e3o","potentialAction":[{"@type":"SearchAction","target":{"@type":"EntryPoint","urlTemplate":"https:\/\/www.manaus.am.gov.br\/semcom\/?s={search_term_string}"},"query-input":"required name=search_term_string"}],"inLanguage":"pt-BR"}]}},"_links":{"self":[{"href":"https:\/\/www.manaus.am.gov.br\/semcom\/wp-json\/wp\/v2\/pautas\/236337"}],"collection":[{"href":"https:\/\/www.manaus.am.gov.br\/semcom\/wp-json\/wp\/v2\/pautas"}],"about":[{"href":"https:\/\/www.manaus.am.gov.br\/semcom\/wp-json\/wp\/v2\/types\/pautas"}],"wp:featuredmedia":[{"embeddable":true,"href":"https:\/\/www.manaus.am.gov.br\/semcom\/wp-json\/wp\/v2\/media\/208729"}],"wp:attachment":[{"href":"https:\/\/www.manaus.am.gov.br\/semcom\/wp-json\/wp\/v2\/media?parent=236337"}],"wp:term":[{"taxonomy":"category","embeddable":true,"href":"https:\/\/www.manaus.am.gov.br\/semcom\/wp-json\/wp\/v2\/categories?post=236337"}],"curies":[{"name":"wp","href":"https:\/\/api.w.org\/{rel}","templated":true}]}}