{"id":236083,"date":"2025-03-15T16:05:48","date_gmt":"2025-03-15T19:05:48","guid":{"rendered":"https:\/\/www.manaus.am.gov.br\/semcom\/?post_type=pautas&#038;p=236083"},"modified":"2025-03-15T16:05:49","modified_gmt":"2025-03-15T19:05:49","slug":"feirao-negociacao-dividas","status":"publish","type":"pautas","link":"https:\/\/www.manaus.am.gov.br\/semcom\/pautas\/feirao-negociacao-dividas\/","title":{"rendered":"Prefeitura de Manaus realiza feir\u00e3o de negocia\u00e7\u00e3o de d\u00edvidas com \u00e1gua e energia"},"content":{"rendered":"\n<p>Em alus\u00e3o ao M\u00eas do Consumidor, a Prefeitura de Manaus, por meio do Servi\u00e7o de Atendimento e Prote\u00e7\u00e3o ao Consumidor (Procon Manaus), realizar\u00e1, de 17 a 21 de mar\u00e7o, o primeiro feir\u00e3o de negocia\u00e7\u00f5es de d\u00edvidas. O objetivo \u00e9 oferecer aos consumidores a oportunidade de regularizar d\u00e9bitos de \u00e1gua e energia com condi\u00e7\u00f5es especiais.<\/p>\n\n\n\n<p>A a\u00e7\u00e3o ser\u00e1 realizada em parceria com as concession\u00e1rias \u00c1guas de Manaus e Amazonas Energia e acontecer\u00e1 das 8h \u00e0s 17h, na sede do Procon Manaus, na avenida Camapu\u00e3, 2.939, shopping Phelippe Daou, bairro Cidade de Deus, zona Norte. Para participar, os consumidores devem apresentar documentos pessoais (RG ou CNH, CPF) e a fatura de energia ou \u00e1gua.<\/p>\n\n\n\n<p><strong>SERVI\u00c7O<\/strong><\/p>\n\n\n\n<p><br><strong>O qu\u00ea<\/strong> \u2013 Feir\u00e3o de negocia\u00e7\u00e3o de d\u00edvidas&nbsp;<\/p>\n\n\n\n<p><strong>Quando<\/strong> &#8211; Segunda-feira, 17\/3<\/p>\n\n\n\n<p><strong>Hor\u00e1rio<\/strong> \u2013 \u00c0s 8h<\/p>\n\n\n\n<p><strong>Local<\/strong> &#8211; sede do Procon Manaus, na avenida Camapu\u00e3, 2.939, shopping Phelippe Daou, bairro Cidade de Deus, zona Norte<\/p>\n","protected":false},"featured_media":208729,"template":"","categories":[10377],"acf":[],"yoast_head":"<!-- This site is optimized with the Yoast SEO plugin v23.0 - https:\/\/yoast.com\/wordpress\/plugins\/seo\/ -->\n<title>Prefeitura de Manaus realiza feir\u00e3o de negocia\u00e7\u00e3o de d\u00edvidas com \u00e1gua e energia<\/title>\n<meta name=\"description\" content=\"A Prefeitura de Manaus, por meio do Procon Manaus, realizar\u00e1, de 17 a 21 de mar\u00e7o, o primeiro feir\u00e3o de negocia\u00e7\u00f5es de d\u00edvidas\" \/>\n<meta name=\"robots\" content=\"index, follow, max-snippet:-1, max-image-preview:large, max-video-preview:-1\" \/>\n<link rel=\"canonical\" href=\"https:\/\/www.manaus.am.gov.br\/semcom\/pautas\/feirao-negociacao-dividas\/\" \/>\n<meta property=\"og:locale\" content=\"pt_BR\" \/>\n<meta property=\"og:type\" content=\"article\" \/>\n<meta property=\"og:title\" content=\"Prefeitura de Manaus realiza feir\u00e3o de negocia\u00e7\u00e3o de d\u00edvidas com \u00e1gua e energia\" \/>\n<meta property=\"og:description\" content=\"A Prefeitura de Manaus, por meio do Procon Manaus, realizar\u00e1, de 17 a 21 de mar\u00e7o, o primeiro feir\u00e3o de negocia\u00e7\u00f5es de d\u00edvidas\" \/>\n<meta property=\"og:url\" content=\"https:\/\/www.manaus.am.gov.br\/semcom\/pautas\/feirao-negociacao-dividas\/\" \/>\n<meta property=\"og:site_name\" content=\"SEMCOM\" \/>\n<meta property=\"article:modified_time\" content=\"2025-03-15T19:05:49+00:00\" \/>\n<meta property=\"og:image\" content=\"https:\/\/www.manaus.am.gov.br\/semcom\/wp-content\/uploads\/sites\/5\/2023\/02\/sugestaodepauta.png\" \/>\n\t<meta property=\"og:image:width\" content=\"1020\" \/>\n\t<meta property=\"og:image:height\" content=\"540\" \/>\n\t<meta property=\"og:image:type\" content=\"image\/png\" \/>\n<meta name=\"twitter:card\" content=\"summary_large_image\" \/>\n<meta name=\"twitter:label1\" content=\"Est. reading time\" \/>\n\t<meta name=\"twitter:data1\" content=\"1 minuto\" \/>\n<script type=\"application\/ld+json\" class=\"yoast-schema-graph\">{\"@context\":\"https:\/\/schema.org\",\"@graph\":[{\"@type\":\"WebPage\",\"@id\":\"https:\/\/www.manaus.am.gov.br\/semcom\/pautas\/feirao-negociacao-dividas\/\",\"url\":\"https:\/\/www.manaus.am.gov.br\/semcom\/pautas\/feirao-negociacao-dividas\/\",\"name\":\"Prefeitura de Manaus realiza feir\u00e3o de negocia\u00e7\u00e3o de d\u00edvidas com \u00e1gua e energia\",\"isPartOf\":{\"@id\":\"https:\/\/www.manaus.am.gov.br\/semcom\/#website\"},\"primaryImageOfPage\":{\"@id\":\"https:\/\/www.manaus.am.gov.br\/semcom\/pautas\/feirao-negociacao-dividas\/#primaryimage\"},\"image\":{\"@id\":\"https:\/\/www.manaus.am.gov.br\/semcom\/pautas\/feirao-negociacao-dividas\/#primaryimage\"},\"thumbnailUrl\":\"https:\/\/www.manaus.am.gov.br\/semcom\/wp-content\/uploads\/sites\/5\/2023\/02\/sugestaodepauta.png\",\"datePublished\":\"2025-03-15T19:05:48+00:00\",\"dateModified\":\"2025-03-15T19:05:49+00:00\",\"description\":\"A Prefeitura de Manaus, por meio do Procon Manaus, realizar\u00e1, de 17 a 21 de mar\u00e7o, o primeiro feir\u00e3o de negocia\u00e7\u00f5es de d\u00edvidas\",\"inLanguage\":\"pt-BR\",\"potentialAction\":[{\"@type\":\"ReadAction\",\"target\":[\"https:\/\/www.manaus.am.gov.br\/semcom\/pautas\/feirao-negociacao-dividas\/\"]}]},{\"@type\":\"ImageObject\",\"inLanguage\":\"pt-BR\",\"@id\":\"https:\/\/www.manaus.am.gov.br\/semcom\/pautas\/feirao-negociacao-dividas\/#primaryimage\",\"url\":\"https:\/\/www.manaus.am.gov.br\/semcom\/wp-content\/uploads\/sites\/5\/2023\/02\/sugestaodepauta.png\",\"contentUrl\":\"https:\/\/www.manaus.am.gov.br\/semcom\/wp-content\/uploads\/sites\/5\/2023\/02\/sugestaodepauta.png\",\"width\":1020,\"height\":540},{\"@type\":\"WebSite\",\"@id\":\"https:\/\/www.manaus.am.gov.br\/semcom\/#website\",\"url\":\"https:\/\/www.manaus.am.gov.br\/semcom\/\",\"name\":\"SEMCOM\",\"description\":\"Secretaria Municipal de Comunica\u00e7\u00e3o\",\"potentialAction\":[{\"@type\":\"SearchAction\",\"target\":{\"@type\":\"EntryPoint\",\"urlTemplate\":\"https:\/\/www.manaus.am.gov.br\/semcom\/?s={search_term_string}\"},\"query-input\":\"required name=search_term_string\"}],\"inLanguage\":\"pt-BR\"}]}<\/script>\n<!-- \/ Yoast SEO plugin. -->","yoast_head_json":{"title":"Prefeitura de Manaus realiza feir\u00e3o de negocia\u00e7\u00e3o de d\u00edvidas com \u00e1gua e energia","description":"A Prefeitura de Manaus, por meio do Procon Manaus, realizar\u00e1, de 17 a 21 de mar\u00e7o, o primeiro feir\u00e3o de negocia\u00e7\u00f5es de d\u00edvidas","robots":{"index":"index","follow":"follow","max-snippet":"max-snippet:-1","max-image-preview":"max-image-preview:large","max-video-preview":"max-video-preview:-1"},"canonical":"https:\/\/www.manaus.am.gov.br\/semcom\/pautas\/feirao-negociacao-dividas\/","og_locale":"pt_BR","og_type":"article","og_title":"Prefeitura de Manaus realiza feir\u00e3o de negocia\u00e7\u00e3o de d\u00edvidas com \u00e1gua e energia","og_description":"A Prefeitura de Manaus, por meio do Procon Manaus, realizar\u00e1, de 17 a 21 de mar\u00e7o, o primeiro feir\u00e3o de negocia\u00e7\u00f5es de d\u00edvidas","og_url":"https:\/\/www.manaus.am.gov.br\/semcom\/pautas\/feirao-negociacao-dividas\/","og_site_name":"SEMCOM","article_modified_time":"2025-03-15T19:05:49+00:00","og_image":[{"width":1020,"height":540,"url":"https:\/\/www.manaus.am.gov.br\/semcom\/wp-content\/uploads\/sites\/5\/2023\/02\/sugestaodepauta.png","type":"image\/png"}],"twitter_card":"summary_large_image","twitter_misc":{"Est. reading time":"1 minuto"},"schema":{"@context":"https:\/\/schema.org","@graph":[{"@type":"WebPage","@id":"https:\/\/www.manaus.am.gov.br\/semcom\/pautas\/feirao-negociacao-dividas\/","url":"https:\/\/www.manaus.am.gov.br\/semcom\/pautas\/feirao-negociacao-dividas\/","name":"Prefeitura de Manaus realiza feir\u00e3o de negocia\u00e7\u00e3o de d\u00edvidas com \u00e1gua e energia","isPartOf":{"@id":"https:\/\/www.manaus.am.gov.br\/semcom\/#website"},"primaryImageOfPage":{"@id":"https:\/\/www.manaus.am.gov.br\/semcom\/pautas\/feirao-negociacao-dividas\/#primaryimage"},"image":{"@id":"https:\/\/www.manaus.am.gov.br\/semcom\/pautas\/feirao-negociacao-dividas\/#primaryimage"},"thumbnailUrl":"https:\/\/www.manaus.am.gov.br\/semcom\/wp-content\/uploads\/sites\/5\/2023\/02\/sugestaodepauta.png","datePublished":"2025-03-15T19:05:48+00:00","dateModified":"2025-03-15T19:05:49+00:00","description":"A Prefeitura de Manaus, por meio do Procon Manaus, realizar\u00e1, de 17 a 21 de mar\u00e7o, o primeiro feir\u00e3o de negocia\u00e7\u00f5es de d\u00edvidas","inLanguage":"pt-BR","potentialAction":[{"@type":"ReadAction","target":["https:\/\/www.manaus.am.gov.br\/semcom\/pautas\/feirao-negociacao-dividas\/"]}]},{"@type":"ImageObject","inLanguage":"pt-BR","@id":"https:\/\/www.manaus.am.gov.br\/semcom\/pautas\/feirao-negociacao-dividas\/#primaryimage","url":"https:\/\/www.manaus.am.gov.br\/semcom\/wp-content\/uploads\/sites\/5\/2023\/02\/sugestaodepauta.png","contentUrl":"https:\/\/www.manaus.am.gov.br\/semcom\/wp-content\/uploads\/sites\/5\/2023\/02\/sugestaodepauta.png","width":1020,"height":540},{"@type":"WebSite","@id":"https:\/\/www.manaus.am.gov.br\/semcom\/#website","url":"https:\/\/www.manaus.am.gov.br\/semcom\/","name":"SEMCOM","description":"Secretaria Municipal de Comunica\u00e7\u00e3o","potentialAction":[{"@type":"SearchAction","target":{"@type":"EntryPoint","urlTemplate":"https:\/\/www.manaus.am.gov.br\/semcom\/?s={search_term_string}"},"query-input":"required name=search_term_string"}],"inLanguage":"pt-BR"}]}},"_links":{"self":[{"href":"https:\/\/www.manaus.am.gov.br\/semcom\/wp-json\/wp\/v2\/pautas\/236083"}],"collection":[{"href":"https:\/\/www.manaus.am.gov.br\/semcom\/wp-json\/wp\/v2\/pautas"}],"about":[{"href":"https:\/\/www.manaus.am.gov.br\/semcom\/wp-json\/wp\/v2\/types\/pautas"}],"wp:featuredmedia":[{"embeddable":true,"href":"https:\/\/www.manaus.am.gov.br\/semcom\/wp-json\/wp\/v2\/media\/208729"}],"wp:attachment":[{"href":"https:\/\/www.manaus.am.gov.br\/semcom\/wp-json\/wp\/v2\/media?parent=236083"}],"wp:term":[{"taxonomy":"category","embeddable":true,"href":"https:\/\/www.manaus.am.gov.br\/semcom\/wp-json\/wp\/v2\/categories?post=236083"}],"curies":[{"name":"wp","href":"https:\/\/api.w.org\/{rel}","templated":true}]}}