{"id":235887,"date":"2025-03-12T09:53:20","date_gmt":"2025-03-12T12:53:20","guid":{"rendered":"https:\/\/www.manaus.am.gov.br\/semcom\/?post_type=pautas&#038;p=235887"},"modified":"2025-03-12T09:53:21","modified_gmt":"2025-03-12T12:53:21","slug":"prefeitura-immu-operacaocargapesada","status":"publish","type":"pautas","link":"https:\/\/www.manaus.am.gov.br\/semcom\/pautas\/prefeitura-immu-operacaocargapesada\/","title":{"rendered":"Prefeitura realiza opera\u00e7\u00e3o \u2018Carga Pesada\u2019 para fiscalizar caminh\u00f5es na \u00e1rea do porto do Chibat\u00e3o"},"content":{"rendered":"\n<p>A Prefeitura de Manaus, por meio do Instituto Municipal de Mobilidade Urbana (IMMU), realiza, nesta quarta-feira, 12\/3, \u00e0s 10h, a opera\u00e7\u00e3o \u201cCarga Pesada\u201d, na avenida Rodrigo Ot\u00e1vio Jord\u00e3o Ramos, zona Sul, para fiscalizar caminh\u00f5es que circulam, de forma irregular e sem os equipamentos obrigat\u00f3rios, na \u00e1rea do porto do Chibat\u00e3o.<\/p>\n\n\n\n<p>A a\u00e7\u00e3o tem como objetivo garantir a seguran\u00e7a dos motoristas e pedestres que circulam pela regi\u00e3o, al\u00e9m de coibir pr\u00e1ticas ilegais no tr\u00e2nsito, como a falta de documenta\u00e7\u00e3o e a utiliza\u00e7\u00e3o de ve\u00edculos em m\u00e1s condi\u00e7\u00f5es.<\/p>\n\n\n\n<p>Ser\u00e3o verificados os documentos dos motoristas e dos ve\u00edculos, bem como a presen\u00e7a de equipamentos de seguran\u00e7a, como cintos de seguran\u00e7a, far\u00f3is, lanternas e retrovisores. Os caminh\u00f5es que estiverem em desacordo com as normas ser\u00e3o autuados e poder\u00e3o ser apreendidos.<\/p>\n\n\n\n<p>A opera\u00e7\u00e3o ter\u00e1 o apoio da Guarda Civil Metropolitana de Manaus e Batalh\u00e3o de Pol\u00edcia de Tr\u00e2nsito (BPTran).<\/p>\n\n\n\n<p><strong>SERVI\u00c7O:<\/strong><\/p>\n\n\n\n<p><strong>O qu\u00ea<\/strong> &#8211; Opera\u00e7\u00e3o \u2018Carga Pesada\u2019 na \u00e1rea do porto do Chibat\u00e3o<\/p>\n\n\n\n<p><strong>Quando<\/strong> \u2013 Quarta-feira, 12\/3<\/p>\n\n\n\n<p><strong>Hor\u00e1rio<\/strong> \u2013 10h<\/p>\n\n\n\n<p><strong>Local<\/strong> \u2013 Avenida Rodrigo Ot\u00e1vio Jord\u00e3o Ramos, zona Sul, em frente \u00e0 base a\u00e9rea Ponta Pelada.<\/p>\n","protected":false},"featured_media":208729,"template":"","categories":[797],"acf":[],"yoast_head":"<!-- This site is optimized with the Yoast SEO plugin v23.0 - https:\/\/yoast.com\/wordpress\/plugins\/seo\/ -->\n<title>Prefeitura realiza opera\u00e7\u00e3o \u2018Carga Pesada\u2019 para fiscalizar caminh\u00f5es na \u00e1rea do porto do Chibat\u00e3o<\/title>\n<meta name=\"description\" content=\"A Prefeitura de Manaus, por meio do Instituto Municipal de Mobilidade Urbana (IMMU), realiza, nesta quarta-feira, 12\/3, \u00e0s 10h, a opera\u00e7\u00e3o \u201cCarga Pesada\u201d, na avenida Rodrigo Ot\u00e1vio Jord\u00e3o Ramos\" \/>\n<meta name=\"robots\" content=\"index, follow, max-snippet:-1, max-image-preview:large, max-video-preview:-1\" \/>\n<link rel=\"canonical\" href=\"https:\/\/www.manaus.am.gov.br\/semcom\/pautas\/prefeitura-immu-operacaocargapesada\/\" \/>\n<meta property=\"og:locale\" content=\"pt_BR\" \/>\n<meta property=\"og:type\" content=\"article\" \/>\n<meta property=\"og:title\" content=\"Prefeitura realiza opera\u00e7\u00e3o \u2018Carga Pesada\u2019 para fiscalizar caminh\u00f5es na \u00e1rea do porto do Chibat\u00e3o\" \/>\n<meta property=\"og:description\" content=\"A Prefeitura de Manaus, por meio do Instituto Municipal de Mobilidade Urbana (IMMU), realiza, nesta quarta-feira, 12\/3, \u00e0s 10h, a opera\u00e7\u00e3o \u201cCarga Pesada\u201d, na avenida Rodrigo Ot\u00e1vio Jord\u00e3o Ramos\" \/>\n<meta property=\"og:url\" content=\"https:\/\/www.manaus.am.gov.br\/semcom\/pautas\/prefeitura-immu-operacaocargapesada\/\" \/>\n<meta property=\"og:site_name\" content=\"SEMCOM\" \/>\n<meta property=\"article:modified_time\" content=\"2025-03-12T12:53:21+00:00\" \/>\n<meta property=\"og:image\" content=\"https:\/\/www.manaus.am.gov.br\/semcom\/wp-content\/uploads\/sites\/5\/2023\/02\/sugestaodepauta.png\" \/>\n\t<meta property=\"og:image:width\" content=\"1020\" \/>\n\t<meta property=\"og:image:height\" content=\"540\" \/>\n\t<meta property=\"og:image:type\" content=\"image\/png\" \/>\n<meta name=\"twitter:card\" content=\"summary_large_image\" \/>\n<meta name=\"twitter:label1\" content=\"Est. reading time\" \/>\n\t<meta name=\"twitter:data1\" content=\"1 minuto\" \/>\n<script type=\"application\/ld+json\" class=\"yoast-schema-graph\">{\"@context\":\"https:\/\/schema.org\",\"@graph\":[{\"@type\":\"WebPage\",\"@id\":\"https:\/\/www.manaus.am.gov.br\/semcom\/pautas\/prefeitura-immu-operacaocargapesada\/\",\"url\":\"https:\/\/www.manaus.am.gov.br\/semcom\/pautas\/prefeitura-immu-operacaocargapesada\/\",\"name\":\"Prefeitura realiza opera\u00e7\u00e3o \u2018Carga Pesada\u2019 para fiscalizar caminh\u00f5es na \u00e1rea do porto do Chibat\u00e3o\",\"isPartOf\":{\"@id\":\"https:\/\/www.manaus.am.gov.br\/semcom\/#website\"},\"primaryImageOfPage\":{\"@id\":\"https:\/\/www.manaus.am.gov.br\/semcom\/pautas\/prefeitura-immu-operacaocargapesada\/#primaryimage\"},\"image\":{\"@id\":\"https:\/\/www.manaus.am.gov.br\/semcom\/pautas\/prefeitura-immu-operacaocargapesada\/#primaryimage\"},\"thumbnailUrl\":\"https:\/\/www.manaus.am.gov.br\/semcom\/wp-content\/uploads\/sites\/5\/2023\/02\/sugestaodepauta.png\",\"datePublished\":\"2025-03-12T12:53:20+00:00\",\"dateModified\":\"2025-03-12T12:53:21+00:00\",\"description\":\"A Prefeitura de Manaus, por meio do Instituto Municipal de Mobilidade Urbana (IMMU), realiza, nesta quarta-feira, 12\/3, \u00e0s 10h, a opera\u00e7\u00e3o \u201cCarga Pesada\u201d, na avenida Rodrigo Ot\u00e1vio Jord\u00e3o Ramos\",\"inLanguage\":\"pt-BR\",\"potentialAction\":[{\"@type\":\"ReadAction\",\"target\":[\"https:\/\/www.manaus.am.gov.br\/semcom\/pautas\/prefeitura-immu-operacaocargapesada\/\"]}]},{\"@type\":\"ImageObject\",\"inLanguage\":\"pt-BR\",\"@id\":\"https:\/\/www.manaus.am.gov.br\/semcom\/pautas\/prefeitura-immu-operacaocargapesada\/#primaryimage\",\"url\":\"https:\/\/www.manaus.am.gov.br\/semcom\/wp-content\/uploads\/sites\/5\/2023\/02\/sugestaodepauta.png\",\"contentUrl\":\"https:\/\/www.manaus.am.gov.br\/semcom\/wp-content\/uploads\/sites\/5\/2023\/02\/sugestaodepauta.png\",\"width\":1020,\"height\":540},{\"@type\":\"WebSite\",\"@id\":\"https:\/\/www.manaus.am.gov.br\/semcom\/#website\",\"url\":\"https:\/\/www.manaus.am.gov.br\/semcom\/\",\"name\":\"SEMCOM\",\"description\":\"Secretaria Municipal de Comunica\u00e7\u00e3o\",\"potentialAction\":[{\"@type\":\"SearchAction\",\"target\":{\"@type\":\"EntryPoint\",\"urlTemplate\":\"https:\/\/www.manaus.am.gov.br\/semcom\/?s={search_term_string}\"},\"query-input\":\"required name=search_term_string\"}],\"inLanguage\":\"pt-BR\"}]}<\/script>\n<!-- \/ Yoast SEO plugin. -->","yoast_head_json":{"title":"Prefeitura realiza opera\u00e7\u00e3o \u2018Carga Pesada\u2019 para fiscalizar caminh\u00f5es na \u00e1rea do porto do Chibat\u00e3o","description":"A Prefeitura de Manaus, por meio do Instituto Municipal de Mobilidade Urbana (IMMU), realiza, nesta quarta-feira, 12\/3, \u00e0s 10h, a opera\u00e7\u00e3o \u201cCarga Pesada\u201d, na avenida Rodrigo Ot\u00e1vio Jord\u00e3o Ramos","robots":{"index":"index","follow":"follow","max-snippet":"max-snippet:-1","max-image-preview":"max-image-preview:large","max-video-preview":"max-video-preview:-1"},"canonical":"https:\/\/www.manaus.am.gov.br\/semcom\/pautas\/prefeitura-immu-operacaocargapesada\/","og_locale":"pt_BR","og_type":"article","og_title":"Prefeitura realiza opera\u00e7\u00e3o \u2018Carga Pesada\u2019 para fiscalizar caminh\u00f5es na \u00e1rea do porto do Chibat\u00e3o","og_description":"A Prefeitura de Manaus, por meio do Instituto Municipal de Mobilidade Urbana (IMMU), realiza, nesta quarta-feira, 12\/3, \u00e0s 10h, a opera\u00e7\u00e3o \u201cCarga Pesada\u201d, na avenida Rodrigo Ot\u00e1vio Jord\u00e3o Ramos","og_url":"https:\/\/www.manaus.am.gov.br\/semcom\/pautas\/prefeitura-immu-operacaocargapesada\/","og_site_name":"SEMCOM","article_modified_time":"2025-03-12T12:53:21+00:00","og_image":[{"width":1020,"height":540,"url":"https:\/\/www.manaus.am.gov.br\/semcom\/wp-content\/uploads\/sites\/5\/2023\/02\/sugestaodepauta.png","type":"image\/png"}],"twitter_card":"summary_large_image","twitter_misc":{"Est. reading time":"1 minuto"},"schema":{"@context":"https:\/\/schema.org","@graph":[{"@type":"WebPage","@id":"https:\/\/www.manaus.am.gov.br\/semcom\/pautas\/prefeitura-immu-operacaocargapesada\/","url":"https:\/\/www.manaus.am.gov.br\/semcom\/pautas\/prefeitura-immu-operacaocargapesada\/","name":"Prefeitura realiza opera\u00e7\u00e3o \u2018Carga Pesada\u2019 para fiscalizar caminh\u00f5es na \u00e1rea do porto do Chibat\u00e3o","isPartOf":{"@id":"https:\/\/www.manaus.am.gov.br\/semcom\/#website"},"primaryImageOfPage":{"@id":"https:\/\/www.manaus.am.gov.br\/semcom\/pautas\/prefeitura-immu-operacaocargapesada\/#primaryimage"},"image":{"@id":"https:\/\/www.manaus.am.gov.br\/semcom\/pautas\/prefeitura-immu-operacaocargapesada\/#primaryimage"},"thumbnailUrl":"https:\/\/www.manaus.am.gov.br\/semcom\/wp-content\/uploads\/sites\/5\/2023\/02\/sugestaodepauta.png","datePublished":"2025-03-12T12:53:20+00:00","dateModified":"2025-03-12T12:53:21+00:00","description":"A Prefeitura de Manaus, por meio do Instituto Municipal de Mobilidade Urbana (IMMU), realiza, nesta quarta-feira, 12\/3, \u00e0s 10h, a opera\u00e7\u00e3o \u201cCarga Pesada\u201d, na avenida Rodrigo Ot\u00e1vio Jord\u00e3o Ramos","inLanguage":"pt-BR","potentialAction":[{"@type":"ReadAction","target":["https:\/\/www.manaus.am.gov.br\/semcom\/pautas\/prefeitura-immu-operacaocargapesada\/"]}]},{"@type":"ImageObject","inLanguage":"pt-BR","@id":"https:\/\/www.manaus.am.gov.br\/semcom\/pautas\/prefeitura-immu-operacaocargapesada\/#primaryimage","url":"https:\/\/www.manaus.am.gov.br\/semcom\/wp-content\/uploads\/sites\/5\/2023\/02\/sugestaodepauta.png","contentUrl":"https:\/\/www.manaus.am.gov.br\/semcom\/wp-content\/uploads\/sites\/5\/2023\/02\/sugestaodepauta.png","width":1020,"height":540},{"@type":"WebSite","@id":"https:\/\/www.manaus.am.gov.br\/semcom\/#website","url":"https:\/\/www.manaus.am.gov.br\/semcom\/","name":"SEMCOM","description":"Secretaria Municipal de Comunica\u00e7\u00e3o","potentialAction":[{"@type":"SearchAction","target":{"@type":"EntryPoint","urlTemplate":"https:\/\/www.manaus.am.gov.br\/semcom\/?s={search_term_string}"},"query-input":"required name=search_term_string"}],"inLanguage":"pt-BR"}]}},"_links":{"self":[{"href":"https:\/\/www.manaus.am.gov.br\/semcom\/wp-json\/wp\/v2\/pautas\/235887"}],"collection":[{"href":"https:\/\/www.manaus.am.gov.br\/semcom\/wp-json\/wp\/v2\/pautas"}],"about":[{"href":"https:\/\/www.manaus.am.gov.br\/semcom\/wp-json\/wp\/v2\/types\/pautas"}],"wp:featuredmedia":[{"embeddable":true,"href":"https:\/\/www.manaus.am.gov.br\/semcom\/wp-json\/wp\/v2\/media\/208729"}],"wp:attachment":[{"href":"https:\/\/www.manaus.am.gov.br\/semcom\/wp-json\/wp\/v2\/media?parent=235887"}],"wp:term":[{"taxonomy":"category","embeddable":true,"href":"https:\/\/www.manaus.am.gov.br\/semcom\/wp-json\/wp\/v2\/categories?post=235887"}],"curies":[{"name":"wp","href":"https:\/\/api.w.org\/{rel}","templated":true}]}}