{"id":234635,"date":"2025-02-08T18:25:54","date_gmt":"2025-02-08T21:25:54","guid":{"rendered":"https:\/\/www.manaus.am.gov.br\/semcom\/?post_type=pautas&#038;p=234635"},"modified":"2025-02-08T18:25:54","modified_gmt":"2025-02-08T21:25:54","slug":"operacao-integrada-immu","status":"publish","type":"pautas","link":"https:\/\/www.manaus.am.gov.br\/semcom\/pautas\/operacao-integrada-immu\/","title":{"rendered":"Prefeitura realiza opera\u00e7\u00e3o integrada para organiza\u00e7\u00e3o do entorno da Arena da Amaz\u00f4nia e samb\u00f3dromo em grandes eventos"},"content":{"rendered":"\n<p>A Prefeitura de Manaus, por meio do Instituto Municipal de Mobilidade Urbana (IMMU), em parceria com \u00f3rg\u00e3os estaduais e municipais, realizar\u00e1, neste domingo, 9\/2, \u00e0s 15h, uma opera\u00e7\u00e3o integrada para disciplinar o fluxo de ve\u00edculos e garantir a seguran\u00e7a do p\u00fablico nos arredores da Arena da Amaz\u00f4nia e do samb\u00f3dromo durante grandes eventos.<\/p>\n\n\n\n<p>A a\u00e7\u00e3o tem como foco a fiscaliza\u00e7\u00e3o rigorosa do tr\u00e2nsito e a seguran\u00e7a dos frequentadores, evitando transtornos e pr\u00e1ticas irregulares. Neste domingo, ser\u00e1 realizado o primeiro evento teste.<\/p>\n\n\n\n<p>A iniciativa busca disciplinar o p\u00fablico que se desloca para esses eventos e coibir cobran\u00e7as ilegais, garantindo um ambiente mais seguro e organizado para todos. A opera\u00e7\u00e3o conta com o apoio dos \u00f3rg\u00e3os das esferas estadual e municipal, refor\u00e7ando o compromisso com a mobilidade e seguran\u00e7a da cidade.<\/p>\n\n\n\n<p><strong>SERVI\u00c7O&nbsp;<\/strong><\/p>\n\n\n\n<p><strong>O qu\u00ea &#8211; <\/strong>Opera\u00e7\u00e3o integrada para organiza\u00e7\u00e3o do entorno da Arena da Amaz\u00f4nia e samb\u00f3dromo em grandes eventos<br><strong>Quando &#8211; <\/strong>Domingo, 9\/2<br><strong>Hor\u00e1rio &#8211; <\/strong>15h\u00a0<br><strong>Local &#8211; <\/strong>Posto BR,<strong> <\/strong>em frente \u00e0 Arena da Amaz\u00f4nia.<\/p>\n","protected":false},"featured_media":208729,"template":"","categories":[797],"acf":[],"yoast_head":"<!-- This site is optimized with the Yoast SEO plugin v23.0 - https:\/\/yoast.com\/wordpress\/plugins\/seo\/ -->\n<title>Prefeitura realiza opera\u00e7\u00e3o integrada para organiza\u00e7\u00e3o do entorno da Arena da Amaz\u00f4nia e samb\u00f3dromo em grandes eventos<\/title>\n<meta name=\"description\" content=\"A Prefeitura de Manaus, por meio do Instituto Municipal de Mobilidade Urbana (IMMU), em parceria com \u00f3rg\u00e3os estaduais e municipais, realizar\u00e1, neste domingo, 9\/2, \u00e0s 15h, uma opera\u00e7\u00e3o integrada para disciplinar o fluxo de ve\u00edculos e garantir a seguran\u00e7a do p\u00fablico nos arredores da Arena da Amaz\u00f4nia e do samb\u00f3dromo durante grandes eventos.\" \/>\n<meta name=\"robots\" content=\"index, follow, max-snippet:-1, max-image-preview:large, max-video-preview:-1\" \/>\n<link rel=\"canonical\" href=\"https:\/\/www.manaus.am.gov.br\/semcom\/pautas\/operacao-integrada-immu\/\" \/>\n<meta property=\"og:locale\" content=\"pt_BR\" \/>\n<meta property=\"og:type\" content=\"article\" \/>\n<meta property=\"og:title\" content=\"Prefeitura realiza opera\u00e7\u00e3o integrada para organiza\u00e7\u00e3o do entorno da Arena da Amaz\u00f4nia e samb\u00f3dromo em grandes eventos\" \/>\n<meta property=\"og:description\" content=\"A Prefeitura de Manaus, por meio do Instituto Municipal de Mobilidade Urbana (IMMU), em parceria com \u00f3rg\u00e3os estaduais e municipais, realizar\u00e1, neste domingo, 9\/2, \u00e0s 15h, uma opera\u00e7\u00e3o integrada para disciplinar o fluxo de ve\u00edculos e garantir a seguran\u00e7a do p\u00fablico nos arredores da Arena da Amaz\u00f4nia e do samb\u00f3dromo durante grandes eventos.\" \/>\n<meta property=\"og:url\" content=\"https:\/\/www.manaus.am.gov.br\/semcom\/pautas\/operacao-integrada-immu\/\" \/>\n<meta property=\"og:site_name\" content=\"SEMCOM\" \/>\n<meta property=\"og:image\" content=\"https:\/\/www.manaus.am.gov.br\/semcom\/wp-content\/uploads\/sites\/5\/2023\/02\/sugestaodepauta.png\" \/>\n\t<meta property=\"og:image:width\" content=\"1020\" \/>\n\t<meta property=\"og:image:height\" content=\"540\" \/>\n\t<meta property=\"og:image:type\" content=\"image\/png\" \/>\n<meta name=\"twitter:card\" content=\"summary_large_image\" \/>\n<meta name=\"twitter:label1\" content=\"Est. reading time\" \/>\n\t<meta name=\"twitter:data1\" content=\"2 minutos\" \/>\n<script type=\"application\/ld+json\" class=\"yoast-schema-graph\">{\"@context\":\"https:\/\/schema.org\",\"@graph\":[{\"@type\":\"WebPage\",\"@id\":\"https:\/\/www.manaus.am.gov.br\/semcom\/pautas\/operacao-integrada-immu\/\",\"url\":\"https:\/\/www.manaus.am.gov.br\/semcom\/pautas\/operacao-integrada-immu\/\",\"name\":\"Prefeitura realiza opera\u00e7\u00e3o integrada para organiza\u00e7\u00e3o do entorno da Arena da Amaz\u00f4nia e samb\u00f3dromo em grandes eventos\",\"isPartOf\":{\"@id\":\"https:\/\/www.manaus.am.gov.br\/semcom\/#website\"},\"primaryImageOfPage\":{\"@id\":\"https:\/\/www.manaus.am.gov.br\/semcom\/pautas\/operacao-integrada-immu\/#primaryimage\"},\"image\":{\"@id\":\"https:\/\/www.manaus.am.gov.br\/semcom\/pautas\/operacao-integrada-immu\/#primaryimage\"},\"thumbnailUrl\":\"https:\/\/www.manaus.am.gov.br\/semcom\/wp-content\/uploads\/sites\/5\/2023\/02\/sugestaodepauta.png\",\"datePublished\":\"2025-02-08T21:25:54+00:00\",\"dateModified\":\"2025-02-08T21:25:54+00:00\",\"description\":\"A Prefeitura de Manaus, por meio do Instituto Municipal de Mobilidade Urbana (IMMU), em parceria com \u00f3rg\u00e3os estaduais e municipais, realizar\u00e1, neste domingo, 9\/2, \u00e0s 15h, uma opera\u00e7\u00e3o integrada para disciplinar o fluxo de ve\u00edculos e garantir a seguran\u00e7a do p\u00fablico nos arredores da Arena da Amaz\u00f4nia e do samb\u00f3dromo durante grandes eventos.\",\"inLanguage\":\"pt-BR\",\"potentialAction\":[{\"@type\":\"ReadAction\",\"target\":[\"https:\/\/www.manaus.am.gov.br\/semcom\/pautas\/operacao-integrada-immu\/\"]}]},{\"@type\":\"ImageObject\",\"inLanguage\":\"pt-BR\",\"@id\":\"https:\/\/www.manaus.am.gov.br\/semcom\/pautas\/operacao-integrada-immu\/#primaryimage\",\"url\":\"https:\/\/www.manaus.am.gov.br\/semcom\/wp-content\/uploads\/sites\/5\/2023\/02\/sugestaodepauta.png\",\"contentUrl\":\"https:\/\/www.manaus.am.gov.br\/semcom\/wp-content\/uploads\/sites\/5\/2023\/02\/sugestaodepauta.png\",\"width\":1020,\"height\":540},{\"@type\":\"WebSite\",\"@id\":\"https:\/\/www.manaus.am.gov.br\/semcom\/#website\",\"url\":\"https:\/\/www.manaus.am.gov.br\/semcom\/\",\"name\":\"SEMCOM\",\"description\":\"Secretaria Municipal de Comunica\u00e7\u00e3o\",\"potentialAction\":[{\"@type\":\"SearchAction\",\"target\":{\"@type\":\"EntryPoint\",\"urlTemplate\":\"https:\/\/www.manaus.am.gov.br\/semcom\/?s={search_term_string}\"},\"query-input\":\"required name=search_term_string\"}],\"inLanguage\":\"pt-BR\"}]}<\/script>\n<!-- \/ Yoast SEO plugin. -->","yoast_head_json":{"title":"Prefeitura realiza opera\u00e7\u00e3o integrada para organiza\u00e7\u00e3o do entorno da Arena da Amaz\u00f4nia e samb\u00f3dromo em grandes eventos","description":"A Prefeitura de Manaus, por meio do Instituto Municipal de Mobilidade Urbana (IMMU), em parceria com \u00f3rg\u00e3os estaduais e municipais, realizar\u00e1, neste domingo, 9\/2, \u00e0s 15h, uma opera\u00e7\u00e3o integrada para disciplinar o fluxo de ve\u00edculos e garantir a seguran\u00e7a do p\u00fablico nos arredores da Arena da Amaz\u00f4nia e do samb\u00f3dromo durante grandes eventos.","robots":{"index":"index","follow":"follow","max-snippet":"max-snippet:-1","max-image-preview":"max-image-preview:large","max-video-preview":"max-video-preview:-1"},"canonical":"https:\/\/www.manaus.am.gov.br\/semcom\/pautas\/operacao-integrada-immu\/","og_locale":"pt_BR","og_type":"article","og_title":"Prefeitura realiza opera\u00e7\u00e3o integrada para organiza\u00e7\u00e3o do entorno da Arena da Amaz\u00f4nia e samb\u00f3dromo em grandes eventos","og_description":"A Prefeitura de Manaus, por meio do Instituto Municipal de Mobilidade Urbana (IMMU), em parceria com \u00f3rg\u00e3os estaduais e municipais, realizar\u00e1, neste domingo, 9\/2, \u00e0s 15h, uma opera\u00e7\u00e3o integrada para disciplinar o fluxo de ve\u00edculos e garantir a seguran\u00e7a do p\u00fablico nos arredores da Arena da Amaz\u00f4nia e do samb\u00f3dromo durante grandes eventos.","og_url":"https:\/\/www.manaus.am.gov.br\/semcom\/pautas\/operacao-integrada-immu\/","og_site_name":"SEMCOM","og_image":[{"width":1020,"height":540,"url":"https:\/\/www.manaus.am.gov.br\/semcom\/wp-content\/uploads\/sites\/5\/2023\/02\/sugestaodepauta.png","type":"image\/png"}],"twitter_card":"summary_large_image","twitter_misc":{"Est. reading time":"2 minutos"},"schema":{"@context":"https:\/\/schema.org","@graph":[{"@type":"WebPage","@id":"https:\/\/www.manaus.am.gov.br\/semcom\/pautas\/operacao-integrada-immu\/","url":"https:\/\/www.manaus.am.gov.br\/semcom\/pautas\/operacao-integrada-immu\/","name":"Prefeitura realiza opera\u00e7\u00e3o integrada para organiza\u00e7\u00e3o do entorno da Arena da Amaz\u00f4nia e samb\u00f3dromo em grandes eventos","isPartOf":{"@id":"https:\/\/www.manaus.am.gov.br\/semcom\/#website"},"primaryImageOfPage":{"@id":"https:\/\/www.manaus.am.gov.br\/semcom\/pautas\/operacao-integrada-immu\/#primaryimage"},"image":{"@id":"https:\/\/www.manaus.am.gov.br\/semcom\/pautas\/operacao-integrada-immu\/#primaryimage"},"thumbnailUrl":"https:\/\/www.manaus.am.gov.br\/semcom\/wp-content\/uploads\/sites\/5\/2023\/02\/sugestaodepauta.png","datePublished":"2025-02-08T21:25:54+00:00","dateModified":"2025-02-08T21:25:54+00:00","description":"A Prefeitura de Manaus, por meio do Instituto Municipal de Mobilidade Urbana (IMMU), em parceria com \u00f3rg\u00e3os estaduais e municipais, realizar\u00e1, neste domingo, 9\/2, \u00e0s 15h, uma opera\u00e7\u00e3o integrada para disciplinar o fluxo de ve\u00edculos e garantir a seguran\u00e7a do p\u00fablico nos arredores da Arena da Amaz\u00f4nia e do samb\u00f3dromo durante grandes eventos.","inLanguage":"pt-BR","potentialAction":[{"@type":"ReadAction","target":["https:\/\/www.manaus.am.gov.br\/semcom\/pautas\/operacao-integrada-immu\/"]}]},{"@type":"ImageObject","inLanguage":"pt-BR","@id":"https:\/\/www.manaus.am.gov.br\/semcom\/pautas\/operacao-integrada-immu\/#primaryimage","url":"https:\/\/www.manaus.am.gov.br\/semcom\/wp-content\/uploads\/sites\/5\/2023\/02\/sugestaodepauta.png","contentUrl":"https:\/\/www.manaus.am.gov.br\/semcom\/wp-content\/uploads\/sites\/5\/2023\/02\/sugestaodepauta.png","width":1020,"height":540},{"@type":"WebSite","@id":"https:\/\/www.manaus.am.gov.br\/semcom\/#website","url":"https:\/\/www.manaus.am.gov.br\/semcom\/","name":"SEMCOM","description":"Secretaria Municipal de Comunica\u00e7\u00e3o","potentialAction":[{"@type":"SearchAction","target":{"@type":"EntryPoint","urlTemplate":"https:\/\/www.manaus.am.gov.br\/semcom\/?s={search_term_string}"},"query-input":"required name=search_term_string"}],"inLanguage":"pt-BR"}]}},"_links":{"self":[{"href":"https:\/\/www.manaus.am.gov.br\/semcom\/wp-json\/wp\/v2\/pautas\/234635"}],"collection":[{"href":"https:\/\/www.manaus.am.gov.br\/semcom\/wp-json\/wp\/v2\/pautas"}],"about":[{"href":"https:\/\/www.manaus.am.gov.br\/semcom\/wp-json\/wp\/v2\/types\/pautas"}],"wp:featuredmedia":[{"embeddable":true,"href":"https:\/\/www.manaus.am.gov.br\/semcom\/wp-json\/wp\/v2\/media\/208729"}],"wp:attachment":[{"href":"https:\/\/www.manaus.am.gov.br\/semcom\/wp-json\/wp\/v2\/media?parent=234635"}],"wp:term":[{"taxonomy":"category","embeddable":true,"href":"https:\/\/www.manaus.am.gov.br\/semcom\/wp-json\/wp\/v2\/categories?post=234635"}],"curies":[{"name":"wp","href":"https:\/\/api.w.org\/{rel}","templated":true}]}}