{"id":234532,"date":"2025-02-05T17:21:05","date_gmt":"2025-02-05T20:21:05","guid":{"rendered":"https:\/\/www.manaus.am.gov.br\/semcom\/?post_type=pautas&#038;p=234532"},"modified":"2025-02-05T17:21:06","modified_gmt":"2025-02-05T20:21:06","slug":"entrega-nova-unidade-de-saude","status":"publish","type":"pautas","link":"https:\/\/www.manaus.am.gov.br\/semcom\/pautas\/entrega-nova-unidade-de-saude\/","title":{"rendered":"Prefeitura de Manaus inaugura nova unidade de sa\u00fade de grande porte na zona Oeste"},"content":{"rendered":"\n<p>A Prefeitura de Manaus conclui mais uma etapa do plano de expans\u00e3o da rede prim\u00e1ria assistencial da sa\u00fade, com a inaugura\u00e7\u00e3o nesta sexta-feira, 7\/2, da Unidade de Sa\u00fade da Fam\u00edlia (USF) Silvio Santos, no bairro Compensa, zona Oeste da capital.&nbsp;<\/p>\n\n\n\n<p>Com 1.200 metros de \u00e1rea constru\u00edda, a unidade de sa\u00fade de grande porte vai ofertar a carteira completa de servi\u00e7os da aten\u00e7\u00e3o prim\u00e1ria \u00e0 sa\u00fade, o que inclui consultas m\u00e9dicas, de enfermagem e odontol\u00f3gicas, exames, dispensa\u00e7\u00e3o de medicamentos, aten\u00e7\u00e3o \u00e0 sa\u00fade da crian\u00e7a, do adolescente, do adulto e do idoso, entre outros servi\u00e7os.<\/p>\n\n\n\n<p>Resultante de Parceria P\u00fablico Privada (PPP), o estabelecimento de sa\u00fade tamb\u00e9m ofertar\u00e1 os programas de tuberculose e hansen\u00edase e exames como o preventivo do c\u00e2ncer do colo do \u00fatero, teste do pezinho, testes r\u00e1pidos para diagn\u00f3stico de s\u00edfilis, HIV e hepatites, al\u00e9m de exames laboratoriais.<\/p>\n","protected":false},"featured_media":208729,"template":"","categories":[787],"acf":[],"yoast_head":"<!-- This site is optimized with the Yoast SEO plugin v23.0 - https:\/\/yoast.com\/wordpress\/plugins\/seo\/ -->\n<title>Prefeitura de Manaus inaugura nova unidade de sa\u00fade de grande porte na zona Oeste<\/title>\n<meta name=\"description\" content=\"A Prefeitura de Manaus conclui mais uma etapa do plano de expans\u00e3o da rede prim\u00e1ria assistencial da sa\u00fade, com a inaugura\u00e7\u00e3o nesta sexta-feira, 7\/2, da Unidade de Sa\u00fade da Fam\u00edlia (USF) Silvio Santos, no bairro Compensa, zona Oeste da capital.\u00a0\" \/>\n<meta name=\"robots\" content=\"index, follow, max-snippet:-1, max-image-preview:large, max-video-preview:-1\" \/>\n<link rel=\"canonical\" href=\"https:\/\/www.manaus.am.gov.br\/semcom\/pautas\/entrega-nova-unidade-de-saude\/\" \/>\n<meta property=\"og:locale\" content=\"pt_BR\" \/>\n<meta property=\"og:type\" content=\"article\" \/>\n<meta property=\"og:title\" content=\"Prefeitura de Manaus inaugura nova unidade de sa\u00fade de grande porte na zona Oeste\" \/>\n<meta property=\"og:description\" content=\"A Prefeitura de Manaus conclui mais uma etapa do plano de expans\u00e3o da rede prim\u00e1ria assistencial da sa\u00fade, com a inaugura\u00e7\u00e3o nesta sexta-feira, 7\/2, da Unidade de Sa\u00fade da Fam\u00edlia (USF) Silvio Santos, no bairro Compensa, zona Oeste da capital.\u00a0\" \/>\n<meta property=\"og:url\" content=\"https:\/\/www.manaus.am.gov.br\/semcom\/pautas\/entrega-nova-unidade-de-saude\/\" \/>\n<meta property=\"og:site_name\" content=\"SEMCOM\" \/>\n<meta property=\"article:modified_time\" content=\"2025-02-05T20:21:06+00:00\" \/>\n<meta property=\"og:image\" content=\"https:\/\/www.manaus.am.gov.br\/semcom\/wp-content\/uploads\/sites\/5\/2023\/02\/sugestaodepauta.png\" \/>\n\t<meta property=\"og:image:width\" content=\"1020\" \/>\n\t<meta property=\"og:image:height\" content=\"540\" \/>\n\t<meta property=\"og:image:type\" content=\"image\/png\" \/>\n<meta name=\"twitter:card\" content=\"summary_large_image\" \/>\n<meta name=\"twitter:label1\" content=\"Est. reading time\" \/>\n\t<meta name=\"twitter:data1\" content=\"1 minuto\" \/>\n<script type=\"application\/ld+json\" class=\"yoast-schema-graph\">{\"@context\":\"https:\/\/schema.org\",\"@graph\":[{\"@type\":\"WebPage\",\"@id\":\"https:\/\/www.manaus.am.gov.br\/semcom\/pautas\/entrega-nova-unidade-de-saude\/\",\"url\":\"https:\/\/www.manaus.am.gov.br\/semcom\/pautas\/entrega-nova-unidade-de-saude\/\",\"name\":\"Prefeitura de Manaus inaugura nova unidade de sa\u00fade de grande porte na zona Oeste\",\"isPartOf\":{\"@id\":\"https:\/\/www.manaus.am.gov.br\/semcom\/#website\"},\"primaryImageOfPage\":{\"@id\":\"https:\/\/www.manaus.am.gov.br\/semcom\/pautas\/entrega-nova-unidade-de-saude\/#primaryimage\"},\"image\":{\"@id\":\"https:\/\/www.manaus.am.gov.br\/semcom\/pautas\/entrega-nova-unidade-de-saude\/#primaryimage\"},\"thumbnailUrl\":\"https:\/\/www.manaus.am.gov.br\/semcom\/wp-content\/uploads\/sites\/5\/2023\/02\/sugestaodepauta.png\",\"datePublished\":\"2025-02-05T20:21:05+00:00\",\"dateModified\":\"2025-02-05T20:21:06+00:00\",\"description\":\"A Prefeitura de Manaus conclui mais uma etapa do plano de expans\u00e3o da rede prim\u00e1ria assistencial da sa\u00fade, com a inaugura\u00e7\u00e3o nesta sexta-feira, 7\/2, da Unidade de Sa\u00fade da Fam\u00edlia (USF) Silvio Santos, no bairro Compensa, zona Oeste da capital.\u00a0\",\"inLanguage\":\"pt-BR\",\"potentialAction\":[{\"@type\":\"ReadAction\",\"target\":[\"https:\/\/www.manaus.am.gov.br\/semcom\/pautas\/entrega-nova-unidade-de-saude\/\"]}]},{\"@type\":\"ImageObject\",\"inLanguage\":\"pt-BR\",\"@id\":\"https:\/\/www.manaus.am.gov.br\/semcom\/pautas\/entrega-nova-unidade-de-saude\/#primaryimage\",\"url\":\"https:\/\/www.manaus.am.gov.br\/semcom\/wp-content\/uploads\/sites\/5\/2023\/02\/sugestaodepauta.png\",\"contentUrl\":\"https:\/\/www.manaus.am.gov.br\/semcom\/wp-content\/uploads\/sites\/5\/2023\/02\/sugestaodepauta.png\",\"width\":1020,\"height\":540},{\"@type\":\"WebSite\",\"@id\":\"https:\/\/www.manaus.am.gov.br\/semcom\/#website\",\"url\":\"https:\/\/www.manaus.am.gov.br\/semcom\/\",\"name\":\"SEMCOM\",\"description\":\"Secretaria Municipal de Comunica\u00e7\u00e3o\",\"potentialAction\":[{\"@type\":\"SearchAction\",\"target\":{\"@type\":\"EntryPoint\",\"urlTemplate\":\"https:\/\/www.manaus.am.gov.br\/semcom\/?s={search_term_string}\"},\"query-input\":\"required name=search_term_string\"}],\"inLanguage\":\"pt-BR\"}]}<\/script>\n<!-- \/ Yoast SEO plugin. -->","yoast_head_json":{"title":"Prefeitura de Manaus inaugura nova unidade de sa\u00fade de grande porte na zona Oeste","description":"A Prefeitura de Manaus conclui mais uma etapa do plano de expans\u00e3o da rede prim\u00e1ria assistencial da sa\u00fade, com a inaugura\u00e7\u00e3o nesta sexta-feira, 7\/2, da Unidade de Sa\u00fade da Fam\u00edlia (USF) Silvio Santos, no bairro Compensa, zona Oeste da capital.\u00a0","robots":{"index":"index","follow":"follow","max-snippet":"max-snippet:-1","max-image-preview":"max-image-preview:large","max-video-preview":"max-video-preview:-1"},"canonical":"https:\/\/www.manaus.am.gov.br\/semcom\/pautas\/entrega-nova-unidade-de-saude\/","og_locale":"pt_BR","og_type":"article","og_title":"Prefeitura de Manaus inaugura nova unidade de sa\u00fade de grande porte na zona Oeste","og_description":"A Prefeitura de Manaus conclui mais uma etapa do plano de expans\u00e3o da rede prim\u00e1ria assistencial da sa\u00fade, com a inaugura\u00e7\u00e3o nesta sexta-feira, 7\/2, da Unidade de Sa\u00fade da Fam\u00edlia (USF) Silvio Santos, no bairro Compensa, zona Oeste da capital.\u00a0","og_url":"https:\/\/www.manaus.am.gov.br\/semcom\/pautas\/entrega-nova-unidade-de-saude\/","og_site_name":"SEMCOM","article_modified_time":"2025-02-05T20:21:06+00:00","og_image":[{"width":1020,"height":540,"url":"https:\/\/www.manaus.am.gov.br\/semcom\/wp-content\/uploads\/sites\/5\/2023\/02\/sugestaodepauta.png","type":"image\/png"}],"twitter_card":"summary_large_image","twitter_misc":{"Est. reading time":"1 minuto"},"schema":{"@context":"https:\/\/schema.org","@graph":[{"@type":"WebPage","@id":"https:\/\/www.manaus.am.gov.br\/semcom\/pautas\/entrega-nova-unidade-de-saude\/","url":"https:\/\/www.manaus.am.gov.br\/semcom\/pautas\/entrega-nova-unidade-de-saude\/","name":"Prefeitura de Manaus inaugura nova unidade de sa\u00fade de grande porte na zona Oeste","isPartOf":{"@id":"https:\/\/www.manaus.am.gov.br\/semcom\/#website"},"primaryImageOfPage":{"@id":"https:\/\/www.manaus.am.gov.br\/semcom\/pautas\/entrega-nova-unidade-de-saude\/#primaryimage"},"image":{"@id":"https:\/\/www.manaus.am.gov.br\/semcom\/pautas\/entrega-nova-unidade-de-saude\/#primaryimage"},"thumbnailUrl":"https:\/\/www.manaus.am.gov.br\/semcom\/wp-content\/uploads\/sites\/5\/2023\/02\/sugestaodepauta.png","datePublished":"2025-02-05T20:21:05+00:00","dateModified":"2025-02-05T20:21:06+00:00","description":"A Prefeitura de Manaus conclui mais uma etapa do plano de expans\u00e3o da rede prim\u00e1ria assistencial da sa\u00fade, com a inaugura\u00e7\u00e3o nesta sexta-feira, 7\/2, da Unidade de Sa\u00fade da Fam\u00edlia (USF) Silvio Santos, no bairro Compensa, zona Oeste da capital.\u00a0","inLanguage":"pt-BR","potentialAction":[{"@type":"ReadAction","target":["https:\/\/www.manaus.am.gov.br\/semcom\/pautas\/entrega-nova-unidade-de-saude\/"]}]},{"@type":"ImageObject","inLanguage":"pt-BR","@id":"https:\/\/www.manaus.am.gov.br\/semcom\/pautas\/entrega-nova-unidade-de-saude\/#primaryimage","url":"https:\/\/www.manaus.am.gov.br\/semcom\/wp-content\/uploads\/sites\/5\/2023\/02\/sugestaodepauta.png","contentUrl":"https:\/\/www.manaus.am.gov.br\/semcom\/wp-content\/uploads\/sites\/5\/2023\/02\/sugestaodepauta.png","width":1020,"height":540},{"@type":"WebSite","@id":"https:\/\/www.manaus.am.gov.br\/semcom\/#website","url":"https:\/\/www.manaus.am.gov.br\/semcom\/","name":"SEMCOM","description":"Secretaria Municipal de Comunica\u00e7\u00e3o","potentialAction":[{"@type":"SearchAction","target":{"@type":"EntryPoint","urlTemplate":"https:\/\/www.manaus.am.gov.br\/semcom\/?s={search_term_string}"},"query-input":"required name=search_term_string"}],"inLanguage":"pt-BR"}]}},"_links":{"self":[{"href":"https:\/\/www.manaus.am.gov.br\/semcom\/wp-json\/wp\/v2\/pautas\/234532"}],"collection":[{"href":"https:\/\/www.manaus.am.gov.br\/semcom\/wp-json\/wp\/v2\/pautas"}],"about":[{"href":"https:\/\/www.manaus.am.gov.br\/semcom\/wp-json\/wp\/v2\/types\/pautas"}],"wp:featuredmedia":[{"embeddable":true,"href":"https:\/\/www.manaus.am.gov.br\/semcom\/wp-json\/wp\/v2\/media\/208729"}],"wp:attachment":[{"href":"https:\/\/www.manaus.am.gov.br\/semcom\/wp-json\/wp\/v2\/media?parent=234532"}],"wp:term":[{"taxonomy":"category","embeddable":true,"href":"https:\/\/www.manaus.am.gov.br\/semcom\/wp-json\/wp\/v2\/categories?post=234532"}],"curies":[{"name":"wp","href":"https:\/\/api.w.org\/{rel}","templated":true}]}}