{"id":234493,"date":"2025-02-04T17:50:49","date_gmt":"2025-02-04T20:50:49","guid":{"rendered":"https:\/\/www.manaus.am.gov.br\/semcom\/?post_type=pautas&#038;p=234493"},"modified":"2025-02-04T17:50:49","modified_gmt":"2025-02-04T20:50:49","slug":"acordo-assistencias-as-familias","status":"publish","type":"pautas","link":"https:\/\/www.manaus.am.gov.br\/semcom\/pautas\/acordo-assistencias-as-familias\/","title":{"rendered":"Prefeitura de Manaus e Defensoria P\u00fablica assinam acordo para garantir assist\u00eancia a fam\u00edlias afetadas por deslizamento no bairro Reden\u00e7\u00e3o"},"content":{"rendered":"\n<p>A Prefeitura de Manaus, por meio da Secretaria Municipal de Habita\u00e7\u00e3o e Assuntos Fundi\u00e1rios (Semhaf), e a Defensoria P\u00fablica do Estado formalizam, nesta quarta-feira, 5\/2, \u00e0s 9h, o acordo que assegura assist\u00eancia integral \u00e0s fam\u00edlias atingidas pelo deslizamento ocorrido no bairro Reden\u00e7\u00e3o, zona Centro-Oeste da capital, no dia 19 de janeiro.&nbsp;<\/p>\n\n\n\n<p>O acordo ser\u00e1 assinado pelo secret\u00e1rio municipal de Habita\u00e7\u00e3o e Assuntos Fundi\u00e1rios, Jesus Alves, e pelo defensor p\u00fablico Carlos Almeida, garantindo que as fam\u00edlias afetadas sejam contempladas com apartamentos do Programa \u201cMinha Casa, Minha Vida\u201d \u2013 modalidade Calamidades. At\u00e9 a conclus\u00e3o das obras, todos os benefici\u00e1rios receber\u00e3o apoio financeiro, por meio do aluguel social.&nbsp;&nbsp;&nbsp;<\/p>\n\n\n\n<p><strong>SERVI\u00c7O\u00a0<\/strong><br><strong>O qu\u00ea &#8211; <\/strong>Assinatura do Acordo de Assist\u00eancia \u00e0s Fam\u00edlias da Reden\u00e7\u00e3o <strong>\u00a0\u00a0<\/strong><br><strong>Quando &#8211; <\/strong>Quarta-feira, 5\/2\u00a0<br><strong>Hor\u00e1rio &#8211; <\/strong>9h\u00a0\u00a0<br><strong>Local &#8211; <\/strong>Travessa Hebron, bairro Reden\u00e7\u00e3o, zona Centro-Oeste.<\/p>\n","protected":false},"featured_media":208729,"template":"","categories":[11431],"acf":[],"yoast_head":"<!-- This site is optimized with the Yoast SEO plugin v23.0 - https:\/\/yoast.com\/wordpress\/plugins\/seo\/ -->\n<title>Prefeitura de Manaus e Defensoria P\u00fablica assinam acordo para garantir assist\u00eancia a fam\u00edlias afetadas por deslizamento no bairro Reden\u00e7\u00e3o<\/title>\n<meta name=\"description\" content=\"A Prefeitura de Manaus, por meio da Secretaria Municipal de Habita\u00e7\u00e3o e Assuntos Fundi\u00e1rios (Semhaf), e a Defensoria P\u00fablica do Estado formalizam, nesta quarta-feira, 5\/2, \u00e0s 9h, o acordo que assegura assist\u00eancia integral \u00e0s fam\u00edlias atingidas pelo deslizamento ocorrido no bairro Reden\u00e7\u00e3o, zona Centro-Oeste da capital, no dia 19 de janeiro.\u00a0\" \/>\n<meta name=\"robots\" content=\"index, follow, max-snippet:-1, max-image-preview:large, max-video-preview:-1\" \/>\n<link rel=\"canonical\" href=\"https:\/\/www.manaus.am.gov.br\/semcom\/pautas\/acordo-assistencias-as-familias\/\" \/>\n<meta property=\"og:locale\" content=\"pt_BR\" \/>\n<meta property=\"og:type\" content=\"article\" \/>\n<meta property=\"og:title\" content=\"Prefeitura de Manaus e Defensoria P\u00fablica assinam acordo para garantir assist\u00eancia a fam\u00edlias afetadas por deslizamento no bairro Reden\u00e7\u00e3o\" \/>\n<meta property=\"og:description\" content=\"A Prefeitura de Manaus, por meio da Secretaria Municipal de Habita\u00e7\u00e3o e Assuntos Fundi\u00e1rios (Semhaf), e a Defensoria P\u00fablica do Estado formalizam, nesta quarta-feira, 5\/2, \u00e0s 9h, o acordo que assegura assist\u00eancia integral \u00e0s fam\u00edlias atingidas pelo deslizamento ocorrido no bairro Reden\u00e7\u00e3o, zona Centro-Oeste da capital, no dia 19 de janeiro.\u00a0\" \/>\n<meta property=\"og:url\" content=\"https:\/\/www.manaus.am.gov.br\/semcom\/pautas\/acordo-assistencias-as-familias\/\" \/>\n<meta property=\"og:site_name\" content=\"SEMCOM\" \/>\n<meta property=\"og:image\" content=\"https:\/\/www.manaus.am.gov.br\/semcom\/wp-content\/uploads\/sites\/5\/2023\/02\/sugestaodepauta.png\" \/>\n\t<meta property=\"og:image:width\" content=\"1020\" \/>\n\t<meta property=\"og:image:height\" content=\"540\" \/>\n\t<meta property=\"og:image:type\" content=\"image\/png\" \/>\n<meta name=\"twitter:card\" content=\"summary_large_image\" \/>\n<meta name=\"twitter:label1\" content=\"Est. reading time\" \/>\n\t<meta name=\"twitter:data1\" content=\"1 minuto\" \/>\n<script type=\"application\/ld+json\" class=\"yoast-schema-graph\">{\"@context\":\"https:\/\/schema.org\",\"@graph\":[{\"@type\":\"WebPage\",\"@id\":\"https:\/\/www.manaus.am.gov.br\/semcom\/pautas\/acordo-assistencias-as-familias\/\",\"url\":\"https:\/\/www.manaus.am.gov.br\/semcom\/pautas\/acordo-assistencias-as-familias\/\",\"name\":\"Prefeitura de Manaus e Defensoria P\u00fablica assinam acordo para garantir assist\u00eancia a fam\u00edlias afetadas por deslizamento no bairro Reden\u00e7\u00e3o\",\"isPartOf\":{\"@id\":\"https:\/\/www.manaus.am.gov.br\/semcom\/#website\"},\"primaryImageOfPage\":{\"@id\":\"https:\/\/www.manaus.am.gov.br\/semcom\/pautas\/acordo-assistencias-as-familias\/#primaryimage\"},\"image\":{\"@id\":\"https:\/\/www.manaus.am.gov.br\/semcom\/pautas\/acordo-assistencias-as-familias\/#primaryimage\"},\"thumbnailUrl\":\"https:\/\/www.manaus.am.gov.br\/semcom\/wp-content\/uploads\/sites\/5\/2023\/02\/sugestaodepauta.png\",\"datePublished\":\"2025-02-04T20:50:49+00:00\",\"dateModified\":\"2025-02-04T20:50:49+00:00\",\"description\":\"A Prefeitura de Manaus, por meio da Secretaria Municipal de Habita\u00e7\u00e3o e Assuntos Fundi\u00e1rios (Semhaf), e a Defensoria P\u00fablica do Estado formalizam, nesta quarta-feira, 5\/2, \u00e0s 9h, o acordo que assegura assist\u00eancia integral \u00e0s fam\u00edlias atingidas pelo deslizamento ocorrido no bairro Reden\u00e7\u00e3o, zona Centro-Oeste da capital, no dia 19 de janeiro.\u00a0\",\"inLanguage\":\"pt-BR\",\"potentialAction\":[{\"@type\":\"ReadAction\",\"target\":[\"https:\/\/www.manaus.am.gov.br\/semcom\/pautas\/acordo-assistencias-as-familias\/\"]}]},{\"@type\":\"ImageObject\",\"inLanguage\":\"pt-BR\",\"@id\":\"https:\/\/www.manaus.am.gov.br\/semcom\/pautas\/acordo-assistencias-as-familias\/#primaryimage\",\"url\":\"https:\/\/www.manaus.am.gov.br\/semcom\/wp-content\/uploads\/sites\/5\/2023\/02\/sugestaodepauta.png\",\"contentUrl\":\"https:\/\/www.manaus.am.gov.br\/semcom\/wp-content\/uploads\/sites\/5\/2023\/02\/sugestaodepauta.png\",\"width\":1020,\"height\":540},{\"@type\":\"WebSite\",\"@id\":\"https:\/\/www.manaus.am.gov.br\/semcom\/#website\",\"url\":\"https:\/\/www.manaus.am.gov.br\/semcom\/\",\"name\":\"SEMCOM\",\"description\":\"Secretaria Municipal de Comunica\u00e7\u00e3o\",\"potentialAction\":[{\"@type\":\"SearchAction\",\"target\":{\"@type\":\"EntryPoint\",\"urlTemplate\":\"https:\/\/www.manaus.am.gov.br\/semcom\/?s={search_term_string}\"},\"query-input\":\"required name=search_term_string\"}],\"inLanguage\":\"pt-BR\"}]}<\/script>\n<!-- \/ Yoast SEO plugin. -->","yoast_head_json":{"title":"Prefeitura de Manaus e Defensoria P\u00fablica assinam acordo para garantir assist\u00eancia a fam\u00edlias afetadas por deslizamento no bairro Reden\u00e7\u00e3o","description":"A Prefeitura de Manaus, por meio da Secretaria Municipal de Habita\u00e7\u00e3o e Assuntos Fundi\u00e1rios (Semhaf), e a Defensoria P\u00fablica do Estado formalizam, nesta quarta-feira, 5\/2, \u00e0s 9h, o acordo que assegura assist\u00eancia integral \u00e0s fam\u00edlias atingidas pelo deslizamento ocorrido no bairro Reden\u00e7\u00e3o, zona Centro-Oeste da capital, no dia 19 de janeiro.\u00a0","robots":{"index":"index","follow":"follow","max-snippet":"max-snippet:-1","max-image-preview":"max-image-preview:large","max-video-preview":"max-video-preview:-1"},"canonical":"https:\/\/www.manaus.am.gov.br\/semcom\/pautas\/acordo-assistencias-as-familias\/","og_locale":"pt_BR","og_type":"article","og_title":"Prefeitura de Manaus e Defensoria P\u00fablica assinam acordo para garantir assist\u00eancia a fam\u00edlias afetadas por deslizamento no bairro Reden\u00e7\u00e3o","og_description":"A Prefeitura de Manaus, por meio da Secretaria Municipal de Habita\u00e7\u00e3o e Assuntos Fundi\u00e1rios (Semhaf), e a Defensoria P\u00fablica do Estado formalizam, nesta quarta-feira, 5\/2, \u00e0s 9h, o acordo que assegura assist\u00eancia integral \u00e0s fam\u00edlias atingidas pelo deslizamento ocorrido no bairro Reden\u00e7\u00e3o, zona Centro-Oeste da capital, no dia 19 de janeiro.\u00a0","og_url":"https:\/\/www.manaus.am.gov.br\/semcom\/pautas\/acordo-assistencias-as-familias\/","og_site_name":"SEMCOM","og_image":[{"width":1020,"height":540,"url":"https:\/\/www.manaus.am.gov.br\/semcom\/wp-content\/uploads\/sites\/5\/2023\/02\/sugestaodepauta.png","type":"image\/png"}],"twitter_card":"summary_large_image","twitter_misc":{"Est. reading time":"1 minuto"},"schema":{"@context":"https:\/\/schema.org","@graph":[{"@type":"WebPage","@id":"https:\/\/www.manaus.am.gov.br\/semcom\/pautas\/acordo-assistencias-as-familias\/","url":"https:\/\/www.manaus.am.gov.br\/semcom\/pautas\/acordo-assistencias-as-familias\/","name":"Prefeitura de Manaus e Defensoria P\u00fablica assinam acordo para garantir assist\u00eancia a fam\u00edlias afetadas por deslizamento no bairro Reden\u00e7\u00e3o","isPartOf":{"@id":"https:\/\/www.manaus.am.gov.br\/semcom\/#website"},"primaryImageOfPage":{"@id":"https:\/\/www.manaus.am.gov.br\/semcom\/pautas\/acordo-assistencias-as-familias\/#primaryimage"},"image":{"@id":"https:\/\/www.manaus.am.gov.br\/semcom\/pautas\/acordo-assistencias-as-familias\/#primaryimage"},"thumbnailUrl":"https:\/\/www.manaus.am.gov.br\/semcom\/wp-content\/uploads\/sites\/5\/2023\/02\/sugestaodepauta.png","datePublished":"2025-02-04T20:50:49+00:00","dateModified":"2025-02-04T20:50:49+00:00","description":"A Prefeitura de Manaus, por meio da Secretaria Municipal de Habita\u00e7\u00e3o e Assuntos Fundi\u00e1rios (Semhaf), e a Defensoria P\u00fablica do Estado formalizam, nesta quarta-feira, 5\/2, \u00e0s 9h, o acordo que assegura assist\u00eancia integral \u00e0s fam\u00edlias atingidas pelo deslizamento ocorrido no bairro Reden\u00e7\u00e3o, zona Centro-Oeste da capital, no dia 19 de janeiro.\u00a0","inLanguage":"pt-BR","potentialAction":[{"@type":"ReadAction","target":["https:\/\/www.manaus.am.gov.br\/semcom\/pautas\/acordo-assistencias-as-familias\/"]}]},{"@type":"ImageObject","inLanguage":"pt-BR","@id":"https:\/\/www.manaus.am.gov.br\/semcom\/pautas\/acordo-assistencias-as-familias\/#primaryimage","url":"https:\/\/www.manaus.am.gov.br\/semcom\/wp-content\/uploads\/sites\/5\/2023\/02\/sugestaodepauta.png","contentUrl":"https:\/\/www.manaus.am.gov.br\/semcom\/wp-content\/uploads\/sites\/5\/2023\/02\/sugestaodepauta.png","width":1020,"height":540},{"@type":"WebSite","@id":"https:\/\/www.manaus.am.gov.br\/semcom\/#website","url":"https:\/\/www.manaus.am.gov.br\/semcom\/","name":"SEMCOM","description":"Secretaria Municipal de Comunica\u00e7\u00e3o","potentialAction":[{"@type":"SearchAction","target":{"@type":"EntryPoint","urlTemplate":"https:\/\/www.manaus.am.gov.br\/semcom\/?s={search_term_string}"},"query-input":"required name=search_term_string"}],"inLanguage":"pt-BR"}]}},"_links":{"self":[{"href":"https:\/\/www.manaus.am.gov.br\/semcom\/wp-json\/wp\/v2\/pautas\/234493"}],"collection":[{"href":"https:\/\/www.manaus.am.gov.br\/semcom\/wp-json\/wp\/v2\/pautas"}],"about":[{"href":"https:\/\/www.manaus.am.gov.br\/semcom\/wp-json\/wp\/v2\/types\/pautas"}],"wp:featuredmedia":[{"embeddable":true,"href":"https:\/\/www.manaus.am.gov.br\/semcom\/wp-json\/wp\/v2\/media\/208729"}],"wp:attachment":[{"href":"https:\/\/www.manaus.am.gov.br\/semcom\/wp-json\/wp\/v2\/media?parent=234493"}],"wp:term":[{"taxonomy":"category","embeddable":true,"href":"https:\/\/www.manaus.am.gov.br\/semcom\/wp-json\/wp\/v2\/categories?post=234493"}],"curies":[{"name":"wp","href":"https:\/\/api.w.org\/{rel}","templated":true}]}}