{"id":234481,"date":"2025-02-05T07:00:00","date_gmt":"2025-02-05T10:00:00","guid":{"rendered":"https:\/\/www.manaus.am.gov.br\/semcom\/?post_type=pautas&#038;p=234481"},"modified":"2025-02-04T15:41:20","modified_gmt":"2025-02-04T18:41:20","slug":"operacao-cavalodeaco-immu","status":"publish","type":"pautas","link":"https:\/\/www.manaus.am.gov.br\/semcom\/pautas\/operacao-cavalodeaco-immu\/","title":{"rendered":"Opera\u00e7\u00e3o \u2018Cavalo de A\u00e7o\u2019 fiscaliza motocicletas na zona Leste de Manaus"},"content":{"rendered":"\n<p>A Prefeitura de Manaus, via Instituto Municipal de Mobilidade de Mobilidade Urbana (IMMU), realiza a opera\u00e7\u00e3o \u201cCavalo de A\u00e7o\u201d, a partir das 9h30 desta quarta-feira, 5\/2, na avenida Cosme Ferreira, bairro Coroado, zona Leste da cidade.<\/p>\n\n\n\n<p>A opera\u00e7\u00e3o ir\u00e1 fiscalizar motocicletas que circulam de forma irregular e sem os equipamentos obrigat\u00f3rios.<\/p>\n\n\n\n<p><br>A a\u00e7\u00e3o tem como objetivo garantir a seguran\u00e7a dos condutores e pedestres que circulam pela regi\u00e3o, al\u00e9m de coibir pr\u00e1ticas ilegais no tr\u00e2nsito, como a falta de documenta\u00e7\u00e3o e tr\u00e1fego de ve\u00edculos em m\u00e1s condi\u00e7\u00f5es. Os ve\u00edculos que estiverem em desacordo com as normas ser\u00e3o autuados e poder\u00e3o ser removidos ao parqueamento do IMMU.<\/p>\n\n\n\n<p><br>SERVI\u00c7O:<\/p>\n\n\n\n<p><br><strong>O qu\u00ea<\/strong>\u00a0&#8211; Opera\u00e7\u00e3o \u201cCavalo de A\u00e7o\u201d<\/p>\n\n\n\n<p><strong>Quando<\/strong>\u00a0&#8211; Quarta-feira, 5\/2<\/p>\n\n\n\n<p><strong>Hor\u00e1rio\u00a0<\/strong>\u2013 9h30<\/p>\n\n\n\n<p><strong>Local\u00a0<\/strong>\u2013 Avenida Cosme Ferreira, em frente ao Vit\u00f3ria Supermercados, no bairro Coroado, zona Leste<\/p>\n","protected":false},"featured_media":208729,"template":"","categories":[797],"acf":[],"yoast_head":"<!-- This site is optimized with the Yoast SEO plugin v23.0 - https:\/\/yoast.com\/wordpress\/plugins\/seo\/ -->\n<title>Opera\u00e7\u00e3o \u2018Cavalo de A\u00e7o\u2019 fiscaliza motocicletas na zona Leste de Manaus<\/title>\n<meta name=\"description\" content=\"A Prefeitura de Manaus, via Instituto Municipal de Mobilidade de Mobilidade Urbana (IMMU), realiza a opera\u00e7\u00e3o \u201cCavalo de A\u00e7o\u201d, a partir das 9h30 desta quarta-feira, 5\/2, na avenida Cosme Ferreira, bairro Coroado, zona Leste da cidade.\" \/>\n<meta name=\"robots\" content=\"index, follow, max-snippet:-1, max-image-preview:large, max-video-preview:-1\" \/>\n<link rel=\"canonical\" href=\"https:\/\/www.manaus.am.gov.br\/semcom\/pautas\/operacao-cavalodeaco-immu\/\" \/>\n<meta property=\"og:locale\" content=\"pt_BR\" \/>\n<meta property=\"og:type\" content=\"article\" \/>\n<meta property=\"og:title\" content=\"Opera\u00e7\u00e3o \u2018Cavalo de A\u00e7o\u2019 fiscaliza motocicletas na zona Leste de Manaus\" \/>\n<meta property=\"og:description\" content=\"A Prefeitura de Manaus, via Instituto Municipal de Mobilidade de Mobilidade Urbana (IMMU), realiza a opera\u00e7\u00e3o \u201cCavalo de A\u00e7o\u201d, a partir das 9h30 desta quarta-feira, 5\/2, na avenida Cosme Ferreira, bairro Coroado, zona Leste da cidade.\" \/>\n<meta property=\"og:url\" content=\"https:\/\/www.manaus.am.gov.br\/semcom\/pautas\/operacao-cavalodeaco-immu\/\" \/>\n<meta property=\"og:site_name\" content=\"SEMCOM\" \/>\n<meta property=\"article:modified_time\" content=\"2025-02-04T18:41:20+00:00\" \/>\n<meta property=\"og:image\" content=\"https:\/\/www.manaus.am.gov.br\/semcom\/wp-content\/uploads\/sites\/5\/2023\/02\/sugestaodepauta.png\" \/>\n\t<meta property=\"og:image:width\" content=\"1020\" \/>\n\t<meta property=\"og:image:height\" content=\"540\" \/>\n\t<meta property=\"og:image:type\" content=\"image\/png\" \/>\n<meta name=\"twitter:card\" content=\"summary_large_image\" \/>\n<meta name=\"twitter:label1\" content=\"Est. reading time\" \/>\n\t<meta name=\"twitter:data1\" content=\"1 minuto\" \/>\n<script type=\"application\/ld+json\" class=\"yoast-schema-graph\">{\"@context\":\"https:\/\/schema.org\",\"@graph\":[{\"@type\":\"WebPage\",\"@id\":\"https:\/\/www.manaus.am.gov.br\/semcom\/pautas\/operacao-cavalodeaco-immu\/\",\"url\":\"https:\/\/www.manaus.am.gov.br\/semcom\/pautas\/operacao-cavalodeaco-immu\/\",\"name\":\"Opera\u00e7\u00e3o \u2018Cavalo de A\u00e7o\u2019 fiscaliza motocicletas na zona Leste de Manaus\",\"isPartOf\":{\"@id\":\"https:\/\/www.manaus.am.gov.br\/semcom\/#website\"},\"primaryImageOfPage\":{\"@id\":\"https:\/\/www.manaus.am.gov.br\/semcom\/pautas\/operacao-cavalodeaco-immu\/#primaryimage\"},\"image\":{\"@id\":\"https:\/\/www.manaus.am.gov.br\/semcom\/pautas\/operacao-cavalodeaco-immu\/#primaryimage\"},\"thumbnailUrl\":\"https:\/\/www.manaus.am.gov.br\/semcom\/wp-content\/uploads\/sites\/5\/2023\/02\/sugestaodepauta.png\",\"datePublished\":\"2025-02-05T10:00:00+00:00\",\"dateModified\":\"2025-02-04T18:41:20+00:00\",\"description\":\"A Prefeitura de Manaus, via Instituto Municipal de Mobilidade de Mobilidade Urbana (IMMU), realiza a opera\u00e7\u00e3o \u201cCavalo de A\u00e7o\u201d, a partir das 9h30 desta quarta-feira, 5\/2, na avenida Cosme Ferreira, bairro Coroado, zona Leste da cidade.\",\"inLanguage\":\"pt-BR\",\"potentialAction\":[{\"@type\":\"ReadAction\",\"target\":[\"https:\/\/www.manaus.am.gov.br\/semcom\/pautas\/operacao-cavalodeaco-immu\/\"]}]},{\"@type\":\"ImageObject\",\"inLanguage\":\"pt-BR\",\"@id\":\"https:\/\/www.manaus.am.gov.br\/semcom\/pautas\/operacao-cavalodeaco-immu\/#primaryimage\",\"url\":\"https:\/\/www.manaus.am.gov.br\/semcom\/wp-content\/uploads\/sites\/5\/2023\/02\/sugestaodepauta.png\",\"contentUrl\":\"https:\/\/www.manaus.am.gov.br\/semcom\/wp-content\/uploads\/sites\/5\/2023\/02\/sugestaodepauta.png\",\"width\":1020,\"height\":540},{\"@type\":\"WebSite\",\"@id\":\"https:\/\/www.manaus.am.gov.br\/semcom\/#website\",\"url\":\"https:\/\/www.manaus.am.gov.br\/semcom\/\",\"name\":\"SEMCOM\",\"description\":\"Secretaria Municipal de Comunica\u00e7\u00e3o\",\"potentialAction\":[{\"@type\":\"SearchAction\",\"target\":{\"@type\":\"EntryPoint\",\"urlTemplate\":\"https:\/\/www.manaus.am.gov.br\/semcom\/?s={search_term_string}\"},\"query-input\":\"required name=search_term_string\"}],\"inLanguage\":\"pt-BR\"}]}<\/script>\n<!-- \/ Yoast SEO plugin. -->","yoast_head_json":{"title":"Opera\u00e7\u00e3o \u2018Cavalo de A\u00e7o\u2019 fiscaliza motocicletas na zona Leste de Manaus","description":"A Prefeitura de Manaus, via Instituto Municipal de Mobilidade de Mobilidade Urbana (IMMU), realiza a opera\u00e7\u00e3o \u201cCavalo de A\u00e7o\u201d, a partir das 9h30 desta quarta-feira, 5\/2, na avenida Cosme Ferreira, bairro Coroado, zona Leste da cidade.","robots":{"index":"index","follow":"follow","max-snippet":"max-snippet:-1","max-image-preview":"max-image-preview:large","max-video-preview":"max-video-preview:-1"},"canonical":"https:\/\/www.manaus.am.gov.br\/semcom\/pautas\/operacao-cavalodeaco-immu\/","og_locale":"pt_BR","og_type":"article","og_title":"Opera\u00e7\u00e3o \u2018Cavalo de A\u00e7o\u2019 fiscaliza motocicletas na zona Leste de Manaus","og_description":"A Prefeitura de Manaus, via Instituto Municipal de Mobilidade de Mobilidade Urbana (IMMU), realiza a opera\u00e7\u00e3o \u201cCavalo de A\u00e7o\u201d, a partir das 9h30 desta quarta-feira, 5\/2, na avenida Cosme Ferreira, bairro Coroado, zona Leste da cidade.","og_url":"https:\/\/www.manaus.am.gov.br\/semcom\/pautas\/operacao-cavalodeaco-immu\/","og_site_name":"SEMCOM","article_modified_time":"2025-02-04T18:41:20+00:00","og_image":[{"width":1020,"height":540,"url":"https:\/\/www.manaus.am.gov.br\/semcom\/wp-content\/uploads\/sites\/5\/2023\/02\/sugestaodepauta.png","type":"image\/png"}],"twitter_card":"summary_large_image","twitter_misc":{"Est. reading time":"1 minuto"},"schema":{"@context":"https:\/\/schema.org","@graph":[{"@type":"WebPage","@id":"https:\/\/www.manaus.am.gov.br\/semcom\/pautas\/operacao-cavalodeaco-immu\/","url":"https:\/\/www.manaus.am.gov.br\/semcom\/pautas\/operacao-cavalodeaco-immu\/","name":"Opera\u00e7\u00e3o \u2018Cavalo de A\u00e7o\u2019 fiscaliza motocicletas na zona Leste de Manaus","isPartOf":{"@id":"https:\/\/www.manaus.am.gov.br\/semcom\/#website"},"primaryImageOfPage":{"@id":"https:\/\/www.manaus.am.gov.br\/semcom\/pautas\/operacao-cavalodeaco-immu\/#primaryimage"},"image":{"@id":"https:\/\/www.manaus.am.gov.br\/semcom\/pautas\/operacao-cavalodeaco-immu\/#primaryimage"},"thumbnailUrl":"https:\/\/www.manaus.am.gov.br\/semcom\/wp-content\/uploads\/sites\/5\/2023\/02\/sugestaodepauta.png","datePublished":"2025-02-05T10:00:00+00:00","dateModified":"2025-02-04T18:41:20+00:00","description":"A Prefeitura de Manaus, via Instituto Municipal de Mobilidade de Mobilidade Urbana (IMMU), realiza a opera\u00e7\u00e3o \u201cCavalo de A\u00e7o\u201d, a partir das 9h30 desta quarta-feira, 5\/2, na avenida Cosme Ferreira, bairro Coroado, zona Leste da cidade.","inLanguage":"pt-BR","potentialAction":[{"@type":"ReadAction","target":["https:\/\/www.manaus.am.gov.br\/semcom\/pautas\/operacao-cavalodeaco-immu\/"]}]},{"@type":"ImageObject","inLanguage":"pt-BR","@id":"https:\/\/www.manaus.am.gov.br\/semcom\/pautas\/operacao-cavalodeaco-immu\/#primaryimage","url":"https:\/\/www.manaus.am.gov.br\/semcom\/wp-content\/uploads\/sites\/5\/2023\/02\/sugestaodepauta.png","contentUrl":"https:\/\/www.manaus.am.gov.br\/semcom\/wp-content\/uploads\/sites\/5\/2023\/02\/sugestaodepauta.png","width":1020,"height":540},{"@type":"WebSite","@id":"https:\/\/www.manaus.am.gov.br\/semcom\/#website","url":"https:\/\/www.manaus.am.gov.br\/semcom\/","name":"SEMCOM","description":"Secretaria Municipal de Comunica\u00e7\u00e3o","potentialAction":[{"@type":"SearchAction","target":{"@type":"EntryPoint","urlTemplate":"https:\/\/www.manaus.am.gov.br\/semcom\/?s={search_term_string}"},"query-input":"required name=search_term_string"}],"inLanguage":"pt-BR"}]}},"_links":{"self":[{"href":"https:\/\/www.manaus.am.gov.br\/semcom\/wp-json\/wp\/v2\/pautas\/234481"}],"collection":[{"href":"https:\/\/www.manaus.am.gov.br\/semcom\/wp-json\/wp\/v2\/pautas"}],"about":[{"href":"https:\/\/www.manaus.am.gov.br\/semcom\/wp-json\/wp\/v2\/types\/pautas"}],"wp:featuredmedia":[{"embeddable":true,"href":"https:\/\/www.manaus.am.gov.br\/semcom\/wp-json\/wp\/v2\/media\/208729"}],"wp:attachment":[{"href":"https:\/\/www.manaus.am.gov.br\/semcom\/wp-json\/wp\/v2\/media?parent=234481"}],"wp:term":[{"taxonomy":"category","embeddable":true,"href":"https:\/\/www.manaus.am.gov.br\/semcom\/wp-json\/wp\/v2\/categories?post=234481"}],"curies":[{"name":"wp","href":"https:\/\/api.w.org\/{rel}","templated":true}]}}