{"id":232957,"date":"2024-12-13T12:02:04","date_gmt":"2024-12-13T15:02:04","guid":{"rendered":"https:\/\/www.manaus.am.gov.br\/semcom\/?post_type=pautas&#038;p=232957"},"modified":"2024-12-16T22:39:03","modified_gmt":"2024-12-17T01:39:03","slug":"prefeitura-encerramento-agendaunicef","status":"publish","type":"pautas","link":"https:\/\/www.manaus.am.gov.br\/semcom\/pautas\/prefeitura-encerramento-agendaunicef\/","title":{"rendered":"Prefeitura e Unicef realizam cerim\u00f4nia de encerramento da primeira edi\u00e7\u00e3o da #AgendaCidadeUnicef"},"content":{"rendered":"\n<p>A Prefeitura de Manaus, por meio da Secretaria Municipal da Mulher, Assist\u00eancia Social e Cidadania (Semasc), e o Fundo das Na\u00e7\u00f5es Unidas para a Inf\u00e2ncia (Unicef) realizam, na ter\u00e7a-feira, 17\/12, a cerim\u00f4nia de encerramento das atividades da primeira edi\u00e7\u00e3o da #AgendaCidadeUnicef &#8211; Manaus.&nbsp;&nbsp;<\/p>\n\n\n\n<p>A solenidade ter\u00e1 in\u00edcio \u00e0s 9h, no sal\u00e3o nobre do Pal\u00e1cio Rio Negro, Centro, e celebrar\u00e1 os avan\u00e7os conquistados ao longo de dois anos de trabalho executado por institui\u00e7\u00f5es do poder p\u00fablico e Organiza\u00e7\u00f5es da Sociedade Civil (OSCs), acompanhados de perto pelo Unicef, nas \u00e1reas de assist\u00eancia social, educa\u00e7\u00e3o, sa\u00fade, documenta\u00e7\u00e3o b\u00e1sica, seguran\u00e7a alimentar e empregabilidade.&nbsp;<\/p>\n\n\n\n<p>Firmada em 2022, a agenda teve como objetivo unir for\u00e7as, nas esferas municipais e estaduais, para promover avan\u00e7os urgentes e necess\u00e1rios no enfrentamento \u00e0s in\u00fameras viola\u00e7\u00f5es de direitos de crian\u00e7as e adolescentes em territ\u00f3rios espec\u00edficos de oito cidades brasileiras. Em Manaus, o territ\u00f3rio trabalhado foi o bairro Col\u00f4nia Ant\u00f4nio Aleixo, na zona Leste.<\/p>\n\n\n\n<p>\u2013 \u2013 \u2013&nbsp;<\/p>\n\n\n\n<p><strong>SERVI\u00c7O:<\/strong><\/p>\n\n\n\n<p><strong>O qu\u00ea<\/strong> &#8211;&nbsp;Cerim\u00f4nia de encerramento da primeira edi\u00e7\u00e3o da #AgendaCidadeUnicef<\/p>\n\n\n\n<p><strong>Quando <\/strong>\u2013&nbsp;Ter\u00e7a-feira,&nbsp;17\/12<\/p>\n\n\n\n<p><strong>Hor\u00e1rio<\/strong> &#8211;&nbsp;9h<\/p>\n\n\n\n<p><strong>Local<\/strong> &#8211;&nbsp;Sal\u00e3o nobre do Pal\u00e1cio Rio Negro, avenida Sete de Setembro, 1.546, Centro.&nbsp;<\/p>\n\n\n\n<p>\u2013 \u2013 \u2013&nbsp;<\/p>\n\n\n\n<p><\/p>\n","protected":false},"featured_media":208729,"template":"","categories":[802],"acf":[],"yoast_head":"<!-- This site is optimized with the Yoast SEO plugin v23.0 - https:\/\/yoast.com\/wordpress\/plugins\/seo\/ -->\n<title>Prefeitura e Unicef realizam cerim\u00f4nia de encerramento da primeira edi\u00e7\u00e3o da #AgendaCidadeUnicef<\/title>\n<meta name=\"description\" content=\"A Prefeitura de Manaus, por meio da Secretaria Municipal da Mulher, Assist\u00eancia Social e Cidadania (Semasc), e o Fundo das Na\u00e7\u00f5es Unidas para a Inf\u00e2ncia (Unicef) realizam, na ter\u00e7a-feira, 17\/12, a cerim\u00f4nia de encerramento das atividades da primeira edi\u00e7\u00e3o da #AgendaCidadeUnicef - Manaus.\" \/>\n<meta name=\"robots\" content=\"index, follow, max-snippet:-1, max-image-preview:large, max-video-preview:-1\" \/>\n<link rel=\"canonical\" href=\"https:\/\/www.manaus.am.gov.br\/semcom\/pautas\/prefeitura-encerramento-agendaunicef\/\" \/>\n<meta property=\"og:locale\" content=\"pt_BR\" \/>\n<meta property=\"og:type\" content=\"article\" \/>\n<meta property=\"og:title\" content=\"Prefeitura e Unicef realizam cerim\u00f4nia de encerramento da primeira edi\u00e7\u00e3o da #AgendaCidadeUnicef\" \/>\n<meta property=\"og:description\" content=\"A Prefeitura de Manaus, por meio da Secretaria Municipal da Mulher, Assist\u00eancia Social e Cidadania (Semasc), e o Fundo das Na\u00e7\u00f5es Unidas para a Inf\u00e2ncia (Unicef) realizam, na ter\u00e7a-feira, 17\/12, a cerim\u00f4nia de encerramento das atividades da primeira edi\u00e7\u00e3o da #AgendaCidadeUnicef - Manaus.\" \/>\n<meta property=\"og:url\" content=\"https:\/\/www.manaus.am.gov.br\/semcom\/pautas\/prefeitura-encerramento-agendaunicef\/\" \/>\n<meta property=\"og:site_name\" content=\"SEMCOM\" \/>\n<meta property=\"article:modified_time\" content=\"2024-12-17T01:39:03+00:00\" \/>\n<meta property=\"og:image\" content=\"https:\/\/www.manaus.am.gov.br\/semcom\/wp-content\/uploads\/sites\/5\/2023\/02\/sugestaodepauta.png\" \/>\n\t<meta property=\"og:image:width\" content=\"1020\" \/>\n\t<meta property=\"og:image:height\" content=\"540\" \/>\n\t<meta property=\"og:image:type\" content=\"image\/png\" \/>\n<meta name=\"twitter:card\" content=\"summary_large_image\" \/>\n<meta name=\"twitter:label1\" content=\"Est. reading time\" \/>\n\t<meta name=\"twitter:data1\" content=\"2 minutos\" \/>\n<script type=\"application\/ld+json\" class=\"yoast-schema-graph\">{\"@context\":\"https:\/\/schema.org\",\"@graph\":[{\"@type\":\"WebPage\",\"@id\":\"https:\/\/www.manaus.am.gov.br\/semcom\/pautas\/prefeitura-encerramento-agendaunicef\/\",\"url\":\"https:\/\/www.manaus.am.gov.br\/semcom\/pautas\/prefeitura-encerramento-agendaunicef\/\",\"name\":\"Prefeitura e Unicef realizam cerim\u00f4nia de encerramento da primeira edi\u00e7\u00e3o da #AgendaCidadeUnicef\",\"isPartOf\":{\"@id\":\"https:\/\/www.manaus.am.gov.br\/semcom\/#website\"},\"primaryImageOfPage\":{\"@id\":\"https:\/\/www.manaus.am.gov.br\/semcom\/pautas\/prefeitura-encerramento-agendaunicef\/#primaryimage\"},\"image\":{\"@id\":\"https:\/\/www.manaus.am.gov.br\/semcom\/pautas\/prefeitura-encerramento-agendaunicef\/#primaryimage\"},\"thumbnailUrl\":\"https:\/\/www.manaus.am.gov.br\/semcom\/wp-content\/uploads\/sites\/5\/2023\/02\/sugestaodepauta.png\",\"datePublished\":\"2024-12-13T15:02:04+00:00\",\"dateModified\":\"2024-12-17T01:39:03+00:00\",\"description\":\"A Prefeitura de Manaus, por meio da Secretaria Municipal da Mulher, Assist\u00eancia Social e Cidadania (Semasc), e o Fundo das Na\u00e7\u00f5es Unidas para a Inf\u00e2ncia (Unicef) realizam, na ter\u00e7a-feira, 17\/12, a cerim\u00f4nia de encerramento das atividades da primeira edi\u00e7\u00e3o da #AgendaCidadeUnicef - Manaus.\",\"inLanguage\":\"pt-BR\",\"potentialAction\":[{\"@type\":\"ReadAction\",\"target\":[\"https:\/\/www.manaus.am.gov.br\/semcom\/pautas\/prefeitura-encerramento-agendaunicef\/\"]}]},{\"@type\":\"ImageObject\",\"inLanguage\":\"pt-BR\",\"@id\":\"https:\/\/www.manaus.am.gov.br\/semcom\/pautas\/prefeitura-encerramento-agendaunicef\/#primaryimage\",\"url\":\"https:\/\/www.manaus.am.gov.br\/semcom\/wp-content\/uploads\/sites\/5\/2023\/02\/sugestaodepauta.png\",\"contentUrl\":\"https:\/\/www.manaus.am.gov.br\/semcom\/wp-content\/uploads\/sites\/5\/2023\/02\/sugestaodepauta.png\",\"width\":1020,\"height\":540},{\"@type\":\"WebSite\",\"@id\":\"https:\/\/www.manaus.am.gov.br\/semcom\/#website\",\"url\":\"https:\/\/www.manaus.am.gov.br\/semcom\/\",\"name\":\"SEMCOM\",\"description\":\"Secretaria Municipal de Comunica\u00e7\u00e3o\",\"potentialAction\":[{\"@type\":\"SearchAction\",\"target\":{\"@type\":\"EntryPoint\",\"urlTemplate\":\"https:\/\/www.manaus.am.gov.br\/semcom\/?s={search_term_string}\"},\"query-input\":\"required name=search_term_string\"}],\"inLanguage\":\"pt-BR\"}]}<\/script>\n<!-- \/ Yoast SEO plugin. -->","yoast_head_json":{"title":"Prefeitura e Unicef realizam cerim\u00f4nia de encerramento da primeira edi\u00e7\u00e3o da #AgendaCidadeUnicef","description":"A Prefeitura de Manaus, por meio da Secretaria Municipal da Mulher, Assist\u00eancia Social e Cidadania (Semasc), e o Fundo das Na\u00e7\u00f5es Unidas para a Inf\u00e2ncia (Unicef) realizam, na ter\u00e7a-feira, 17\/12, a cerim\u00f4nia de encerramento das atividades da primeira edi\u00e7\u00e3o da #AgendaCidadeUnicef - Manaus.","robots":{"index":"index","follow":"follow","max-snippet":"max-snippet:-1","max-image-preview":"max-image-preview:large","max-video-preview":"max-video-preview:-1"},"canonical":"https:\/\/www.manaus.am.gov.br\/semcom\/pautas\/prefeitura-encerramento-agendaunicef\/","og_locale":"pt_BR","og_type":"article","og_title":"Prefeitura e Unicef realizam cerim\u00f4nia de encerramento da primeira edi\u00e7\u00e3o da #AgendaCidadeUnicef","og_description":"A Prefeitura de Manaus, por meio da Secretaria Municipal da Mulher, Assist\u00eancia Social e Cidadania (Semasc), e o Fundo das Na\u00e7\u00f5es Unidas para a Inf\u00e2ncia (Unicef) realizam, na ter\u00e7a-feira, 17\/12, a cerim\u00f4nia de encerramento das atividades da primeira edi\u00e7\u00e3o da #AgendaCidadeUnicef - Manaus.","og_url":"https:\/\/www.manaus.am.gov.br\/semcom\/pautas\/prefeitura-encerramento-agendaunicef\/","og_site_name":"SEMCOM","article_modified_time":"2024-12-17T01:39:03+00:00","og_image":[{"width":1020,"height":540,"url":"https:\/\/www.manaus.am.gov.br\/semcom\/wp-content\/uploads\/sites\/5\/2023\/02\/sugestaodepauta.png","type":"image\/png"}],"twitter_card":"summary_large_image","twitter_misc":{"Est. reading time":"2 minutos"},"schema":{"@context":"https:\/\/schema.org","@graph":[{"@type":"WebPage","@id":"https:\/\/www.manaus.am.gov.br\/semcom\/pautas\/prefeitura-encerramento-agendaunicef\/","url":"https:\/\/www.manaus.am.gov.br\/semcom\/pautas\/prefeitura-encerramento-agendaunicef\/","name":"Prefeitura e Unicef realizam cerim\u00f4nia de encerramento da primeira edi\u00e7\u00e3o da #AgendaCidadeUnicef","isPartOf":{"@id":"https:\/\/www.manaus.am.gov.br\/semcom\/#website"},"primaryImageOfPage":{"@id":"https:\/\/www.manaus.am.gov.br\/semcom\/pautas\/prefeitura-encerramento-agendaunicef\/#primaryimage"},"image":{"@id":"https:\/\/www.manaus.am.gov.br\/semcom\/pautas\/prefeitura-encerramento-agendaunicef\/#primaryimage"},"thumbnailUrl":"https:\/\/www.manaus.am.gov.br\/semcom\/wp-content\/uploads\/sites\/5\/2023\/02\/sugestaodepauta.png","datePublished":"2024-12-13T15:02:04+00:00","dateModified":"2024-12-17T01:39:03+00:00","description":"A Prefeitura de Manaus, por meio da Secretaria Municipal da Mulher, Assist\u00eancia Social e Cidadania (Semasc), e o Fundo das Na\u00e7\u00f5es Unidas para a Inf\u00e2ncia (Unicef) realizam, na ter\u00e7a-feira, 17\/12, a cerim\u00f4nia de encerramento das atividades da primeira edi\u00e7\u00e3o da #AgendaCidadeUnicef - Manaus.","inLanguage":"pt-BR","potentialAction":[{"@type":"ReadAction","target":["https:\/\/www.manaus.am.gov.br\/semcom\/pautas\/prefeitura-encerramento-agendaunicef\/"]}]},{"@type":"ImageObject","inLanguage":"pt-BR","@id":"https:\/\/www.manaus.am.gov.br\/semcom\/pautas\/prefeitura-encerramento-agendaunicef\/#primaryimage","url":"https:\/\/www.manaus.am.gov.br\/semcom\/wp-content\/uploads\/sites\/5\/2023\/02\/sugestaodepauta.png","contentUrl":"https:\/\/www.manaus.am.gov.br\/semcom\/wp-content\/uploads\/sites\/5\/2023\/02\/sugestaodepauta.png","width":1020,"height":540},{"@type":"WebSite","@id":"https:\/\/www.manaus.am.gov.br\/semcom\/#website","url":"https:\/\/www.manaus.am.gov.br\/semcom\/","name":"SEMCOM","description":"Secretaria Municipal de Comunica\u00e7\u00e3o","potentialAction":[{"@type":"SearchAction","target":{"@type":"EntryPoint","urlTemplate":"https:\/\/www.manaus.am.gov.br\/semcom\/?s={search_term_string}"},"query-input":"required name=search_term_string"}],"inLanguage":"pt-BR"}]}},"_links":{"self":[{"href":"https:\/\/www.manaus.am.gov.br\/semcom\/wp-json\/wp\/v2\/pautas\/232957"}],"collection":[{"href":"https:\/\/www.manaus.am.gov.br\/semcom\/wp-json\/wp\/v2\/pautas"}],"about":[{"href":"https:\/\/www.manaus.am.gov.br\/semcom\/wp-json\/wp\/v2\/types\/pautas"}],"wp:featuredmedia":[{"embeddable":true,"href":"https:\/\/www.manaus.am.gov.br\/semcom\/wp-json\/wp\/v2\/media\/208729"}],"wp:attachment":[{"href":"https:\/\/www.manaus.am.gov.br\/semcom\/wp-json\/wp\/v2\/media?parent=232957"}],"wp:term":[{"taxonomy":"category","embeddable":true,"href":"https:\/\/www.manaus.am.gov.br\/semcom\/wp-json\/wp\/v2\/categories?post=232957"}],"curies":[{"name":"wp","href":"https:\/\/api.w.org\/{rel}","templated":true}]}}