{"id":232878,"date":"2024-12-11T18:49:13","date_gmt":"2024-12-11T21:49:13","guid":{"rendered":"https:\/\/www.manaus.am.gov.br\/semcom\/?post_type=pautas&#038;p=232878"},"modified":"2024-12-11T18:49:14","modified_gmt":"2024-12-11T21:49:14","slug":"mobilizacao-saude-manaus","status":"publish","type":"pautas","link":"https:\/\/www.manaus.am.gov.br\/semcom\/pautas\/mobilizacao-saude-manaus\/","title":{"rendered":"Prefeitura de Manaus promove mobiliza\u00e7\u00e3o contra o Aedes aegypti"},"content":{"rendered":"\n<p>A Prefeitura de Manaus promove, na manh\u00e3 desta quinta-feira, 12\/12, na Igreja Santa Teresinha, zona Oeste, uma mobiliza\u00e7\u00e3o contra as arboviroses. A programa\u00e7\u00e3o, organizada pela Secretaria Municipal de Sa\u00fade (Semsa), marca a Semana de Combate ao Aedes aegypti e visa sensibilizar a popula\u00e7\u00e3o para a\u00e7\u00f5es de preven\u00e7\u00e3o, al\u00e9m de fortalecer o trabalho de controle do mosquito transmissor da dengue, zika e Chikungunya.<\/p>\n\n\n\n<p>Durante a a\u00e7\u00e3o, haver\u00e1 distribui\u00e7\u00e3o de material informativo para refor\u00e7ar as medidas de preven\u00e7\u00e3o, especialmente no per\u00edodo de chuvas, quando aumenta o risco de prolifera\u00e7\u00e3o do Aedes aegypti.<\/p>\n\n\n\n<p>As equipes da Semsa tamb\u00e9m v\u00e3o organizar uma exposi\u00e7\u00e3o do ciclo biol\u00f3gico do mosquito, maquetes com poss\u00edveis cen\u00e1rios mostrando criadouros predominantes do Aedes no munic\u00edpio de Manaus e um stand com exposi\u00e7\u00e3o de equipamentos utilizados no combate ao mosquito.<\/p>\n\n\n\n<p>Estar\u00e1 presente para conceder informa\u00e7\u00f5es e entrevistas, o chefe da Divis\u00e3o de Controle de Doen\u00e7as Transmitidas por Vetores, Alciles Comape.<\/p>\n\n\n\n<p><strong>SERVI\u00c7O:<\/strong><\/p>\n\n\n\n<p><strong>O qu\u00ea &#8211;<\/strong> Mobiliza\u00e7\u00e3o contra o Aedes aegypti<br><strong>Quando &#8211; <\/strong>Quinta-feira, 12\/12<br><strong>Hor\u00e1rio &#8211;<\/strong> 8h30<br><strong>Local &#8211;<\/strong> Igreja Santa Teresinha, rua Crici\u00fama, 155b, bairro Alvorada 2, zona Oeste<\/p>\n","protected":false},"featured_media":208729,"template":"","categories":[42],"acf":[],"yoast_head":"<!-- This site is optimized with the Yoast SEO plugin v23.0 - https:\/\/yoast.com\/wordpress\/plugins\/seo\/ -->\n<title>Prefeitura de Manaus promove mobiliza\u00e7\u00e3o contra o Aedes aegypti<\/title>\n<meta name=\"description\" content=\"A Prefeitura promove, na manh\u00e3 desta quinta-feira, 12\/12, na Igreja Santa Teresinha, zona Oeste, uma mobiliza\u00e7\u00e3o contra as arboviroses.\" \/>\n<meta name=\"robots\" content=\"index, follow, max-snippet:-1, max-image-preview:large, max-video-preview:-1\" \/>\n<link rel=\"canonical\" href=\"https:\/\/www.manaus.am.gov.br\/semcom\/pautas\/mobilizacao-saude-manaus\/\" \/>\n<meta property=\"og:locale\" content=\"pt_BR\" \/>\n<meta property=\"og:type\" content=\"article\" \/>\n<meta property=\"og:title\" content=\"Prefeitura de Manaus promove mobiliza\u00e7\u00e3o contra o Aedes aegypti\" \/>\n<meta property=\"og:description\" content=\"A Prefeitura promove, na manh\u00e3 desta quinta-feira, 12\/12, na Igreja Santa Teresinha, zona Oeste, uma mobiliza\u00e7\u00e3o contra as arboviroses.\" \/>\n<meta property=\"og:url\" content=\"https:\/\/www.manaus.am.gov.br\/semcom\/pautas\/mobilizacao-saude-manaus\/\" \/>\n<meta property=\"og:site_name\" content=\"SEMCOM\" \/>\n<meta property=\"article:modified_time\" content=\"2024-12-11T21:49:14+00:00\" \/>\n<meta property=\"og:image\" content=\"https:\/\/www.manaus.am.gov.br\/semcom\/wp-content\/uploads\/sites\/5\/2023\/02\/sugestaodepauta.png\" \/>\n\t<meta property=\"og:image:width\" content=\"1020\" \/>\n\t<meta property=\"og:image:height\" content=\"540\" \/>\n\t<meta property=\"og:image:type\" content=\"image\/png\" \/>\n<meta name=\"twitter:card\" content=\"summary_large_image\" \/>\n<meta name=\"twitter:label1\" content=\"Est. reading time\" \/>\n\t<meta name=\"twitter:data1\" content=\"2 minutos\" \/>\n<script type=\"application\/ld+json\" class=\"yoast-schema-graph\">{\"@context\":\"https:\/\/schema.org\",\"@graph\":[{\"@type\":\"WebPage\",\"@id\":\"https:\/\/www.manaus.am.gov.br\/semcom\/pautas\/mobilizacao-saude-manaus\/\",\"url\":\"https:\/\/www.manaus.am.gov.br\/semcom\/pautas\/mobilizacao-saude-manaus\/\",\"name\":\"Prefeitura de Manaus promove mobiliza\u00e7\u00e3o contra o Aedes aegypti\",\"isPartOf\":{\"@id\":\"https:\/\/www.manaus.am.gov.br\/semcom\/#website\"},\"primaryImageOfPage\":{\"@id\":\"https:\/\/www.manaus.am.gov.br\/semcom\/pautas\/mobilizacao-saude-manaus\/#primaryimage\"},\"image\":{\"@id\":\"https:\/\/www.manaus.am.gov.br\/semcom\/pautas\/mobilizacao-saude-manaus\/#primaryimage\"},\"thumbnailUrl\":\"https:\/\/www.manaus.am.gov.br\/semcom\/wp-content\/uploads\/sites\/5\/2023\/02\/sugestaodepauta.png\",\"datePublished\":\"2024-12-11T21:49:13+00:00\",\"dateModified\":\"2024-12-11T21:49:14+00:00\",\"description\":\"A Prefeitura promove, na manh\u00e3 desta quinta-feira, 12\/12, na Igreja Santa Teresinha, zona Oeste, uma mobiliza\u00e7\u00e3o contra as arboviroses.\",\"inLanguage\":\"pt-BR\",\"potentialAction\":[{\"@type\":\"ReadAction\",\"target\":[\"https:\/\/www.manaus.am.gov.br\/semcom\/pautas\/mobilizacao-saude-manaus\/\"]}]},{\"@type\":\"ImageObject\",\"inLanguage\":\"pt-BR\",\"@id\":\"https:\/\/www.manaus.am.gov.br\/semcom\/pautas\/mobilizacao-saude-manaus\/#primaryimage\",\"url\":\"https:\/\/www.manaus.am.gov.br\/semcom\/wp-content\/uploads\/sites\/5\/2023\/02\/sugestaodepauta.png\",\"contentUrl\":\"https:\/\/www.manaus.am.gov.br\/semcom\/wp-content\/uploads\/sites\/5\/2023\/02\/sugestaodepauta.png\",\"width\":1020,\"height\":540},{\"@type\":\"WebSite\",\"@id\":\"https:\/\/www.manaus.am.gov.br\/semcom\/#website\",\"url\":\"https:\/\/www.manaus.am.gov.br\/semcom\/\",\"name\":\"SEMCOM\",\"description\":\"Secretaria Municipal de Comunica\u00e7\u00e3o\",\"potentialAction\":[{\"@type\":\"SearchAction\",\"target\":{\"@type\":\"EntryPoint\",\"urlTemplate\":\"https:\/\/www.manaus.am.gov.br\/semcom\/?s={search_term_string}\"},\"query-input\":\"required name=search_term_string\"}],\"inLanguage\":\"pt-BR\"}]}<\/script>\n<!-- \/ Yoast SEO plugin. -->","yoast_head_json":{"title":"Prefeitura de Manaus promove mobiliza\u00e7\u00e3o contra o Aedes aegypti","description":"A Prefeitura promove, na manh\u00e3 desta quinta-feira, 12\/12, na Igreja Santa Teresinha, zona Oeste, uma mobiliza\u00e7\u00e3o contra as arboviroses.","robots":{"index":"index","follow":"follow","max-snippet":"max-snippet:-1","max-image-preview":"max-image-preview:large","max-video-preview":"max-video-preview:-1"},"canonical":"https:\/\/www.manaus.am.gov.br\/semcom\/pautas\/mobilizacao-saude-manaus\/","og_locale":"pt_BR","og_type":"article","og_title":"Prefeitura de Manaus promove mobiliza\u00e7\u00e3o contra o Aedes aegypti","og_description":"A Prefeitura promove, na manh\u00e3 desta quinta-feira, 12\/12, na Igreja Santa Teresinha, zona Oeste, uma mobiliza\u00e7\u00e3o contra as arboviroses.","og_url":"https:\/\/www.manaus.am.gov.br\/semcom\/pautas\/mobilizacao-saude-manaus\/","og_site_name":"SEMCOM","article_modified_time":"2024-12-11T21:49:14+00:00","og_image":[{"width":1020,"height":540,"url":"https:\/\/www.manaus.am.gov.br\/semcom\/wp-content\/uploads\/sites\/5\/2023\/02\/sugestaodepauta.png","type":"image\/png"}],"twitter_card":"summary_large_image","twitter_misc":{"Est. reading time":"2 minutos"},"schema":{"@context":"https:\/\/schema.org","@graph":[{"@type":"WebPage","@id":"https:\/\/www.manaus.am.gov.br\/semcom\/pautas\/mobilizacao-saude-manaus\/","url":"https:\/\/www.manaus.am.gov.br\/semcom\/pautas\/mobilizacao-saude-manaus\/","name":"Prefeitura de Manaus promove mobiliza\u00e7\u00e3o contra o Aedes aegypti","isPartOf":{"@id":"https:\/\/www.manaus.am.gov.br\/semcom\/#website"},"primaryImageOfPage":{"@id":"https:\/\/www.manaus.am.gov.br\/semcom\/pautas\/mobilizacao-saude-manaus\/#primaryimage"},"image":{"@id":"https:\/\/www.manaus.am.gov.br\/semcom\/pautas\/mobilizacao-saude-manaus\/#primaryimage"},"thumbnailUrl":"https:\/\/www.manaus.am.gov.br\/semcom\/wp-content\/uploads\/sites\/5\/2023\/02\/sugestaodepauta.png","datePublished":"2024-12-11T21:49:13+00:00","dateModified":"2024-12-11T21:49:14+00:00","description":"A Prefeitura promove, na manh\u00e3 desta quinta-feira, 12\/12, na Igreja Santa Teresinha, zona Oeste, uma mobiliza\u00e7\u00e3o contra as arboviroses.","inLanguage":"pt-BR","potentialAction":[{"@type":"ReadAction","target":["https:\/\/www.manaus.am.gov.br\/semcom\/pautas\/mobilizacao-saude-manaus\/"]}]},{"@type":"ImageObject","inLanguage":"pt-BR","@id":"https:\/\/www.manaus.am.gov.br\/semcom\/pautas\/mobilizacao-saude-manaus\/#primaryimage","url":"https:\/\/www.manaus.am.gov.br\/semcom\/wp-content\/uploads\/sites\/5\/2023\/02\/sugestaodepauta.png","contentUrl":"https:\/\/www.manaus.am.gov.br\/semcom\/wp-content\/uploads\/sites\/5\/2023\/02\/sugestaodepauta.png","width":1020,"height":540},{"@type":"WebSite","@id":"https:\/\/www.manaus.am.gov.br\/semcom\/#website","url":"https:\/\/www.manaus.am.gov.br\/semcom\/","name":"SEMCOM","description":"Secretaria Municipal de Comunica\u00e7\u00e3o","potentialAction":[{"@type":"SearchAction","target":{"@type":"EntryPoint","urlTemplate":"https:\/\/www.manaus.am.gov.br\/semcom\/?s={search_term_string}"},"query-input":"required name=search_term_string"}],"inLanguage":"pt-BR"}]}},"_links":{"self":[{"href":"https:\/\/www.manaus.am.gov.br\/semcom\/wp-json\/wp\/v2\/pautas\/232878"}],"collection":[{"href":"https:\/\/www.manaus.am.gov.br\/semcom\/wp-json\/wp\/v2\/pautas"}],"about":[{"href":"https:\/\/www.manaus.am.gov.br\/semcom\/wp-json\/wp\/v2\/types\/pautas"}],"wp:featuredmedia":[{"embeddable":true,"href":"https:\/\/www.manaus.am.gov.br\/semcom\/wp-json\/wp\/v2\/media\/208729"}],"wp:attachment":[{"href":"https:\/\/www.manaus.am.gov.br\/semcom\/wp-json\/wp\/v2\/media?parent=232878"}],"wp:term":[{"taxonomy":"category","embeddable":true,"href":"https:\/\/www.manaus.am.gov.br\/semcom\/wp-json\/wp\/v2\/categories?post=232878"}],"curies":[{"name":"wp","href":"https:\/\/api.w.org\/{rel}","templated":true}]}}