{"id":232835,"date":"2024-12-10T15:27:17","date_gmt":"2024-12-10T18:27:17","guid":{"rendered":"https:\/\/www.manaus.am.gov.br\/semcom\/?post_type=pautas&#038;p=232835"},"modified":"2024-12-10T15:27:18","modified_gmt":"2024-12-10T18:27:18","slug":"prefeitura-leilao-imovel-previdencia","status":"publish","type":"pautas","link":"https:\/\/www.manaus.am.gov.br\/semcom\/pautas\/prefeitura-leilao-imovel-previdencia\/","title":{"rendered":"Prefeitura de Manaus realiza leil\u00e3o de im\u00f3vel no centro da cidade nesta quarta-feira"},"content":{"rendered":"\n<p>A Prefeitura de Manaus, por meio da Secretaria Municipal de Administra\u00e7\u00e3o, Planejamento e Gest\u00e3o (Semad), realiza, nesta quarta-feira, 11\/12, \u00e0s 9h (hor\u00e1rio local), leil\u00e3o para a venda de bem im\u00f3vel, de propriedade da Manaus Previd\u00eancia, localizado na rua Luiz Antony, n\u00ba 115, Centro.<\/p>\n\n\n\n<p>O certame, que ser\u00e1 conduzido pelo leiloeiro p\u00fablico oficial Luiz de Chirico J\u00fanior, acontecer\u00e1 nas modalidades presencial (no hotel Mercure, localizado na avenida M\u00e1rio Ypiranga Monteiro, n\u00ba 1.000, Adrian\u00f3polis), e eletr\u00f4nica (por meio do endere\u00e7o&nbsp;<a href=\"http:\/\/www.leiloesdonorte.com.br\/\" target=\"_blank\" rel=\"noreferrer noopener\">www.leiloesdonorte.com.br<\/a>), de forma simult\u00e2nea.&nbsp;<\/p>\n\n\n\n<p>O pr\u00e9dio possui \u00e1rea constru\u00edda de 560,60 metros quadrados, estando edificado em um terreno de 7,50 metros quadrados de frente por 43 metros de fundos.<\/p>\n\n\n\n<p>O bem ser\u00e1 arrematado pelo maior lance eletr\u00f4nico ou, presencialmente, oferecido, a partir do inicial, estabelecido em R$ 513.492,53.<\/p>\n\n\n\n<p><strong>SERVI\u00c7O:<\/strong><\/p>\n\n\n\n<p><strong>O qu\u00ea\u00a0<\/strong>\u2013 Leil\u00e3o de pr\u00e9dio da Manaus Previd\u00eancia<\/p>\n\n\n\n<p><strong>Quando\u00a0<\/strong>\u2013 Quarta-feira, 11\/12<\/p>\n\n\n\n<p><strong>Hor\u00e1rio<\/strong>\u00a0\u2013 9h<\/p>\n\n\n\n<p><strong>Local<\/strong>\u00a0\u2013 presencial &#8211; Hotel Mercure, avenida M\u00e1rio Ypiranga Monteiro, n\u00ba 1.000, Adrian\u00f3polis.\u00a0<\/p>\n","protected":false},"featured_media":208729,"template":"","categories":[775],"acf":[],"yoast_head":"<!-- This site is optimized with the Yoast SEO plugin v23.0 - https:\/\/yoast.com\/wordpress\/plugins\/seo\/ -->\n<title>Prefeitura de Manaus realiza leil\u00e3o de im\u00f3vel no centro da cidade nesta quarta-feira<\/title>\n<meta name=\"description\" content=\"A Prefeitura de Manaus, por meio da Secretaria Municipal de Administra\u00e7\u00e3o, Planejamento e Gest\u00e3o (Semad), realiza, nesta quarta-feira, 11\/12, \u00e0s 9h (hor\u00e1rio local), leil\u00e3o para a venda de bem im\u00f3vel, de propriedade da Manaus Previd\u00eancia, localizado na rua Luiz Antony, n\u00ba 115, Centro.\" \/>\n<meta name=\"robots\" content=\"index, follow, max-snippet:-1, max-image-preview:large, max-video-preview:-1\" \/>\n<link rel=\"canonical\" href=\"https:\/\/www.manaus.am.gov.br\/semcom\/pautas\/prefeitura-leilao-imovel-previdencia\/\" \/>\n<meta property=\"og:locale\" content=\"pt_BR\" \/>\n<meta property=\"og:type\" content=\"article\" \/>\n<meta property=\"og:title\" content=\"Prefeitura de Manaus realiza leil\u00e3o de im\u00f3vel no centro da cidade nesta quarta-feira\" \/>\n<meta property=\"og:description\" content=\"A Prefeitura de Manaus, por meio da Secretaria Municipal de Administra\u00e7\u00e3o, Planejamento e Gest\u00e3o (Semad), realiza, nesta quarta-feira, 11\/12, \u00e0s 9h (hor\u00e1rio local), leil\u00e3o para a venda de bem im\u00f3vel, de propriedade da Manaus Previd\u00eancia, localizado na rua Luiz Antony, n\u00ba 115, Centro.\" \/>\n<meta property=\"og:url\" content=\"https:\/\/www.manaus.am.gov.br\/semcom\/pautas\/prefeitura-leilao-imovel-previdencia\/\" \/>\n<meta property=\"og:site_name\" content=\"SEMCOM\" \/>\n<meta property=\"article:modified_time\" content=\"2024-12-10T18:27:18+00:00\" \/>\n<meta property=\"og:image\" content=\"https:\/\/www.manaus.am.gov.br\/semcom\/wp-content\/uploads\/sites\/5\/2023\/02\/sugestaodepauta.png\" \/>\n\t<meta property=\"og:image:width\" content=\"1020\" \/>\n\t<meta property=\"og:image:height\" content=\"540\" \/>\n\t<meta property=\"og:image:type\" content=\"image\/png\" \/>\n<meta name=\"twitter:card\" content=\"summary_large_image\" \/>\n<meta name=\"twitter:label1\" content=\"Est. reading time\" \/>\n\t<meta name=\"twitter:data1\" content=\"1 minuto\" \/>\n<script type=\"application\/ld+json\" class=\"yoast-schema-graph\">{\"@context\":\"https:\/\/schema.org\",\"@graph\":[{\"@type\":\"WebPage\",\"@id\":\"https:\/\/www.manaus.am.gov.br\/semcom\/pautas\/prefeitura-leilao-imovel-previdencia\/\",\"url\":\"https:\/\/www.manaus.am.gov.br\/semcom\/pautas\/prefeitura-leilao-imovel-previdencia\/\",\"name\":\"Prefeitura de Manaus realiza leil\u00e3o de im\u00f3vel no centro da cidade nesta quarta-feira\",\"isPartOf\":{\"@id\":\"https:\/\/www.manaus.am.gov.br\/semcom\/#website\"},\"primaryImageOfPage\":{\"@id\":\"https:\/\/www.manaus.am.gov.br\/semcom\/pautas\/prefeitura-leilao-imovel-previdencia\/#primaryimage\"},\"image\":{\"@id\":\"https:\/\/www.manaus.am.gov.br\/semcom\/pautas\/prefeitura-leilao-imovel-previdencia\/#primaryimage\"},\"thumbnailUrl\":\"https:\/\/www.manaus.am.gov.br\/semcom\/wp-content\/uploads\/sites\/5\/2023\/02\/sugestaodepauta.png\",\"datePublished\":\"2024-12-10T18:27:17+00:00\",\"dateModified\":\"2024-12-10T18:27:18+00:00\",\"description\":\"A Prefeitura de Manaus, por meio da Secretaria Municipal de Administra\u00e7\u00e3o, Planejamento e Gest\u00e3o (Semad), realiza, nesta quarta-feira, 11\/12, \u00e0s 9h (hor\u00e1rio local), leil\u00e3o para a venda de bem im\u00f3vel, de propriedade da Manaus Previd\u00eancia, localizado na rua Luiz Antony, n\u00ba 115, Centro.\",\"inLanguage\":\"pt-BR\",\"potentialAction\":[{\"@type\":\"ReadAction\",\"target\":[\"https:\/\/www.manaus.am.gov.br\/semcom\/pautas\/prefeitura-leilao-imovel-previdencia\/\"]}]},{\"@type\":\"ImageObject\",\"inLanguage\":\"pt-BR\",\"@id\":\"https:\/\/www.manaus.am.gov.br\/semcom\/pautas\/prefeitura-leilao-imovel-previdencia\/#primaryimage\",\"url\":\"https:\/\/www.manaus.am.gov.br\/semcom\/wp-content\/uploads\/sites\/5\/2023\/02\/sugestaodepauta.png\",\"contentUrl\":\"https:\/\/www.manaus.am.gov.br\/semcom\/wp-content\/uploads\/sites\/5\/2023\/02\/sugestaodepauta.png\",\"width\":1020,\"height\":540},{\"@type\":\"WebSite\",\"@id\":\"https:\/\/www.manaus.am.gov.br\/semcom\/#website\",\"url\":\"https:\/\/www.manaus.am.gov.br\/semcom\/\",\"name\":\"SEMCOM\",\"description\":\"Secretaria Municipal de Comunica\u00e7\u00e3o\",\"potentialAction\":[{\"@type\":\"SearchAction\",\"target\":{\"@type\":\"EntryPoint\",\"urlTemplate\":\"https:\/\/www.manaus.am.gov.br\/semcom\/?s={search_term_string}\"},\"query-input\":\"required name=search_term_string\"}],\"inLanguage\":\"pt-BR\"}]}<\/script>\n<!-- \/ Yoast SEO plugin. -->","yoast_head_json":{"title":"Prefeitura de Manaus realiza leil\u00e3o de im\u00f3vel no centro da cidade nesta quarta-feira","description":"A Prefeitura de Manaus, por meio da Secretaria Municipal de Administra\u00e7\u00e3o, Planejamento e Gest\u00e3o (Semad), realiza, nesta quarta-feira, 11\/12, \u00e0s 9h (hor\u00e1rio local), leil\u00e3o para a venda de bem im\u00f3vel, de propriedade da Manaus Previd\u00eancia, localizado na rua Luiz Antony, n\u00ba 115, Centro.","robots":{"index":"index","follow":"follow","max-snippet":"max-snippet:-1","max-image-preview":"max-image-preview:large","max-video-preview":"max-video-preview:-1"},"canonical":"https:\/\/www.manaus.am.gov.br\/semcom\/pautas\/prefeitura-leilao-imovel-previdencia\/","og_locale":"pt_BR","og_type":"article","og_title":"Prefeitura de Manaus realiza leil\u00e3o de im\u00f3vel no centro da cidade nesta quarta-feira","og_description":"A Prefeitura de Manaus, por meio da Secretaria Municipal de Administra\u00e7\u00e3o, Planejamento e Gest\u00e3o (Semad), realiza, nesta quarta-feira, 11\/12, \u00e0s 9h (hor\u00e1rio local), leil\u00e3o para a venda de bem im\u00f3vel, de propriedade da Manaus Previd\u00eancia, localizado na rua Luiz Antony, n\u00ba 115, Centro.","og_url":"https:\/\/www.manaus.am.gov.br\/semcom\/pautas\/prefeitura-leilao-imovel-previdencia\/","og_site_name":"SEMCOM","article_modified_time":"2024-12-10T18:27:18+00:00","og_image":[{"width":1020,"height":540,"url":"https:\/\/www.manaus.am.gov.br\/semcom\/wp-content\/uploads\/sites\/5\/2023\/02\/sugestaodepauta.png","type":"image\/png"}],"twitter_card":"summary_large_image","twitter_misc":{"Est. reading time":"1 minuto"},"schema":{"@context":"https:\/\/schema.org","@graph":[{"@type":"WebPage","@id":"https:\/\/www.manaus.am.gov.br\/semcom\/pautas\/prefeitura-leilao-imovel-previdencia\/","url":"https:\/\/www.manaus.am.gov.br\/semcom\/pautas\/prefeitura-leilao-imovel-previdencia\/","name":"Prefeitura de Manaus realiza leil\u00e3o de im\u00f3vel no centro da cidade nesta quarta-feira","isPartOf":{"@id":"https:\/\/www.manaus.am.gov.br\/semcom\/#website"},"primaryImageOfPage":{"@id":"https:\/\/www.manaus.am.gov.br\/semcom\/pautas\/prefeitura-leilao-imovel-previdencia\/#primaryimage"},"image":{"@id":"https:\/\/www.manaus.am.gov.br\/semcom\/pautas\/prefeitura-leilao-imovel-previdencia\/#primaryimage"},"thumbnailUrl":"https:\/\/www.manaus.am.gov.br\/semcom\/wp-content\/uploads\/sites\/5\/2023\/02\/sugestaodepauta.png","datePublished":"2024-12-10T18:27:17+00:00","dateModified":"2024-12-10T18:27:18+00:00","description":"A Prefeitura de Manaus, por meio da Secretaria Municipal de Administra\u00e7\u00e3o, Planejamento e Gest\u00e3o (Semad), realiza, nesta quarta-feira, 11\/12, \u00e0s 9h (hor\u00e1rio local), leil\u00e3o para a venda de bem im\u00f3vel, de propriedade da Manaus Previd\u00eancia, localizado na rua Luiz Antony, n\u00ba 115, Centro.","inLanguage":"pt-BR","potentialAction":[{"@type":"ReadAction","target":["https:\/\/www.manaus.am.gov.br\/semcom\/pautas\/prefeitura-leilao-imovel-previdencia\/"]}]},{"@type":"ImageObject","inLanguage":"pt-BR","@id":"https:\/\/www.manaus.am.gov.br\/semcom\/pautas\/prefeitura-leilao-imovel-previdencia\/#primaryimage","url":"https:\/\/www.manaus.am.gov.br\/semcom\/wp-content\/uploads\/sites\/5\/2023\/02\/sugestaodepauta.png","contentUrl":"https:\/\/www.manaus.am.gov.br\/semcom\/wp-content\/uploads\/sites\/5\/2023\/02\/sugestaodepauta.png","width":1020,"height":540},{"@type":"WebSite","@id":"https:\/\/www.manaus.am.gov.br\/semcom\/#website","url":"https:\/\/www.manaus.am.gov.br\/semcom\/","name":"SEMCOM","description":"Secretaria Municipal de Comunica\u00e7\u00e3o","potentialAction":[{"@type":"SearchAction","target":{"@type":"EntryPoint","urlTemplate":"https:\/\/www.manaus.am.gov.br\/semcom\/?s={search_term_string}"},"query-input":"required name=search_term_string"}],"inLanguage":"pt-BR"}]}},"_links":{"self":[{"href":"https:\/\/www.manaus.am.gov.br\/semcom\/wp-json\/wp\/v2\/pautas\/232835"}],"collection":[{"href":"https:\/\/www.manaus.am.gov.br\/semcom\/wp-json\/wp\/v2\/pautas"}],"about":[{"href":"https:\/\/www.manaus.am.gov.br\/semcom\/wp-json\/wp\/v2\/types\/pautas"}],"wp:featuredmedia":[{"embeddable":true,"href":"https:\/\/www.manaus.am.gov.br\/semcom\/wp-json\/wp\/v2\/media\/208729"}],"wp:attachment":[{"href":"https:\/\/www.manaus.am.gov.br\/semcom\/wp-json\/wp\/v2\/media?parent=232835"}],"wp:term":[{"taxonomy":"category","embeddable":true,"href":"https:\/\/www.manaus.am.gov.br\/semcom\/wp-json\/wp\/v2\/categories?post=232835"}],"curies":[{"name":"wp","href":"https:\/\/api.w.org\/{rel}","templated":true}]}}