{"id":232750,"date":"2024-12-06T20:10:56","date_gmt":"2024-12-06T23:10:56","guid":{"rendered":"https:\/\/www.manaus.am.gov.br\/semcom\/?post_type=pautas&#038;p=232750"},"modified":"2024-12-06T20:10:56","modified_gmt":"2024-12-06T23:10:56","slug":"caravana-natalina","status":"publish","type":"pautas","link":"https:\/\/www.manaus.am.gov.br\/semcom\/pautas\/caravana-natalina\/","title":{"rendered":"Prefeitura realiza &#8216;Caravana Natalina&#8217; em bairros das zonas Oeste e Centro-Oeste de Manaus"},"content":{"rendered":"\n<p>A Prefeitura de Manaus, por meio do Fundo Manaus Solid\u00e1ria (FMS), realiza, neste domingo, 08\/12, a partir das 17h30, a Caravana Natalina que contemplar\u00e1 as zonas Oeste e Centro-Oeste da cidade.<\/p>\n\n\n\n<p>A &#8220;Caravana Natalina&#8221; contar\u00e1 com personagens vivos e com 4 carros aleg\u00f3ricos natalinos encantando as avenidas e ruas da cidade, cada um levando consigo um toque especial de alegria e divers\u00e3o, espalhando a magia e o encanto do Natal por toda a cidade.<\/p>\n\n\n\n<p>Os bairros e conjuntos contemplados ser\u00e3o: Uni\u00e3o da Vit\u00f3ria, Parque S\u00e3o Pedro, Campos Sales, Tarum\u00e3 A\u00e7u, Ponta Negra, Planalto, L\u00edrio do Vale, Compensa, Nossa Sra. das Gra\u00e7as, Pra\u00e7a 14, Chapada, Flores, Cidade Nova. Essa \u00e9 mais uma programa\u00e7\u00e3o do \u201cNatal dos Sonhos &#8211; \u00c9 tempo de sonhar, compartilhar e realizar\u201d.<\/p>\n\n\n\n<p><strong>Percurso<\/strong><\/p>\n\n\n\n<p>O percurso ter\u00e1 in\u00edcio na avenida Peixe Cavalo (ida e volta da avenida, com o retorno na esta\u00e7\u00e3o do \u00f4nibus) e seguiremos para a avenida Torquato Tapaj\u00f3s, avenida Dona Ot\u00edlia, avenida do Turismo (sentido retorno do posto de gasolina e retornar para entrar na estrada do Tarum\u00e3), rua 25 (dire\u00e7\u00e3o Parque das Tribos), rua 38, rua 31, rua 23, rua Bar\u00e9 (retorno em frente a UBS &#8211; Parque das Tribos e volta para a avenida do Turismo), avenida do Futuro, rua Cristina Tavares, rua Klaus Viana, rua Ricardo Ramos, rua P\u00e9ricles Ramos, rua Sic\u00edlia; rua F\u00falvio Pennachi (retorno Parque Mosaico e sobe a ladeira), avenida Desembargador Jo\u00e3o Machado (sentido L\u00edrio do Vale), avenida Laguna, avenida Coronel Teixeira (retorno ap\u00f3s o Shopping Ponta negra), avenida Brasil, avenida Cyrillo Neves (sentido ponte Rio Negro), rua Belo Horizonte (Compensa), avenida Brasil (sentido Boulevard), avenida \u00c1lvaro Maia (dobra na rua da concession\u00e1ria de ve\u00edculos), avenida Major Gabriel, avenida Leonardo Malcher, avenida Joaquim Nabuco, avenida Djalma Batista (sentido Igreja NIB), finalizando ao chegar na avenida Torquato Tapaj\u00f3s.&nbsp;<\/p>\n\n\n\n<p><strong>SERVI\u00c7O:<\/strong><\/p>\n\n\n\n<p><strong>O qu\u00ea<\/strong> \u2013 Prefeitura realiza &#8216;Caravana Natalina&#8217; em bairros da zona Oeste e Centro-Oeste de Manaus.&nbsp;<\/p>\n\n\n\n<p><strong>Quando<\/strong> \u2013 Domingo, 08\/12&nbsp;<\/p>\n\n\n\n<p><strong>Hor\u00e1rio<\/strong> \u2013 A partir das 17h30<\/p>\n\n\n\n<p><strong>Local<\/strong> \u2013 O percurso ter\u00e1 in\u00edcio na avenida Peixe Cavalo (ida e volta da avenida, com o retorno na esta\u00e7\u00e3o do \u00f4nibus) e seguiremos para a avenida Torquato Tapaj\u00f3s e demais vias do percurso.&nbsp;<\/p>\n","protected":false},"featured_media":208729,"template":"","categories":[8875],"acf":[],"yoast_head":"<!-- This site is optimized with the Yoast SEO plugin v23.0 - https:\/\/yoast.com\/wordpress\/plugins\/seo\/ -->\n<title>Prefeitura realiza &#039;Caravana Natalina&#039; em bairros das zonas Oeste e Centro-Oeste de Manaus<\/title>\n<meta name=\"description\" content=\"A Prefeitura de Manaus, por meio do Fundo Manaus Solid\u00e1ria (FMS), realiza, neste domingo, 08\/12, a partir das 17h30, a Caravana Natalina que contemplar\u00e1 as zonas Oeste e Centro-Oeste da cidade.\" \/>\n<meta name=\"robots\" content=\"index, follow, max-snippet:-1, max-image-preview:large, max-video-preview:-1\" \/>\n<link rel=\"canonical\" href=\"https:\/\/www.manaus.am.gov.br\/semcom\/pautas\/caravana-natalina\/\" \/>\n<meta property=\"og:locale\" content=\"pt_BR\" \/>\n<meta property=\"og:type\" content=\"article\" \/>\n<meta property=\"og:title\" content=\"Prefeitura realiza &#039;Caravana Natalina&#039; em bairros das zonas Oeste e Centro-Oeste de Manaus\" \/>\n<meta property=\"og:description\" content=\"A Prefeitura de Manaus, por meio do Fundo Manaus Solid\u00e1ria (FMS), realiza, neste domingo, 08\/12, a partir das 17h30, a Caravana Natalina que contemplar\u00e1 as zonas Oeste e Centro-Oeste da cidade.\" \/>\n<meta property=\"og:url\" content=\"https:\/\/www.manaus.am.gov.br\/semcom\/pautas\/caravana-natalina\/\" \/>\n<meta property=\"og:site_name\" content=\"SEMCOM\" \/>\n<meta property=\"og:image\" content=\"https:\/\/www.manaus.am.gov.br\/semcom\/wp-content\/uploads\/sites\/5\/2023\/02\/sugestaodepauta.png\" \/>\n\t<meta property=\"og:image:width\" content=\"1020\" \/>\n\t<meta property=\"og:image:height\" content=\"540\" \/>\n\t<meta property=\"og:image:type\" content=\"image\/png\" \/>\n<meta name=\"twitter:card\" content=\"summary_large_image\" \/>\n<meta name=\"twitter:label1\" content=\"Est. reading time\" \/>\n\t<meta name=\"twitter:data1\" content=\"3 minutos\" \/>\n<script type=\"application\/ld+json\" class=\"yoast-schema-graph\">{\"@context\":\"https:\/\/schema.org\",\"@graph\":[{\"@type\":\"WebPage\",\"@id\":\"https:\/\/www.manaus.am.gov.br\/semcom\/pautas\/caravana-natalina\/\",\"url\":\"https:\/\/www.manaus.am.gov.br\/semcom\/pautas\/caravana-natalina\/\",\"name\":\"Prefeitura realiza 'Caravana Natalina' em bairros das zonas Oeste e Centro-Oeste de Manaus\",\"isPartOf\":{\"@id\":\"https:\/\/www.manaus.am.gov.br\/semcom\/#website\"},\"primaryImageOfPage\":{\"@id\":\"https:\/\/www.manaus.am.gov.br\/semcom\/pautas\/caravana-natalina\/#primaryimage\"},\"image\":{\"@id\":\"https:\/\/www.manaus.am.gov.br\/semcom\/pautas\/caravana-natalina\/#primaryimage\"},\"thumbnailUrl\":\"https:\/\/www.manaus.am.gov.br\/semcom\/wp-content\/uploads\/sites\/5\/2023\/02\/sugestaodepauta.png\",\"datePublished\":\"2024-12-06T23:10:56+00:00\",\"dateModified\":\"2024-12-06T23:10:56+00:00\",\"description\":\"A Prefeitura de Manaus, por meio do Fundo Manaus Solid\u00e1ria (FMS), realiza, neste domingo, 08\/12, a partir das 17h30, a Caravana Natalina que contemplar\u00e1 as zonas Oeste e Centro-Oeste da cidade.\",\"inLanguage\":\"pt-BR\",\"potentialAction\":[{\"@type\":\"ReadAction\",\"target\":[\"https:\/\/www.manaus.am.gov.br\/semcom\/pautas\/caravana-natalina\/\"]}]},{\"@type\":\"ImageObject\",\"inLanguage\":\"pt-BR\",\"@id\":\"https:\/\/www.manaus.am.gov.br\/semcom\/pautas\/caravana-natalina\/#primaryimage\",\"url\":\"https:\/\/www.manaus.am.gov.br\/semcom\/wp-content\/uploads\/sites\/5\/2023\/02\/sugestaodepauta.png\",\"contentUrl\":\"https:\/\/www.manaus.am.gov.br\/semcom\/wp-content\/uploads\/sites\/5\/2023\/02\/sugestaodepauta.png\",\"width\":1020,\"height\":540},{\"@type\":\"WebSite\",\"@id\":\"https:\/\/www.manaus.am.gov.br\/semcom\/#website\",\"url\":\"https:\/\/www.manaus.am.gov.br\/semcom\/\",\"name\":\"SEMCOM\",\"description\":\"Secretaria Municipal de Comunica\u00e7\u00e3o\",\"potentialAction\":[{\"@type\":\"SearchAction\",\"target\":{\"@type\":\"EntryPoint\",\"urlTemplate\":\"https:\/\/www.manaus.am.gov.br\/semcom\/?s={search_term_string}\"},\"query-input\":\"required name=search_term_string\"}],\"inLanguage\":\"pt-BR\"}]}<\/script>\n<!-- \/ Yoast SEO plugin. -->","yoast_head_json":{"title":"Prefeitura realiza 'Caravana Natalina' em bairros das zonas Oeste e Centro-Oeste de Manaus","description":"A Prefeitura de Manaus, por meio do Fundo Manaus Solid\u00e1ria (FMS), realiza, neste domingo, 08\/12, a partir das 17h30, a Caravana Natalina que contemplar\u00e1 as zonas Oeste e Centro-Oeste da cidade.","robots":{"index":"index","follow":"follow","max-snippet":"max-snippet:-1","max-image-preview":"max-image-preview:large","max-video-preview":"max-video-preview:-1"},"canonical":"https:\/\/www.manaus.am.gov.br\/semcom\/pautas\/caravana-natalina\/","og_locale":"pt_BR","og_type":"article","og_title":"Prefeitura realiza 'Caravana Natalina' em bairros das zonas Oeste e Centro-Oeste de Manaus","og_description":"A Prefeitura de Manaus, por meio do Fundo Manaus Solid\u00e1ria (FMS), realiza, neste domingo, 08\/12, a partir das 17h30, a Caravana Natalina que contemplar\u00e1 as zonas Oeste e Centro-Oeste da cidade.","og_url":"https:\/\/www.manaus.am.gov.br\/semcom\/pautas\/caravana-natalina\/","og_site_name":"SEMCOM","og_image":[{"width":1020,"height":540,"url":"https:\/\/www.manaus.am.gov.br\/semcom\/wp-content\/uploads\/sites\/5\/2023\/02\/sugestaodepauta.png","type":"image\/png"}],"twitter_card":"summary_large_image","twitter_misc":{"Est. reading time":"3 minutos"},"schema":{"@context":"https:\/\/schema.org","@graph":[{"@type":"WebPage","@id":"https:\/\/www.manaus.am.gov.br\/semcom\/pautas\/caravana-natalina\/","url":"https:\/\/www.manaus.am.gov.br\/semcom\/pautas\/caravana-natalina\/","name":"Prefeitura realiza 'Caravana Natalina' em bairros das zonas Oeste e Centro-Oeste de Manaus","isPartOf":{"@id":"https:\/\/www.manaus.am.gov.br\/semcom\/#website"},"primaryImageOfPage":{"@id":"https:\/\/www.manaus.am.gov.br\/semcom\/pautas\/caravana-natalina\/#primaryimage"},"image":{"@id":"https:\/\/www.manaus.am.gov.br\/semcom\/pautas\/caravana-natalina\/#primaryimage"},"thumbnailUrl":"https:\/\/www.manaus.am.gov.br\/semcom\/wp-content\/uploads\/sites\/5\/2023\/02\/sugestaodepauta.png","datePublished":"2024-12-06T23:10:56+00:00","dateModified":"2024-12-06T23:10:56+00:00","description":"A Prefeitura de Manaus, por meio do Fundo Manaus Solid\u00e1ria (FMS), realiza, neste domingo, 08\/12, a partir das 17h30, a Caravana Natalina que contemplar\u00e1 as zonas Oeste e Centro-Oeste da cidade.","inLanguage":"pt-BR","potentialAction":[{"@type":"ReadAction","target":["https:\/\/www.manaus.am.gov.br\/semcom\/pautas\/caravana-natalina\/"]}]},{"@type":"ImageObject","inLanguage":"pt-BR","@id":"https:\/\/www.manaus.am.gov.br\/semcom\/pautas\/caravana-natalina\/#primaryimage","url":"https:\/\/www.manaus.am.gov.br\/semcom\/wp-content\/uploads\/sites\/5\/2023\/02\/sugestaodepauta.png","contentUrl":"https:\/\/www.manaus.am.gov.br\/semcom\/wp-content\/uploads\/sites\/5\/2023\/02\/sugestaodepauta.png","width":1020,"height":540},{"@type":"WebSite","@id":"https:\/\/www.manaus.am.gov.br\/semcom\/#website","url":"https:\/\/www.manaus.am.gov.br\/semcom\/","name":"SEMCOM","description":"Secretaria Municipal de Comunica\u00e7\u00e3o","potentialAction":[{"@type":"SearchAction","target":{"@type":"EntryPoint","urlTemplate":"https:\/\/www.manaus.am.gov.br\/semcom\/?s={search_term_string}"},"query-input":"required name=search_term_string"}],"inLanguage":"pt-BR"}]}},"_links":{"self":[{"href":"https:\/\/www.manaus.am.gov.br\/semcom\/wp-json\/wp\/v2\/pautas\/232750"}],"collection":[{"href":"https:\/\/www.manaus.am.gov.br\/semcom\/wp-json\/wp\/v2\/pautas"}],"about":[{"href":"https:\/\/www.manaus.am.gov.br\/semcom\/wp-json\/wp\/v2\/types\/pautas"}],"wp:featuredmedia":[{"embeddable":true,"href":"https:\/\/www.manaus.am.gov.br\/semcom\/wp-json\/wp\/v2\/media\/208729"}],"wp:attachment":[{"href":"https:\/\/www.manaus.am.gov.br\/semcom\/wp-json\/wp\/v2\/media?parent=232750"}],"wp:term":[{"taxonomy":"category","embeddable":true,"href":"https:\/\/www.manaus.am.gov.br\/semcom\/wp-json\/wp\/v2\/categories?post=232750"}],"curies":[{"name":"wp","href":"https:\/\/api.w.org\/{rel}","templated":true}]}}