{"id":232664,"date":"2024-12-05T14:51:15","date_gmt":"2024-12-05T17:51:15","guid":{"rendered":"https:\/\/www.manaus.am.gov.br\/semcom\/?post_type=pautas&#038;p=232664"},"modified":"2024-12-05T14:51:15","modified_gmt":"2024-12-05T17:51:15","slug":"prefeitura-espetaculo-ponta-negra-natal","status":"publish","type":"pautas","link":"https:\/\/www.manaus.am.gov.br\/semcom\/pautas\/prefeitura-espetaculo-ponta-negra-natal\/","title":{"rendered":"Prefeitura apresenta espet\u00e1culo \u2018Um Sonho de Natal\u2019 com a Nova Igreja Batista, neste s\u00e1bado"},"content":{"rendered":"\n<p>A Prefeitura de Manaus, por meio do Fundo Manaus Solid\u00e1ria (FMS) e em parceria com a Nova Igreja Batista (NIB), apresenta o espet\u00e1culo \u201cUm Sonho de Natal \u2013 Na F\u00e1brica de Brinquedos\u201d, neste s\u00e1bado, 7\/12, no anfiteatro da Ponta Negra, zona Oeste da capital.&nbsp;<\/p>\n\n\n\n<p>O espet\u00e1culo que, pelo terceiro ano, integra o cronograma festivo natalino de Manaus, ter\u00e1 duas apresenta\u00e7\u00f5es: a primeira, com in\u00edcio \u00e0s 19h, e a segunda sess\u00e3o, \u00e0s 20h30. As apresenta\u00e7\u00f5es ser\u00e3o de aproximadamente 35 minutos e t\u00eam a participa\u00e7\u00e3o de mais de 500 volunt\u00e1rios.<\/p>\n\n\n\n<p>A ideia \u00e9 trazer para o p\u00fablico o encanto e a magia que o espet\u00e1culo proporciona, envolvendo todos com o verdadeiro significado do Natal.&nbsp;<\/p>\n\n\n\n<p><strong>SERVI\u00c7O:<\/strong><\/p>\n\n\n\n<p><strong>O qu\u00ea<\/strong>\u00a0\u2013 Prefeitura de Manaus apresenta o espet\u00e1culo \u201cUm Sonho de Natal &#8211; Na F\u00e1brica de Brinquedos\u201d em parceria com a Nova Igreja Batista, neste s\u00e1bado<\/p>\n\n\n\n<p><strong>Quando\u00a0<\/strong>\u2013 S\u00e1bado, 7\/12\u00a0<\/p>\n\n\n\n<p><strong>Hor\u00e1rio\u00a0<\/strong>\u2013 19h<\/p>\n\n\n\n<p><strong>Local\u00a0<\/strong>\u2013 Anfiteatro da Ponta Negra, avenida Coronel Teixeira, zona Oeste da cidade.<\/p>\n","protected":false},"featured_media":208729,"template":"","categories":[796],"acf":[],"yoast_head":"<!-- This site is optimized with the Yoast SEO plugin v23.0 - https:\/\/yoast.com\/wordpress\/plugins\/seo\/ -->\n<title>Prefeitura apresenta espet\u00e1culo \u2018Um Sonho de Natal\u2019 com a Nova Igreja Batista, neste s\u00e1bado<\/title>\n<meta name=\"description\" content=\"A Prefeitura de Manaus, por meio do Fundo Manaus Solid\u00e1ria (FMS) e em parceria com a Nova Igreja Batista (NIB), apresenta o espet\u00e1culo \u201cUm Sonho de Natal \u2013 Na F\u00e1brica de Brinquedos\u201d, neste s\u00e1bado, 7\/12, no anfiteatro da Ponta Negra, zona Oeste da capital.\" \/>\n<meta name=\"robots\" content=\"index, follow, max-snippet:-1, max-image-preview:large, max-video-preview:-1\" \/>\n<link rel=\"canonical\" href=\"https:\/\/www.manaus.am.gov.br\/semcom\/pautas\/prefeitura-espetaculo-ponta-negra-natal\/\" \/>\n<meta property=\"og:locale\" content=\"pt_BR\" \/>\n<meta property=\"og:type\" content=\"article\" \/>\n<meta property=\"og:title\" content=\"Prefeitura apresenta espet\u00e1culo \u2018Um Sonho de Natal\u2019 com a Nova Igreja Batista, neste s\u00e1bado\" \/>\n<meta property=\"og:description\" content=\"A Prefeitura de Manaus, por meio do Fundo Manaus Solid\u00e1ria (FMS) e em parceria com a Nova Igreja Batista (NIB), apresenta o espet\u00e1culo \u201cUm Sonho de Natal \u2013 Na F\u00e1brica de Brinquedos\u201d, neste s\u00e1bado, 7\/12, no anfiteatro da Ponta Negra, zona Oeste da capital.\" \/>\n<meta property=\"og:url\" content=\"https:\/\/www.manaus.am.gov.br\/semcom\/pautas\/prefeitura-espetaculo-ponta-negra-natal\/\" \/>\n<meta property=\"og:site_name\" content=\"SEMCOM\" \/>\n<meta property=\"og:image\" content=\"https:\/\/www.manaus.am.gov.br\/semcom\/wp-content\/uploads\/sites\/5\/2023\/02\/sugestaodepauta.png\" \/>\n\t<meta property=\"og:image:width\" content=\"1020\" \/>\n\t<meta property=\"og:image:height\" content=\"540\" \/>\n\t<meta property=\"og:image:type\" content=\"image\/png\" \/>\n<meta name=\"twitter:card\" content=\"summary_large_image\" \/>\n<meta name=\"twitter:label1\" content=\"Est. reading time\" \/>\n\t<meta name=\"twitter:data1\" content=\"1 minuto\" \/>\n<script type=\"application\/ld+json\" class=\"yoast-schema-graph\">{\"@context\":\"https:\/\/schema.org\",\"@graph\":[{\"@type\":\"WebPage\",\"@id\":\"https:\/\/www.manaus.am.gov.br\/semcom\/pautas\/prefeitura-espetaculo-ponta-negra-natal\/\",\"url\":\"https:\/\/www.manaus.am.gov.br\/semcom\/pautas\/prefeitura-espetaculo-ponta-negra-natal\/\",\"name\":\"Prefeitura apresenta espet\u00e1culo \u2018Um Sonho de Natal\u2019 com a Nova Igreja Batista, neste s\u00e1bado\",\"isPartOf\":{\"@id\":\"https:\/\/www.manaus.am.gov.br\/semcom\/#website\"},\"primaryImageOfPage\":{\"@id\":\"https:\/\/www.manaus.am.gov.br\/semcom\/pautas\/prefeitura-espetaculo-ponta-negra-natal\/#primaryimage\"},\"image\":{\"@id\":\"https:\/\/www.manaus.am.gov.br\/semcom\/pautas\/prefeitura-espetaculo-ponta-negra-natal\/#primaryimage\"},\"thumbnailUrl\":\"https:\/\/www.manaus.am.gov.br\/semcom\/wp-content\/uploads\/sites\/5\/2023\/02\/sugestaodepauta.png\",\"datePublished\":\"2024-12-05T17:51:15+00:00\",\"dateModified\":\"2024-12-05T17:51:15+00:00\",\"description\":\"A Prefeitura de Manaus, por meio do Fundo Manaus Solid\u00e1ria (FMS) e em parceria com a Nova Igreja Batista (NIB), apresenta o espet\u00e1culo \u201cUm Sonho de Natal \u2013 Na F\u00e1brica de Brinquedos\u201d, neste s\u00e1bado, 7\/12, no anfiteatro da Ponta Negra, zona Oeste da capital.\",\"inLanguage\":\"pt-BR\",\"potentialAction\":[{\"@type\":\"ReadAction\",\"target\":[\"https:\/\/www.manaus.am.gov.br\/semcom\/pautas\/prefeitura-espetaculo-ponta-negra-natal\/\"]}]},{\"@type\":\"ImageObject\",\"inLanguage\":\"pt-BR\",\"@id\":\"https:\/\/www.manaus.am.gov.br\/semcom\/pautas\/prefeitura-espetaculo-ponta-negra-natal\/#primaryimage\",\"url\":\"https:\/\/www.manaus.am.gov.br\/semcom\/wp-content\/uploads\/sites\/5\/2023\/02\/sugestaodepauta.png\",\"contentUrl\":\"https:\/\/www.manaus.am.gov.br\/semcom\/wp-content\/uploads\/sites\/5\/2023\/02\/sugestaodepauta.png\",\"width\":1020,\"height\":540},{\"@type\":\"WebSite\",\"@id\":\"https:\/\/www.manaus.am.gov.br\/semcom\/#website\",\"url\":\"https:\/\/www.manaus.am.gov.br\/semcom\/\",\"name\":\"SEMCOM\",\"description\":\"Secretaria Municipal de Comunica\u00e7\u00e3o\",\"potentialAction\":[{\"@type\":\"SearchAction\",\"target\":{\"@type\":\"EntryPoint\",\"urlTemplate\":\"https:\/\/www.manaus.am.gov.br\/semcom\/?s={search_term_string}\"},\"query-input\":\"required name=search_term_string\"}],\"inLanguage\":\"pt-BR\"}]}<\/script>\n<!-- \/ Yoast SEO plugin. -->","yoast_head_json":{"title":"Prefeitura apresenta espet\u00e1culo \u2018Um Sonho de Natal\u2019 com a Nova Igreja Batista, neste s\u00e1bado","description":"A Prefeitura de Manaus, por meio do Fundo Manaus Solid\u00e1ria (FMS) e em parceria com a Nova Igreja Batista (NIB), apresenta o espet\u00e1culo \u201cUm Sonho de Natal \u2013 Na F\u00e1brica de Brinquedos\u201d, neste s\u00e1bado, 7\/12, no anfiteatro da Ponta Negra, zona Oeste da capital.","robots":{"index":"index","follow":"follow","max-snippet":"max-snippet:-1","max-image-preview":"max-image-preview:large","max-video-preview":"max-video-preview:-1"},"canonical":"https:\/\/www.manaus.am.gov.br\/semcom\/pautas\/prefeitura-espetaculo-ponta-negra-natal\/","og_locale":"pt_BR","og_type":"article","og_title":"Prefeitura apresenta espet\u00e1culo \u2018Um Sonho de Natal\u2019 com a Nova Igreja Batista, neste s\u00e1bado","og_description":"A Prefeitura de Manaus, por meio do Fundo Manaus Solid\u00e1ria (FMS) e em parceria com a Nova Igreja Batista (NIB), apresenta o espet\u00e1culo \u201cUm Sonho de Natal \u2013 Na F\u00e1brica de Brinquedos\u201d, neste s\u00e1bado, 7\/12, no anfiteatro da Ponta Negra, zona Oeste da capital.","og_url":"https:\/\/www.manaus.am.gov.br\/semcom\/pautas\/prefeitura-espetaculo-ponta-negra-natal\/","og_site_name":"SEMCOM","og_image":[{"width":1020,"height":540,"url":"https:\/\/www.manaus.am.gov.br\/semcom\/wp-content\/uploads\/sites\/5\/2023\/02\/sugestaodepauta.png","type":"image\/png"}],"twitter_card":"summary_large_image","twitter_misc":{"Est. reading time":"1 minuto"},"schema":{"@context":"https:\/\/schema.org","@graph":[{"@type":"WebPage","@id":"https:\/\/www.manaus.am.gov.br\/semcom\/pautas\/prefeitura-espetaculo-ponta-negra-natal\/","url":"https:\/\/www.manaus.am.gov.br\/semcom\/pautas\/prefeitura-espetaculo-ponta-negra-natal\/","name":"Prefeitura apresenta espet\u00e1culo \u2018Um Sonho de Natal\u2019 com a Nova Igreja Batista, neste s\u00e1bado","isPartOf":{"@id":"https:\/\/www.manaus.am.gov.br\/semcom\/#website"},"primaryImageOfPage":{"@id":"https:\/\/www.manaus.am.gov.br\/semcom\/pautas\/prefeitura-espetaculo-ponta-negra-natal\/#primaryimage"},"image":{"@id":"https:\/\/www.manaus.am.gov.br\/semcom\/pautas\/prefeitura-espetaculo-ponta-negra-natal\/#primaryimage"},"thumbnailUrl":"https:\/\/www.manaus.am.gov.br\/semcom\/wp-content\/uploads\/sites\/5\/2023\/02\/sugestaodepauta.png","datePublished":"2024-12-05T17:51:15+00:00","dateModified":"2024-12-05T17:51:15+00:00","description":"A Prefeitura de Manaus, por meio do Fundo Manaus Solid\u00e1ria (FMS) e em parceria com a Nova Igreja Batista (NIB), apresenta o espet\u00e1culo \u201cUm Sonho de Natal \u2013 Na F\u00e1brica de Brinquedos\u201d, neste s\u00e1bado, 7\/12, no anfiteatro da Ponta Negra, zona Oeste da capital.","inLanguage":"pt-BR","potentialAction":[{"@type":"ReadAction","target":["https:\/\/www.manaus.am.gov.br\/semcom\/pautas\/prefeitura-espetaculo-ponta-negra-natal\/"]}]},{"@type":"ImageObject","inLanguage":"pt-BR","@id":"https:\/\/www.manaus.am.gov.br\/semcom\/pautas\/prefeitura-espetaculo-ponta-negra-natal\/#primaryimage","url":"https:\/\/www.manaus.am.gov.br\/semcom\/wp-content\/uploads\/sites\/5\/2023\/02\/sugestaodepauta.png","contentUrl":"https:\/\/www.manaus.am.gov.br\/semcom\/wp-content\/uploads\/sites\/5\/2023\/02\/sugestaodepauta.png","width":1020,"height":540},{"@type":"WebSite","@id":"https:\/\/www.manaus.am.gov.br\/semcom\/#website","url":"https:\/\/www.manaus.am.gov.br\/semcom\/","name":"SEMCOM","description":"Secretaria Municipal de Comunica\u00e7\u00e3o","potentialAction":[{"@type":"SearchAction","target":{"@type":"EntryPoint","urlTemplate":"https:\/\/www.manaus.am.gov.br\/semcom\/?s={search_term_string}"},"query-input":"required name=search_term_string"}],"inLanguage":"pt-BR"}]}},"_links":{"self":[{"href":"https:\/\/www.manaus.am.gov.br\/semcom\/wp-json\/wp\/v2\/pautas\/232664"}],"collection":[{"href":"https:\/\/www.manaus.am.gov.br\/semcom\/wp-json\/wp\/v2\/pautas"}],"about":[{"href":"https:\/\/www.manaus.am.gov.br\/semcom\/wp-json\/wp\/v2\/types\/pautas"}],"wp:featuredmedia":[{"embeddable":true,"href":"https:\/\/www.manaus.am.gov.br\/semcom\/wp-json\/wp\/v2\/media\/208729"}],"wp:attachment":[{"href":"https:\/\/www.manaus.am.gov.br\/semcom\/wp-json\/wp\/v2\/media?parent=232664"}],"wp:term":[{"taxonomy":"category","embeddable":true,"href":"https:\/\/www.manaus.am.gov.br\/semcom\/wp-json\/wp\/v2\/categories?post=232664"}],"curies":[{"name":"wp","href":"https:\/\/api.w.org\/{rel}","templated":true}]}}