{"id":232047,"date":"2024-11-17T23:13:50","date_gmt":"2024-11-18T02:13:50","guid":{"rendered":"https:\/\/www.manaus.am.gov.br\/semcom\/?post_type=pautas&#038;p=232047"},"modified":"2024-11-17T23:13:51","modified_gmt":"2024-11-18T02:13:51","slug":"david-almeida-trafego-mario-ypiranga","status":"publish","type":"pautas","link":"https:\/\/www.manaus.am.gov.br\/semcom\/pautas\/david-almeida-trafego-mario-ypiranga\/","title":{"rendered":"Prefeito David Almeida anuncia libera\u00e7\u00e3o do tr\u00e1fego de ve\u00edculos na avenida M\u00e1rio Ypiranga"},"content":{"rendered":"\n<p>O prefeito de Manaus, David Almeida, e o secret\u00e1rio municipal de Obras, Renato Junior, anunciam, nesta segunda-feira, 14\/11, \u00e0s 9h, a libera\u00e7\u00e3o do tr\u00e1fego de ve\u00edculos no trecho desnivelado da avenida M\u00e1rio Ypiranga, nos dois sentidos da via.<\/p>\n\n\n\n<p>Os servi\u00e7os de implanta\u00e7\u00e3o da nova e moderna rede de drenagem do trecho desnivelado sob o igarap\u00e9 do Bind\u00e1 foram conclu\u00eddos ap\u00f3s tr\u00eas dias de trabalhos ininterruptos, um recorde em se tratando de uma grande interven\u00e7\u00e3o como essa.<\/p>\n\n\n\n<p>O local foi interditado na \u00faltima quinta-feira \u00e0 noite, 14\/11, para a interven\u00e7\u00e3o estrutural, ap\u00f3s o afundamento lateral da via apontar problemas na antiga rede de drenagem, cujo tubos eram de ferro e estavam comprometidas pela a\u00e7\u00e3o do tempo.<\/p>\n\n\n\n<p>Para n\u00e3o prejudicar o tr\u00e2nsito, a Secretaria Municipal de Infraestrutura (Seminf) iniciou os servi\u00e7os na v\u00e9spera do feriado da Proclama\u00e7\u00e3o da Rep\u00fablica,&nbsp; para aproveitar o fim de semana. A previs\u00e3o de conclus\u00e3o total das obras \u00e9 dia 20\/11.<\/p>\n\n\n\n<p><strong>SERVI\u00c7O<\/strong><\/p>\n\n\n\n<p><strong>O qu\u00ea<\/strong> &#8211; Libera\u00e7\u00e3o da avenida M\u00e1rio Ypiranga para o tr\u00e1fego de ve\u00edculos<\/p>\n\n\n\n<p><strong>Quando<\/strong> &#8211; Segunda-feira, 18\/11<\/p>\n\n\n\n<p><strong>Hor\u00e1rio<\/strong> \u2013 9h<\/p>\n\n\n\n<p><strong>Local <\/strong>&#8211; avenida M\u00e1rio Ypiranga, pr\u00f3ximo ao lanche El Shaddai, no sentido bairro-centro.<\/p>\n","protected":false},"featured_media":208729,"template":"","categories":[809],"acf":[],"yoast_head":"<!-- This site is optimized with the Yoast SEO plugin v23.0 - https:\/\/yoast.com\/wordpress\/plugins\/seo\/ -->\n<title>Prefeito David Almeida anuncia libera\u00e7\u00e3o do tr\u00e1fego de ve\u00edculos na avenida M\u00e1rio Ypiranga<\/title>\n<meta name=\"description\" content=\"O prefeito de Manaus, David Almeida, e o secret\u00e1rio municipal de Obras, Renato Junior, anunciam, nesta segunda-feira, 14\/11, \u00e0s 9h\" \/>\n<meta name=\"robots\" content=\"index, follow, max-snippet:-1, max-image-preview:large, max-video-preview:-1\" \/>\n<link rel=\"canonical\" href=\"https:\/\/www.manaus.am.gov.br\/semcom\/pautas\/david-almeida-trafego-mario-ypiranga\/\" \/>\n<meta property=\"og:locale\" content=\"pt_BR\" \/>\n<meta property=\"og:type\" content=\"article\" \/>\n<meta property=\"og:title\" content=\"Prefeito David Almeida anuncia libera\u00e7\u00e3o do tr\u00e1fego de ve\u00edculos na avenida M\u00e1rio Ypiranga\" \/>\n<meta property=\"og:description\" content=\"O prefeito de Manaus, David Almeida, e o secret\u00e1rio municipal de Obras, Renato Junior, anunciam, nesta segunda-feira, 14\/11, \u00e0s 9h\" \/>\n<meta property=\"og:url\" content=\"https:\/\/www.manaus.am.gov.br\/semcom\/pautas\/david-almeida-trafego-mario-ypiranga\/\" \/>\n<meta property=\"og:site_name\" content=\"SEMCOM\" \/>\n<meta property=\"article:modified_time\" content=\"2024-11-18T02:13:51+00:00\" \/>\n<meta property=\"og:image\" content=\"https:\/\/www.manaus.am.gov.br\/semcom\/wp-content\/uploads\/sites\/5\/2023\/02\/sugestaodepauta.png\" \/>\n\t<meta property=\"og:image:width\" content=\"1020\" \/>\n\t<meta property=\"og:image:height\" content=\"540\" \/>\n\t<meta property=\"og:image:type\" content=\"image\/png\" \/>\n<meta name=\"twitter:card\" content=\"summary_large_image\" \/>\n<meta name=\"twitter:label1\" content=\"Est. reading time\" \/>\n\t<meta name=\"twitter:data1\" content=\"2 minutos\" \/>\n<script type=\"application\/ld+json\" class=\"yoast-schema-graph\">{\"@context\":\"https:\/\/schema.org\",\"@graph\":[{\"@type\":\"WebPage\",\"@id\":\"https:\/\/www.manaus.am.gov.br\/semcom\/pautas\/david-almeida-trafego-mario-ypiranga\/\",\"url\":\"https:\/\/www.manaus.am.gov.br\/semcom\/pautas\/david-almeida-trafego-mario-ypiranga\/\",\"name\":\"Prefeito David Almeida anuncia libera\u00e7\u00e3o do tr\u00e1fego de ve\u00edculos na avenida M\u00e1rio Ypiranga\",\"isPartOf\":{\"@id\":\"https:\/\/www.manaus.am.gov.br\/semcom\/#website\"},\"primaryImageOfPage\":{\"@id\":\"https:\/\/www.manaus.am.gov.br\/semcom\/pautas\/david-almeida-trafego-mario-ypiranga\/#primaryimage\"},\"image\":{\"@id\":\"https:\/\/www.manaus.am.gov.br\/semcom\/pautas\/david-almeida-trafego-mario-ypiranga\/#primaryimage\"},\"thumbnailUrl\":\"https:\/\/www.manaus.am.gov.br\/semcom\/wp-content\/uploads\/sites\/5\/2023\/02\/sugestaodepauta.png\",\"datePublished\":\"2024-11-18T02:13:50+00:00\",\"dateModified\":\"2024-11-18T02:13:51+00:00\",\"description\":\"O prefeito de Manaus, David Almeida, e o secret\u00e1rio municipal de Obras, Renato Junior, anunciam, nesta segunda-feira, 14\/11, \u00e0s 9h\",\"inLanguage\":\"pt-BR\",\"potentialAction\":[{\"@type\":\"ReadAction\",\"target\":[\"https:\/\/www.manaus.am.gov.br\/semcom\/pautas\/david-almeida-trafego-mario-ypiranga\/\"]}]},{\"@type\":\"ImageObject\",\"inLanguage\":\"pt-BR\",\"@id\":\"https:\/\/www.manaus.am.gov.br\/semcom\/pautas\/david-almeida-trafego-mario-ypiranga\/#primaryimage\",\"url\":\"https:\/\/www.manaus.am.gov.br\/semcom\/wp-content\/uploads\/sites\/5\/2023\/02\/sugestaodepauta.png\",\"contentUrl\":\"https:\/\/www.manaus.am.gov.br\/semcom\/wp-content\/uploads\/sites\/5\/2023\/02\/sugestaodepauta.png\",\"width\":1020,\"height\":540},{\"@type\":\"WebSite\",\"@id\":\"https:\/\/www.manaus.am.gov.br\/semcom\/#website\",\"url\":\"https:\/\/www.manaus.am.gov.br\/semcom\/\",\"name\":\"SEMCOM\",\"description\":\"Secretaria Municipal de Comunica\u00e7\u00e3o\",\"potentialAction\":[{\"@type\":\"SearchAction\",\"target\":{\"@type\":\"EntryPoint\",\"urlTemplate\":\"https:\/\/www.manaus.am.gov.br\/semcom\/?s={search_term_string}\"},\"query-input\":\"required name=search_term_string\"}],\"inLanguage\":\"pt-BR\"}]}<\/script>\n<!-- \/ Yoast SEO plugin. -->","yoast_head_json":{"title":"Prefeito David Almeida anuncia libera\u00e7\u00e3o do tr\u00e1fego de ve\u00edculos na avenida M\u00e1rio Ypiranga","description":"O prefeito de Manaus, David Almeida, e o secret\u00e1rio municipal de Obras, Renato Junior, anunciam, nesta segunda-feira, 14\/11, \u00e0s 9h","robots":{"index":"index","follow":"follow","max-snippet":"max-snippet:-1","max-image-preview":"max-image-preview:large","max-video-preview":"max-video-preview:-1"},"canonical":"https:\/\/www.manaus.am.gov.br\/semcom\/pautas\/david-almeida-trafego-mario-ypiranga\/","og_locale":"pt_BR","og_type":"article","og_title":"Prefeito David Almeida anuncia libera\u00e7\u00e3o do tr\u00e1fego de ve\u00edculos na avenida M\u00e1rio Ypiranga","og_description":"O prefeito de Manaus, David Almeida, e o secret\u00e1rio municipal de Obras, Renato Junior, anunciam, nesta segunda-feira, 14\/11, \u00e0s 9h","og_url":"https:\/\/www.manaus.am.gov.br\/semcom\/pautas\/david-almeida-trafego-mario-ypiranga\/","og_site_name":"SEMCOM","article_modified_time":"2024-11-18T02:13:51+00:00","og_image":[{"width":1020,"height":540,"url":"https:\/\/www.manaus.am.gov.br\/semcom\/wp-content\/uploads\/sites\/5\/2023\/02\/sugestaodepauta.png","type":"image\/png"}],"twitter_card":"summary_large_image","twitter_misc":{"Est. reading time":"2 minutos"},"schema":{"@context":"https:\/\/schema.org","@graph":[{"@type":"WebPage","@id":"https:\/\/www.manaus.am.gov.br\/semcom\/pautas\/david-almeida-trafego-mario-ypiranga\/","url":"https:\/\/www.manaus.am.gov.br\/semcom\/pautas\/david-almeida-trafego-mario-ypiranga\/","name":"Prefeito David Almeida anuncia libera\u00e7\u00e3o do tr\u00e1fego de ve\u00edculos na avenida M\u00e1rio Ypiranga","isPartOf":{"@id":"https:\/\/www.manaus.am.gov.br\/semcom\/#website"},"primaryImageOfPage":{"@id":"https:\/\/www.manaus.am.gov.br\/semcom\/pautas\/david-almeida-trafego-mario-ypiranga\/#primaryimage"},"image":{"@id":"https:\/\/www.manaus.am.gov.br\/semcom\/pautas\/david-almeida-trafego-mario-ypiranga\/#primaryimage"},"thumbnailUrl":"https:\/\/www.manaus.am.gov.br\/semcom\/wp-content\/uploads\/sites\/5\/2023\/02\/sugestaodepauta.png","datePublished":"2024-11-18T02:13:50+00:00","dateModified":"2024-11-18T02:13:51+00:00","description":"O prefeito de Manaus, David Almeida, e o secret\u00e1rio municipal de Obras, Renato Junior, anunciam, nesta segunda-feira, 14\/11, \u00e0s 9h","inLanguage":"pt-BR","potentialAction":[{"@type":"ReadAction","target":["https:\/\/www.manaus.am.gov.br\/semcom\/pautas\/david-almeida-trafego-mario-ypiranga\/"]}]},{"@type":"ImageObject","inLanguage":"pt-BR","@id":"https:\/\/www.manaus.am.gov.br\/semcom\/pautas\/david-almeida-trafego-mario-ypiranga\/#primaryimage","url":"https:\/\/www.manaus.am.gov.br\/semcom\/wp-content\/uploads\/sites\/5\/2023\/02\/sugestaodepauta.png","contentUrl":"https:\/\/www.manaus.am.gov.br\/semcom\/wp-content\/uploads\/sites\/5\/2023\/02\/sugestaodepauta.png","width":1020,"height":540},{"@type":"WebSite","@id":"https:\/\/www.manaus.am.gov.br\/semcom\/#website","url":"https:\/\/www.manaus.am.gov.br\/semcom\/","name":"SEMCOM","description":"Secretaria Municipal de Comunica\u00e7\u00e3o","potentialAction":[{"@type":"SearchAction","target":{"@type":"EntryPoint","urlTemplate":"https:\/\/www.manaus.am.gov.br\/semcom\/?s={search_term_string}"},"query-input":"required name=search_term_string"}],"inLanguage":"pt-BR"}]}},"_links":{"self":[{"href":"https:\/\/www.manaus.am.gov.br\/semcom\/wp-json\/wp\/v2\/pautas\/232047"}],"collection":[{"href":"https:\/\/www.manaus.am.gov.br\/semcom\/wp-json\/wp\/v2\/pautas"}],"about":[{"href":"https:\/\/www.manaus.am.gov.br\/semcom\/wp-json\/wp\/v2\/types\/pautas"}],"wp:featuredmedia":[{"embeddable":true,"href":"https:\/\/www.manaus.am.gov.br\/semcom\/wp-json\/wp\/v2\/media\/208729"}],"wp:attachment":[{"href":"https:\/\/www.manaus.am.gov.br\/semcom\/wp-json\/wp\/v2\/media?parent=232047"}],"wp:term":[{"taxonomy":"category","embeddable":true,"href":"https:\/\/www.manaus.am.gov.br\/semcom\/wp-json\/wp\/v2\/categories?post=232047"}],"curies":[{"name":"wp","href":"https:\/\/api.w.org\/{rel}","templated":true}]}}