{"id":230490,"date":"2024-06-18T14:57:53","date_gmt":"2024-06-18T17:57:53","guid":{"rendered":"https:\/\/www.manaus.am.gov.br\/semcom\/?post_type=pautas&#038;p=230490"},"modified":"2024-06-18T16:50:31","modified_gmt":"2024-06-18T19:50:31","slug":"primeira-exibicao-cinema-mirante-lucia-almeida","status":"publish","type":"pautas","link":"https:\/\/www.manaus.am.gov.br\/semcom\/pautas\/primeira-exibicao-cinema-mirante-lucia-almeida\/","title":{"rendered":"Mirante L\u00facia Almeida recebe a primeira exibi\u00e7\u00e3o de cinema movido \u00e0 energia solar"},"content":{"rendered":"\n<p>Em celebra\u00e7\u00e3o ao Dia do Cinema Nacional, comemorado nesta quarta-feira, 19\/6, a Prefeitura de Manaus, por meio da Funda\u00e7\u00e3o Municipal de Cultura, Turismo e Eventos (Manauscult), cede o espa\u00e7o do mirante L\u00facia Almeida, localizado no in\u00edcio da avenida 7 de Setembro, no Centro, a partir das 18h30, para a primeira exibi\u00e7\u00e3o de filme por meio de placas solares.<\/p>\n\n\n\n<p>O evento \u00e9 uma realiza\u00e7\u00e3o do projeto Amaz\u00f4nia Cine Sol e inclui em sua programa\u00e7\u00e3o a exibi\u00e7\u00e3o do filme &#8220;Contos Mirabolantes &#8211; O Olho do Mapinguari&#8221;, dirigido e roteirizado por Andrei Miralha e Petronio Medeiros, seguido pelo document\u00e1rio &#8220;Amaz\u00f4nia Pura Ess\u00eancia&#8221;, coordenado por Liliane Costa, que tamb\u00e9m assume a dire\u00e7\u00e3o de fotografia, apresenta\u00e7\u00e3o, locu\u00e7\u00e3o e reportagem. Ambos t\u00eam classifica\u00e7\u00e3o livre.<\/p>\n\n\n\n<p>No local, haver\u00e1 distribui\u00e7\u00e3o gratuita de pipocas, refrigerantes e guloseimas, al\u00e9m de sorteios de brindes exclusivos do projeto para os participantes que chegarem cedo e conseguirem um dos 200 Cards Dourados, que garantem acesso \u00e0 \u00e1rea de exibi\u00e7\u00e3o controlada.<\/p>\n\n\n\n<p><strong>Energia Solar<\/strong><\/p>\n\n\n\n<p>O projeto Amaz\u00f4nia Cine Sol \u00e9 pioneiro na Amaz\u00f4nia ao oferecer cinema itinerante por interm\u00e9dio de um motorhome adaptado com suporte de energia solar. Gratuitamente, leva filmes \u00e0s comunidades, funcionando como uma esta\u00e7\u00e3o m\u00f3vel de arte, sustentabilidade, cultura e lazer.<\/p>\n\n\n\n<p><strong>SERVI\u00c7O<\/strong><\/p>\n\n\n\n<p><strong>O qu\u00ea &#8211;\u00a0<\/strong>Mirante L\u00facia Almeida recebe a primeira exibi\u00e7\u00e3o de cinema movido \u00e0 energia solar<\/p>\n\n\n\n<p><strong>Quando \u2013&nbsp;<\/strong>Quarta-feira,&nbsp;19\/6<\/p>\n\n\n\n<p><strong>Hor\u00e1rio &#8211;<\/strong>&nbsp;18h30<\/p>\n\n\n\n<p><strong>Local &#8211;&nbsp;<\/strong>Avenida 7 de Setembro, n\u00b0 8, bairro Centro, zona Sul<\/p>\n","protected":false},"featured_media":208729,"template":"","categories":[799],"acf":[],"yoast_head":"<!-- This site is optimized with the Yoast SEO plugin v23.0 - https:\/\/yoast.com\/wordpress\/plugins\/seo\/ -->\n<title>Mirante recebe a primeira exibi\u00e7\u00e3o de cinema movido \u00e0 energia<\/title>\n<meta name=\"description\" content=\"Manauscult cede o espa\u00e7o do mirante L\u00facia Almeida para a primeira exibi\u00e7\u00e3o de filme por meio de placas solares.\" \/>\n<meta name=\"robots\" content=\"index, follow, max-snippet:-1, max-image-preview:large, max-video-preview:-1\" \/>\n<link rel=\"canonical\" href=\"https:\/\/www.manaus.am.gov.br\/semcom\/pautas\/primeira-exibicao-cinema-mirante-lucia-almeida\/\" \/>\n<meta property=\"og:locale\" content=\"pt_BR\" \/>\n<meta property=\"og:type\" content=\"article\" \/>\n<meta property=\"og:title\" content=\"Mirante recebe a primeira exibi\u00e7\u00e3o de cinema movido \u00e0 energia\" \/>\n<meta property=\"og:description\" content=\"Manauscult cede o espa\u00e7o do mirante L\u00facia Almeida para a primeira exibi\u00e7\u00e3o de filme por meio de placas solares.\" \/>\n<meta property=\"og:url\" content=\"https:\/\/www.manaus.am.gov.br\/semcom\/pautas\/primeira-exibicao-cinema-mirante-lucia-almeida\/\" \/>\n<meta property=\"og:site_name\" content=\"SEMCOM\" \/>\n<meta property=\"article:modified_time\" content=\"2024-06-18T19:50:31+00:00\" \/>\n<meta property=\"og:image\" content=\"https:\/\/www.manaus.am.gov.br\/semcom\/wp-content\/uploads\/sites\/5\/2023\/02\/sugestaodepauta.png\" \/>\n\t<meta property=\"og:image:width\" content=\"1020\" \/>\n\t<meta property=\"og:image:height\" content=\"540\" \/>\n\t<meta property=\"og:image:type\" content=\"image\/png\" \/>\n<meta name=\"twitter:card\" content=\"summary_large_image\" \/>\n<meta name=\"twitter:label1\" content=\"Est. reading time\" \/>\n\t<meta name=\"twitter:data1\" content=\"2 minutos\" \/>\n<script type=\"application\/ld+json\" class=\"yoast-schema-graph\">{\"@context\":\"https:\/\/schema.org\",\"@graph\":[{\"@type\":\"WebPage\",\"@id\":\"https:\/\/www.manaus.am.gov.br\/semcom\/pautas\/primeira-exibicao-cinema-mirante-lucia-almeida\/\",\"url\":\"https:\/\/www.manaus.am.gov.br\/semcom\/pautas\/primeira-exibicao-cinema-mirante-lucia-almeida\/\",\"name\":\"Mirante recebe a primeira exibi\u00e7\u00e3o de cinema movido \u00e0 energia\",\"isPartOf\":{\"@id\":\"https:\/\/www.manaus.am.gov.br\/semcom\/#website\"},\"primaryImageOfPage\":{\"@id\":\"https:\/\/www.manaus.am.gov.br\/semcom\/pautas\/primeira-exibicao-cinema-mirante-lucia-almeida\/#primaryimage\"},\"image\":{\"@id\":\"https:\/\/www.manaus.am.gov.br\/semcom\/pautas\/primeira-exibicao-cinema-mirante-lucia-almeida\/#primaryimage\"},\"thumbnailUrl\":\"https:\/\/www.manaus.am.gov.br\/semcom\/wp-content\/uploads\/sites\/5\/2023\/02\/sugestaodepauta.png\",\"datePublished\":\"2024-06-18T17:57:53+00:00\",\"dateModified\":\"2024-06-18T19:50:31+00:00\",\"description\":\"Manauscult cede o espa\u00e7o do mirante L\u00facia Almeida para a primeira exibi\u00e7\u00e3o de filme por meio de placas solares.\",\"inLanguage\":\"pt-BR\",\"potentialAction\":[{\"@type\":\"ReadAction\",\"target\":[\"https:\/\/www.manaus.am.gov.br\/semcom\/pautas\/primeira-exibicao-cinema-mirante-lucia-almeida\/\"]}]},{\"@type\":\"ImageObject\",\"inLanguage\":\"pt-BR\",\"@id\":\"https:\/\/www.manaus.am.gov.br\/semcom\/pautas\/primeira-exibicao-cinema-mirante-lucia-almeida\/#primaryimage\",\"url\":\"https:\/\/www.manaus.am.gov.br\/semcom\/wp-content\/uploads\/sites\/5\/2023\/02\/sugestaodepauta.png\",\"contentUrl\":\"https:\/\/www.manaus.am.gov.br\/semcom\/wp-content\/uploads\/sites\/5\/2023\/02\/sugestaodepauta.png\",\"width\":1020,\"height\":540},{\"@type\":\"WebSite\",\"@id\":\"https:\/\/www.manaus.am.gov.br\/semcom\/#website\",\"url\":\"https:\/\/www.manaus.am.gov.br\/semcom\/\",\"name\":\"SEMCOM\",\"description\":\"Secretaria Municipal de Comunica\u00e7\u00e3o\",\"potentialAction\":[{\"@type\":\"SearchAction\",\"target\":{\"@type\":\"EntryPoint\",\"urlTemplate\":\"https:\/\/www.manaus.am.gov.br\/semcom\/?s={search_term_string}\"},\"query-input\":\"required name=search_term_string\"}],\"inLanguage\":\"pt-BR\"}]}<\/script>\n<!-- \/ Yoast SEO plugin. -->","yoast_head_json":{"title":"Mirante recebe a primeira exibi\u00e7\u00e3o de cinema movido \u00e0 energia","description":"Manauscult cede o espa\u00e7o do mirante L\u00facia Almeida para a primeira exibi\u00e7\u00e3o de filme por meio de placas solares.","robots":{"index":"index","follow":"follow","max-snippet":"max-snippet:-1","max-image-preview":"max-image-preview:large","max-video-preview":"max-video-preview:-1"},"canonical":"https:\/\/www.manaus.am.gov.br\/semcom\/pautas\/primeira-exibicao-cinema-mirante-lucia-almeida\/","og_locale":"pt_BR","og_type":"article","og_title":"Mirante recebe a primeira exibi\u00e7\u00e3o de cinema movido \u00e0 energia","og_description":"Manauscult cede o espa\u00e7o do mirante L\u00facia Almeida para a primeira exibi\u00e7\u00e3o de filme por meio de placas solares.","og_url":"https:\/\/www.manaus.am.gov.br\/semcom\/pautas\/primeira-exibicao-cinema-mirante-lucia-almeida\/","og_site_name":"SEMCOM","article_modified_time":"2024-06-18T19:50:31+00:00","og_image":[{"width":1020,"height":540,"url":"https:\/\/www.manaus.am.gov.br\/semcom\/wp-content\/uploads\/sites\/5\/2023\/02\/sugestaodepauta.png","type":"image\/png"}],"twitter_card":"summary_large_image","twitter_misc":{"Est. reading time":"2 minutos"},"schema":{"@context":"https:\/\/schema.org","@graph":[{"@type":"WebPage","@id":"https:\/\/www.manaus.am.gov.br\/semcom\/pautas\/primeira-exibicao-cinema-mirante-lucia-almeida\/","url":"https:\/\/www.manaus.am.gov.br\/semcom\/pautas\/primeira-exibicao-cinema-mirante-lucia-almeida\/","name":"Mirante recebe a primeira exibi\u00e7\u00e3o de cinema movido \u00e0 energia","isPartOf":{"@id":"https:\/\/www.manaus.am.gov.br\/semcom\/#website"},"primaryImageOfPage":{"@id":"https:\/\/www.manaus.am.gov.br\/semcom\/pautas\/primeira-exibicao-cinema-mirante-lucia-almeida\/#primaryimage"},"image":{"@id":"https:\/\/www.manaus.am.gov.br\/semcom\/pautas\/primeira-exibicao-cinema-mirante-lucia-almeida\/#primaryimage"},"thumbnailUrl":"https:\/\/www.manaus.am.gov.br\/semcom\/wp-content\/uploads\/sites\/5\/2023\/02\/sugestaodepauta.png","datePublished":"2024-06-18T17:57:53+00:00","dateModified":"2024-06-18T19:50:31+00:00","description":"Manauscult cede o espa\u00e7o do mirante L\u00facia Almeida para a primeira exibi\u00e7\u00e3o de filme por meio de placas solares.","inLanguage":"pt-BR","potentialAction":[{"@type":"ReadAction","target":["https:\/\/www.manaus.am.gov.br\/semcom\/pautas\/primeira-exibicao-cinema-mirante-lucia-almeida\/"]}]},{"@type":"ImageObject","inLanguage":"pt-BR","@id":"https:\/\/www.manaus.am.gov.br\/semcom\/pautas\/primeira-exibicao-cinema-mirante-lucia-almeida\/#primaryimage","url":"https:\/\/www.manaus.am.gov.br\/semcom\/wp-content\/uploads\/sites\/5\/2023\/02\/sugestaodepauta.png","contentUrl":"https:\/\/www.manaus.am.gov.br\/semcom\/wp-content\/uploads\/sites\/5\/2023\/02\/sugestaodepauta.png","width":1020,"height":540},{"@type":"WebSite","@id":"https:\/\/www.manaus.am.gov.br\/semcom\/#website","url":"https:\/\/www.manaus.am.gov.br\/semcom\/","name":"SEMCOM","description":"Secretaria Municipal de Comunica\u00e7\u00e3o","potentialAction":[{"@type":"SearchAction","target":{"@type":"EntryPoint","urlTemplate":"https:\/\/www.manaus.am.gov.br\/semcom\/?s={search_term_string}"},"query-input":"required name=search_term_string"}],"inLanguage":"pt-BR"}]}},"_links":{"self":[{"href":"https:\/\/www.manaus.am.gov.br\/semcom\/wp-json\/wp\/v2\/pautas\/230490"}],"collection":[{"href":"https:\/\/www.manaus.am.gov.br\/semcom\/wp-json\/wp\/v2\/pautas"}],"about":[{"href":"https:\/\/www.manaus.am.gov.br\/semcom\/wp-json\/wp\/v2\/types\/pautas"}],"wp:featuredmedia":[{"embeddable":true,"href":"https:\/\/www.manaus.am.gov.br\/semcom\/wp-json\/wp\/v2\/media\/208729"}],"wp:attachment":[{"href":"https:\/\/www.manaus.am.gov.br\/semcom\/wp-json\/wp\/v2\/media?parent=230490"}],"wp:term":[{"taxonomy":"category","embeddable":true,"href":"https:\/\/www.manaus.am.gov.br\/semcom\/wp-json\/wp\/v2\/categories?post=230490"}],"curies":[{"name":"wp","href":"https:\/\/api.w.org\/{rel}","templated":true}]}}