{"id":230450,"date":"2024-06-17T16:14:25","date_gmt":"2024-06-17T19:14:25","guid":{"rendered":"https:\/\/www.manaus.am.gov.br\/semcom\/?post_type=pautas&#038;p=230450"},"modified":"2024-06-17T16:14:25","modified_gmt":"2024-06-17T19:14:25","slug":"apresentacao-categoria-prata-66o-festival-folclorico-do-amazonas","status":"publish","type":"pautas","link":"https:\/\/www.manaus.am.gov.br\/semcom\/pautas\/apresentacao-categoria-prata-66o-festival-folclorico-do-amazonas\/","title":{"rendered":"Prefeitura inicia a apresenta\u00e7\u00e3o dos grupos da categoria Prata no 66\u00ba Festival Folcl\u00f3rico do Amazonas"},"content":{"rendered":"\n<p>Chegou a vez dos grupos da categoria Prata se apresentarem no 66\u00b0 Festival Folcl\u00f3rico do Amazonas (FFA), que continua nesta segunda-feira, 17\/6, \u00e0s 20h, no Centro Cultural dos Povos da Amaz\u00f4nia (CCPA), localizado na avenida Silves, bairro Distrito Industrial 1, zona Sul.<\/p>\n\n\n\n<p>As modalidades que se apresentar\u00e3o neste primeiro dia da categoria Prata incluem tr\u00eas grupos de Quadrilha Tradicional, dois de Quadrilha C\u00f4mica e um de Dan\u00e7a Regional, prometendo uma noite cheia de folclore e tradi\u00e7\u00e3o.<\/p>\n\n\n\n<p>Para tornar o festival ainda mais bonito este ano, a Prefeitura de Manaus aumentou o valor do fomento para os grupos folcl\u00f3ricos. As categorias Prata e Bronze receberam, ao todo, cerca de R$ 1,2 milh\u00e3o. A categoria Prata, composta por 43 grupos, recebeu R$ 18 mil por grupo, enquanto a categoria Bronze, com 58 grupos, recebeu R$ 7,5 mil por grupo. Este investimento refor\u00e7a o compromisso com a preserva\u00e7\u00e3o e valoriza\u00e7\u00e3o das tradi\u00e7\u00f5es culturais locais.<\/p>\n\n\n\n<p><strong>SERVI\u00c7O<\/strong><\/p>\n\n\n\n<p><strong>O qu\u00ea<\/strong> \u2013 In\u00edcio das apresenta\u00e7\u00f5es da categoria Prata no 66\u00ba Festival<\/p>\n\n\n\n<p>Folcl\u00f3rico do Amazonas<\/p>\n\n\n\n<p><strong>Quando <\/strong>\u2013 Segunda-feira, 17\/6<\/p>\n\n\n\n<p><strong>Hor\u00e1rio \u2013<\/strong> Apresenta\u00e7\u00f5es &#8211; 20h<\/p>\n\n\n\n<p><strong>Local &#8211;<\/strong> \u00a0Avenida Silves, bairro Distrito Industrial 1, zona Sul<\/p>\n","protected":false},"featured_media":208729,"template":"","categories":[799],"acf":[],"yoast_head":"<!-- This site is optimized with the Yoast SEO plugin v23.0 - https:\/\/yoast.com\/wordpress\/plugins\/seo\/ -->\n<title>Apresenta\u00e7\u00e3o dos grupos da categoria Prata no 66\u00ba FFA<\/title>\n<meta name=\"description\" content=\"Prefeitura de Manaus inicia a apresenta\u00e7\u00e3o dos grupos da categoria Prata no 66\u00ba Festival Folcl\u00f3rico do Amazonas.\" \/>\n<meta name=\"robots\" content=\"index, follow, max-snippet:-1, max-image-preview:large, max-video-preview:-1\" \/>\n<link rel=\"canonical\" href=\"https:\/\/www.manaus.am.gov.br\/semcom\/pautas\/apresentacao-categoria-prata-66o-festival-folclorico-do-amazonas\/\" \/>\n<meta property=\"og:locale\" content=\"pt_BR\" \/>\n<meta property=\"og:type\" content=\"article\" \/>\n<meta property=\"og:title\" content=\"Apresenta\u00e7\u00e3o dos grupos da categoria Prata no 66\u00ba FFA\" \/>\n<meta property=\"og:description\" content=\"Prefeitura de Manaus inicia a apresenta\u00e7\u00e3o dos grupos da categoria Prata no 66\u00ba Festival Folcl\u00f3rico do Amazonas.\" \/>\n<meta property=\"og:url\" content=\"https:\/\/www.manaus.am.gov.br\/semcom\/pautas\/apresentacao-categoria-prata-66o-festival-folclorico-do-amazonas\/\" \/>\n<meta property=\"og:site_name\" content=\"SEMCOM\" \/>\n<meta property=\"og:image\" content=\"https:\/\/www.manaus.am.gov.br\/semcom\/wp-content\/uploads\/sites\/5\/2023\/02\/sugestaodepauta.png\" \/>\n\t<meta property=\"og:image:width\" content=\"1020\" \/>\n\t<meta property=\"og:image:height\" content=\"540\" \/>\n\t<meta property=\"og:image:type\" content=\"image\/png\" \/>\n<meta name=\"twitter:card\" content=\"summary_large_image\" \/>\n<meta name=\"twitter:label1\" content=\"Est. reading time\" \/>\n\t<meta name=\"twitter:data1\" content=\"2 minutos\" \/>\n<script type=\"application\/ld+json\" class=\"yoast-schema-graph\">{\"@context\":\"https:\/\/schema.org\",\"@graph\":[{\"@type\":\"WebPage\",\"@id\":\"https:\/\/www.manaus.am.gov.br\/semcom\/pautas\/apresentacao-categoria-prata-66o-festival-folclorico-do-amazonas\/\",\"url\":\"https:\/\/www.manaus.am.gov.br\/semcom\/pautas\/apresentacao-categoria-prata-66o-festival-folclorico-do-amazonas\/\",\"name\":\"Apresenta\u00e7\u00e3o dos grupos da categoria Prata no 66\u00ba FFA\",\"isPartOf\":{\"@id\":\"https:\/\/www.manaus.am.gov.br\/semcom\/#website\"},\"primaryImageOfPage\":{\"@id\":\"https:\/\/www.manaus.am.gov.br\/semcom\/pautas\/apresentacao-categoria-prata-66o-festival-folclorico-do-amazonas\/#primaryimage\"},\"image\":{\"@id\":\"https:\/\/www.manaus.am.gov.br\/semcom\/pautas\/apresentacao-categoria-prata-66o-festival-folclorico-do-amazonas\/#primaryimage\"},\"thumbnailUrl\":\"https:\/\/www.manaus.am.gov.br\/semcom\/wp-content\/uploads\/sites\/5\/2023\/02\/sugestaodepauta.png\",\"datePublished\":\"2024-06-17T19:14:25+00:00\",\"dateModified\":\"2024-06-17T19:14:25+00:00\",\"description\":\"Prefeitura de Manaus inicia a apresenta\u00e7\u00e3o dos grupos da categoria Prata no 66\u00ba Festival Folcl\u00f3rico do Amazonas.\",\"inLanguage\":\"pt-BR\",\"potentialAction\":[{\"@type\":\"ReadAction\",\"target\":[\"https:\/\/www.manaus.am.gov.br\/semcom\/pautas\/apresentacao-categoria-prata-66o-festival-folclorico-do-amazonas\/\"]}]},{\"@type\":\"ImageObject\",\"inLanguage\":\"pt-BR\",\"@id\":\"https:\/\/www.manaus.am.gov.br\/semcom\/pautas\/apresentacao-categoria-prata-66o-festival-folclorico-do-amazonas\/#primaryimage\",\"url\":\"https:\/\/www.manaus.am.gov.br\/semcom\/wp-content\/uploads\/sites\/5\/2023\/02\/sugestaodepauta.png\",\"contentUrl\":\"https:\/\/www.manaus.am.gov.br\/semcom\/wp-content\/uploads\/sites\/5\/2023\/02\/sugestaodepauta.png\",\"width\":1020,\"height\":540},{\"@type\":\"WebSite\",\"@id\":\"https:\/\/www.manaus.am.gov.br\/semcom\/#website\",\"url\":\"https:\/\/www.manaus.am.gov.br\/semcom\/\",\"name\":\"SEMCOM\",\"description\":\"Secretaria Municipal de Comunica\u00e7\u00e3o\",\"potentialAction\":[{\"@type\":\"SearchAction\",\"target\":{\"@type\":\"EntryPoint\",\"urlTemplate\":\"https:\/\/www.manaus.am.gov.br\/semcom\/?s={search_term_string}\"},\"query-input\":\"required name=search_term_string\"}],\"inLanguage\":\"pt-BR\"}]}<\/script>\n<!-- \/ Yoast SEO plugin. -->","yoast_head_json":{"title":"Apresenta\u00e7\u00e3o dos grupos da categoria Prata no 66\u00ba FFA","description":"Prefeitura de Manaus inicia a apresenta\u00e7\u00e3o dos grupos da categoria Prata no 66\u00ba Festival Folcl\u00f3rico do Amazonas.","robots":{"index":"index","follow":"follow","max-snippet":"max-snippet:-1","max-image-preview":"max-image-preview:large","max-video-preview":"max-video-preview:-1"},"canonical":"https:\/\/www.manaus.am.gov.br\/semcom\/pautas\/apresentacao-categoria-prata-66o-festival-folclorico-do-amazonas\/","og_locale":"pt_BR","og_type":"article","og_title":"Apresenta\u00e7\u00e3o dos grupos da categoria Prata no 66\u00ba FFA","og_description":"Prefeitura de Manaus inicia a apresenta\u00e7\u00e3o dos grupos da categoria Prata no 66\u00ba Festival Folcl\u00f3rico do Amazonas.","og_url":"https:\/\/www.manaus.am.gov.br\/semcom\/pautas\/apresentacao-categoria-prata-66o-festival-folclorico-do-amazonas\/","og_site_name":"SEMCOM","og_image":[{"width":1020,"height":540,"url":"https:\/\/www.manaus.am.gov.br\/semcom\/wp-content\/uploads\/sites\/5\/2023\/02\/sugestaodepauta.png","type":"image\/png"}],"twitter_card":"summary_large_image","twitter_misc":{"Est. reading time":"2 minutos"},"schema":{"@context":"https:\/\/schema.org","@graph":[{"@type":"WebPage","@id":"https:\/\/www.manaus.am.gov.br\/semcom\/pautas\/apresentacao-categoria-prata-66o-festival-folclorico-do-amazonas\/","url":"https:\/\/www.manaus.am.gov.br\/semcom\/pautas\/apresentacao-categoria-prata-66o-festival-folclorico-do-amazonas\/","name":"Apresenta\u00e7\u00e3o dos grupos da categoria Prata no 66\u00ba FFA","isPartOf":{"@id":"https:\/\/www.manaus.am.gov.br\/semcom\/#website"},"primaryImageOfPage":{"@id":"https:\/\/www.manaus.am.gov.br\/semcom\/pautas\/apresentacao-categoria-prata-66o-festival-folclorico-do-amazonas\/#primaryimage"},"image":{"@id":"https:\/\/www.manaus.am.gov.br\/semcom\/pautas\/apresentacao-categoria-prata-66o-festival-folclorico-do-amazonas\/#primaryimage"},"thumbnailUrl":"https:\/\/www.manaus.am.gov.br\/semcom\/wp-content\/uploads\/sites\/5\/2023\/02\/sugestaodepauta.png","datePublished":"2024-06-17T19:14:25+00:00","dateModified":"2024-06-17T19:14:25+00:00","description":"Prefeitura de Manaus inicia a apresenta\u00e7\u00e3o dos grupos da categoria Prata no 66\u00ba Festival Folcl\u00f3rico do Amazonas.","inLanguage":"pt-BR","potentialAction":[{"@type":"ReadAction","target":["https:\/\/www.manaus.am.gov.br\/semcom\/pautas\/apresentacao-categoria-prata-66o-festival-folclorico-do-amazonas\/"]}]},{"@type":"ImageObject","inLanguage":"pt-BR","@id":"https:\/\/www.manaus.am.gov.br\/semcom\/pautas\/apresentacao-categoria-prata-66o-festival-folclorico-do-amazonas\/#primaryimage","url":"https:\/\/www.manaus.am.gov.br\/semcom\/wp-content\/uploads\/sites\/5\/2023\/02\/sugestaodepauta.png","contentUrl":"https:\/\/www.manaus.am.gov.br\/semcom\/wp-content\/uploads\/sites\/5\/2023\/02\/sugestaodepauta.png","width":1020,"height":540},{"@type":"WebSite","@id":"https:\/\/www.manaus.am.gov.br\/semcom\/#website","url":"https:\/\/www.manaus.am.gov.br\/semcom\/","name":"SEMCOM","description":"Secretaria Municipal de Comunica\u00e7\u00e3o","potentialAction":[{"@type":"SearchAction","target":{"@type":"EntryPoint","urlTemplate":"https:\/\/www.manaus.am.gov.br\/semcom\/?s={search_term_string}"},"query-input":"required name=search_term_string"}],"inLanguage":"pt-BR"}]}},"_links":{"self":[{"href":"https:\/\/www.manaus.am.gov.br\/semcom\/wp-json\/wp\/v2\/pautas\/230450"}],"collection":[{"href":"https:\/\/www.manaus.am.gov.br\/semcom\/wp-json\/wp\/v2\/pautas"}],"about":[{"href":"https:\/\/www.manaus.am.gov.br\/semcom\/wp-json\/wp\/v2\/types\/pautas"}],"wp:featuredmedia":[{"embeddable":true,"href":"https:\/\/www.manaus.am.gov.br\/semcom\/wp-json\/wp\/v2\/media\/208729"}],"wp:attachment":[{"href":"https:\/\/www.manaus.am.gov.br\/semcom\/wp-json\/wp\/v2\/media?parent=230450"}],"wp:term":[{"taxonomy":"category","embeddable":true,"href":"https:\/\/www.manaus.am.gov.br\/semcom\/wp-json\/wp\/v2\/categories?post=230450"}],"curies":[{"name":"wp","href":"https:\/\/api.w.org\/{rel}","templated":true}]}}