{"id":230073,"date":"2024-06-07T21:47:33","date_gmt":"2024-06-08T00:47:33","guid":{"rendered":"https:\/\/www.manaus.am.gov.br\/semcom\/?post_type=pautas&#038;p=230073"},"modified":"2024-06-08T11:15:54","modified_gmt":"2024-06-08T14:15:54","slug":"inaugura-pier","status":"publish","type":"pautas","link":"https:\/\/www.manaus.am.gov.br\/semcom\/pautas\/inaugura-pier\/","title":{"rendered":"Prefeitura inaugura o P\u00eder Tur\u00edstico Manaus 355 neste domingo"},"content":{"rendered":"\n<p>Neste domingo, 9\/6, o prefeito de Manaus, David Almeida, inaugura o P\u00eder Tur\u00edstico Manaus 355, o primeiro dessa natureza na cidade, que ser\u00e1 integrado ao Mirante L\u00facia Almeida, localizado no in\u00edcio da avenida Sete de Setembro, no Centro hist\u00f3rico da capital amazonense. &nbsp;Ap\u00f3s a inaugura\u00e7\u00e3o, programada para iniciar \u00e0s 10h, o prefeito conceder\u00e1 entrevista coletiva.<\/p>\n\n\n\n<p>O evento, aberto ao p\u00fablico, se estender\u00e1 at\u00e9 a noite, por volta das 19h. A partir das 11h, a programa\u00e7\u00e3o organizada pela Funda\u00e7\u00e3o Municipal de Cultura, Turismo e Eventos (Manauscult), ter\u00e1 a apresenta\u00e7\u00e3o de DJs e bandas locais, al\u00e9m de atra\u00e7\u00f5es esportivas como a pr\u00e1tica da canoagem ind\u00edgena, apresenta\u00e7\u00e3o de paraquedismo, Standup paddle (SUP) e remo.<\/p>\n\n\n\n<p>Esta inaugura\u00e7\u00e3o marca a primeira etapa das interven\u00e7\u00f5es do programa \u201cNosso Centro\u201d, desenvolvido na atual gest\u00e3o municipal. O evento tem o apoio do Instituto Municipal de Planejamento Urbano (Implurb) e da Funda\u00e7\u00e3o Manaus Esporte (FME).<\/p>\n\n\n\n<p>O p\u00eder, constru\u00eddo em um estaleiro na zona Oeste e transportado pelo rio Negro, \u00e9 destinado a embarca\u00e7\u00f5es de pequeno e m\u00e9dio portes, proporcionando suporte adequado para pacotes fluviais e atividades tur\u00edsticas. Com um atracadouro flutuante de 12m por 80m e tr\u00eas pontes de liga\u00e7\u00e3o, a obra se integra ao Mirante L\u00facia Almeida, oferecendo uma experi\u00eancia aprimorada para visitantes e operadores do setor tur\u00edstico.<\/p>\n\n\n\n<p><strong>PROGRAMA\u00c7\u00c3O<\/strong><\/p>\n\n\n\n<p><strong>11h<\/strong> \u2013 Dj Petter Abreu<\/p>\n\n\n\n<p><strong>13h30 <\/strong>\u2013 Edilson Santana<\/p>\n\n\n\n<p><strong>14h30<\/strong> &#8211; Leonardo Castelo<\/p>\n\n\n\n<p><strong>15h30 <\/strong>\u2013 Dj Noelle<\/p>\n\n\n\n<p><strong>15h45 <\/strong>\u2013 Oficial 80<\/p>\n\n\n\n<p><strong>17h30 <\/strong>\u2013 Critical Age<\/p>\n\n\n\n<p><strong>SERVI\u00c7O<\/strong><strong><\/strong><\/p>\n\n\n\n<p><strong>O qu\u00ea &#8211;<\/strong> inaugura\u00e7\u00e3o do P\u00eder Tur\u00edstico Manaus 355<\/p>\n\n\n\n<p><strong>Quando &#8211; <\/strong>domingo, dia 9\/6<\/p>\n\n\n\n<p><strong>Hora &#8211;<\/strong> a partir das 10h, com coletiva do prefeito David Almeida<\/p>\n\n\n\n<p><strong>Local &#8211;<\/strong> in\u00edcio da avenida Sete de Setembro, no Centro hist\u00f3rico.<\/p>\n","protected":false},"featured_media":208729,"template":"","categories":[799],"acf":[],"yoast_head":"<!-- This site is optimized with the Yoast SEO plugin v23.0 - https:\/\/yoast.com\/wordpress\/plugins\/seo\/ -->\n<title>Prefeitura inaugura o P\u00eder Tur\u00edstico Manaus 355 neste domingo<\/title>\n<meta name=\"description\" content=\"Neste domingo, 9\/6, o prefeito de Manaus, David Almeida, inaugura o P\u00eder Tur\u00edstico Manaus 355, o primeiro dessa natureza na cidade, que ser\u00e1 integrado ao Mirante L\u00facia Almeida, localizado no in\u00edcio da avenida Sete de Setembro, no Centro hist\u00f3rico da capital amazonense. \u00a0\" \/>\n<meta name=\"robots\" content=\"index, follow, max-snippet:-1, max-image-preview:large, max-video-preview:-1\" \/>\n<link rel=\"canonical\" href=\"https:\/\/www.manaus.am.gov.br\/semcom\/pautas\/inaugura-pier\/\" \/>\n<meta property=\"og:locale\" content=\"pt_BR\" \/>\n<meta property=\"og:type\" content=\"article\" \/>\n<meta property=\"og:title\" content=\"Prefeitura inaugura o P\u00eder Tur\u00edstico Manaus 355 neste domingo\" \/>\n<meta property=\"og:description\" content=\"Neste domingo, 9\/6, o prefeito de Manaus, David Almeida, inaugura o P\u00eder Tur\u00edstico Manaus 355, o primeiro dessa natureza na cidade, que ser\u00e1 integrado ao Mirante L\u00facia Almeida, localizado no in\u00edcio da avenida Sete de Setembro, no Centro hist\u00f3rico da capital amazonense. \u00a0\" \/>\n<meta property=\"og:url\" content=\"https:\/\/www.manaus.am.gov.br\/semcom\/pautas\/inaugura-pier\/\" \/>\n<meta property=\"og:site_name\" content=\"SEMCOM\" \/>\n<meta property=\"article:modified_time\" content=\"2024-06-08T14:15:54+00:00\" \/>\n<meta property=\"og:image\" content=\"https:\/\/www.manaus.am.gov.br\/semcom\/wp-content\/uploads\/sites\/5\/2023\/02\/sugestaodepauta.png\" \/>\n\t<meta property=\"og:image:width\" content=\"1020\" \/>\n\t<meta property=\"og:image:height\" content=\"540\" \/>\n\t<meta property=\"og:image:type\" content=\"image\/png\" \/>\n<meta name=\"twitter:card\" content=\"summary_large_image\" \/>\n<meta name=\"twitter:label1\" content=\"Est. reading time\" \/>\n\t<meta name=\"twitter:data1\" content=\"2 minutos\" \/>\n<script type=\"application\/ld+json\" class=\"yoast-schema-graph\">{\"@context\":\"https:\/\/schema.org\",\"@graph\":[{\"@type\":\"WebPage\",\"@id\":\"https:\/\/www.manaus.am.gov.br\/semcom\/pautas\/inaugura-pier\/\",\"url\":\"https:\/\/www.manaus.am.gov.br\/semcom\/pautas\/inaugura-pier\/\",\"name\":\"Prefeitura inaugura o P\u00eder Tur\u00edstico Manaus 355 neste domingo\",\"isPartOf\":{\"@id\":\"https:\/\/www.manaus.am.gov.br\/semcom\/#website\"},\"primaryImageOfPage\":{\"@id\":\"https:\/\/www.manaus.am.gov.br\/semcom\/pautas\/inaugura-pier\/#primaryimage\"},\"image\":{\"@id\":\"https:\/\/www.manaus.am.gov.br\/semcom\/pautas\/inaugura-pier\/#primaryimage\"},\"thumbnailUrl\":\"https:\/\/www.manaus.am.gov.br\/semcom\/wp-content\/uploads\/sites\/5\/2023\/02\/sugestaodepauta.png\",\"datePublished\":\"2024-06-08T00:47:33+00:00\",\"dateModified\":\"2024-06-08T14:15:54+00:00\",\"description\":\"Neste domingo, 9\/6, o prefeito de Manaus, David Almeida, inaugura o P\u00eder Tur\u00edstico Manaus 355, o primeiro dessa natureza na cidade, que ser\u00e1 integrado ao Mirante L\u00facia Almeida, localizado no in\u00edcio da avenida Sete de Setembro, no Centro hist\u00f3rico da capital amazonense. \u00a0\",\"inLanguage\":\"pt-BR\",\"potentialAction\":[{\"@type\":\"ReadAction\",\"target\":[\"https:\/\/www.manaus.am.gov.br\/semcom\/pautas\/inaugura-pier\/\"]}]},{\"@type\":\"ImageObject\",\"inLanguage\":\"pt-BR\",\"@id\":\"https:\/\/www.manaus.am.gov.br\/semcom\/pautas\/inaugura-pier\/#primaryimage\",\"url\":\"https:\/\/www.manaus.am.gov.br\/semcom\/wp-content\/uploads\/sites\/5\/2023\/02\/sugestaodepauta.png\",\"contentUrl\":\"https:\/\/www.manaus.am.gov.br\/semcom\/wp-content\/uploads\/sites\/5\/2023\/02\/sugestaodepauta.png\",\"width\":1020,\"height\":540},{\"@type\":\"WebSite\",\"@id\":\"https:\/\/www.manaus.am.gov.br\/semcom\/#website\",\"url\":\"https:\/\/www.manaus.am.gov.br\/semcom\/\",\"name\":\"SEMCOM\",\"description\":\"Secretaria Municipal de Comunica\u00e7\u00e3o\",\"potentialAction\":[{\"@type\":\"SearchAction\",\"target\":{\"@type\":\"EntryPoint\",\"urlTemplate\":\"https:\/\/www.manaus.am.gov.br\/semcom\/?s={search_term_string}\"},\"query-input\":\"required name=search_term_string\"}],\"inLanguage\":\"pt-BR\"}]}<\/script>\n<!-- \/ Yoast SEO plugin. -->","yoast_head_json":{"title":"Prefeitura inaugura o P\u00eder Tur\u00edstico Manaus 355 neste domingo","description":"Neste domingo, 9\/6, o prefeito de Manaus, David Almeida, inaugura o P\u00eder Tur\u00edstico Manaus 355, o primeiro dessa natureza na cidade, que ser\u00e1 integrado ao Mirante L\u00facia Almeida, localizado no in\u00edcio da avenida Sete de Setembro, no Centro hist\u00f3rico da capital amazonense. \u00a0","robots":{"index":"index","follow":"follow","max-snippet":"max-snippet:-1","max-image-preview":"max-image-preview:large","max-video-preview":"max-video-preview:-1"},"canonical":"https:\/\/www.manaus.am.gov.br\/semcom\/pautas\/inaugura-pier\/","og_locale":"pt_BR","og_type":"article","og_title":"Prefeitura inaugura o P\u00eder Tur\u00edstico Manaus 355 neste domingo","og_description":"Neste domingo, 9\/6, o prefeito de Manaus, David Almeida, inaugura o P\u00eder Tur\u00edstico Manaus 355, o primeiro dessa natureza na cidade, que ser\u00e1 integrado ao Mirante L\u00facia Almeida, localizado no in\u00edcio da avenida Sete de Setembro, no Centro hist\u00f3rico da capital amazonense. \u00a0","og_url":"https:\/\/www.manaus.am.gov.br\/semcom\/pautas\/inaugura-pier\/","og_site_name":"SEMCOM","article_modified_time":"2024-06-08T14:15:54+00:00","og_image":[{"width":1020,"height":540,"url":"https:\/\/www.manaus.am.gov.br\/semcom\/wp-content\/uploads\/sites\/5\/2023\/02\/sugestaodepauta.png","type":"image\/png"}],"twitter_card":"summary_large_image","twitter_misc":{"Est. reading time":"2 minutos"},"schema":{"@context":"https:\/\/schema.org","@graph":[{"@type":"WebPage","@id":"https:\/\/www.manaus.am.gov.br\/semcom\/pautas\/inaugura-pier\/","url":"https:\/\/www.manaus.am.gov.br\/semcom\/pautas\/inaugura-pier\/","name":"Prefeitura inaugura o P\u00eder Tur\u00edstico Manaus 355 neste domingo","isPartOf":{"@id":"https:\/\/www.manaus.am.gov.br\/semcom\/#website"},"primaryImageOfPage":{"@id":"https:\/\/www.manaus.am.gov.br\/semcom\/pautas\/inaugura-pier\/#primaryimage"},"image":{"@id":"https:\/\/www.manaus.am.gov.br\/semcom\/pautas\/inaugura-pier\/#primaryimage"},"thumbnailUrl":"https:\/\/www.manaus.am.gov.br\/semcom\/wp-content\/uploads\/sites\/5\/2023\/02\/sugestaodepauta.png","datePublished":"2024-06-08T00:47:33+00:00","dateModified":"2024-06-08T14:15:54+00:00","description":"Neste domingo, 9\/6, o prefeito de Manaus, David Almeida, inaugura o P\u00eder Tur\u00edstico Manaus 355, o primeiro dessa natureza na cidade, que ser\u00e1 integrado ao Mirante L\u00facia Almeida, localizado no in\u00edcio da avenida Sete de Setembro, no Centro hist\u00f3rico da capital amazonense. \u00a0","inLanguage":"pt-BR","potentialAction":[{"@type":"ReadAction","target":["https:\/\/www.manaus.am.gov.br\/semcom\/pautas\/inaugura-pier\/"]}]},{"@type":"ImageObject","inLanguage":"pt-BR","@id":"https:\/\/www.manaus.am.gov.br\/semcom\/pautas\/inaugura-pier\/#primaryimage","url":"https:\/\/www.manaus.am.gov.br\/semcom\/wp-content\/uploads\/sites\/5\/2023\/02\/sugestaodepauta.png","contentUrl":"https:\/\/www.manaus.am.gov.br\/semcom\/wp-content\/uploads\/sites\/5\/2023\/02\/sugestaodepauta.png","width":1020,"height":540},{"@type":"WebSite","@id":"https:\/\/www.manaus.am.gov.br\/semcom\/#website","url":"https:\/\/www.manaus.am.gov.br\/semcom\/","name":"SEMCOM","description":"Secretaria Municipal de Comunica\u00e7\u00e3o","potentialAction":[{"@type":"SearchAction","target":{"@type":"EntryPoint","urlTemplate":"https:\/\/www.manaus.am.gov.br\/semcom\/?s={search_term_string}"},"query-input":"required name=search_term_string"}],"inLanguage":"pt-BR"}]}},"_links":{"self":[{"href":"https:\/\/www.manaus.am.gov.br\/semcom\/wp-json\/wp\/v2\/pautas\/230073"}],"collection":[{"href":"https:\/\/www.manaus.am.gov.br\/semcom\/wp-json\/wp\/v2\/pautas"}],"about":[{"href":"https:\/\/www.manaus.am.gov.br\/semcom\/wp-json\/wp\/v2\/types\/pautas"}],"wp:featuredmedia":[{"embeddable":true,"href":"https:\/\/www.manaus.am.gov.br\/semcom\/wp-json\/wp\/v2\/media\/208729"}],"wp:attachment":[{"href":"https:\/\/www.manaus.am.gov.br\/semcom\/wp-json\/wp\/v2\/media?parent=230073"}],"wp:term":[{"taxonomy":"category","embeddable":true,"href":"https:\/\/www.manaus.am.gov.br\/semcom\/wp-json\/wp\/v2\/categories?post=230073"}],"curies":[{"name":"wp","href":"https:\/\/api.w.org\/{rel}","templated":true}]}}