{"id":227827,"date":"2024-04-18T18:06:01","date_gmt":"2024-04-18T21:06:01","guid":{"rendered":"https:\/\/www.manaus.am.gov.br\/semcom\/?post_type=pautas&#038;p=227827"},"modified":"2024-04-18T18:06:01","modified_gmt":"2024-04-18T21:06:01","slug":"programacao-conscientizacao","status":"publish","type":"pautas","link":"https:\/\/www.manaus.am.gov.br\/semcom\/pautas\/programacao-conscientizacao\/","title":{"rendered":"Prefeitura de Manaus realiza programa\u00e7\u00e3o voltada \u00e0 conscientiza\u00e7\u00e3o do autismo, no complexo tur\u00edstico Ponta Negra"},"content":{"rendered":"\n<p>A Prefeitura de Manaus, por meio do Fundo Manaus Solid\u00e1ria (FMS), Funda\u00e7\u00e3o Manaus Esporte (FME) e das secretarias municipais de Educa\u00e7\u00e3o (Semed), de Sa\u00fade (Semsa), de Limpeza Urbana (Semulsp), da Mulher, Assist\u00eancia Social e Cidadania (Semasc), de Trabalho, Empreendedorismo e Inova\u00e7\u00e3o (Semtepi), Instituto de Mobilidade Urbana (IMMU) e o Espa\u00e7o de Atendimento Multidisciplinar ao Autista Amigo Ruy (EAMAAR), realiza evento voltado \u00e0 conscientiza\u00e7\u00e3o do autismo, neste domingo 21\/4, \u00e0s 7h, no Complexo Tur\u00edstico Ponta Negra, pr\u00f3ximo ao estacionamento recuado do cal\u00e7ad\u00e3o.<\/p>\n\n\n\n<p>A programa\u00e7\u00e3o do evento ter\u00e1 caminhada em comemora\u00e7\u00e3o ao m\u00eas azul, exposi\u00e7\u00e3o de atividades realizadas nas salas de recursos multifuncionais da Semed e atividades adaptadas para as crian\u00e7as e adolescentes que estar\u00e3o presentes, como oficina de pinturas, c\u00e3o-terapia, circuito motor, zumba, cama el\u00e1stica, piscina de bolinhas al\u00e9m de diversas atividades promovendo o bem-estar e alegria de todos que estar\u00e3o presentes.<\/p>\n\n\n\n<p><strong>SERVI\u00c7O:<\/strong><\/p>\n\n\n\n<p><strong>O qu\u00ea<\/strong> \u2013 Evento em alus\u00e3o ao m\u00eas de conscientiza\u00e7\u00e3o do autismo.<\/p>\n\n\n\n<p><strong>Quando<\/strong> \u2013 Domingo, 21\/4.<\/p>\n\n\n\n<p><strong>Hor\u00e1rio<\/strong> \u2013 7h<\/p>\n\n\n\n<p><strong>Local<\/strong> \u2013 Av. Coronel Teixeira, no cal\u00e7ad\u00e3o da Ponta Negra (estacionamento recuado)<\/p>\n","protected":false},"featured_media":208729,"template":"","categories":[3815],"acf":[],"yoast_head":"<!-- This site is optimized with the Yoast SEO plugin v23.0 - https:\/\/yoast.com\/wordpress\/plugins\/seo\/ -->\n<title>Prefeitura realiza programa\u00e7\u00e3o de conscientiza\u00e7\u00e3o do autismo<\/title>\n<meta name=\"description\" content=\"A Prefeitura de Manaus realiza evento voltado \u00e0 conscientiza\u00e7\u00e3o do autismo, neste domingo 21\/4, \u00e0s 7h, no Complexo Tur\u00edstico Ponta Negra.\" \/>\n<meta name=\"robots\" content=\"index, follow, max-snippet:-1, max-image-preview:large, max-video-preview:-1\" \/>\n<link rel=\"canonical\" href=\"https:\/\/www.manaus.am.gov.br\/semcom\/pautas\/programacao-conscientizacao\/\" \/>\n<meta property=\"og:locale\" content=\"pt_BR\" \/>\n<meta property=\"og:type\" content=\"article\" \/>\n<meta property=\"og:title\" content=\"Prefeitura realiza programa\u00e7\u00e3o de conscientiza\u00e7\u00e3o do autismo\" \/>\n<meta property=\"og:description\" content=\"A Prefeitura de Manaus realiza evento voltado \u00e0 conscientiza\u00e7\u00e3o do autismo, neste domingo 21\/4, \u00e0s 7h, no Complexo Tur\u00edstico Ponta Negra.\" \/>\n<meta property=\"og:url\" content=\"https:\/\/www.manaus.am.gov.br\/semcom\/pautas\/programacao-conscientizacao\/\" \/>\n<meta property=\"og:site_name\" content=\"SEMCOM\" \/>\n<meta property=\"og:image\" content=\"https:\/\/www.manaus.am.gov.br\/semcom\/wp-content\/uploads\/sites\/5\/2023\/02\/sugestaodepauta.png\" \/>\n\t<meta property=\"og:image:width\" content=\"1020\" \/>\n\t<meta property=\"og:image:height\" content=\"540\" \/>\n\t<meta property=\"og:image:type\" content=\"image\/png\" \/>\n<meta name=\"twitter:card\" content=\"summary_large_image\" \/>\n<meta name=\"twitter:label1\" content=\"Est. reading time\" \/>\n\t<meta name=\"twitter:data1\" content=\"2 minutos\" \/>\n<script type=\"application\/ld+json\" class=\"yoast-schema-graph\">{\"@context\":\"https:\/\/schema.org\",\"@graph\":[{\"@type\":\"WebPage\",\"@id\":\"https:\/\/www.manaus.am.gov.br\/semcom\/pautas\/programacao-conscientizacao\/\",\"url\":\"https:\/\/www.manaus.am.gov.br\/semcom\/pautas\/programacao-conscientizacao\/\",\"name\":\"Prefeitura realiza programa\u00e7\u00e3o de conscientiza\u00e7\u00e3o do autismo\",\"isPartOf\":{\"@id\":\"https:\/\/www.manaus.am.gov.br\/semcom\/#website\"},\"primaryImageOfPage\":{\"@id\":\"https:\/\/www.manaus.am.gov.br\/semcom\/pautas\/programacao-conscientizacao\/#primaryimage\"},\"image\":{\"@id\":\"https:\/\/www.manaus.am.gov.br\/semcom\/pautas\/programacao-conscientizacao\/#primaryimage\"},\"thumbnailUrl\":\"https:\/\/www.manaus.am.gov.br\/semcom\/wp-content\/uploads\/sites\/5\/2023\/02\/sugestaodepauta.png\",\"datePublished\":\"2024-04-18T21:06:01+00:00\",\"dateModified\":\"2024-04-18T21:06:01+00:00\",\"description\":\"A Prefeitura de Manaus realiza evento voltado \u00e0 conscientiza\u00e7\u00e3o do autismo, neste domingo 21\/4, \u00e0s 7h, no Complexo Tur\u00edstico Ponta Negra.\",\"inLanguage\":\"pt-BR\",\"potentialAction\":[{\"@type\":\"ReadAction\",\"target\":[\"https:\/\/www.manaus.am.gov.br\/semcom\/pautas\/programacao-conscientizacao\/\"]}]},{\"@type\":\"ImageObject\",\"inLanguage\":\"pt-BR\",\"@id\":\"https:\/\/www.manaus.am.gov.br\/semcom\/pautas\/programacao-conscientizacao\/#primaryimage\",\"url\":\"https:\/\/www.manaus.am.gov.br\/semcom\/wp-content\/uploads\/sites\/5\/2023\/02\/sugestaodepauta.png\",\"contentUrl\":\"https:\/\/www.manaus.am.gov.br\/semcom\/wp-content\/uploads\/sites\/5\/2023\/02\/sugestaodepauta.png\",\"width\":1020,\"height\":540},{\"@type\":\"WebSite\",\"@id\":\"https:\/\/www.manaus.am.gov.br\/semcom\/#website\",\"url\":\"https:\/\/www.manaus.am.gov.br\/semcom\/\",\"name\":\"SEMCOM\",\"description\":\"Secretaria Municipal de Comunica\u00e7\u00e3o\",\"potentialAction\":[{\"@type\":\"SearchAction\",\"target\":{\"@type\":\"EntryPoint\",\"urlTemplate\":\"https:\/\/www.manaus.am.gov.br\/semcom\/?s={search_term_string}\"},\"query-input\":\"required name=search_term_string\"}],\"inLanguage\":\"pt-BR\"}]}<\/script>\n<!-- \/ Yoast SEO plugin. -->","yoast_head_json":{"title":"Prefeitura realiza programa\u00e7\u00e3o de conscientiza\u00e7\u00e3o do autismo","description":"A Prefeitura de Manaus realiza evento voltado \u00e0 conscientiza\u00e7\u00e3o do autismo, neste domingo 21\/4, \u00e0s 7h, no Complexo Tur\u00edstico Ponta Negra.","robots":{"index":"index","follow":"follow","max-snippet":"max-snippet:-1","max-image-preview":"max-image-preview:large","max-video-preview":"max-video-preview:-1"},"canonical":"https:\/\/www.manaus.am.gov.br\/semcom\/pautas\/programacao-conscientizacao\/","og_locale":"pt_BR","og_type":"article","og_title":"Prefeitura realiza programa\u00e7\u00e3o de conscientiza\u00e7\u00e3o do autismo","og_description":"A Prefeitura de Manaus realiza evento voltado \u00e0 conscientiza\u00e7\u00e3o do autismo, neste domingo 21\/4, \u00e0s 7h, no Complexo Tur\u00edstico Ponta Negra.","og_url":"https:\/\/www.manaus.am.gov.br\/semcom\/pautas\/programacao-conscientizacao\/","og_site_name":"SEMCOM","og_image":[{"width":1020,"height":540,"url":"https:\/\/www.manaus.am.gov.br\/semcom\/wp-content\/uploads\/sites\/5\/2023\/02\/sugestaodepauta.png","type":"image\/png"}],"twitter_card":"summary_large_image","twitter_misc":{"Est. reading time":"2 minutos"},"schema":{"@context":"https:\/\/schema.org","@graph":[{"@type":"WebPage","@id":"https:\/\/www.manaus.am.gov.br\/semcom\/pautas\/programacao-conscientizacao\/","url":"https:\/\/www.manaus.am.gov.br\/semcom\/pautas\/programacao-conscientizacao\/","name":"Prefeitura realiza programa\u00e7\u00e3o de conscientiza\u00e7\u00e3o do autismo","isPartOf":{"@id":"https:\/\/www.manaus.am.gov.br\/semcom\/#website"},"primaryImageOfPage":{"@id":"https:\/\/www.manaus.am.gov.br\/semcom\/pautas\/programacao-conscientizacao\/#primaryimage"},"image":{"@id":"https:\/\/www.manaus.am.gov.br\/semcom\/pautas\/programacao-conscientizacao\/#primaryimage"},"thumbnailUrl":"https:\/\/www.manaus.am.gov.br\/semcom\/wp-content\/uploads\/sites\/5\/2023\/02\/sugestaodepauta.png","datePublished":"2024-04-18T21:06:01+00:00","dateModified":"2024-04-18T21:06:01+00:00","description":"A Prefeitura de Manaus realiza evento voltado \u00e0 conscientiza\u00e7\u00e3o do autismo, neste domingo 21\/4, \u00e0s 7h, no Complexo Tur\u00edstico Ponta Negra.","inLanguage":"pt-BR","potentialAction":[{"@type":"ReadAction","target":["https:\/\/www.manaus.am.gov.br\/semcom\/pautas\/programacao-conscientizacao\/"]}]},{"@type":"ImageObject","inLanguage":"pt-BR","@id":"https:\/\/www.manaus.am.gov.br\/semcom\/pautas\/programacao-conscientizacao\/#primaryimage","url":"https:\/\/www.manaus.am.gov.br\/semcom\/wp-content\/uploads\/sites\/5\/2023\/02\/sugestaodepauta.png","contentUrl":"https:\/\/www.manaus.am.gov.br\/semcom\/wp-content\/uploads\/sites\/5\/2023\/02\/sugestaodepauta.png","width":1020,"height":540},{"@type":"WebSite","@id":"https:\/\/www.manaus.am.gov.br\/semcom\/#website","url":"https:\/\/www.manaus.am.gov.br\/semcom\/","name":"SEMCOM","description":"Secretaria Municipal de Comunica\u00e7\u00e3o","potentialAction":[{"@type":"SearchAction","target":{"@type":"EntryPoint","urlTemplate":"https:\/\/www.manaus.am.gov.br\/semcom\/?s={search_term_string}"},"query-input":"required name=search_term_string"}],"inLanguage":"pt-BR"}]}},"_links":{"self":[{"href":"https:\/\/www.manaus.am.gov.br\/semcom\/wp-json\/wp\/v2\/pautas\/227827"}],"collection":[{"href":"https:\/\/www.manaus.am.gov.br\/semcom\/wp-json\/wp\/v2\/pautas"}],"about":[{"href":"https:\/\/www.manaus.am.gov.br\/semcom\/wp-json\/wp\/v2\/types\/pautas"}],"wp:featuredmedia":[{"embeddable":true,"href":"https:\/\/www.manaus.am.gov.br\/semcom\/wp-json\/wp\/v2\/media\/208729"}],"wp:attachment":[{"href":"https:\/\/www.manaus.am.gov.br\/semcom\/wp-json\/wp\/v2\/media?parent=227827"}],"wp:term":[{"taxonomy":"category","embeddable":true,"href":"https:\/\/www.manaus.am.gov.br\/semcom\/wp-json\/wp\/v2\/categories?post=227827"}],"curies":[{"name":"wp","href":"https:\/\/api.w.org\/{rel}","templated":true}]}}