{"id":216549,"date":"2023-07-22T15:36:22","date_gmt":"2023-07-22T18:36:22","guid":{"rendered":"https:\/\/www.manaus.am.gov.br\/semcom\/?post_type=pautas&#038;p=216549"},"modified":"2023-07-22T15:36:23","modified_gmt":"2023-07-22T18:36:23","slug":"prefeito-lanca-o-servico-de-unidades-moveis-de-saude-da-mulher-nesta-segunda-feira-24","status":"publish","type":"pautas","link":"https:\/\/www.manaus.am.gov.br\/semcom\/pautas\/prefeito-lanca-o-servico-de-unidades-moveis-de-saude-da-mulher-nesta-segunda-feira-24\/","title":{"rendered":"<strong>Prefeito lan\u00e7a o\u00a0Servi\u00e7o de Unidades M\u00f3veis de Sa\u00fade da Mulher<\/strong> <strong>nesta segunda-feira, 24<\/strong>"},"content":{"rendered":"\n<p>O prefeito de Manaus, David Almeida, lan\u00e7a, \u00e0s 15h desta segunda-feira,&nbsp;24\/7, na \u00e1rea externa do shopping Phelippe Daou, na zona Norte da capital, o&nbsp;Servi\u00e7o de Unidades M\u00f3veis de Sa\u00fade da Mulher.&nbsp;&nbsp;Inicialmente com tr\u00eas estruturas m\u00f3veis projetadas para realizar at\u00e9 17 mil procedimentos por m\u00eas, o servi\u00e7o vai beneficiar a popula\u00e7\u00e3o das zonas Leste, Norte e Oeste.&nbsp;<\/p>\n\n\n\n<p>Cada unidade far\u00e1 a oferta itinerante de consulta m\u00e9dica e de enfermagem, atendimento pr\u00e9-natal, mamografia, ultrassonografia e coleta de exame preventivo do c\u00e2ncer do colo do \u00fatero, al\u00e9m de testes r\u00e1pidos para Infec\u00e7\u00f5es Sexualmente Transmiss\u00edveis (ISTs) e tuberculose, planejamento reprodutivo e dispensa\u00e7\u00e3o de medicamentos.<\/p>\n\n\n\n<p>Coordenado pela Secretaria Municipal de Sa\u00fade (Semsa), o servi\u00e7o vai beneficiar \u00e1reas de maior demanda e vazios assistenciais, permanecendo em cada localidade pelo per\u00edodo m\u00e9dio de 15 dias, para atendimento exclusivo do p\u00fablico feminino.&nbsp;<\/p>\n\n\n\n<p><strong>SERVI\u00c7O:<\/strong><\/p>\n\n\n\n<p><strong>O qu\u00ea &#8211;&nbsp;<\/strong>Lan\u00e7amento do&nbsp;Servi\u00e7o de Unidades M\u00f3veis de Sa\u00fade da Mulher<\/p>\n\n\n\n<p><strong>Quando &#8211;<\/strong>&nbsp;Segunda-feira, 24\/7<\/p>\n\n\n\n<p><strong>Hor\u00e1rio<\/strong>&nbsp;\u2013 15h<\/p>\n\n\n\n<p><strong>Local &#8211;<\/strong>&nbsp;Shopping Phelippe Daou, na avenida Camapu\u00e3, 2.939, bairro Cidade de Deus, Cidade Nova.<\/p>\n","protected":false},"featured_media":208729,"template":"","categories":[787],"acf":[],"yoast_head":"<!-- This site is optimized with the Yoast SEO plugin v23.0 - https:\/\/yoast.com\/wordpress\/plugins\/seo\/ -->\n<title>Prefeito lan\u00e7a o Servi\u00e7o de Unidades M\u00f3veis de Sa\u00fade da Mulher nesta segunda-feira, 24<\/title>\n<meta name=\"description\" content=\"O prefeito de Manaus, David Almeida, lan\u00e7a, \u00e0s 15h desta segunda-feira, 24\/7, na \u00e1rea externa do shopping Phelippe Daou, na zona Norte da capital, o Servi\u00e7o de Unidades M\u00f3veis de Sa\u00fade da Mulher. Inicialmente com tr\u00eas estruturas m\u00f3veis projetadas para realizar at\u00e9 17 mil procedimentos por m\u00eas, o servi\u00e7o vai beneficiar a popula\u00e7\u00e3o das zonas Leste, Norte e Oeste.\" \/>\n<meta name=\"robots\" content=\"index, follow, max-snippet:-1, max-image-preview:large, max-video-preview:-1\" \/>\n<link rel=\"canonical\" href=\"https:\/\/www.manaus.am.gov.br\/semcom\/pautas\/prefeito-lanca-o-servico-de-unidades-moveis-de-saude-da-mulher-nesta-segunda-feira-24\/\" \/>\n<meta property=\"og:locale\" content=\"pt_BR\" \/>\n<meta property=\"og:type\" content=\"article\" \/>\n<meta property=\"og:title\" content=\"Prefeito lan\u00e7a o Servi\u00e7o de Unidades M\u00f3veis de Sa\u00fade da Mulher nesta segunda-feira, 24\" \/>\n<meta property=\"og:description\" content=\"O prefeito de Manaus, David Almeida, lan\u00e7a, \u00e0s 15h desta segunda-feira, 24\/7, na \u00e1rea externa do shopping Phelippe Daou, na zona Norte da capital, o Servi\u00e7o de Unidades M\u00f3veis de Sa\u00fade da Mulher. Inicialmente com tr\u00eas estruturas m\u00f3veis projetadas para realizar at\u00e9 17 mil procedimentos por m\u00eas, o servi\u00e7o vai beneficiar a popula\u00e7\u00e3o das zonas Leste, Norte e Oeste.\" \/>\n<meta property=\"og:url\" content=\"https:\/\/www.manaus.am.gov.br\/semcom\/pautas\/prefeito-lanca-o-servico-de-unidades-moveis-de-saude-da-mulher-nesta-segunda-feira-24\/\" \/>\n<meta property=\"og:site_name\" content=\"SEMCOM\" \/>\n<meta property=\"article:modified_time\" content=\"2023-07-22T18:36:23+00:00\" \/>\n<meta property=\"og:image\" content=\"https:\/\/www.manaus.am.gov.br\/semcom\/wp-content\/uploads\/sites\/5\/2023\/02\/sugestaodepauta.png\" \/>\n\t<meta property=\"og:image:width\" content=\"1020\" \/>\n\t<meta property=\"og:image:height\" content=\"540\" \/>\n\t<meta property=\"og:image:type\" content=\"image\/png\" \/>\n<meta name=\"twitter:card\" content=\"summary_large_image\" \/>\n<meta name=\"twitter:label1\" content=\"Est. reading time\" \/>\n\t<meta name=\"twitter:data1\" content=\"1 minuto\" \/>\n<script type=\"application\/ld+json\" class=\"yoast-schema-graph\">{\"@context\":\"https:\/\/schema.org\",\"@graph\":[{\"@type\":\"WebPage\",\"@id\":\"https:\/\/www.manaus.am.gov.br\/semcom\/pautas\/prefeito-lanca-o-servico-de-unidades-moveis-de-saude-da-mulher-nesta-segunda-feira-24\/\",\"url\":\"https:\/\/www.manaus.am.gov.br\/semcom\/pautas\/prefeito-lanca-o-servico-de-unidades-moveis-de-saude-da-mulher-nesta-segunda-feira-24\/\",\"name\":\"Prefeito lan\u00e7a o Servi\u00e7o de Unidades M\u00f3veis de Sa\u00fade da Mulher nesta segunda-feira, 24\",\"isPartOf\":{\"@id\":\"https:\/\/www.manaus.am.gov.br\/semcom\/#website\"},\"primaryImageOfPage\":{\"@id\":\"https:\/\/www.manaus.am.gov.br\/semcom\/pautas\/prefeito-lanca-o-servico-de-unidades-moveis-de-saude-da-mulher-nesta-segunda-feira-24\/#primaryimage\"},\"image\":{\"@id\":\"https:\/\/www.manaus.am.gov.br\/semcom\/pautas\/prefeito-lanca-o-servico-de-unidades-moveis-de-saude-da-mulher-nesta-segunda-feira-24\/#primaryimage\"},\"thumbnailUrl\":\"https:\/\/www.manaus.am.gov.br\/semcom\/wp-content\/uploads\/sites\/5\/2023\/02\/sugestaodepauta.png\",\"datePublished\":\"2023-07-22T18:36:22+00:00\",\"dateModified\":\"2023-07-22T18:36:23+00:00\",\"description\":\"O prefeito de Manaus, David Almeida, lan\u00e7a, \u00e0s 15h desta segunda-feira, 24\/7, na \u00e1rea externa do shopping Phelippe Daou, na zona Norte da capital, o Servi\u00e7o de Unidades M\u00f3veis de Sa\u00fade da Mulher. Inicialmente com tr\u00eas estruturas m\u00f3veis projetadas para realizar at\u00e9 17 mil procedimentos por m\u00eas, o servi\u00e7o vai beneficiar a popula\u00e7\u00e3o das zonas Leste, Norte e Oeste.\",\"inLanguage\":\"pt-BR\",\"potentialAction\":[{\"@type\":\"ReadAction\",\"target\":[\"https:\/\/www.manaus.am.gov.br\/semcom\/pautas\/prefeito-lanca-o-servico-de-unidades-moveis-de-saude-da-mulher-nesta-segunda-feira-24\/\"]}]},{\"@type\":\"ImageObject\",\"inLanguage\":\"pt-BR\",\"@id\":\"https:\/\/www.manaus.am.gov.br\/semcom\/pautas\/prefeito-lanca-o-servico-de-unidades-moveis-de-saude-da-mulher-nesta-segunda-feira-24\/#primaryimage\",\"url\":\"https:\/\/www.manaus.am.gov.br\/semcom\/wp-content\/uploads\/sites\/5\/2023\/02\/sugestaodepauta.png\",\"contentUrl\":\"https:\/\/www.manaus.am.gov.br\/semcom\/wp-content\/uploads\/sites\/5\/2023\/02\/sugestaodepauta.png\",\"width\":1020,\"height\":540},{\"@type\":\"WebSite\",\"@id\":\"https:\/\/www.manaus.am.gov.br\/semcom\/#website\",\"url\":\"https:\/\/www.manaus.am.gov.br\/semcom\/\",\"name\":\"SEMCOM\",\"description\":\"Secretaria Municipal de Comunica\u00e7\u00e3o\",\"potentialAction\":[{\"@type\":\"SearchAction\",\"target\":{\"@type\":\"EntryPoint\",\"urlTemplate\":\"https:\/\/www.manaus.am.gov.br\/semcom\/?s={search_term_string}\"},\"query-input\":\"required name=search_term_string\"}],\"inLanguage\":\"pt-BR\"}]}<\/script>\n<!-- \/ Yoast SEO plugin. -->","yoast_head_json":{"title":"Prefeito lan\u00e7a o Servi\u00e7o de Unidades M\u00f3veis de Sa\u00fade da Mulher nesta segunda-feira, 24","description":"O prefeito de Manaus, David Almeida, lan\u00e7a, \u00e0s 15h desta segunda-feira, 24\/7, na \u00e1rea externa do shopping Phelippe Daou, na zona Norte da capital, o Servi\u00e7o de Unidades M\u00f3veis de Sa\u00fade da Mulher. Inicialmente com tr\u00eas estruturas m\u00f3veis projetadas para realizar at\u00e9 17 mil procedimentos por m\u00eas, o servi\u00e7o vai beneficiar a popula\u00e7\u00e3o das zonas Leste, Norte e Oeste.","robots":{"index":"index","follow":"follow","max-snippet":"max-snippet:-1","max-image-preview":"max-image-preview:large","max-video-preview":"max-video-preview:-1"},"canonical":"https:\/\/www.manaus.am.gov.br\/semcom\/pautas\/prefeito-lanca-o-servico-de-unidades-moveis-de-saude-da-mulher-nesta-segunda-feira-24\/","og_locale":"pt_BR","og_type":"article","og_title":"Prefeito lan\u00e7a o Servi\u00e7o de Unidades M\u00f3veis de Sa\u00fade da Mulher nesta segunda-feira, 24","og_description":"O prefeito de Manaus, David Almeida, lan\u00e7a, \u00e0s 15h desta segunda-feira, 24\/7, na \u00e1rea externa do shopping Phelippe Daou, na zona Norte da capital, o Servi\u00e7o de Unidades M\u00f3veis de Sa\u00fade da Mulher. Inicialmente com tr\u00eas estruturas m\u00f3veis projetadas para realizar at\u00e9 17 mil procedimentos por m\u00eas, o servi\u00e7o vai beneficiar a popula\u00e7\u00e3o das zonas Leste, Norte e Oeste.","og_url":"https:\/\/www.manaus.am.gov.br\/semcom\/pautas\/prefeito-lanca-o-servico-de-unidades-moveis-de-saude-da-mulher-nesta-segunda-feira-24\/","og_site_name":"SEMCOM","article_modified_time":"2023-07-22T18:36:23+00:00","og_image":[{"width":1020,"height":540,"url":"https:\/\/www.manaus.am.gov.br\/semcom\/wp-content\/uploads\/sites\/5\/2023\/02\/sugestaodepauta.png","type":"image\/png"}],"twitter_card":"summary_large_image","twitter_misc":{"Est. reading time":"1 minuto"},"schema":{"@context":"https:\/\/schema.org","@graph":[{"@type":"WebPage","@id":"https:\/\/www.manaus.am.gov.br\/semcom\/pautas\/prefeito-lanca-o-servico-de-unidades-moveis-de-saude-da-mulher-nesta-segunda-feira-24\/","url":"https:\/\/www.manaus.am.gov.br\/semcom\/pautas\/prefeito-lanca-o-servico-de-unidades-moveis-de-saude-da-mulher-nesta-segunda-feira-24\/","name":"Prefeito lan\u00e7a o Servi\u00e7o de Unidades M\u00f3veis de Sa\u00fade da Mulher nesta segunda-feira, 24","isPartOf":{"@id":"https:\/\/www.manaus.am.gov.br\/semcom\/#website"},"primaryImageOfPage":{"@id":"https:\/\/www.manaus.am.gov.br\/semcom\/pautas\/prefeito-lanca-o-servico-de-unidades-moveis-de-saude-da-mulher-nesta-segunda-feira-24\/#primaryimage"},"image":{"@id":"https:\/\/www.manaus.am.gov.br\/semcom\/pautas\/prefeito-lanca-o-servico-de-unidades-moveis-de-saude-da-mulher-nesta-segunda-feira-24\/#primaryimage"},"thumbnailUrl":"https:\/\/www.manaus.am.gov.br\/semcom\/wp-content\/uploads\/sites\/5\/2023\/02\/sugestaodepauta.png","datePublished":"2023-07-22T18:36:22+00:00","dateModified":"2023-07-22T18:36:23+00:00","description":"O prefeito de Manaus, David Almeida, lan\u00e7a, \u00e0s 15h desta segunda-feira, 24\/7, na \u00e1rea externa do shopping Phelippe Daou, na zona Norte da capital, o Servi\u00e7o de Unidades M\u00f3veis de Sa\u00fade da Mulher. Inicialmente com tr\u00eas estruturas m\u00f3veis projetadas para realizar at\u00e9 17 mil procedimentos por m\u00eas, o servi\u00e7o vai beneficiar a popula\u00e7\u00e3o das zonas Leste, Norte e Oeste.","inLanguage":"pt-BR","potentialAction":[{"@type":"ReadAction","target":["https:\/\/www.manaus.am.gov.br\/semcom\/pautas\/prefeito-lanca-o-servico-de-unidades-moveis-de-saude-da-mulher-nesta-segunda-feira-24\/"]}]},{"@type":"ImageObject","inLanguage":"pt-BR","@id":"https:\/\/www.manaus.am.gov.br\/semcom\/pautas\/prefeito-lanca-o-servico-de-unidades-moveis-de-saude-da-mulher-nesta-segunda-feira-24\/#primaryimage","url":"https:\/\/www.manaus.am.gov.br\/semcom\/wp-content\/uploads\/sites\/5\/2023\/02\/sugestaodepauta.png","contentUrl":"https:\/\/www.manaus.am.gov.br\/semcom\/wp-content\/uploads\/sites\/5\/2023\/02\/sugestaodepauta.png","width":1020,"height":540},{"@type":"WebSite","@id":"https:\/\/www.manaus.am.gov.br\/semcom\/#website","url":"https:\/\/www.manaus.am.gov.br\/semcom\/","name":"SEMCOM","description":"Secretaria Municipal de Comunica\u00e7\u00e3o","potentialAction":[{"@type":"SearchAction","target":{"@type":"EntryPoint","urlTemplate":"https:\/\/www.manaus.am.gov.br\/semcom\/?s={search_term_string}"},"query-input":"required name=search_term_string"}],"inLanguage":"pt-BR"}]}},"_links":{"self":[{"href":"https:\/\/www.manaus.am.gov.br\/semcom\/wp-json\/wp\/v2\/pautas\/216549"}],"collection":[{"href":"https:\/\/www.manaus.am.gov.br\/semcom\/wp-json\/wp\/v2\/pautas"}],"about":[{"href":"https:\/\/www.manaus.am.gov.br\/semcom\/wp-json\/wp\/v2\/types\/pautas"}],"wp:featuredmedia":[{"embeddable":true,"href":"https:\/\/www.manaus.am.gov.br\/semcom\/wp-json\/wp\/v2\/media\/208729"}],"wp:attachment":[{"href":"https:\/\/www.manaus.am.gov.br\/semcom\/wp-json\/wp\/v2\/media?parent=216549"}],"wp:term":[{"taxonomy":"category","embeddable":true,"href":"https:\/\/www.manaus.am.gov.br\/semcom\/wp-json\/wp\/v2\/categories?post=216549"}],"curies":[{"name":"wp","href":"https:\/\/api.w.org\/{rel}","templated":true}]}}