{"id":214564,"date":"2023-05-31T17:33:13","date_gmt":"2023-05-31T20:33:13","guid":{"rendered":"https:\/\/www.manaus.am.gov.br\/semcom\/?post_type=pautas&#038;p=214564"},"modified":"2023-05-31T17:33:14","modified_gmt":"2023-05-31T20:33:14","slug":"prefeitura-de-manaus-entrega-250-novos-kits-de-assistencia-humanitaria-para-familias-afetadas-por-fortes-chuvas","status":"publish","type":"pautas","link":"https:\/\/www.manaus.am.gov.br\/semcom\/pautas\/prefeitura-de-manaus-entrega-250-novos-kits-de-assistencia-humanitaria-para-familias-afetadas-por-fortes-chuvas\/","title":{"rendered":"<strong>Prefeitura de Manaus entrega 250 novos kits de assist\u00eancia humanit\u00e1ria para fam\u00edlias afetadas por fortes chuvas<\/strong>"},"content":{"rendered":"\n<p>A Prefeitura de Manaus, por meio da Secretaria Municipal de Seguran\u00e7a P\u00fablica e Defesa Social (Semseg), realiza, nesta quinta-feira, 1\u00b0\/6, \u00e0s 10h, na escola municipal Helena Augusta Walcott, na avenida Ita\u00faba, bairro Jorge Teixeira, zona Leste, a entrega de mais 250 kits de assist\u00eancia humanit\u00e1ria para moradores da comunidade Pingo D\u2019\u00c1gua, afetados pelas fortes chuvas de mar\u00e7o deste ano.<\/p>\n\n\n\n<p>Os kits, compostos por colch\u00e3o, travesseiro, len\u00e7\u00f3is, rede, cestas b\u00e1sicas, itens de limpeza e de higiene pessoal, foram adquiridos com recursos destinados pelo Governo Federal, por interm\u00e9dio da Secretaria Nacional de Prote\u00e7\u00e3o e Defesa Civil (Sedec).<\/p>\n\n\n\n<p>A a\u00e7\u00e3o ocorre em parceria com a Secretaria Municipal da Mulher, Assist\u00eancia Social e Cidadania (Semasc) e Funda\u00e7\u00e3o Manaus Solid\u00e1ria (FMS). Ser\u00e1 a terceira entrega, em menos de vinte dias, de kits assistenciais, feita pela Prefeitura de Manaus \u00e0s fam\u00edlias atingidas pelas chuvas intensas na capital.<\/p>\n\n\n\n<p>&#8212; &#8212; &#8212;<\/p>\n\n\n\n<p><strong>SERVI\u00c7O<\/strong><\/p>\n\n\n\n<p><strong>O qu\u00ea<\/strong> &#8211; Entrega de 250 novos kits de assist\u00eancia humanit\u00e1ria para<\/p>\n\n\n\n<p>moradores afetados pelas chuvas<\/p>\n\n\n\n<p><strong>Quando<\/strong> \u2013 Quinta-feira, 1\u00b0\/6<\/p>\n\n\n\n<p><strong>Hor\u00e1rio<\/strong> \u2013 10h<\/p>\n\n\n\n<p><strong>Local<\/strong> \u2013 Escola municipal Helena Augusta Walcott, na avenida Ita\u00faba,<\/p>\n\n\n\n<p>bairro Jorge Teixeira, zona Leste<\/p>\n\n\n\n<p>&#8212; &#8212; &#8212;<\/p>\n\n\n\n<p>SEMSEG &#8211; Semseg Secretaria Municipal de Seguran\u00e7a P\u00fablica e Defesa Social<\/p>\n\n\n\n<p>Assessor Respons\u00e1vel &#8211; Geanne Fernandes &#8211; (92) 99982-3522<\/p>\n\n\n\n<p>E-mail:&nbsp;<a href=\"mailto:manausccc@gmail.com\" target=\"_blank\" rel=\"noreferrer noopener\">manausccc@gmail.com<\/a><\/p>\n\n\n\n<p><\/p>\n","protected":false},"featured_media":208729,"template":"","categories":[807],"acf":[],"yoast_head":"<!-- This site is optimized with the Yoast SEO plugin v23.0 - https:\/\/yoast.com\/wordpress\/plugins\/seo\/ -->\n<title>Prefeitura de Manaus entrega 250 novos kits de assist\u00eancia humanit\u00e1ria para fam\u00edlias afetadas por fortes chuvas - SEMCOM<\/title>\n<meta name=\"robots\" content=\"index, follow, max-snippet:-1, max-image-preview:large, max-video-preview:-1\" \/>\n<link rel=\"canonical\" href=\"https:\/\/www.manaus.am.gov.br\/semcom\/pautas\/prefeitura-de-manaus-entrega-250-novos-kits-de-assistencia-humanitaria-para-familias-afetadas-por-fortes-chuvas\/\" \/>\n<meta property=\"og:locale\" content=\"pt_BR\" \/>\n<meta property=\"og:type\" content=\"article\" \/>\n<meta property=\"og:title\" content=\"Prefeitura de Manaus entrega 250 novos kits de assist\u00eancia humanit\u00e1ria para fam\u00edlias afetadas por fortes chuvas - SEMCOM\" \/>\n<meta property=\"og:url\" content=\"https:\/\/www.manaus.am.gov.br\/semcom\/pautas\/prefeitura-de-manaus-entrega-250-novos-kits-de-assistencia-humanitaria-para-familias-afetadas-por-fortes-chuvas\/\" \/>\n<meta property=\"og:site_name\" content=\"SEMCOM\" \/>\n<meta property=\"article:modified_time\" content=\"2023-05-31T20:33:14+00:00\" \/>\n<meta property=\"og:image\" content=\"https:\/\/www.manaus.am.gov.br\/semcom\/wp-content\/uploads\/sites\/5\/2023\/02\/sugestaodepauta.png\" \/>\n\t<meta property=\"og:image:width\" content=\"1020\" \/>\n\t<meta property=\"og:image:height\" content=\"540\" \/>\n\t<meta property=\"og:image:type\" content=\"image\/png\" \/>\n<meta name=\"twitter:card\" content=\"summary_large_image\" \/>\n<meta name=\"twitter:label1\" content=\"Est. reading time\" \/>\n\t<meta name=\"twitter:data1\" content=\"2 minutos\" \/>\n<script type=\"application\/ld+json\" class=\"yoast-schema-graph\">{\"@context\":\"https:\/\/schema.org\",\"@graph\":[{\"@type\":\"WebPage\",\"@id\":\"https:\/\/www.manaus.am.gov.br\/semcom\/pautas\/prefeitura-de-manaus-entrega-250-novos-kits-de-assistencia-humanitaria-para-familias-afetadas-por-fortes-chuvas\/\",\"url\":\"https:\/\/www.manaus.am.gov.br\/semcom\/pautas\/prefeitura-de-manaus-entrega-250-novos-kits-de-assistencia-humanitaria-para-familias-afetadas-por-fortes-chuvas\/\",\"name\":\"Prefeitura de Manaus entrega 250 novos kits de assist\u00eancia humanit\u00e1ria para fam\u00edlias afetadas por fortes chuvas - SEMCOM\",\"isPartOf\":{\"@id\":\"https:\/\/www.manaus.am.gov.br\/semcom\/#website\"},\"primaryImageOfPage\":{\"@id\":\"https:\/\/www.manaus.am.gov.br\/semcom\/pautas\/prefeitura-de-manaus-entrega-250-novos-kits-de-assistencia-humanitaria-para-familias-afetadas-por-fortes-chuvas\/#primaryimage\"},\"image\":{\"@id\":\"https:\/\/www.manaus.am.gov.br\/semcom\/pautas\/prefeitura-de-manaus-entrega-250-novos-kits-de-assistencia-humanitaria-para-familias-afetadas-por-fortes-chuvas\/#primaryimage\"},\"thumbnailUrl\":\"https:\/\/www.manaus.am.gov.br\/semcom\/wp-content\/uploads\/sites\/5\/2023\/02\/sugestaodepauta.png\",\"datePublished\":\"2023-05-31T20:33:13+00:00\",\"dateModified\":\"2023-05-31T20:33:14+00:00\",\"inLanguage\":\"pt-BR\",\"potentialAction\":[{\"@type\":\"ReadAction\",\"target\":[\"https:\/\/www.manaus.am.gov.br\/semcom\/pautas\/prefeitura-de-manaus-entrega-250-novos-kits-de-assistencia-humanitaria-para-familias-afetadas-por-fortes-chuvas\/\"]}]},{\"@type\":\"ImageObject\",\"inLanguage\":\"pt-BR\",\"@id\":\"https:\/\/www.manaus.am.gov.br\/semcom\/pautas\/prefeitura-de-manaus-entrega-250-novos-kits-de-assistencia-humanitaria-para-familias-afetadas-por-fortes-chuvas\/#primaryimage\",\"url\":\"https:\/\/www.manaus.am.gov.br\/semcom\/wp-content\/uploads\/sites\/5\/2023\/02\/sugestaodepauta.png\",\"contentUrl\":\"https:\/\/www.manaus.am.gov.br\/semcom\/wp-content\/uploads\/sites\/5\/2023\/02\/sugestaodepauta.png\",\"width\":1020,\"height\":540},{\"@type\":\"WebSite\",\"@id\":\"https:\/\/www.manaus.am.gov.br\/semcom\/#website\",\"url\":\"https:\/\/www.manaus.am.gov.br\/semcom\/\",\"name\":\"SEMCOM\",\"description\":\"Secretaria Municipal de Comunica\u00e7\u00e3o\",\"potentialAction\":[{\"@type\":\"SearchAction\",\"target\":{\"@type\":\"EntryPoint\",\"urlTemplate\":\"https:\/\/www.manaus.am.gov.br\/semcom\/?s={search_term_string}\"},\"query-input\":\"required name=search_term_string\"}],\"inLanguage\":\"pt-BR\"}]}<\/script>\n<!-- \/ Yoast SEO plugin. -->","yoast_head_json":{"title":"Prefeitura de Manaus entrega 250 novos kits de assist\u00eancia humanit\u00e1ria para fam\u00edlias afetadas por fortes chuvas - SEMCOM","robots":{"index":"index","follow":"follow","max-snippet":"max-snippet:-1","max-image-preview":"max-image-preview:large","max-video-preview":"max-video-preview:-1"},"canonical":"https:\/\/www.manaus.am.gov.br\/semcom\/pautas\/prefeitura-de-manaus-entrega-250-novos-kits-de-assistencia-humanitaria-para-familias-afetadas-por-fortes-chuvas\/","og_locale":"pt_BR","og_type":"article","og_title":"Prefeitura de Manaus entrega 250 novos kits de assist\u00eancia humanit\u00e1ria para fam\u00edlias afetadas por fortes chuvas - SEMCOM","og_url":"https:\/\/www.manaus.am.gov.br\/semcom\/pautas\/prefeitura-de-manaus-entrega-250-novos-kits-de-assistencia-humanitaria-para-familias-afetadas-por-fortes-chuvas\/","og_site_name":"SEMCOM","article_modified_time":"2023-05-31T20:33:14+00:00","og_image":[{"width":1020,"height":540,"url":"https:\/\/www.manaus.am.gov.br\/semcom\/wp-content\/uploads\/sites\/5\/2023\/02\/sugestaodepauta.png","type":"image\/png"}],"twitter_card":"summary_large_image","twitter_misc":{"Est. reading time":"2 minutos"},"schema":{"@context":"https:\/\/schema.org","@graph":[{"@type":"WebPage","@id":"https:\/\/www.manaus.am.gov.br\/semcom\/pautas\/prefeitura-de-manaus-entrega-250-novos-kits-de-assistencia-humanitaria-para-familias-afetadas-por-fortes-chuvas\/","url":"https:\/\/www.manaus.am.gov.br\/semcom\/pautas\/prefeitura-de-manaus-entrega-250-novos-kits-de-assistencia-humanitaria-para-familias-afetadas-por-fortes-chuvas\/","name":"Prefeitura de Manaus entrega 250 novos kits de assist\u00eancia humanit\u00e1ria para fam\u00edlias afetadas por fortes chuvas - SEMCOM","isPartOf":{"@id":"https:\/\/www.manaus.am.gov.br\/semcom\/#website"},"primaryImageOfPage":{"@id":"https:\/\/www.manaus.am.gov.br\/semcom\/pautas\/prefeitura-de-manaus-entrega-250-novos-kits-de-assistencia-humanitaria-para-familias-afetadas-por-fortes-chuvas\/#primaryimage"},"image":{"@id":"https:\/\/www.manaus.am.gov.br\/semcom\/pautas\/prefeitura-de-manaus-entrega-250-novos-kits-de-assistencia-humanitaria-para-familias-afetadas-por-fortes-chuvas\/#primaryimage"},"thumbnailUrl":"https:\/\/www.manaus.am.gov.br\/semcom\/wp-content\/uploads\/sites\/5\/2023\/02\/sugestaodepauta.png","datePublished":"2023-05-31T20:33:13+00:00","dateModified":"2023-05-31T20:33:14+00:00","inLanguage":"pt-BR","potentialAction":[{"@type":"ReadAction","target":["https:\/\/www.manaus.am.gov.br\/semcom\/pautas\/prefeitura-de-manaus-entrega-250-novos-kits-de-assistencia-humanitaria-para-familias-afetadas-por-fortes-chuvas\/"]}]},{"@type":"ImageObject","inLanguage":"pt-BR","@id":"https:\/\/www.manaus.am.gov.br\/semcom\/pautas\/prefeitura-de-manaus-entrega-250-novos-kits-de-assistencia-humanitaria-para-familias-afetadas-por-fortes-chuvas\/#primaryimage","url":"https:\/\/www.manaus.am.gov.br\/semcom\/wp-content\/uploads\/sites\/5\/2023\/02\/sugestaodepauta.png","contentUrl":"https:\/\/www.manaus.am.gov.br\/semcom\/wp-content\/uploads\/sites\/5\/2023\/02\/sugestaodepauta.png","width":1020,"height":540},{"@type":"WebSite","@id":"https:\/\/www.manaus.am.gov.br\/semcom\/#website","url":"https:\/\/www.manaus.am.gov.br\/semcom\/","name":"SEMCOM","description":"Secretaria Municipal de Comunica\u00e7\u00e3o","potentialAction":[{"@type":"SearchAction","target":{"@type":"EntryPoint","urlTemplate":"https:\/\/www.manaus.am.gov.br\/semcom\/?s={search_term_string}"},"query-input":"required name=search_term_string"}],"inLanguage":"pt-BR"}]}},"_links":{"self":[{"href":"https:\/\/www.manaus.am.gov.br\/semcom\/wp-json\/wp\/v2\/pautas\/214564"}],"collection":[{"href":"https:\/\/www.manaus.am.gov.br\/semcom\/wp-json\/wp\/v2\/pautas"}],"about":[{"href":"https:\/\/www.manaus.am.gov.br\/semcom\/wp-json\/wp\/v2\/types\/pautas"}],"wp:featuredmedia":[{"embeddable":true,"href":"https:\/\/www.manaus.am.gov.br\/semcom\/wp-json\/wp\/v2\/media\/208729"}],"wp:attachment":[{"href":"https:\/\/www.manaus.am.gov.br\/semcom\/wp-json\/wp\/v2\/media?parent=214564"}],"wp:term":[{"taxonomy":"category","embeddable":true,"href":"https:\/\/www.manaus.am.gov.br\/semcom\/wp-json\/wp\/v2\/categories?post=214564"}],"curies":[{"name":"wp","href":"https:\/\/api.w.org\/{rel}","templated":true}]}}