{"id":214536,"date":"2023-05-31T16:17:27","date_gmt":"2023-05-31T19:17:27","guid":{"rendered":"https:\/\/www.manaus.am.gov.br\/semcom\/?post_type=pautas&#038;p=214536"},"modified":"2023-05-31T16:17:27","modified_gmt":"2023-05-31T19:17:27","slug":"prefeitura-de-manaus-divulga-o-resultado-preliminar-do-programa-bolsa-idiomas-2023","status":"publish","type":"pautas","link":"https:\/\/www.manaus.am.gov.br\/semcom\/pautas\/prefeitura-de-manaus-divulga-o-resultado-preliminar-do-programa-bolsa-idiomas-2023\/","title":{"rendered":"<strong>Prefeitura de Manaus divulga o resultado preliminar do Programa Bolsa Idiomas 2023<\/strong>"},"content":{"rendered":"\n<p>A Prefeitura de Manaus, por meio da Escola de Servi\u00e7o P\u00fablico Municipal e Inclus\u00e3o Socioeducacional (Espi), vinculada \u00e0 Secretaria Municipal de Administra\u00e7\u00e3o, Planejamento e Gest\u00e3o (Semad), far\u00e1 a divulga\u00e7\u00e3o do resultado da primeira chamada do Programa Bolsa Idiomas (PBI) nesta quinta-feira, 1\u00b0\/6, \u00e0s 12h, na Casa de Praia Zezinho Corr\u00eaa, localizada no complexo tur\u00edstico Ponta Negra, zona Oeste.<\/p>\n\n\n\n<p>A rela\u00e7\u00e3o estar\u00e1 dispon\u00edvel no Portal do Candidato, que poder\u00e1 ser consultada por meio do link&nbsp;http:\/\/sgbi.manaus.am.gov.br\/inscricao\/acesso\/login. A lista final dos candidatos contemplados ser\u00e1 publicada no Di\u00e1rio Oficial do Munic\u00edpio (DOM) do dia 6 de julho.<\/p>\n\n\n\n<p>Este ano, o PBI passar\u00e1 a beneficiar estudantes a partir dos 10 anos de idade e registrou recorde hist\u00f3rico no n\u00famero de inscri\u00e7\u00f5es, desde que o programa foi criado, em 2013: 25.590. At\u00e9 ent\u00e3o, o maior n\u00famero de concorrentes \u00e0s bolsas ocorreu em 2018, com pouco mais de 18 mil inscritos.<\/p>\n\n\n\n<p>Para 2023, a Espi respons\u00e1vel pela operacionaliza\u00e7\u00e3o do programa disponibilizou mais de 32 mil bolsas para cursos de l\u00edngua estrangeira, que variam entre integral (100%), 75% e 50% do valor da mensalidade. Ao todo, 16 escolas de l\u00ednguas estrangeiras est\u00e3o participando, com vagas nos cursos de ingl\u00eas, franc\u00eas, italiano, alem\u00e3o, espanhol, japon\u00eas e mandarim.<\/p>\n\n\n\n<p><strong>SERVI\u00c7O<\/strong><\/p>\n\n\n\n<p><strong>O qu\u00ea &#8211;<\/strong> Resultado preliminar do Programa Bolsa Idiomas 2023<\/p>\n\n\n\n<p><strong>Quando &#8211;<\/strong> Quinta-feira, 1\u00ba\/6<\/p>\n\n\n\n<p><strong>Hor\u00e1rio &#8211;<\/strong> 12h<\/p>\n\n\n\n<p><strong>Local &#8211;<\/strong> Casa de Praia Zezinho Corr\u00eaa, complexo tur\u00edstico Ponta Negra, zona Oeste<\/p>\n","protected":false},"featured_media":208729,"template":"","categories":[775],"acf":[],"yoast_head":"<!-- This site is optimized with the Yoast SEO plugin v23.0 - https:\/\/yoast.com\/wordpress\/plugins\/seo\/ -->\n<title>Prefeitura de Manaus divulga o resultado preliminar do Programa Bolsa Idiomas 2023<\/title>\n<meta name=\"description\" content=\"A Prefeitura de Manaus, por meio da Escola de Servi\u00e7o P\u00fablico Municipal e Inclus\u00e3o Socioeducacional (Espi), vinculada \u00e0 Secretaria Municipal de Administra\u00e7\u00e3o, Planejamento e Gest\u00e3o (Semad), far\u00e1 a divulga\u00e7\u00e3o do resultado da primeira chamada do Programa Bolsa Idiomas (PBI) nesta quinta-feira, 1\u00b0\/6, \u00e0s 12h, na Casa de Praia Zezinho Corr\u00eaa, localizada no complexo tur\u00edstico Ponta Negra, zona Oeste.\" \/>\n<meta name=\"robots\" content=\"index, follow, max-snippet:-1, max-image-preview:large, max-video-preview:-1\" \/>\n<link rel=\"canonical\" href=\"https:\/\/www.manaus.am.gov.br\/semcom\/pautas\/prefeitura-de-manaus-divulga-o-resultado-preliminar-do-programa-bolsa-idiomas-2023\/\" \/>\n<meta property=\"og:locale\" content=\"pt_BR\" \/>\n<meta property=\"og:type\" content=\"article\" \/>\n<meta property=\"og:title\" content=\"Prefeitura de Manaus divulga o resultado preliminar do Programa Bolsa Idiomas 2023\" \/>\n<meta property=\"og:description\" content=\"A Prefeitura de Manaus, por meio da Escola de Servi\u00e7o P\u00fablico Municipal e Inclus\u00e3o Socioeducacional (Espi), vinculada \u00e0 Secretaria Municipal de Administra\u00e7\u00e3o, Planejamento e Gest\u00e3o (Semad), far\u00e1 a divulga\u00e7\u00e3o do resultado da primeira chamada do Programa Bolsa Idiomas (PBI) nesta quinta-feira, 1\u00b0\/6, \u00e0s 12h, na Casa de Praia Zezinho Corr\u00eaa, localizada no complexo tur\u00edstico Ponta Negra, zona Oeste.\" \/>\n<meta property=\"og:url\" content=\"https:\/\/www.manaus.am.gov.br\/semcom\/pautas\/prefeitura-de-manaus-divulga-o-resultado-preliminar-do-programa-bolsa-idiomas-2023\/\" \/>\n<meta property=\"og:site_name\" content=\"SEMCOM\" \/>\n<meta property=\"og:image\" content=\"https:\/\/www.manaus.am.gov.br\/semcom\/wp-content\/uploads\/sites\/5\/2023\/02\/sugestaodepauta.png\" \/>\n\t<meta property=\"og:image:width\" content=\"1020\" \/>\n\t<meta property=\"og:image:height\" content=\"540\" \/>\n\t<meta property=\"og:image:type\" content=\"image\/png\" \/>\n<meta name=\"twitter:card\" content=\"summary_large_image\" \/>\n<meta name=\"twitter:label1\" content=\"Est. reading time\" \/>\n\t<meta name=\"twitter:data1\" content=\"2 minutos\" \/>\n<script type=\"application\/ld+json\" class=\"yoast-schema-graph\">{\"@context\":\"https:\/\/schema.org\",\"@graph\":[{\"@type\":\"WebPage\",\"@id\":\"https:\/\/www.manaus.am.gov.br\/semcom\/pautas\/prefeitura-de-manaus-divulga-o-resultado-preliminar-do-programa-bolsa-idiomas-2023\/\",\"url\":\"https:\/\/www.manaus.am.gov.br\/semcom\/pautas\/prefeitura-de-manaus-divulga-o-resultado-preliminar-do-programa-bolsa-idiomas-2023\/\",\"name\":\"Prefeitura de Manaus divulga o resultado preliminar do Programa Bolsa Idiomas 2023\",\"isPartOf\":{\"@id\":\"https:\/\/www.manaus.am.gov.br\/semcom\/#website\"},\"primaryImageOfPage\":{\"@id\":\"https:\/\/www.manaus.am.gov.br\/semcom\/pautas\/prefeitura-de-manaus-divulga-o-resultado-preliminar-do-programa-bolsa-idiomas-2023\/#primaryimage\"},\"image\":{\"@id\":\"https:\/\/www.manaus.am.gov.br\/semcom\/pautas\/prefeitura-de-manaus-divulga-o-resultado-preliminar-do-programa-bolsa-idiomas-2023\/#primaryimage\"},\"thumbnailUrl\":\"https:\/\/www.manaus.am.gov.br\/semcom\/wp-content\/uploads\/sites\/5\/2023\/02\/sugestaodepauta.png\",\"datePublished\":\"2023-05-31T19:17:27+00:00\",\"dateModified\":\"2023-05-31T19:17:27+00:00\",\"description\":\"A Prefeitura de Manaus, por meio da Escola de Servi\u00e7o P\u00fablico Municipal e Inclus\u00e3o Socioeducacional (Espi), vinculada \u00e0 Secretaria Municipal de Administra\u00e7\u00e3o, Planejamento e Gest\u00e3o (Semad), far\u00e1 a divulga\u00e7\u00e3o do resultado da primeira chamada do Programa Bolsa Idiomas (PBI) nesta quinta-feira, 1\u00b0\/6, \u00e0s 12h, na Casa de Praia Zezinho Corr\u00eaa, localizada no complexo tur\u00edstico Ponta Negra, zona Oeste.\",\"inLanguage\":\"pt-BR\",\"potentialAction\":[{\"@type\":\"ReadAction\",\"target\":[\"https:\/\/www.manaus.am.gov.br\/semcom\/pautas\/prefeitura-de-manaus-divulga-o-resultado-preliminar-do-programa-bolsa-idiomas-2023\/\"]}]},{\"@type\":\"ImageObject\",\"inLanguage\":\"pt-BR\",\"@id\":\"https:\/\/www.manaus.am.gov.br\/semcom\/pautas\/prefeitura-de-manaus-divulga-o-resultado-preliminar-do-programa-bolsa-idiomas-2023\/#primaryimage\",\"url\":\"https:\/\/www.manaus.am.gov.br\/semcom\/wp-content\/uploads\/sites\/5\/2023\/02\/sugestaodepauta.png\",\"contentUrl\":\"https:\/\/www.manaus.am.gov.br\/semcom\/wp-content\/uploads\/sites\/5\/2023\/02\/sugestaodepauta.png\",\"width\":1020,\"height\":540},{\"@type\":\"WebSite\",\"@id\":\"https:\/\/www.manaus.am.gov.br\/semcom\/#website\",\"url\":\"https:\/\/www.manaus.am.gov.br\/semcom\/\",\"name\":\"SEMCOM\",\"description\":\"Secretaria Municipal de Comunica\u00e7\u00e3o\",\"potentialAction\":[{\"@type\":\"SearchAction\",\"target\":{\"@type\":\"EntryPoint\",\"urlTemplate\":\"https:\/\/www.manaus.am.gov.br\/semcom\/?s={search_term_string}\"},\"query-input\":\"required name=search_term_string\"}],\"inLanguage\":\"pt-BR\"}]}<\/script>\n<!-- \/ Yoast SEO plugin. -->","yoast_head_json":{"title":"Prefeitura de Manaus divulga o resultado preliminar do Programa Bolsa Idiomas 2023","description":"A Prefeitura de Manaus, por meio da Escola de Servi\u00e7o P\u00fablico Municipal e Inclus\u00e3o Socioeducacional (Espi), vinculada \u00e0 Secretaria Municipal de Administra\u00e7\u00e3o, Planejamento e Gest\u00e3o (Semad), far\u00e1 a divulga\u00e7\u00e3o do resultado da primeira chamada do Programa Bolsa Idiomas (PBI) nesta quinta-feira, 1\u00b0\/6, \u00e0s 12h, na Casa de Praia Zezinho Corr\u00eaa, localizada no complexo tur\u00edstico Ponta Negra, zona Oeste.","robots":{"index":"index","follow":"follow","max-snippet":"max-snippet:-1","max-image-preview":"max-image-preview:large","max-video-preview":"max-video-preview:-1"},"canonical":"https:\/\/www.manaus.am.gov.br\/semcom\/pautas\/prefeitura-de-manaus-divulga-o-resultado-preliminar-do-programa-bolsa-idiomas-2023\/","og_locale":"pt_BR","og_type":"article","og_title":"Prefeitura de Manaus divulga o resultado preliminar do Programa Bolsa Idiomas 2023","og_description":"A Prefeitura de Manaus, por meio da Escola de Servi\u00e7o P\u00fablico Municipal e Inclus\u00e3o Socioeducacional (Espi), vinculada \u00e0 Secretaria Municipal de Administra\u00e7\u00e3o, Planejamento e Gest\u00e3o (Semad), far\u00e1 a divulga\u00e7\u00e3o do resultado da primeira chamada do Programa Bolsa Idiomas (PBI) nesta quinta-feira, 1\u00b0\/6, \u00e0s 12h, na Casa de Praia Zezinho Corr\u00eaa, localizada no complexo tur\u00edstico Ponta Negra, zona Oeste.","og_url":"https:\/\/www.manaus.am.gov.br\/semcom\/pautas\/prefeitura-de-manaus-divulga-o-resultado-preliminar-do-programa-bolsa-idiomas-2023\/","og_site_name":"SEMCOM","og_image":[{"width":1020,"height":540,"url":"https:\/\/www.manaus.am.gov.br\/semcom\/wp-content\/uploads\/sites\/5\/2023\/02\/sugestaodepauta.png","type":"image\/png"}],"twitter_card":"summary_large_image","twitter_misc":{"Est. reading time":"2 minutos"},"schema":{"@context":"https:\/\/schema.org","@graph":[{"@type":"WebPage","@id":"https:\/\/www.manaus.am.gov.br\/semcom\/pautas\/prefeitura-de-manaus-divulga-o-resultado-preliminar-do-programa-bolsa-idiomas-2023\/","url":"https:\/\/www.manaus.am.gov.br\/semcom\/pautas\/prefeitura-de-manaus-divulga-o-resultado-preliminar-do-programa-bolsa-idiomas-2023\/","name":"Prefeitura de Manaus divulga o resultado preliminar do Programa Bolsa Idiomas 2023","isPartOf":{"@id":"https:\/\/www.manaus.am.gov.br\/semcom\/#website"},"primaryImageOfPage":{"@id":"https:\/\/www.manaus.am.gov.br\/semcom\/pautas\/prefeitura-de-manaus-divulga-o-resultado-preliminar-do-programa-bolsa-idiomas-2023\/#primaryimage"},"image":{"@id":"https:\/\/www.manaus.am.gov.br\/semcom\/pautas\/prefeitura-de-manaus-divulga-o-resultado-preliminar-do-programa-bolsa-idiomas-2023\/#primaryimage"},"thumbnailUrl":"https:\/\/www.manaus.am.gov.br\/semcom\/wp-content\/uploads\/sites\/5\/2023\/02\/sugestaodepauta.png","datePublished":"2023-05-31T19:17:27+00:00","dateModified":"2023-05-31T19:17:27+00:00","description":"A Prefeitura de Manaus, por meio da Escola de Servi\u00e7o P\u00fablico Municipal e Inclus\u00e3o Socioeducacional (Espi), vinculada \u00e0 Secretaria Municipal de Administra\u00e7\u00e3o, Planejamento e Gest\u00e3o (Semad), far\u00e1 a divulga\u00e7\u00e3o do resultado da primeira chamada do Programa Bolsa Idiomas (PBI) nesta quinta-feira, 1\u00b0\/6, \u00e0s 12h, na Casa de Praia Zezinho Corr\u00eaa, localizada no complexo tur\u00edstico Ponta Negra, zona Oeste.","inLanguage":"pt-BR","potentialAction":[{"@type":"ReadAction","target":["https:\/\/www.manaus.am.gov.br\/semcom\/pautas\/prefeitura-de-manaus-divulga-o-resultado-preliminar-do-programa-bolsa-idiomas-2023\/"]}]},{"@type":"ImageObject","inLanguage":"pt-BR","@id":"https:\/\/www.manaus.am.gov.br\/semcom\/pautas\/prefeitura-de-manaus-divulga-o-resultado-preliminar-do-programa-bolsa-idiomas-2023\/#primaryimage","url":"https:\/\/www.manaus.am.gov.br\/semcom\/wp-content\/uploads\/sites\/5\/2023\/02\/sugestaodepauta.png","contentUrl":"https:\/\/www.manaus.am.gov.br\/semcom\/wp-content\/uploads\/sites\/5\/2023\/02\/sugestaodepauta.png","width":1020,"height":540},{"@type":"WebSite","@id":"https:\/\/www.manaus.am.gov.br\/semcom\/#website","url":"https:\/\/www.manaus.am.gov.br\/semcom\/","name":"SEMCOM","description":"Secretaria Municipal de Comunica\u00e7\u00e3o","potentialAction":[{"@type":"SearchAction","target":{"@type":"EntryPoint","urlTemplate":"https:\/\/www.manaus.am.gov.br\/semcom\/?s={search_term_string}"},"query-input":"required name=search_term_string"}],"inLanguage":"pt-BR"}]}},"_links":{"self":[{"href":"https:\/\/www.manaus.am.gov.br\/semcom\/wp-json\/wp\/v2\/pautas\/214536"}],"collection":[{"href":"https:\/\/www.manaus.am.gov.br\/semcom\/wp-json\/wp\/v2\/pautas"}],"about":[{"href":"https:\/\/www.manaus.am.gov.br\/semcom\/wp-json\/wp\/v2\/types\/pautas"}],"wp:featuredmedia":[{"embeddable":true,"href":"https:\/\/www.manaus.am.gov.br\/semcom\/wp-json\/wp\/v2\/media\/208729"}],"wp:attachment":[{"href":"https:\/\/www.manaus.am.gov.br\/semcom\/wp-json\/wp\/v2\/media?parent=214536"}],"wp:term":[{"taxonomy":"category","embeddable":true,"href":"https:\/\/www.manaus.am.gov.br\/semcom\/wp-json\/wp\/v2\/categories?post=214536"}],"curies":[{"name":"wp","href":"https:\/\/api.w.org\/{rel}","templated":true}]}}