{"id":214253,"date":"2023-05-26T17:21:32","date_gmt":"2023-05-26T20:21:32","guid":{"rendered":"https:\/\/www.manaus.am.gov.br\/semcom\/?post_type=pautas&#038;p=214253"},"modified":"2023-05-26T17:25:03","modified_gmt":"2023-05-26T20:25:03","slug":"prefeito-entrega-r-68-milhoes-para-organizacoes-contempladas-no-edital-do-fundo-manaus-solidaria","status":"publish","type":"pautas","link":"https:\/\/www.manaus.am.gov.br\/semcom\/pautas\/prefeito-entrega-r-68-milhoes-para-organizacoes-contempladas-no-edital-do-fundo-manaus-solidaria\/","title":{"rendered":"<strong>Prefeito entrega R$ 6,8 milh\u00f5es para organiza\u00e7\u00f5es contempladas no edital do Fundo Manaus Solid\u00e1ria<\/strong>\u00a0"},"content":{"rendered":"\n<p>O prefeito de Manaus, David Almeida, entrega, nesta segunda-feira, 29\/5, R$ 6,8 milh\u00f5es para as Organiza\u00e7\u00f5es da Sociedade Civil (OSCs) contempladas no Edital n\u00ba 001\/2022 do Fundo Manaus Solid\u00e1ria (FMS), de projetos autossustent\u00e1veis, geradores de trabalho, renda e inclus\u00e3o social. Cada institui\u00e7\u00e3o apresentou uma proposta no valor de at\u00e9 R$ 100 mil. No total, foram aprovados 69 projetos de OSCs.<\/p>\n\n\n\n<p>A cerim\u00f4nia, que ocorrer\u00e1 \u00e0s 15h, no Parque Municipal do Idoso (PMI), no bairro Nossa Senhora das Gra\u00e7as, zona Centro-Sul, contar\u00e1 com a assinatura do termo de fomento e entrega de cheque simb\u00f3lico para as OSCs.<\/p>\n\n\n\n<p><strong>SERVI\u00c7O<\/strong><\/p>\n\n\n\n<p><strong>O qu\u00ea \u2013<\/strong> Assinatura do termo de fomento do edital de chamamento p\u00fablico para organiza\u00e7\u00f5es da sociedade civil contempladas<\/p>\n\n\n\n<p><strong>Quando \u2013<\/strong> Segunda-feira, 29\/05&nbsp;<\/p>\n\n\n\n<p><strong>Hor\u00e1rio <\/strong>\u2013 15h<\/p>\n\n\n\n<p><strong>Local \u2013<\/strong> Parque Municipal do Idoso, rua Rio Mar, n\u00ba 1.324, no bairro\u00a0Nossa Senhora das Gra\u00e7as, zona Centro-Sul<\/p>\n","protected":false},"featured_media":208729,"template":"","categories":[796],"acf":[],"yoast_head":"<!-- This site is optimized with the Yoast SEO plugin v23.0 - https:\/\/yoast.com\/wordpress\/plugins\/seo\/ -->\n<title>Prefeito entrega R$ 6,8 milh\u00f5es para organiza\u00e7\u00f5es contempladas no edital do Fundo Manaus Solid\u00e1ria<\/title>\n<meta name=\"description\" content=\"O prefeito de Manaus, David Almeida, entrega, nesta segunda-feira, 29\/5, R$ 6,8 milh\u00f5es para as Organiza\u00e7\u00f5es da Sociedade Civil (OSCs) contempladas no Edital n\u00ba 001\/2022 do Fundo Manaus Solid\u00e1ria (FMS), de projetos autossustent\u00e1veis, geradores de trabalho, renda e inclus\u00e3o social. Cada institui\u00e7\u00e3o apresentou uma proposta no valor de at\u00e9 R$ 100 mil. No total, foram aprovados 69 projetos de OSCs.\" \/>\n<meta name=\"robots\" content=\"index, follow, max-snippet:-1, max-image-preview:large, max-video-preview:-1\" \/>\n<link rel=\"canonical\" href=\"https:\/\/www.manaus.am.gov.br\/semcom\/pautas\/prefeito-entrega-r-68-milhoes-para-organizacoes-contempladas-no-edital-do-fundo-manaus-solidaria\/\" \/>\n<meta property=\"og:locale\" content=\"pt_BR\" \/>\n<meta property=\"og:type\" content=\"article\" \/>\n<meta property=\"og:title\" content=\"Prefeito entrega R$ 6,8 milh\u00f5es para organiza\u00e7\u00f5es contempladas no edital do Fundo Manaus Solid\u00e1ria\" \/>\n<meta property=\"og:description\" content=\"O prefeito de Manaus, David Almeida, entrega, nesta segunda-feira, 29\/5, R$ 6,8 milh\u00f5es para as Organiza\u00e7\u00f5es da Sociedade Civil (OSCs) contempladas no Edital n\u00ba 001\/2022 do Fundo Manaus Solid\u00e1ria (FMS), de projetos autossustent\u00e1veis, geradores de trabalho, renda e inclus\u00e3o social. Cada institui\u00e7\u00e3o apresentou uma proposta no valor de at\u00e9 R$ 100 mil. No total, foram aprovados 69 projetos de OSCs.\" \/>\n<meta property=\"og:url\" content=\"https:\/\/www.manaus.am.gov.br\/semcom\/pautas\/prefeito-entrega-r-68-milhoes-para-organizacoes-contempladas-no-edital-do-fundo-manaus-solidaria\/\" \/>\n<meta property=\"og:site_name\" content=\"SEMCOM\" \/>\n<meta property=\"article:modified_time\" content=\"2023-05-26T20:25:03+00:00\" \/>\n<meta property=\"og:image\" content=\"https:\/\/www.manaus.am.gov.br\/semcom\/wp-content\/uploads\/sites\/5\/2023\/02\/sugestaodepauta.png\" \/>\n\t<meta property=\"og:image:width\" content=\"1020\" \/>\n\t<meta property=\"og:image:height\" content=\"540\" \/>\n\t<meta property=\"og:image:type\" content=\"image\/png\" \/>\n<meta name=\"twitter:card\" content=\"summary_large_image\" \/>\n<meta name=\"twitter:label1\" content=\"Est. reading time\" \/>\n\t<meta name=\"twitter:data1\" content=\"1 minuto\" \/>\n<script type=\"application\/ld+json\" class=\"yoast-schema-graph\">{\"@context\":\"https:\/\/schema.org\",\"@graph\":[{\"@type\":\"WebPage\",\"@id\":\"https:\/\/www.manaus.am.gov.br\/semcom\/pautas\/prefeito-entrega-r-68-milhoes-para-organizacoes-contempladas-no-edital-do-fundo-manaus-solidaria\/\",\"url\":\"https:\/\/www.manaus.am.gov.br\/semcom\/pautas\/prefeito-entrega-r-68-milhoes-para-organizacoes-contempladas-no-edital-do-fundo-manaus-solidaria\/\",\"name\":\"Prefeito entrega R$ 6,8 milh\u00f5es para organiza\u00e7\u00f5es contempladas no edital do Fundo Manaus Solid\u00e1ria\",\"isPartOf\":{\"@id\":\"https:\/\/www.manaus.am.gov.br\/semcom\/#website\"},\"primaryImageOfPage\":{\"@id\":\"https:\/\/www.manaus.am.gov.br\/semcom\/pautas\/prefeito-entrega-r-68-milhoes-para-organizacoes-contempladas-no-edital-do-fundo-manaus-solidaria\/#primaryimage\"},\"image\":{\"@id\":\"https:\/\/www.manaus.am.gov.br\/semcom\/pautas\/prefeito-entrega-r-68-milhoes-para-organizacoes-contempladas-no-edital-do-fundo-manaus-solidaria\/#primaryimage\"},\"thumbnailUrl\":\"https:\/\/www.manaus.am.gov.br\/semcom\/wp-content\/uploads\/sites\/5\/2023\/02\/sugestaodepauta.png\",\"datePublished\":\"2023-05-26T20:21:32+00:00\",\"dateModified\":\"2023-05-26T20:25:03+00:00\",\"description\":\"O prefeito de Manaus, David Almeida, entrega, nesta segunda-feira, 29\/5, R$ 6,8 milh\u00f5es para as Organiza\u00e7\u00f5es da Sociedade Civil (OSCs) contempladas no Edital n\u00ba 001\/2022 do Fundo Manaus Solid\u00e1ria (FMS), de projetos autossustent\u00e1veis, geradores de trabalho, renda e inclus\u00e3o social. Cada institui\u00e7\u00e3o apresentou uma proposta no valor de at\u00e9 R$ 100 mil. No total, foram aprovados 69 projetos de OSCs.\",\"inLanguage\":\"pt-BR\",\"potentialAction\":[{\"@type\":\"ReadAction\",\"target\":[\"https:\/\/www.manaus.am.gov.br\/semcom\/pautas\/prefeito-entrega-r-68-milhoes-para-organizacoes-contempladas-no-edital-do-fundo-manaus-solidaria\/\"]}]},{\"@type\":\"ImageObject\",\"inLanguage\":\"pt-BR\",\"@id\":\"https:\/\/www.manaus.am.gov.br\/semcom\/pautas\/prefeito-entrega-r-68-milhoes-para-organizacoes-contempladas-no-edital-do-fundo-manaus-solidaria\/#primaryimage\",\"url\":\"https:\/\/www.manaus.am.gov.br\/semcom\/wp-content\/uploads\/sites\/5\/2023\/02\/sugestaodepauta.png\",\"contentUrl\":\"https:\/\/www.manaus.am.gov.br\/semcom\/wp-content\/uploads\/sites\/5\/2023\/02\/sugestaodepauta.png\",\"width\":1020,\"height\":540},{\"@type\":\"WebSite\",\"@id\":\"https:\/\/www.manaus.am.gov.br\/semcom\/#website\",\"url\":\"https:\/\/www.manaus.am.gov.br\/semcom\/\",\"name\":\"SEMCOM\",\"description\":\"Secretaria Municipal de Comunica\u00e7\u00e3o\",\"potentialAction\":[{\"@type\":\"SearchAction\",\"target\":{\"@type\":\"EntryPoint\",\"urlTemplate\":\"https:\/\/www.manaus.am.gov.br\/semcom\/?s={search_term_string}\"},\"query-input\":\"required name=search_term_string\"}],\"inLanguage\":\"pt-BR\"}]}<\/script>\n<!-- \/ Yoast SEO plugin. -->","yoast_head_json":{"title":"Prefeito entrega R$ 6,8 milh\u00f5es para organiza\u00e7\u00f5es contempladas no edital do Fundo Manaus Solid\u00e1ria","description":"O prefeito de Manaus, David Almeida, entrega, nesta segunda-feira, 29\/5, R$ 6,8 milh\u00f5es para as Organiza\u00e7\u00f5es da Sociedade Civil (OSCs) contempladas no Edital n\u00ba 001\/2022 do Fundo Manaus Solid\u00e1ria (FMS), de projetos autossustent\u00e1veis, geradores de trabalho, renda e inclus\u00e3o social. Cada institui\u00e7\u00e3o apresentou uma proposta no valor de at\u00e9 R$ 100 mil. No total, foram aprovados 69 projetos de OSCs.","robots":{"index":"index","follow":"follow","max-snippet":"max-snippet:-1","max-image-preview":"max-image-preview:large","max-video-preview":"max-video-preview:-1"},"canonical":"https:\/\/www.manaus.am.gov.br\/semcom\/pautas\/prefeito-entrega-r-68-milhoes-para-organizacoes-contempladas-no-edital-do-fundo-manaus-solidaria\/","og_locale":"pt_BR","og_type":"article","og_title":"Prefeito entrega R$ 6,8 milh\u00f5es para organiza\u00e7\u00f5es contempladas no edital do Fundo Manaus Solid\u00e1ria","og_description":"O prefeito de Manaus, David Almeida, entrega, nesta segunda-feira, 29\/5, R$ 6,8 milh\u00f5es para as Organiza\u00e7\u00f5es da Sociedade Civil (OSCs) contempladas no Edital n\u00ba 001\/2022 do Fundo Manaus Solid\u00e1ria (FMS), de projetos autossustent\u00e1veis, geradores de trabalho, renda e inclus\u00e3o social. Cada institui\u00e7\u00e3o apresentou uma proposta no valor de at\u00e9 R$ 100 mil. No total, foram aprovados 69 projetos de OSCs.","og_url":"https:\/\/www.manaus.am.gov.br\/semcom\/pautas\/prefeito-entrega-r-68-milhoes-para-organizacoes-contempladas-no-edital-do-fundo-manaus-solidaria\/","og_site_name":"SEMCOM","article_modified_time":"2023-05-26T20:25:03+00:00","og_image":[{"width":1020,"height":540,"url":"https:\/\/www.manaus.am.gov.br\/semcom\/wp-content\/uploads\/sites\/5\/2023\/02\/sugestaodepauta.png","type":"image\/png"}],"twitter_card":"summary_large_image","twitter_misc":{"Est. reading time":"1 minuto"},"schema":{"@context":"https:\/\/schema.org","@graph":[{"@type":"WebPage","@id":"https:\/\/www.manaus.am.gov.br\/semcom\/pautas\/prefeito-entrega-r-68-milhoes-para-organizacoes-contempladas-no-edital-do-fundo-manaus-solidaria\/","url":"https:\/\/www.manaus.am.gov.br\/semcom\/pautas\/prefeito-entrega-r-68-milhoes-para-organizacoes-contempladas-no-edital-do-fundo-manaus-solidaria\/","name":"Prefeito entrega R$ 6,8 milh\u00f5es para organiza\u00e7\u00f5es contempladas no edital do Fundo Manaus Solid\u00e1ria","isPartOf":{"@id":"https:\/\/www.manaus.am.gov.br\/semcom\/#website"},"primaryImageOfPage":{"@id":"https:\/\/www.manaus.am.gov.br\/semcom\/pautas\/prefeito-entrega-r-68-milhoes-para-organizacoes-contempladas-no-edital-do-fundo-manaus-solidaria\/#primaryimage"},"image":{"@id":"https:\/\/www.manaus.am.gov.br\/semcom\/pautas\/prefeito-entrega-r-68-milhoes-para-organizacoes-contempladas-no-edital-do-fundo-manaus-solidaria\/#primaryimage"},"thumbnailUrl":"https:\/\/www.manaus.am.gov.br\/semcom\/wp-content\/uploads\/sites\/5\/2023\/02\/sugestaodepauta.png","datePublished":"2023-05-26T20:21:32+00:00","dateModified":"2023-05-26T20:25:03+00:00","description":"O prefeito de Manaus, David Almeida, entrega, nesta segunda-feira, 29\/5, R$ 6,8 milh\u00f5es para as Organiza\u00e7\u00f5es da Sociedade Civil (OSCs) contempladas no Edital n\u00ba 001\/2022 do Fundo Manaus Solid\u00e1ria (FMS), de projetos autossustent\u00e1veis, geradores de trabalho, renda e inclus\u00e3o social. Cada institui\u00e7\u00e3o apresentou uma proposta no valor de at\u00e9 R$ 100 mil. No total, foram aprovados 69 projetos de OSCs.","inLanguage":"pt-BR","potentialAction":[{"@type":"ReadAction","target":["https:\/\/www.manaus.am.gov.br\/semcom\/pautas\/prefeito-entrega-r-68-milhoes-para-organizacoes-contempladas-no-edital-do-fundo-manaus-solidaria\/"]}]},{"@type":"ImageObject","inLanguage":"pt-BR","@id":"https:\/\/www.manaus.am.gov.br\/semcom\/pautas\/prefeito-entrega-r-68-milhoes-para-organizacoes-contempladas-no-edital-do-fundo-manaus-solidaria\/#primaryimage","url":"https:\/\/www.manaus.am.gov.br\/semcom\/wp-content\/uploads\/sites\/5\/2023\/02\/sugestaodepauta.png","contentUrl":"https:\/\/www.manaus.am.gov.br\/semcom\/wp-content\/uploads\/sites\/5\/2023\/02\/sugestaodepauta.png","width":1020,"height":540},{"@type":"WebSite","@id":"https:\/\/www.manaus.am.gov.br\/semcom\/#website","url":"https:\/\/www.manaus.am.gov.br\/semcom\/","name":"SEMCOM","description":"Secretaria Municipal de Comunica\u00e7\u00e3o","potentialAction":[{"@type":"SearchAction","target":{"@type":"EntryPoint","urlTemplate":"https:\/\/www.manaus.am.gov.br\/semcom\/?s={search_term_string}"},"query-input":"required name=search_term_string"}],"inLanguage":"pt-BR"}]}},"_links":{"self":[{"href":"https:\/\/www.manaus.am.gov.br\/semcom\/wp-json\/wp\/v2\/pautas\/214253"}],"collection":[{"href":"https:\/\/www.manaus.am.gov.br\/semcom\/wp-json\/wp\/v2\/pautas"}],"about":[{"href":"https:\/\/www.manaus.am.gov.br\/semcom\/wp-json\/wp\/v2\/types\/pautas"}],"wp:featuredmedia":[{"embeddable":true,"href":"https:\/\/www.manaus.am.gov.br\/semcom\/wp-json\/wp\/v2\/media\/208729"}],"wp:attachment":[{"href":"https:\/\/www.manaus.am.gov.br\/semcom\/wp-json\/wp\/v2\/media?parent=214253"}],"wp:term":[{"taxonomy":"category","embeddable":true,"href":"https:\/\/www.manaus.am.gov.br\/semcom\/wp-json\/wp\/v2\/categories?post=214253"}],"curies":[{"name":"wp","href":"https:\/\/api.w.org\/{rel}","templated":true}]}}