{"id":214214,"date":"2023-05-26T10:25:05","date_gmt":"2023-05-26T13:25:05","guid":{"rendered":"https:\/\/www.manaus.am.gov.br\/semcom\/?post_type=pautas&#038;p=214214"},"modified":"2023-05-26T14:14:02","modified_gmt":"2023-05-26T17:14:02","slug":"prefeitura-de-manaus-realiza-a-cerimonia-de-abertura-da-semana-do-regulado-na-segunda-29","status":"publish","type":"pautas","link":"https:\/\/www.manaus.am.gov.br\/semcom\/pautas\/prefeitura-de-manaus-realiza-a-cerimonia-de-abertura-da-semana-do-regulado-na-segunda-29\/","title":{"rendered":"<strong>Prefeitura de Manaus realiza a cerim\u00f4nia de abertura da Semana do Regulado na segunda, 29<\/strong>"},"content":{"rendered":"\n<p>A Prefeitura de Manaus, por meio da Diretoria de Vigil\u00e2ncia Sanit\u00e1ria (Visa Manaus), da Secretaria Municipal de Sa\u00fade (Semsa), realiza, na segunda-feira, 29\/5, a cerim\u00f4nia de abertura da Semana do Regulado, no audit\u00f3rio Wilson Alecrim, da Universidade Nilton Lins (UniNilton Lins), no bairro Parque das Laranjeiras, zona Centro-Sul.<\/p>\n\n\n\n<p>A semana \u00e9 um evento especial e in\u00e9dito na capital amazonense, que coloca a Visa em di\u00e1logo direto com os representantes de v\u00e1rios segmentos do com\u00e9rcio e de servi\u00e7os em Manaus, para orienta\u00e7\u00f5es e esclarecimentos e dissemina\u00e7\u00e3o de boas pr\u00e1ticas sanit\u00e1rias. Ser\u00e3o quatro dias de programa\u00e7\u00e3o, um para cada ger\u00eancia da Vigil\u00e2ncia municipal (Vigil\u00e2ncia de Alimentos, no dia 29; Vigil\u00e2ncia de Medicamentos, no dia 30; Vigil\u00e2ncia de Engenharia Sanit\u00e1ria, no dia 31; e Vigil\u00e2ncia de Servi\u00e7os, no dia 1\u00ba).<\/p>\n\n\n\n<p>A cerim\u00f4nia de abertura, no dia 29, ter\u00e1 a presen\u00e7a de diversos representantes do Executivo municipal, da Semsa e de outros \u00f3rg\u00e3os de Sa\u00fade, regula\u00e7\u00e3o e defesa do consumidor.<\/p>\n\n\n\n<p><strong>SERVI\u00c7O:<\/strong><\/p>\n\n\n\n<p><strong>O qu\u00ea<\/strong> &#8211; abertura da Semana do Regulado da Visa Manaus<\/p>\n\n\n\n<p><strong>Quando<\/strong> &#8211; Segunda-feira, 29\/5<\/p>\n\n\n\n<p><strong>Hor\u00e1rio<\/strong> &#8211; 8h<\/p>\n\n\n\n<p><strong>Local<\/strong> &#8211; Audit\u00f3rio Wilson Alecrim do hospital Nilton Lins, na Universidade Nilton Lins, situada \u00e0 avenida Professor Nilton Lins, n\u00ba 3.259, Parque das Laranjeiras.<\/p>\n\n\n\n<p>&#8212; &#8212; &#8212;<\/p>\n","protected":false},"featured_media":208729,"template":"","categories":[787],"acf":[],"yoast_head":"<!-- This site is optimized with the Yoast SEO plugin v23.0 - https:\/\/yoast.com\/wordpress\/plugins\/seo\/ -->\n<title>Prefeitura de Manaus realiza a cerim\u00f4nia de abertura da Semana do Regulado na segunda, 29<\/title>\n<meta name=\"description\" content=\"A Prefeitura de Manaus, por meio da Diretoria de Vigil\u00e2ncia Sanit\u00e1ria (Visa Manaus), da Secretaria Municipal de Sa\u00fade (Semsa), realiza, na segunda-feira, 29\/5, a cerim\u00f4nia de abertura da Semana do Regulado, no audit\u00f3rio Wilson Alecrim, da Universidade Nilton Lins (UniNilton Lins), no bairro Parque das Laranjeiras, zona Centro-Sul.\" \/>\n<meta name=\"robots\" content=\"index, follow, max-snippet:-1, max-image-preview:large, max-video-preview:-1\" \/>\n<link rel=\"canonical\" href=\"https:\/\/www.manaus.am.gov.br\/semcom\/pautas\/prefeitura-de-manaus-realiza-a-cerimonia-de-abertura-da-semana-do-regulado-na-segunda-29\/\" \/>\n<meta property=\"og:locale\" content=\"pt_BR\" \/>\n<meta property=\"og:type\" content=\"article\" \/>\n<meta property=\"og:title\" content=\"Prefeitura de Manaus realiza a cerim\u00f4nia de abertura da Semana do Regulado na segunda, 29\" \/>\n<meta property=\"og:description\" content=\"A Prefeitura de Manaus, por meio da Diretoria de Vigil\u00e2ncia Sanit\u00e1ria (Visa Manaus), da Secretaria Municipal de Sa\u00fade (Semsa), realiza, na segunda-feira, 29\/5, a cerim\u00f4nia de abertura da Semana do Regulado, no audit\u00f3rio Wilson Alecrim, da Universidade Nilton Lins (UniNilton Lins), no bairro Parque das Laranjeiras, zona Centro-Sul.\" \/>\n<meta property=\"og:url\" content=\"https:\/\/www.manaus.am.gov.br\/semcom\/pautas\/prefeitura-de-manaus-realiza-a-cerimonia-de-abertura-da-semana-do-regulado-na-segunda-29\/\" \/>\n<meta property=\"og:site_name\" content=\"SEMCOM\" \/>\n<meta property=\"article:modified_time\" content=\"2023-05-26T17:14:02+00:00\" \/>\n<meta property=\"og:image\" content=\"https:\/\/www.manaus.am.gov.br\/semcom\/wp-content\/uploads\/sites\/5\/2023\/02\/sugestaodepauta.png\" \/>\n\t<meta property=\"og:image:width\" content=\"1020\" \/>\n\t<meta property=\"og:image:height\" content=\"540\" \/>\n\t<meta property=\"og:image:type\" content=\"image\/png\" \/>\n<meta name=\"twitter:card\" content=\"summary_large_image\" \/>\n<meta name=\"twitter:label1\" content=\"Est. reading time\" \/>\n\t<meta name=\"twitter:data1\" content=\"2 minutos\" \/>\n<script type=\"application\/ld+json\" class=\"yoast-schema-graph\">{\"@context\":\"https:\/\/schema.org\",\"@graph\":[{\"@type\":\"WebPage\",\"@id\":\"https:\/\/www.manaus.am.gov.br\/semcom\/pautas\/prefeitura-de-manaus-realiza-a-cerimonia-de-abertura-da-semana-do-regulado-na-segunda-29\/\",\"url\":\"https:\/\/www.manaus.am.gov.br\/semcom\/pautas\/prefeitura-de-manaus-realiza-a-cerimonia-de-abertura-da-semana-do-regulado-na-segunda-29\/\",\"name\":\"Prefeitura de Manaus realiza a cerim\u00f4nia de abertura da Semana do Regulado na segunda, 29\",\"isPartOf\":{\"@id\":\"https:\/\/www.manaus.am.gov.br\/semcom\/#website\"},\"primaryImageOfPage\":{\"@id\":\"https:\/\/www.manaus.am.gov.br\/semcom\/pautas\/prefeitura-de-manaus-realiza-a-cerimonia-de-abertura-da-semana-do-regulado-na-segunda-29\/#primaryimage\"},\"image\":{\"@id\":\"https:\/\/www.manaus.am.gov.br\/semcom\/pautas\/prefeitura-de-manaus-realiza-a-cerimonia-de-abertura-da-semana-do-regulado-na-segunda-29\/#primaryimage\"},\"thumbnailUrl\":\"https:\/\/www.manaus.am.gov.br\/semcom\/wp-content\/uploads\/sites\/5\/2023\/02\/sugestaodepauta.png\",\"datePublished\":\"2023-05-26T13:25:05+00:00\",\"dateModified\":\"2023-05-26T17:14:02+00:00\",\"description\":\"A Prefeitura de Manaus, por meio da Diretoria de Vigil\u00e2ncia Sanit\u00e1ria (Visa Manaus), da Secretaria Municipal de Sa\u00fade (Semsa), realiza, na segunda-feira, 29\/5, a cerim\u00f4nia de abertura da Semana do Regulado, no audit\u00f3rio Wilson Alecrim, da Universidade Nilton Lins (UniNilton Lins), no bairro Parque das Laranjeiras, zona Centro-Sul.\",\"inLanguage\":\"pt-BR\",\"potentialAction\":[{\"@type\":\"ReadAction\",\"target\":[\"https:\/\/www.manaus.am.gov.br\/semcom\/pautas\/prefeitura-de-manaus-realiza-a-cerimonia-de-abertura-da-semana-do-regulado-na-segunda-29\/\"]}]},{\"@type\":\"ImageObject\",\"inLanguage\":\"pt-BR\",\"@id\":\"https:\/\/www.manaus.am.gov.br\/semcom\/pautas\/prefeitura-de-manaus-realiza-a-cerimonia-de-abertura-da-semana-do-regulado-na-segunda-29\/#primaryimage\",\"url\":\"https:\/\/www.manaus.am.gov.br\/semcom\/wp-content\/uploads\/sites\/5\/2023\/02\/sugestaodepauta.png\",\"contentUrl\":\"https:\/\/www.manaus.am.gov.br\/semcom\/wp-content\/uploads\/sites\/5\/2023\/02\/sugestaodepauta.png\",\"width\":1020,\"height\":540},{\"@type\":\"WebSite\",\"@id\":\"https:\/\/www.manaus.am.gov.br\/semcom\/#website\",\"url\":\"https:\/\/www.manaus.am.gov.br\/semcom\/\",\"name\":\"SEMCOM\",\"description\":\"Secretaria Municipal de Comunica\u00e7\u00e3o\",\"potentialAction\":[{\"@type\":\"SearchAction\",\"target\":{\"@type\":\"EntryPoint\",\"urlTemplate\":\"https:\/\/www.manaus.am.gov.br\/semcom\/?s={search_term_string}\"},\"query-input\":\"required name=search_term_string\"}],\"inLanguage\":\"pt-BR\"}]}<\/script>\n<!-- \/ Yoast SEO plugin. -->","yoast_head_json":{"title":"Prefeitura de Manaus realiza a cerim\u00f4nia de abertura da Semana do Regulado na segunda, 29","description":"A Prefeitura de Manaus, por meio da Diretoria de Vigil\u00e2ncia Sanit\u00e1ria (Visa Manaus), da Secretaria Municipal de Sa\u00fade (Semsa), realiza, na segunda-feira, 29\/5, a cerim\u00f4nia de abertura da Semana do Regulado, no audit\u00f3rio Wilson Alecrim, da Universidade Nilton Lins (UniNilton Lins), no bairro Parque das Laranjeiras, zona Centro-Sul.","robots":{"index":"index","follow":"follow","max-snippet":"max-snippet:-1","max-image-preview":"max-image-preview:large","max-video-preview":"max-video-preview:-1"},"canonical":"https:\/\/www.manaus.am.gov.br\/semcom\/pautas\/prefeitura-de-manaus-realiza-a-cerimonia-de-abertura-da-semana-do-regulado-na-segunda-29\/","og_locale":"pt_BR","og_type":"article","og_title":"Prefeitura de Manaus realiza a cerim\u00f4nia de abertura da Semana do Regulado na segunda, 29","og_description":"A Prefeitura de Manaus, por meio da Diretoria de Vigil\u00e2ncia Sanit\u00e1ria (Visa Manaus), da Secretaria Municipal de Sa\u00fade (Semsa), realiza, na segunda-feira, 29\/5, a cerim\u00f4nia de abertura da Semana do Regulado, no audit\u00f3rio Wilson Alecrim, da Universidade Nilton Lins (UniNilton Lins), no bairro Parque das Laranjeiras, zona Centro-Sul.","og_url":"https:\/\/www.manaus.am.gov.br\/semcom\/pautas\/prefeitura-de-manaus-realiza-a-cerimonia-de-abertura-da-semana-do-regulado-na-segunda-29\/","og_site_name":"SEMCOM","article_modified_time":"2023-05-26T17:14:02+00:00","og_image":[{"width":1020,"height":540,"url":"https:\/\/www.manaus.am.gov.br\/semcom\/wp-content\/uploads\/sites\/5\/2023\/02\/sugestaodepauta.png","type":"image\/png"}],"twitter_card":"summary_large_image","twitter_misc":{"Est. reading time":"2 minutos"},"schema":{"@context":"https:\/\/schema.org","@graph":[{"@type":"WebPage","@id":"https:\/\/www.manaus.am.gov.br\/semcom\/pautas\/prefeitura-de-manaus-realiza-a-cerimonia-de-abertura-da-semana-do-regulado-na-segunda-29\/","url":"https:\/\/www.manaus.am.gov.br\/semcom\/pautas\/prefeitura-de-manaus-realiza-a-cerimonia-de-abertura-da-semana-do-regulado-na-segunda-29\/","name":"Prefeitura de Manaus realiza a cerim\u00f4nia de abertura da Semana do Regulado na segunda, 29","isPartOf":{"@id":"https:\/\/www.manaus.am.gov.br\/semcom\/#website"},"primaryImageOfPage":{"@id":"https:\/\/www.manaus.am.gov.br\/semcom\/pautas\/prefeitura-de-manaus-realiza-a-cerimonia-de-abertura-da-semana-do-regulado-na-segunda-29\/#primaryimage"},"image":{"@id":"https:\/\/www.manaus.am.gov.br\/semcom\/pautas\/prefeitura-de-manaus-realiza-a-cerimonia-de-abertura-da-semana-do-regulado-na-segunda-29\/#primaryimage"},"thumbnailUrl":"https:\/\/www.manaus.am.gov.br\/semcom\/wp-content\/uploads\/sites\/5\/2023\/02\/sugestaodepauta.png","datePublished":"2023-05-26T13:25:05+00:00","dateModified":"2023-05-26T17:14:02+00:00","description":"A Prefeitura de Manaus, por meio da Diretoria de Vigil\u00e2ncia Sanit\u00e1ria (Visa Manaus), da Secretaria Municipal de Sa\u00fade (Semsa), realiza, na segunda-feira, 29\/5, a cerim\u00f4nia de abertura da Semana do Regulado, no audit\u00f3rio Wilson Alecrim, da Universidade Nilton Lins (UniNilton Lins), no bairro Parque das Laranjeiras, zona Centro-Sul.","inLanguage":"pt-BR","potentialAction":[{"@type":"ReadAction","target":["https:\/\/www.manaus.am.gov.br\/semcom\/pautas\/prefeitura-de-manaus-realiza-a-cerimonia-de-abertura-da-semana-do-regulado-na-segunda-29\/"]}]},{"@type":"ImageObject","inLanguage":"pt-BR","@id":"https:\/\/www.manaus.am.gov.br\/semcom\/pautas\/prefeitura-de-manaus-realiza-a-cerimonia-de-abertura-da-semana-do-regulado-na-segunda-29\/#primaryimage","url":"https:\/\/www.manaus.am.gov.br\/semcom\/wp-content\/uploads\/sites\/5\/2023\/02\/sugestaodepauta.png","contentUrl":"https:\/\/www.manaus.am.gov.br\/semcom\/wp-content\/uploads\/sites\/5\/2023\/02\/sugestaodepauta.png","width":1020,"height":540},{"@type":"WebSite","@id":"https:\/\/www.manaus.am.gov.br\/semcom\/#website","url":"https:\/\/www.manaus.am.gov.br\/semcom\/","name":"SEMCOM","description":"Secretaria Municipal de Comunica\u00e7\u00e3o","potentialAction":[{"@type":"SearchAction","target":{"@type":"EntryPoint","urlTemplate":"https:\/\/www.manaus.am.gov.br\/semcom\/?s={search_term_string}"},"query-input":"required name=search_term_string"}],"inLanguage":"pt-BR"}]}},"_links":{"self":[{"href":"https:\/\/www.manaus.am.gov.br\/semcom\/wp-json\/wp\/v2\/pautas\/214214"}],"collection":[{"href":"https:\/\/www.manaus.am.gov.br\/semcom\/wp-json\/wp\/v2\/pautas"}],"about":[{"href":"https:\/\/www.manaus.am.gov.br\/semcom\/wp-json\/wp\/v2\/types\/pautas"}],"wp:featuredmedia":[{"embeddable":true,"href":"https:\/\/www.manaus.am.gov.br\/semcom\/wp-json\/wp\/v2\/media\/208729"}],"wp:attachment":[{"href":"https:\/\/www.manaus.am.gov.br\/semcom\/wp-json\/wp\/v2\/media?parent=214214"}],"wp:term":[{"taxonomy":"category","embeddable":true,"href":"https:\/\/www.manaus.am.gov.br\/semcom\/wp-json\/wp\/v2\/categories?post=214214"}],"curies":[{"name":"wp","href":"https:\/\/api.w.org\/{rel}","templated":true}]}}