{"id":214187,"date":"2023-05-25T16:49:42","date_gmt":"2023-05-25T19:49:42","guid":{"rendered":"https:\/\/www.manaus.am.gov.br\/semcom\/?post_type=pautas&#038;p=214187"},"modified":"2023-05-25T16:49:43","modified_gmt":"2023-05-25T19:49:43","slug":"prefeito-toma-posse-como-presidente-do-comite-municipal-de-mudancas-climaticas","status":"publish","type":"pautas","link":"https:\/\/www.manaus.am.gov.br\/semcom\/pautas\/prefeito-toma-posse-como-presidente-do-comite-municipal-de-mudancas-climaticas\/","title":{"rendered":"<strong>Prefeito toma posse como presidente do Comit\u00ea Municipal de Mudan\u00e7as Clim\u00e1ticas<\/strong>"},"content":{"rendered":"\n<p>O prefeito de Manaus, David Almeida, toma posse, \u00e0s 9h desta sexta-feira, 26\/5, como presidente do Comit\u00ea Municipal de Mudan\u00e7as Clim\u00e1ticas. A solenidade vai ocorrer durante o 1\u00ba F\u00f3rum \u2018Manaus e os Desafios das Mudan\u00e7as do Clima\u2019, que ser\u00e1 no audit\u00f3rio Belarmino Lins, na Assembleia Legislativa do Estado do Amazonas (Aleam), zona Centro-Sul de Manaus.<\/p>\n\n\n\n<p>Al\u00e9m do prefeito, mais 15 autoridades da administra\u00e7\u00e3o municipal ir\u00e3o tomar posse tamb\u00e9m do comit\u00ea. No evento, ainda, acontecer\u00e1 a assinatura do Termo de Coopera\u00e7\u00e3o T\u00e9cnica entre a Prefeitura de Manaus e o Instituto de Pesquisa Ambiental da Amaz\u00f4nia (Ipam), que visa a elabora\u00e7\u00e3o do Plano de A\u00e7\u00f5es Clim\u00e1ticas de Manaus.<\/p>\n\n\n\n<p>Ap\u00f3s a posse e a assinatura do termo, o diretor de Pol\u00edticas P\u00fablicas e Desenvolvimento Territorial, Eug\u00eanio Pantoja, e a pesquisadora Ludmila Rattis, ambos do Ipam, ir\u00e3o palestrar sobre \u201cPol\u00edticas P\u00fablicas como solu\u00e7\u00f5es estruturantes para a mudan\u00e7a do clima\u201d e \u201cMudan\u00e7a Clim\u00e1tica: desafio global e Amaz\u00f4nico\u201d.<\/p>\n\n\n\n<p><strong>SERVI\u00c7O<\/strong>:<\/p>\n\n\n\n<p><strong>O qu\u00ea &#8211;&nbsp;<\/strong>Prefeito de Manaus, David Almeida, toma posse como presidente do Comit\u00ea Municipal de Mudan\u00e7as Clim\u00e1ticas<\/p>\n\n\n\n<p><strong>Quando &#8211;&nbsp;<\/strong>Sexta-feira, 26\/5<\/p>\n\n\n\n<p><strong>Hor\u00e1rio &#8211;&nbsp;<\/strong>9h<\/p>\n\n\n\n<p><strong>Local &#8211;&nbsp;<\/strong>Audit\u00f3rio Belarmino Lins \u2013 Assembleia Legislativa do Estado do Amazonas (Aleam)<\/p>\n","protected":false},"featured_media":208729,"template":"","categories":[808],"acf":[],"yoast_head":"<!-- This site is optimized with the Yoast SEO plugin v23.0 - https:\/\/yoast.com\/wordpress\/plugins\/seo\/ -->\n<title>Prefeito toma posse como presidente do Comit\u00ea Municipal de Mudan\u00e7as Clim\u00e1ticas<\/title>\n<meta name=\"description\" content=\"O prefeito de Manaus, David Almeida, toma posse, \u00e0s 9h desta sexta-feira, 26\/5, como presidente do Comit\u00ea Municipal de Mudan\u00e7as Clim\u00e1ticas. A solenidade vai ocorrer durante o 1\u00ba F\u00f3rum \u2018Manaus e os Desafios das Mudan\u00e7as do Clima\u2019, que ser\u00e1 no audit\u00f3rio Belarmino Lins, na Assembleia Legislativa do Estado do Amazonas (Aleam), zona Centro-Sul de Manaus.\" \/>\n<meta name=\"robots\" content=\"index, follow, max-snippet:-1, max-image-preview:large, max-video-preview:-1\" \/>\n<link rel=\"canonical\" href=\"https:\/\/www.manaus.am.gov.br\/semcom\/pautas\/prefeito-toma-posse-como-presidente-do-comite-municipal-de-mudancas-climaticas\/\" \/>\n<meta property=\"og:locale\" content=\"pt_BR\" \/>\n<meta property=\"og:type\" content=\"article\" \/>\n<meta property=\"og:title\" content=\"Prefeito toma posse como presidente do Comit\u00ea Municipal de Mudan\u00e7as Clim\u00e1ticas\" \/>\n<meta property=\"og:description\" content=\"O prefeito de Manaus, David Almeida, toma posse, \u00e0s 9h desta sexta-feira, 26\/5, como presidente do Comit\u00ea Municipal de Mudan\u00e7as Clim\u00e1ticas. A solenidade vai ocorrer durante o 1\u00ba F\u00f3rum \u2018Manaus e os Desafios das Mudan\u00e7as do Clima\u2019, que ser\u00e1 no audit\u00f3rio Belarmino Lins, na Assembleia Legislativa do Estado do Amazonas (Aleam), zona Centro-Sul de Manaus.\" \/>\n<meta property=\"og:url\" content=\"https:\/\/www.manaus.am.gov.br\/semcom\/pautas\/prefeito-toma-posse-como-presidente-do-comite-municipal-de-mudancas-climaticas\/\" \/>\n<meta property=\"og:site_name\" content=\"SEMCOM\" \/>\n<meta property=\"article:modified_time\" content=\"2023-05-25T19:49:43+00:00\" \/>\n<meta property=\"og:image\" content=\"https:\/\/www.manaus.am.gov.br\/semcom\/wp-content\/uploads\/sites\/5\/2023\/02\/sugestaodepauta.png\" \/>\n\t<meta property=\"og:image:width\" content=\"1020\" \/>\n\t<meta property=\"og:image:height\" content=\"540\" \/>\n\t<meta property=\"og:image:type\" content=\"image\/png\" \/>\n<meta name=\"twitter:card\" content=\"summary_large_image\" \/>\n<meta name=\"twitter:label1\" content=\"Est. reading time\" \/>\n\t<meta name=\"twitter:data1\" content=\"2 minutos\" \/>\n<script type=\"application\/ld+json\" class=\"yoast-schema-graph\">{\"@context\":\"https:\/\/schema.org\",\"@graph\":[{\"@type\":\"WebPage\",\"@id\":\"https:\/\/www.manaus.am.gov.br\/semcom\/pautas\/prefeito-toma-posse-como-presidente-do-comite-municipal-de-mudancas-climaticas\/\",\"url\":\"https:\/\/www.manaus.am.gov.br\/semcom\/pautas\/prefeito-toma-posse-como-presidente-do-comite-municipal-de-mudancas-climaticas\/\",\"name\":\"Prefeito toma posse como presidente do Comit\u00ea Municipal de Mudan\u00e7as Clim\u00e1ticas\",\"isPartOf\":{\"@id\":\"https:\/\/www.manaus.am.gov.br\/semcom\/#website\"},\"primaryImageOfPage\":{\"@id\":\"https:\/\/www.manaus.am.gov.br\/semcom\/pautas\/prefeito-toma-posse-como-presidente-do-comite-municipal-de-mudancas-climaticas\/#primaryimage\"},\"image\":{\"@id\":\"https:\/\/www.manaus.am.gov.br\/semcom\/pautas\/prefeito-toma-posse-como-presidente-do-comite-municipal-de-mudancas-climaticas\/#primaryimage\"},\"thumbnailUrl\":\"https:\/\/www.manaus.am.gov.br\/semcom\/wp-content\/uploads\/sites\/5\/2023\/02\/sugestaodepauta.png\",\"datePublished\":\"2023-05-25T19:49:42+00:00\",\"dateModified\":\"2023-05-25T19:49:43+00:00\",\"description\":\"O prefeito de Manaus, David Almeida, toma posse, \u00e0s 9h desta sexta-feira, 26\/5, como presidente do Comit\u00ea Municipal de Mudan\u00e7as Clim\u00e1ticas. A solenidade vai ocorrer durante o 1\u00ba F\u00f3rum \u2018Manaus e os Desafios das Mudan\u00e7as do Clima\u2019, que ser\u00e1 no audit\u00f3rio Belarmino Lins, na Assembleia Legislativa do Estado do Amazonas (Aleam), zona Centro-Sul de Manaus.\",\"inLanguage\":\"pt-BR\",\"potentialAction\":[{\"@type\":\"ReadAction\",\"target\":[\"https:\/\/www.manaus.am.gov.br\/semcom\/pautas\/prefeito-toma-posse-como-presidente-do-comite-municipal-de-mudancas-climaticas\/\"]}]},{\"@type\":\"ImageObject\",\"inLanguage\":\"pt-BR\",\"@id\":\"https:\/\/www.manaus.am.gov.br\/semcom\/pautas\/prefeito-toma-posse-como-presidente-do-comite-municipal-de-mudancas-climaticas\/#primaryimage\",\"url\":\"https:\/\/www.manaus.am.gov.br\/semcom\/wp-content\/uploads\/sites\/5\/2023\/02\/sugestaodepauta.png\",\"contentUrl\":\"https:\/\/www.manaus.am.gov.br\/semcom\/wp-content\/uploads\/sites\/5\/2023\/02\/sugestaodepauta.png\",\"width\":1020,\"height\":540},{\"@type\":\"WebSite\",\"@id\":\"https:\/\/www.manaus.am.gov.br\/semcom\/#website\",\"url\":\"https:\/\/www.manaus.am.gov.br\/semcom\/\",\"name\":\"SEMCOM\",\"description\":\"Secretaria Municipal de Comunica\u00e7\u00e3o\",\"potentialAction\":[{\"@type\":\"SearchAction\",\"target\":{\"@type\":\"EntryPoint\",\"urlTemplate\":\"https:\/\/www.manaus.am.gov.br\/semcom\/?s={search_term_string}\"},\"query-input\":\"required name=search_term_string\"}],\"inLanguage\":\"pt-BR\"}]}<\/script>\n<!-- \/ Yoast SEO plugin. -->","yoast_head_json":{"title":"Prefeito toma posse como presidente do Comit\u00ea Municipal de Mudan\u00e7as Clim\u00e1ticas","description":"O prefeito de Manaus, David Almeida, toma posse, \u00e0s 9h desta sexta-feira, 26\/5, como presidente do Comit\u00ea Municipal de Mudan\u00e7as Clim\u00e1ticas. A solenidade vai ocorrer durante o 1\u00ba F\u00f3rum \u2018Manaus e os Desafios das Mudan\u00e7as do Clima\u2019, que ser\u00e1 no audit\u00f3rio Belarmino Lins, na Assembleia Legislativa do Estado do Amazonas (Aleam), zona Centro-Sul de Manaus.","robots":{"index":"index","follow":"follow","max-snippet":"max-snippet:-1","max-image-preview":"max-image-preview:large","max-video-preview":"max-video-preview:-1"},"canonical":"https:\/\/www.manaus.am.gov.br\/semcom\/pautas\/prefeito-toma-posse-como-presidente-do-comite-municipal-de-mudancas-climaticas\/","og_locale":"pt_BR","og_type":"article","og_title":"Prefeito toma posse como presidente do Comit\u00ea Municipal de Mudan\u00e7as Clim\u00e1ticas","og_description":"O prefeito de Manaus, David Almeida, toma posse, \u00e0s 9h desta sexta-feira, 26\/5, como presidente do Comit\u00ea Municipal de Mudan\u00e7as Clim\u00e1ticas. A solenidade vai ocorrer durante o 1\u00ba F\u00f3rum \u2018Manaus e os Desafios das Mudan\u00e7as do Clima\u2019, que ser\u00e1 no audit\u00f3rio Belarmino Lins, na Assembleia Legislativa do Estado do Amazonas (Aleam), zona Centro-Sul de Manaus.","og_url":"https:\/\/www.manaus.am.gov.br\/semcom\/pautas\/prefeito-toma-posse-como-presidente-do-comite-municipal-de-mudancas-climaticas\/","og_site_name":"SEMCOM","article_modified_time":"2023-05-25T19:49:43+00:00","og_image":[{"width":1020,"height":540,"url":"https:\/\/www.manaus.am.gov.br\/semcom\/wp-content\/uploads\/sites\/5\/2023\/02\/sugestaodepauta.png","type":"image\/png"}],"twitter_card":"summary_large_image","twitter_misc":{"Est. reading time":"2 minutos"},"schema":{"@context":"https:\/\/schema.org","@graph":[{"@type":"WebPage","@id":"https:\/\/www.manaus.am.gov.br\/semcom\/pautas\/prefeito-toma-posse-como-presidente-do-comite-municipal-de-mudancas-climaticas\/","url":"https:\/\/www.manaus.am.gov.br\/semcom\/pautas\/prefeito-toma-posse-como-presidente-do-comite-municipal-de-mudancas-climaticas\/","name":"Prefeito toma posse como presidente do Comit\u00ea Municipal de Mudan\u00e7as Clim\u00e1ticas","isPartOf":{"@id":"https:\/\/www.manaus.am.gov.br\/semcom\/#website"},"primaryImageOfPage":{"@id":"https:\/\/www.manaus.am.gov.br\/semcom\/pautas\/prefeito-toma-posse-como-presidente-do-comite-municipal-de-mudancas-climaticas\/#primaryimage"},"image":{"@id":"https:\/\/www.manaus.am.gov.br\/semcom\/pautas\/prefeito-toma-posse-como-presidente-do-comite-municipal-de-mudancas-climaticas\/#primaryimage"},"thumbnailUrl":"https:\/\/www.manaus.am.gov.br\/semcom\/wp-content\/uploads\/sites\/5\/2023\/02\/sugestaodepauta.png","datePublished":"2023-05-25T19:49:42+00:00","dateModified":"2023-05-25T19:49:43+00:00","description":"O prefeito de Manaus, David Almeida, toma posse, \u00e0s 9h desta sexta-feira, 26\/5, como presidente do Comit\u00ea Municipal de Mudan\u00e7as Clim\u00e1ticas. A solenidade vai ocorrer durante o 1\u00ba F\u00f3rum \u2018Manaus e os Desafios das Mudan\u00e7as do Clima\u2019, que ser\u00e1 no audit\u00f3rio Belarmino Lins, na Assembleia Legislativa do Estado do Amazonas (Aleam), zona Centro-Sul de Manaus.","inLanguage":"pt-BR","potentialAction":[{"@type":"ReadAction","target":["https:\/\/www.manaus.am.gov.br\/semcom\/pautas\/prefeito-toma-posse-como-presidente-do-comite-municipal-de-mudancas-climaticas\/"]}]},{"@type":"ImageObject","inLanguage":"pt-BR","@id":"https:\/\/www.manaus.am.gov.br\/semcom\/pautas\/prefeito-toma-posse-como-presidente-do-comite-municipal-de-mudancas-climaticas\/#primaryimage","url":"https:\/\/www.manaus.am.gov.br\/semcom\/wp-content\/uploads\/sites\/5\/2023\/02\/sugestaodepauta.png","contentUrl":"https:\/\/www.manaus.am.gov.br\/semcom\/wp-content\/uploads\/sites\/5\/2023\/02\/sugestaodepauta.png","width":1020,"height":540},{"@type":"WebSite","@id":"https:\/\/www.manaus.am.gov.br\/semcom\/#website","url":"https:\/\/www.manaus.am.gov.br\/semcom\/","name":"SEMCOM","description":"Secretaria Municipal de Comunica\u00e7\u00e3o","potentialAction":[{"@type":"SearchAction","target":{"@type":"EntryPoint","urlTemplate":"https:\/\/www.manaus.am.gov.br\/semcom\/?s={search_term_string}"},"query-input":"required name=search_term_string"}],"inLanguage":"pt-BR"}]}},"_links":{"self":[{"href":"https:\/\/www.manaus.am.gov.br\/semcom\/wp-json\/wp\/v2\/pautas\/214187"}],"collection":[{"href":"https:\/\/www.manaus.am.gov.br\/semcom\/wp-json\/wp\/v2\/pautas"}],"about":[{"href":"https:\/\/www.manaus.am.gov.br\/semcom\/wp-json\/wp\/v2\/types\/pautas"}],"wp:featuredmedia":[{"embeddable":true,"href":"https:\/\/www.manaus.am.gov.br\/semcom\/wp-json\/wp\/v2\/media\/208729"}],"wp:attachment":[{"href":"https:\/\/www.manaus.am.gov.br\/semcom\/wp-json\/wp\/v2\/media?parent=214187"}],"wp:term":[{"taxonomy":"category","embeddable":true,"href":"https:\/\/www.manaus.am.gov.br\/semcom\/wp-json\/wp\/v2\/categories?post=214187"}],"curies":[{"name":"wp","href":"https:\/\/api.w.org\/{rel}","templated":true}]}}