{"id":214125,"date":"2023-05-24T17:10:59","date_gmt":"2023-05-24T20:10:59","guid":{"rendered":"https:\/\/www.manaus.am.gov.br\/semcom\/?post_type=pautas&#038;p=214125"},"modified":"2023-05-24T17:11:00","modified_gmt":"2023-05-24T20:11:00","slug":"prefeitura-e-unicef-promovem-oficina-de-combate-ao-desenvolvimento-do-racismo-estrutural-durante-a-infancia","status":"publish","type":"pautas","link":"https:\/\/www.manaus.am.gov.br\/semcom\/pautas\/prefeitura-e-unicef-promovem-oficina-de-combate-ao-desenvolvimento-do-racismo-estrutural-durante-a-infancia\/","title":{"rendered":"<strong>Prefeitura e Unicef promovem oficina de combate ao desenvolvimento do racismo estrutural durante a inf\u00e2ncia<\/strong>"},"content":{"rendered":"\n<p>Como parte da iniciativa #AgendaCidadeUNICEF e com o objetivo de chamar a aten\u00e7\u00e3o de profissionais da educa\u00e7\u00e3o, assist\u00eancia social e sa\u00fade sobre os impactos do racismo no desenvolvimento infantil, a Prefeitura de Manaus, por meio da Secretaria Municipal da Mulher, Assist\u00eancia Social e Cidadania (Semasc), e o Fundo das Na\u00e7\u00f5es Unidas para a Inf\u00e2ncia (Unicef), promove, nesta quinta-feira, 25\/5, das 8h \u00e0s 17h, a oficina \u201cCaminhos para uma Primeira Inf\u00e2ncia Antirracista em Manaus\u201d.<\/p>\n\n\n\n<p>Com in\u00edcio da programa\u00e7\u00e3o agendado para as 8h, o evento contar\u00e1, pela parte da manh\u00e3, com uma palestra sobre os impactos do racismo na primeira inf\u00e2ncia, uma roda de conversa com o tema \u201cIdentidades, branquitude e racismo\u201d e um momento de di\u00e1logo aberto com os participantes.<\/p>\n\n\n\n<p>J\u00e1 pela parte da tarde, a partir das 14h, em um momento dedicado exclusivamente a profissionais e autoridades das \u00e1reas da assist\u00eancia social, educa\u00e7\u00e3o infantil, sa\u00fade e afins, ser\u00e3o realizadas uma atividade de diagn\u00f3stico, an\u00e1lises e reflex\u00f5es sobre inf\u00e2ncias negras e ind\u00edgenas e a elabora\u00e7\u00e3o conjunta de um Plano de A\u00e7\u00e3o.<\/p>\n\n\n\n<p>As inscri\u00e7\u00f5es para a oficina s\u00e3o gratuitas e podem ser realizadas por meio do link&nbsp;<a href=\"https:\/\/forms.gle\/srBpLSKRuQBzYEBD8\" target=\"_blank\" rel=\"noreferrer noopener\">https:\/\/forms.gle\/srBpLSKRuQBzYEBD8<\/a>.<\/p>\n\n\n\n<p><strong>SERVI\u00c7O:<\/strong><\/p>\n\n\n\n<p><strong>O qu\u00ea &#8211;&nbsp;<\/strong>Oficina \u201cCaminhos para uma Primeira Inf\u00e2ncia Antirracista em Manaus\u201d<\/p>\n\n\n\n<p><strong>Quando &#8211;&nbsp;<\/strong>Quinta-feira, 25\/5<\/p>\n\n\n\n<p><strong>Hor\u00e1rio &#8211;&nbsp;<\/strong>8h \u00e0s 17h<\/p>\n\n\n\n<p><strong>Local &#8211;&nbsp;<\/strong>Palacete Provincial, pra\u00e7a Heliodoro Balbi, s\/n\u00ba, Centro<\/p>\n","protected":false},"featured_media":208729,"template":"","categories":[802],"acf":[],"yoast_head":"<!-- This site is optimized with the Yoast SEO plugin v23.0 - https:\/\/yoast.com\/wordpress\/plugins\/seo\/ -->\n<title>Prefeitura e Unicef promovem oficina de combate ao desenvolvimento do racismo estrutural durante a inf\u00e2ncia - SEMCOM<\/title>\n<meta name=\"description\" content=\"Como parte da iniciativa #AgendaCidadeUNICEF e com o objetivo de chamar a aten\u00e7\u00e3o de profissionais da educa\u00e7\u00e3o, assist\u00eancia social e sa\u00fade sobre os impactos do racismo no desenvolvimento infantil, a Prefeitura de Manaus, por meio da Secretaria Municipal da Mulher, Assist\u00eancia Social e Cidadania (Semasc), e o Fundo das Na\u00e7\u00f5es Unidas para a Inf\u00e2ncia (Unicef), promove, nesta quinta-feira, 25\/5, das 8h \u00e0s 17h, a oficina \u201cCaminhos para uma Primeira Inf\u00e2ncia Antirracista em Manaus\u201d.\" \/>\n<meta name=\"robots\" content=\"index, follow, max-snippet:-1, max-image-preview:large, max-video-preview:-1\" \/>\n<link rel=\"canonical\" href=\"https:\/\/www.manaus.am.gov.br\/semcom\/pautas\/prefeitura-e-unicef-promovem-oficina-de-combate-ao-desenvolvimento-do-racismo-estrutural-durante-a-infancia\/\" \/>\n<meta property=\"og:locale\" content=\"pt_BR\" \/>\n<meta property=\"og:type\" content=\"article\" \/>\n<meta property=\"og:title\" content=\"Prefeitura e Unicef promovem oficina de combate ao desenvolvimento do racismo estrutural durante a inf\u00e2ncia - SEMCOM\" \/>\n<meta property=\"og:description\" content=\"Como parte da iniciativa #AgendaCidadeUNICEF e com o objetivo de chamar a aten\u00e7\u00e3o de profissionais da educa\u00e7\u00e3o, assist\u00eancia social e sa\u00fade sobre os impactos do racismo no desenvolvimento infantil, a Prefeitura de Manaus, por meio da Secretaria Municipal da Mulher, Assist\u00eancia Social e Cidadania (Semasc), e o Fundo das Na\u00e7\u00f5es Unidas para a Inf\u00e2ncia (Unicef), promove, nesta quinta-feira, 25\/5, das 8h \u00e0s 17h, a oficina \u201cCaminhos para uma Primeira Inf\u00e2ncia Antirracista em Manaus\u201d.\" \/>\n<meta property=\"og:url\" content=\"https:\/\/www.manaus.am.gov.br\/semcom\/pautas\/prefeitura-e-unicef-promovem-oficina-de-combate-ao-desenvolvimento-do-racismo-estrutural-durante-a-infancia\/\" \/>\n<meta property=\"og:site_name\" content=\"SEMCOM\" \/>\n<meta property=\"article:modified_time\" content=\"2023-05-24T20:11:00+00:00\" \/>\n<meta property=\"og:image\" content=\"https:\/\/www.manaus.am.gov.br\/semcom\/wp-content\/uploads\/sites\/5\/2023\/02\/sugestaodepauta.png\" \/>\n\t<meta property=\"og:image:width\" content=\"1020\" \/>\n\t<meta property=\"og:image:height\" content=\"540\" \/>\n\t<meta property=\"og:image:type\" content=\"image\/png\" \/>\n<meta name=\"twitter:card\" content=\"summary_large_image\" \/>\n<meta name=\"twitter:label1\" content=\"Est. reading time\" \/>\n\t<meta name=\"twitter:data1\" content=\"2 minutos\" \/>\n<script type=\"application\/ld+json\" class=\"yoast-schema-graph\">{\"@context\":\"https:\/\/schema.org\",\"@graph\":[{\"@type\":\"WebPage\",\"@id\":\"https:\/\/www.manaus.am.gov.br\/semcom\/pautas\/prefeitura-e-unicef-promovem-oficina-de-combate-ao-desenvolvimento-do-racismo-estrutural-durante-a-infancia\/\",\"url\":\"https:\/\/www.manaus.am.gov.br\/semcom\/pautas\/prefeitura-e-unicef-promovem-oficina-de-combate-ao-desenvolvimento-do-racismo-estrutural-durante-a-infancia\/\",\"name\":\"Prefeitura e Unicef promovem oficina de combate ao desenvolvimento do racismo estrutural durante a inf\u00e2ncia - SEMCOM\",\"isPartOf\":{\"@id\":\"https:\/\/www.manaus.am.gov.br\/semcom\/#website\"},\"primaryImageOfPage\":{\"@id\":\"https:\/\/www.manaus.am.gov.br\/semcom\/pautas\/prefeitura-e-unicef-promovem-oficina-de-combate-ao-desenvolvimento-do-racismo-estrutural-durante-a-infancia\/#primaryimage\"},\"image\":{\"@id\":\"https:\/\/www.manaus.am.gov.br\/semcom\/pautas\/prefeitura-e-unicef-promovem-oficina-de-combate-ao-desenvolvimento-do-racismo-estrutural-durante-a-infancia\/#primaryimage\"},\"thumbnailUrl\":\"https:\/\/www.manaus.am.gov.br\/semcom\/wp-content\/uploads\/sites\/5\/2023\/02\/sugestaodepauta.png\",\"datePublished\":\"2023-05-24T20:10:59+00:00\",\"dateModified\":\"2023-05-24T20:11:00+00:00\",\"description\":\"Como parte da iniciativa #AgendaCidadeUNICEF e com o objetivo de chamar a aten\u00e7\u00e3o de profissionais da educa\u00e7\u00e3o, assist\u00eancia social e sa\u00fade sobre os impactos do racismo no desenvolvimento infantil, a Prefeitura de Manaus, por meio da Secretaria Municipal da Mulher, Assist\u00eancia Social e Cidadania (Semasc), e o Fundo das Na\u00e7\u00f5es Unidas para a Inf\u00e2ncia (Unicef), promove, nesta quinta-feira, 25\/5, das 8h \u00e0s 17h, a oficina \u201cCaminhos para uma Primeira Inf\u00e2ncia Antirracista em Manaus\u201d.\",\"inLanguage\":\"pt-BR\",\"potentialAction\":[{\"@type\":\"ReadAction\",\"target\":[\"https:\/\/www.manaus.am.gov.br\/semcom\/pautas\/prefeitura-e-unicef-promovem-oficina-de-combate-ao-desenvolvimento-do-racismo-estrutural-durante-a-infancia\/\"]}]},{\"@type\":\"ImageObject\",\"inLanguage\":\"pt-BR\",\"@id\":\"https:\/\/www.manaus.am.gov.br\/semcom\/pautas\/prefeitura-e-unicef-promovem-oficina-de-combate-ao-desenvolvimento-do-racismo-estrutural-durante-a-infancia\/#primaryimage\",\"url\":\"https:\/\/www.manaus.am.gov.br\/semcom\/wp-content\/uploads\/sites\/5\/2023\/02\/sugestaodepauta.png\",\"contentUrl\":\"https:\/\/www.manaus.am.gov.br\/semcom\/wp-content\/uploads\/sites\/5\/2023\/02\/sugestaodepauta.png\",\"width\":1020,\"height\":540},{\"@type\":\"WebSite\",\"@id\":\"https:\/\/www.manaus.am.gov.br\/semcom\/#website\",\"url\":\"https:\/\/www.manaus.am.gov.br\/semcom\/\",\"name\":\"SEMCOM\",\"description\":\"Secretaria Municipal de Comunica\u00e7\u00e3o\",\"potentialAction\":[{\"@type\":\"SearchAction\",\"target\":{\"@type\":\"EntryPoint\",\"urlTemplate\":\"https:\/\/www.manaus.am.gov.br\/semcom\/?s={search_term_string}\"},\"query-input\":\"required name=search_term_string\"}],\"inLanguage\":\"pt-BR\"}]}<\/script>\n<!-- \/ Yoast SEO plugin. -->","yoast_head_json":{"title":"Prefeitura e Unicef promovem oficina de combate ao desenvolvimento do racismo estrutural durante a inf\u00e2ncia - SEMCOM","description":"Como parte da iniciativa #AgendaCidadeUNICEF e com o objetivo de chamar a aten\u00e7\u00e3o de profissionais da educa\u00e7\u00e3o, assist\u00eancia social e sa\u00fade sobre os impactos do racismo no desenvolvimento infantil, a Prefeitura de Manaus, por meio da Secretaria Municipal da Mulher, Assist\u00eancia Social e Cidadania (Semasc), e o Fundo das Na\u00e7\u00f5es Unidas para a Inf\u00e2ncia (Unicef), promove, nesta quinta-feira, 25\/5, das 8h \u00e0s 17h, a oficina \u201cCaminhos para uma Primeira Inf\u00e2ncia Antirracista em Manaus\u201d.","robots":{"index":"index","follow":"follow","max-snippet":"max-snippet:-1","max-image-preview":"max-image-preview:large","max-video-preview":"max-video-preview:-1"},"canonical":"https:\/\/www.manaus.am.gov.br\/semcom\/pautas\/prefeitura-e-unicef-promovem-oficina-de-combate-ao-desenvolvimento-do-racismo-estrutural-durante-a-infancia\/","og_locale":"pt_BR","og_type":"article","og_title":"Prefeitura e Unicef promovem oficina de combate ao desenvolvimento do racismo estrutural durante a inf\u00e2ncia - SEMCOM","og_description":"Como parte da iniciativa #AgendaCidadeUNICEF e com o objetivo de chamar a aten\u00e7\u00e3o de profissionais da educa\u00e7\u00e3o, assist\u00eancia social e sa\u00fade sobre os impactos do racismo no desenvolvimento infantil, a Prefeitura de Manaus, por meio da Secretaria Municipal da Mulher, Assist\u00eancia Social e Cidadania (Semasc), e o Fundo das Na\u00e7\u00f5es Unidas para a Inf\u00e2ncia (Unicef), promove, nesta quinta-feira, 25\/5, das 8h \u00e0s 17h, a oficina \u201cCaminhos para uma Primeira Inf\u00e2ncia Antirracista em Manaus\u201d.","og_url":"https:\/\/www.manaus.am.gov.br\/semcom\/pautas\/prefeitura-e-unicef-promovem-oficina-de-combate-ao-desenvolvimento-do-racismo-estrutural-durante-a-infancia\/","og_site_name":"SEMCOM","article_modified_time":"2023-05-24T20:11:00+00:00","og_image":[{"width":1020,"height":540,"url":"https:\/\/www.manaus.am.gov.br\/semcom\/wp-content\/uploads\/sites\/5\/2023\/02\/sugestaodepauta.png","type":"image\/png"}],"twitter_card":"summary_large_image","twitter_misc":{"Est. reading time":"2 minutos"},"schema":{"@context":"https:\/\/schema.org","@graph":[{"@type":"WebPage","@id":"https:\/\/www.manaus.am.gov.br\/semcom\/pautas\/prefeitura-e-unicef-promovem-oficina-de-combate-ao-desenvolvimento-do-racismo-estrutural-durante-a-infancia\/","url":"https:\/\/www.manaus.am.gov.br\/semcom\/pautas\/prefeitura-e-unicef-promovem-oficina-de-combate-ao-desenvolvimento-do-racismo-estrutural-durante-a-infancia\/","name":"Prefeitura e Unicef promovem oficina de combate ao desenvolvimento do racismo estrutural durante a inf\u00e2ncia - SEMCOM","isPartOf":{"@id":"https:\/\/www.manaus.am.gov.br\/semcom\/#website"},"primaryImageOfPage":{"@id":"https:\/\/www.manaus.am.gov.br\/semcom\/pautas\/prefeitura-e-unicef-promovem-oficina-de-combate-ao-desenvolvimento-do-racismo-estrutural-durante-a-infancia\/#primaryimage"},"image":{"@id":"https:\/\/www.manaus.am.gov.br\/semcom\/pautas\/prefeitura-e-unicef-promovem-oficina-de-combate-ao-desenvolvimento-do-racismo-estrutural-durante-a-infancia\/#primaryimage"},"thumbnailUrl":"https:\/\/www.manaus.am.gov.br\/semcom\/wp-content\/uploads\/sites\/5\/2023\/02\/sugestaodepauta.png","datePublished":"2023-05-24T20:10:59+00:00","dateModified":"2023-05-24T20:11:00+00:00","description":"Como parte da iniciativa #AgendaCidadeUNICEF e com o objetivo de chamar a aten\u00e7\u00e3o de profissionais da educa\u00e7\u00e3o, assist\u00eancia social e sa\u00fade sobre os impactos do racismo no desenvolvimento infantil, a Prefeitura de Manaus, por meio da Secretaria Municipal da Mulher, Assist\u00eancia Social e Cidadania (Semasc), e o Fundo das Na\u00e7\u00f5es Unidas para a Inf\u00e2ncia (Unicef), promove, nesta quinta-feira, 25\/5, das 8h \u00e0s 17h, a oficina \u201cCaminhos para uma Primeira Inf\u00e2ncia Antirracista em Manaus\u201d.","inLanguage":"pt-BR","potentialAction":[{"@type":"ReadAction","target":["https:\/\/www.manaus.am.gov.br\/semcom\/pautas\/prefeitura-e-unicef-promovem-oficina-de-combate-ao-desenvolvimento-do-racismo-estrutural-durante-a-infancia\/"]}]},{"@type":"ImageObject","inLanguage":"pt-BR","@id":"https:\/\/www.manaus.am.gov.br\/semcom\/pautas\/prefeitura-e-unicef-promovem-oficina-de-combate-ao-desenvolvimento-do-racismo-estrutural-durante-a-infancia\/#primaryimage","url":"https:\/\/www.manaus.am.gov.br\/semcom\/wp-content\/uploads\/sites\/5\/2023\/02\/sugestaodepauta.png","contentUrl":"https:\/\/www.manaus.am.gov.br\/semcom\/wp-content\/uploads\/sites\/5\/2023\/02\/sugestaodepauta.png","width":1020,"height":540},{"@type":"WebSite","@id":"https:\/\/www.manaus.am.gov.br\/semcom\/#website","url":"https:\/\/www.manaus.am.gov.br\/semcom\/","name":"SEMCOM","description":"Secretaria Municipal de Comunica\u00e7\u00e3o","potentialAction":[{"@type":"SearchAction","target":{"@type":"EntryPoint","urlTemplate":"https:\/\/www.manaus.am.gov.br\/semcom\/?s={search_term_string}"},"query-input":"required name=search_term_string"}],"inLanguage":"pt-BR"}]}},"_links":{"self":[{"href":"https:\/\/www.manaus.am.gov.br\/semcom\/wp-json\/wp\/v2\/pautas\/214125"}],"collection":[{"href":"https:\/\/www.manaus.am.gov.br\/semcom\/wp-json\/wp\/v2\/pautas"}],"about":[{"href":"https:\/\/www.manaus.am.gov.br\/semcom\/wp-json\/wp\/v2\/types\/pautas"}],"wp:featuredmedia":[{"embeddable":true,"href":"https:\/\/www.manaus.am.gov.br\/semcom\/wp-json\/wp\/v2\/media\/208729"}],"wp:attachment":[{"href":"https:\/\/www.manaus.am.gov.br\/semcom\/wp-json\/wp\/v2\/media?parent=214125"}],"wp:term":[{"taxonomy":"category","embeddable":true,"href":"https:\/\/www.manaus.am.gov.br\/semcom\/wp-json\/wp\/v2\/categories?post=214125"}],"curies":[{"name":"wp","href":"https:\/\/api.w.org\/{rel}","templated":true}]}}