{"id":213981,"date":"2023-05-22T14:02:12","date_gmt":"2023-05-22T17:02:12","guid":{"rendered":"https:\/\/www.manaus.am.gov.br\/semcom\/?post_type=pautas&#038;p=213981"},"modified":"2023-05-22T14:03:06","modified_gmt":"2023-05-22T17:03:06","slug":"prefeito-e-ifc-internacional-lancam-programa-manaus-sustentavel-com-foco-em-obras-verdes","status":"publish","type":"pautas","link":"https:\/\/www.manaus.am.gov.br\/semcom\/pautas\/prefeito-e-ifc-internacional-lancam-programa-manaus-sustentavel-com-foco-em-obras-verdes\/","title":{"rendered":"<strong>Prefeito e IFC internacional lan\u00e7am programa \u2018Manaus Sustent\u00e1vel\u2019 com foco em obras verdes<\/strong>"},"content":{"rendered":"\n<p>O prefeito de Manaus, David Almeida, o diretor-presidente do Instituto Municipal de Planejamento Urbano (Implurb), Carlos Valente, o Conselho Municipal de Gest\u00e3o Estrat\u00e9gica (CMGE) e a Secretaria Municipal de Meio Ambiente e Sustentabilidade (Semmas) lan\u00e7am, nesta quarta-feira, 24\/5, \u00e0s 14h, no audit\u00f3rio da \u00c1guas de Manaus, na zona Centro-Sul, o programa \u201cManaus Sustent\u00e1vel\u201d, dando continuidade \u00e0s medidas eficazes e iniciativas que podem melhorar a qualidade do meio ambiente, construindo com resili\u00eancia um futuro mais sustent\u00e1vel.<\/p>\n\n\n\n<p>O lan\u00e7amento contar\u00e1 com a parceria e a presen\u00e7a de membros da International Finance Corporation (IFC), associado ao World Bank Group (Banco Mundial).<\/p>\n\n\n\n<p>O programa prev\u00ea, ainda, um projeto de lei para incentivar as obras verdes com benef\u00edcios fiscais, urban\u00edsticos e ambientais, e ter\u00e1 como foco a promo\u00e7\u00e3o de constru\u00e7\u00f5es sustent\u00e1veis na capital, com certifica\u00e7\u00e3o EDGE. O \u201cManaus Sustent\u00e1vel\u201d tem coordena\u00e7\u00e3o do CMGE e execu\u00e7\u00e3o do instituto.<\/p>\n\n\n\n<p>Manaus ser\u00e1 uma capital indutora e incentivadora de edif\u00edcios eficientes e de baixo impacto ambiental, que trazem melhores resultados para o planeta, para a sociedade e seus propriet\u00e1rios, transformando toda a cadeia da constru\u00e7\u00e3o e urbanismo.<\/p>\n\n\n\n<p>A proposta do prefeito David Almeida teve in\u00edcio no ano passado, com coordena\u00e7\u00e3o do CMGE, alinhada com o objetivo de construir uma Manaus focada no futuro sustent\u00e1vel por meio de projetos, legisla\u00e7\u00e3o, sistemas inovadores e integra\u00e7\u00e3o entre governo, institui\u00e7\u00f5es, empresas e sociedade civil.<\/p>\n\n\n\n<p><strong>SERVI\u00c7O:<\/strong><\/p>\n\n\n\n<p><strong>O qu\u00ea<\/strong>&nbsp;\u2013 Lan\u00e7amento do programa \u201cManaus Sustent\u00e1vel\u201d para incentivar constru\u00e7\u00f5es verdes<\/p>\n\n\n\n<p><strong>Quando<\/strong>&nbsp;\u2013 Quarta, 24\/5<\/p>\n\n\n\n<p><strong>Hor\u00e1rio<\/strong>&nbsp;\u2013 14h<\/p>\n\n\n\n<p><strong>Local<\/strong>&nbsp;\u2013 Audit\u00f3rio da \u00c1guas de Manaus (avenida Andr\u00e9 Ara\u00fajo, 1.981), Aleixo, zona Centro-Sul.<\/p>\n\n\n\n<p>&#8212; &#8212; &#8212;<\/p>\n\n\n\n<p>IMPLURB&nbsp;&#8211;&nbsp;Instituto Municipal de Planejamento Urbano<\/p>\n\n\n\n<p>Assessor Respons\u00e1vel:&nbsp; Claudia Valle &#8211; (92) 98401-1299<\/p>\n\n\n\n<p>E-mail:&nbsp;<a href=\"mailto:implurbmanaus@gmail.com\" target=\"_blank\" rel=\"noreferrer noopener\">implurbmanaus@gmail.com<\/a>&nbsp;\/&nbsp;<a href=\"mailto:claudiavalle.mao@gmail.com\" target=\"_blank\" rel=\"noreferrer noopener\">claudiavalle.mao@gmail.com<\/a><\/p>\n","protected":false},"featured_media":208729,"template":"","categories":[798],"acf":[],"yoast_head":"<!-- This site is optimized with the Yoast SEO plugin v23.0 - https:\/\/yoast.com\/wordpress\/plugins\/seo\/ -->\n<title>Prefeito e IFC internacional lan\u00e7am programa \u2018Manaus Sustent\u00e1vel\u2019 com foco em obras verdes<\/title>\n<meta name=\"description\" content=\"O prefeito de Manaus, David Almeida, o diretor-presidente do Instituto Municipal de Planejamento Urbano (Implurb), Carlos Valente, o Conselho Municipal de Gest\u00e3o Estrat\u00e9gica (CMGE) e a Secretaria Municipal de Meio Ambiente e Sustentabilidade (Semmas) lan\u00e7am, nesta quarta-feira, 24\/5, \u00e0s 14h, no audit\u00f3rio da \u00c1guas de Manaus, na, zona Centro-Sul, o programa \u201cManaus Sustent\u00e1vel\u201d, dando continuidade \u00e0s medidas eficazes e iniciativas que podem melhorar a qualidade do meio ambiente, construindo com resili\u00eancia um futuro mais sustent\u00e1vel.\" \/>\n<meta name=\"robots\" content=\"index, follow, max-snippet:-1, max-image-preview:large, max-video-preview:-1\" \/>\n<link rel=\"canonical\" href=\"https:\/\/www.manaus.am.gov.br\/semcom\/pautas\/prefeito-e-ifc-internacional-lancam-programa-manaus-sustentavel-com-foco-em-obras-verdes\/\" \/>\n<meta property=\"og:locale\" content=\"pt_BR\" \/>\n<meta property=\"og:type\" content=\"article\" \/>\n<meta property=\"og:title\" content=\"Prefeito e IFC internacional lan\u00e7am programa \u2018Manaus Sustent\u00e1vel\u2019 com foco em obras verdes\" \/>\n<meta property=\"og:description\" content=\"O prefeito de Manaus, David Almeida, o diretor-presidente do Instituto Municipal de Planejamento Urbano (Implurb), Carlos Valente, o Conselho Municipal de Gest\u00e3o Estrat\u00e9gica (CMGE) e a Secretaria Municipal de Meio Ambiente e Sustentabilidade (Semmas) lan\u00e7am, nesta quarta-feira, 24\/5, \u00e0s 14h, no audit\u00f3rio da \u00c1guas de Manaus, na, zona Centro-Sul, o programa \u201cManaus Sustent\u00e1vel\u201d, dando continuidade \u00e0s medidas eficazes e iniciativas que podem melhorar a qualidade do meio ambiente, construindo com resili\u00eancia um futuro mais sustent\u00e1vel.\" \/>\n<meta property=\"og:url\" content=\"https:\/\/www.manaus.am.gov.br\/semcom\/pautas\/prefeito-e-ifc-internacional-lancam-programa-manaus-sustentavel-com-foco-em-obras-verdes\/\" \/>\n<meta property=\"og:site_name\" content=\"SEMCOM\" \/>\n<meta property=\"article:modified_time\" content=\"2023-05-22T17:03:06+00:00\" \/>\n<meta property=\"og:image\" content=\"https:\/\/www.manaus.am.gov.br\/semcom\/wp-content\/uploads\/sites\/5\/2023\/02\/sugestaodepauta.png\" \/>\n\t<meta property=\"og:image:width\" content=\"1020\" \/>\n\t<meta property=\"og:image:height\" content=\"540\" \/>\n\t<meta property=\"og:image:type\" content=\"image\/png\" \/>\n<meta name=\"twitter:card\" content=\"summary_large_image\" \/>\n<meta name=\"twitter:label1\" content=\"Est. reading time\" \/>\n\t<meta name=\"twitter:data1\" content=\"2 minutos\" \/>\n<script type=\"application\/ld+json\" class=\"yoast-schema-graph\">{\"@context\":\"https:\/\/schema.org\",\"@graph\":[{\"@type\":\"WebPage\",\"@id\":\"https:\/\/www.manaus.am.gov.br\/semcom\/pautas\/prefeito-e-ifc-internacional-lancam-programa-manaus-sustentavel-com-foco-em-obras-verdes\/\",\"url\":\"https:\/\/www.manaus.am.gov.br\/semcom\/pautas\/prefeito-e-ifc-internacional-lancam-programa-manaus-sustentavel-com-foco-em-obras-verdes\/\",\"name\":\"Prefeito e IFC internacional lan\u00e7am programa \u2018Manaus Sustent\u00e1vel\u2019 com foco em obras verdes\",\"isPartOf\":{\"@id\":\"https:\/\/www.manaus.am.gov.br\/semcom\/#website\"},\"primaryImageOfPage\":{\"@id\":\"https:\/\/www.manaus.am.gov.br\/semcom\/pautas\/prefeito-e-ifc-internacional-lancam-programa-manaus-sustentavel-com-foco-em-obras-verdes\/#primaryimage\"},\"image\":{\"@id\":\"https:\/\/www.manaus.am.gov.br\/semcom\/pautas\/prefeito-e-ifc-internacional-lancam-programa-manaus-sustentavel-com-foco-em-obras-verdes\/#primaryimage\"},\"thumbnailUrl\":\"https:\/\/www.manaus.am.gov.br\/semcom\/wp-content\/uploads\/sites\/5\/2023\/02\/sugestaodepauta.png\",\"datePublished\":\"2023-05-22T17:02:12+00:00\",\"dateModified\":\"2023-05-22T17:03:06+00:00\",\"description\":\"O prefeito de Manaus, David Almeida, o diretor-presidente do Instituto Municipal de Planejamento Urbano (Implurb), Carlos Valente, o Conselho Municipal de Gest\u00e3o Estrat\u00e9gica (CMGE) e a Secretaria Municipal de Meio Ambiente e Sustentabilidade (Semmas) lan\u00e7am, nesta quarta-feira, 24\/5, \u00e0s 14h, no audit\u00f3rio da \u00c1guas de Manaus, na, zona Centro-Sul, o programa \u201cManaus Sustent\u00e1vel\u201d, dando continuidade \u00e0s medidas eficazes e iniciativas que podem melhorar a qualidade do meio ambiente, construindo com resili\u00eancia um futuro mais sustent\u00e1vel.\",\"inLanguage\":\"pt-BR\",\"potentialAction\":[{\"@type\":\"ReadAction\",\"target\":[\"https:\/\/www.manaus.am.gov.br\/semcom\/pautas\/prefeito-e-ifc-internacional-lancam-programa-manaus-sustentavel-com-foco-em-obras-verdes\/\"]}]},{\"@type\":\"ImageObject\",\"inLanguage\":\"pt-BR\",\"@id\":\"https:\/\/www.manaus.am.gov.br\/semcom\/pautas\/prefeito-e-ifc-internacional-lancam-programa-manaus-sustentavel-com-foco-em-obras-verdes\/#primaryimage\",\"url\":\"https:\/\/www.manaus.am.gov.br\/semcom\/wp-content\/uploads\/sites\/5\/2023\/02\/sugestaodepauta.png\",\"contentUrl\":\"https:\/\/www.manaus.am.gov.br\/semcom\/wp-content\/uploads\/sites\/5\/2023\/02\/sugestaodepauta.png\",\"width\":1020,\"height\":540},{\"@type\":\"WebSite\",\"@id\":\"https:\/\/www.manaus.am.gov.br\/semcom\/#website\",\"url\":\"https:\/\/www.manaus.am.gov.br\/semcom\/\",\"name\":\"SEMCOM\",\"description\":\"Secretaria Municipal de Comunica\u00e7\u00e3o\",\"potentialAction\":[{\"@type\":\"SearchAction\",\"target\":{\"@type\":\"EntryPoint\",\"urlTemplate\":\"https:\/\/www.manaus.am.gov.br\/semcom\/?s={search_term_string}\"},\"query-input\":\"required name=search_term_string\"}],\"inLanguage\":\"pt-BR\"}]}<\/script>\n<!-- \/ Yoast SEO plugin. -->","yoast_head_json":{"title":"Prefeito e IFC internacional lan\u00e7am programa \u2018Manaus Sustent\u00e1vel\u2019 com foco em obras verdes","description":"O prefeito de Manaus, David Almeida, o diretor-presidente do Instituto Municipal de Planejamento Urbano (Implurb), Carlos Valente, o Conselho Municipal de Gest\u00e3o Estrat\u00e9gica (CMGE) e a Secretaria Municipal de Meio Ambiente e Sustentabilidade (Semmas) lan\u00e7am, nesta quarta-feira, 24\/5, \u00e0s 14h, no audit\u00f3rio da \u00c1guas de Manaus, na, zona Centro-Sul, o programa \u201cManaus Sustent\u00e1vel\u201d, dando continuidade \u00e0s medidas eficazes e iniciativas que podem melhorar a qualidade do meio ambiente, construindo com resili\u00eancia um futuro mais sustent\u00e1vel.","robots":{"index":"index","follow":"follow","max-snippet":"max-snippet:-1","max-image-preview":"max-image-preview:large","max-video-preview":"max-video-preview:-1"},"canonical":"https:\/\/www.manaus.am.gov.br\/semcom\/pautas\/prefeito-e-ifc-internacional-lancam-programa-manaus-sustentavel-com-foco-em-obras-verdes\/","og_locale":"pt_BR","og_type":"article","og_title":"Prefeito e IFC internacional lan\u00e7am programa \u2018Manaus Sustent\u00e1vel\u2019 com foco em obras verdes","og_description":"O prefeito de Manaus, David Almeida, o diretor-presidente do Instituto Municipal de Planejamento Urbano (Implurb), Carlos Valente, o Conselho Municipal de Gest\u00e3o Estrat\u00e9gica (CMGE) e a Secretaria Municipal de Meio Ambiente e Sustentabilidade (Semmas) lan\u00e7am, nesta quarta-feira, 24\/5, \u00e0s 14h, no audit\u00f3rio da \u00c1guas de Manaus, na, zona Centro-Sul, o programa \u201cManaus Sustent\u00e1vel\u201d, dando continuidade \u00e0s medidas eficazes e iniciativas que podem melhorar a qualidade do meio ambiente, construindo com resili\u00eancia um futuro mais sustent\u00e1vel.","og_url":"https:\/\/www.manaus.am.gov.br\/semcom\/pautas\/prefeito-e-ifc-internacional-lancam-programa-manaus-sustentavel-com-foco-em-obras-verdes\/","og_site_name":"SEMCOM","article_modified_time":"2023-05-22T17:03:06+00:00","og_image":[{"width":1020,"height":540,"url":"https:\/\/www.manaus.am.gov.br\/semcom\/wp-content\/uploads\/sites\/5\/2023\/02\/sugestaodepauta.png","type":"image\/png"}],"twitter_card":"summary_large_image","twitter_misc":{"Est. reading time":"2 minutos"},"schema":{"@context":"https:\/\/schema.org","@graph":[{"@type":"WebPage","@id":"https:\/\/www.manaus.am.gov.br\/semcom\/pautas\/prefeito-e-ifc-internacional-lancam-programa-manaus-sustentavel-com-foco-em-obras-verdes\/","url":"https:\/\/www.manaus.am.gov.br\/semcom\/pautas\/prefeito-e-ifc-internacional-lancam-programa-manaus-sustentavel-com-foco-em-obras-verdes\/","name":"Prefeito e IFC internacional lan\u00e7am programa \u2018Manaus Sustent\u00e1vel\u2019 com foco em obras verdes","isPartOf":{"@id":"https:\/\/www.manaus.am.gov.br\/semcom\/#website"},"primaryImageOfPage":{"@id":"https:\/\/www.manaus.am.gov.br\/semcom\/pautas\/prefeito-e-ifc-internacional-lancam-programa-manaus-sustentavel-com-foco-em-obras-verdes\/#primaryimage"},"image":{"@id":"https:\/\/www.manaus.am.gov.br\/semcom\/pautas\/prefeito-e-ifc-internacional-lancam-programa-manaus-sustentavel-com-foco-em-obras-verdes\/#primaryimage"},"thumbnailUrl":"https:\/\/www.manaus.am.gov.br\/semcom\/wp-content\/uploads\/sites\/5\/2023\/02\/sugestaodepauta.png","datePublished":"2023-05-22T17:02:12+00:00","dateModified":"2023-05-22T17:03:06+00:00","description":"O prefeito de Manaus, David Almeida, o diretor-presidente do Instituto Municipal de Planejamento Urbano (Implurb), Carlos Valente, o Conselho Municipal de Gest\u00e3o Estrat\u00e9gica (CMGE) e a Secretaria Municipal de Meio Ambiente e Sustentabilidade (Semmas) lan\u00e7am, nesta quarta-feira, 24\/5, \u00e0s 14h, no audit\u00f3rio da \u00c1guas de Manaus, na, zona Centro-Sul, o programa \u201cManaus Sustent\u00e1vel\u201d, dando continuidade \u00e0s medidas eficazes e iniciativas que podem melhorar a qualidade do meio ambiente, construindo com resili\u00eancia um futuro mais sustent\u00e1vel.","inLanguage":"pt-BR","potentialAction":[{"@type":"ReadAction","target":["https:\/\/www.manaus.am.gov.br\/semcom\/pautas\/prefeito-e-ifc-internacional-lancam-programa-manaus-sustentavel-com-foco-em-obras-verdes\/"]}]},{"@type":"ImageObject","inLanguage":"pt-BR","@id":"https:\/\/www.manaus.am.gov.br\/semcom\/pautas\/prefeito-e-ifc-internacional-lancam-programa-manaus-sustentavel-com-foco-em-obras-verdes\/#primaryimage","url":"https:\/\/www.manaus.am.gov.br\/semcom\/wp-content\/uploads\/sites\/5\/2023\/02\/sugestaodepauta.png","contentUrl":"https:\/\/www.manaus.am.gov.br\/semcom\/wp-content\/uploads\/sites\/5\/2023\/02\/sugestaodepauta.png","width":1020,"height":540},{"@type":"WebSite","@id":"https:\/\/www.manaus.am.gov.br\/semcom\/#website","url":"https:\/\/www.manaus.am.gov.br\/semcom\/","name":"SEMCOM","description":"Secretaria Municipal de Comunica\u00e7\u00e3o","potentialAction":[{"@type":"SearchAction","target":{"@type":"EntryPoint","urlTemplate":"https:\/\/www.manaus.am.gov.br\/semcom\/?s={search_term_string}"},"query-input":"required name=search_term_string"}],"inLanguage":"pt-BR"}]}},"_links":{"self":[{"href":"https:\/\/www.manaus.am.gov.br\/semcom\/wp-json\/wp\/v2\/pautas\/213981"}],"collection":[{"href":"https:\/\/www.manaus.am.gov.br\/semcom\/wp-json\/wp\/v2\/pautas"}],"about":[{"href":"https:\/\/www.manaus.am.gov.br\/semcom\/wp-json\/wp\/v2\/types\/pautas"}],"wp:featuredmedia":[{"embeddable":true,"href":"https:\/\/www.manaus.am.gov.br\/semcom\/wp-json\/wp\/v2\/media\/208729"}],"wp:attachment":[{"href":"https:\/\/www.manaus.am.gov.br\/semcom\/wp-json\/wp\/v2\/media?parent=213981"}],"wp:term":[{"taxonomy":"category","embeddable":true,"href":"https:\/\/www.manaus.am.gov.br\/semcom\/wp-json\/wp\/v2\/categories?post=213981"}],"curies":[{"name":"wp","href":"https:\/\/api.w.org\/{rel}","templated":true}]}}