{"id":213815,"date":"2023-05-18T14:04:15","date_gmt":"2023-05-18T17:04:15","guid":{"rendered":"https:\/\/www.manaus.am.gov.br\/semcom\/?post_type=pautas&#038;p=213815"},"modified":"2023-05-22T13:04:12","modified_gmt":"2023-05-22T16:04:12","slug":"prefeitura-de-manaus-realiza-a-i-capacitacao-do-marco-regulatorio-das-organizacoes-da-sociedade-civil","status":"publish","type":"pautas","link":"https:\/\/www.manaus.am.gov.br\/semcom\/pautas\/prefeitura-de-manaus-realiza-a-i-capacitacao-do-marco-regulatorio-das-organizacoes-da-sociedade-civil\/","title":{"rendered":"<strong>Prefeitura de Manaus realiza a I Capacita\u00e7\u00e3o do Marco Regulat\u00f3rio das Organiza\u00e7\u00f5es da Sociedade Civil<\/strong>"},"content":{"rendered":"\n<p>A Prefeitura de Manaus, por meio do Fundo Manaus Solid\u00e1ria (FMS), realiza a I Capacita\u00e7\u00e3o do Marco Regulat\u00f3rio das Organiza\u00e7\u00f5es da Sociedade Civil (Mrosc), no dia 23\/5, a partir das 8h, no audit\u00f3rio Luiz Geraldo Pontes Teixeira, da Secretaria Municipal de Educa\u00e7\u00e3o (Semed), localizado na avenida M\u00e1rio Ypiranga Monteiro, n\u00ba 2.358, bairro Parque 10 de Novembro, zona Centro-Sul.<\/p>\n\n\n\n<p>A palestrante Khatyana Buonafina, de Bras\u00edlia (DF), participou da constru\u00e7\u00e3o da regulamenta\u00e7\u00e3o da lei de fomento e colabora\u00e7\u00e3o da Mrosc. A palestra visa apresentar a t\u00e9cnicos e gestores da administra\u00e7\u00e3o p\u00fablica e profissionais de OSCs, os principais aspectos da Lei n\u00ba 13.019\/2014, para que possam compreender o universo das parcerias entre administra\u00e7\u00e3o p\u00fablica e Organiza\u00e7\u00f5es da Sociedade Civil e, assim, implementar processos que assegurem adequada gest\u00e3o das parcerias, potencializando os resultados a serem gerados para a sociedade, com seguran\u00e7a jur\u00eddica e efetividade.<\/p>\n\n\n\n<p>O p\u00fablico-alvo s\u00e3o servidores p\u00fablicos e profissionais de OSCs que atuam ou desejam atuar na gest\u00e3o de parcerias entre Estado e organiza\u00e7\u00f5es da sociedade civil.\u00a0<\/p>\n\n\n\n<p><strong>SERVI\u00c7O:<\/strong><\/p>\n\n\n\n<p><strong>O qu\u00ea \u2013&nbsp;<\/strong>I Capacita\u00e7\u00e3o do Marco Regulat\u00f3rio das Organiza\u00e7\u00f5es da Sociedade Civil.<\/p>\n\n\n\n<p><strong>Quando \u2013<\/strong>&nbsp;Ter\u00e7a-feira, 23\/5&nbsp;<\/p>\n\n\n\n<p><strong>Hor\u00e1rio \u2013<\/strong>&nbsp;8h \u00e0s 12h<\/p>\n\n\n\n<p><strong>Local \u2013<\/strong>&nbsp;Audit\u00f3rio Luiz Geraldo Pontes Teixeira, na sede da Semed,&nbsp;na&nbsp;avenida M\u00e1rio Ypiranga Monteiro, n\u00ba 2.358, bairro Parque 10 de Novembro<\/p>\n","protected":false},"featured_media":208729,"template":"","categories":[796],"acf":[],"yoast_head":"<!-- This site is optimized with the Yoast SEO plugin v23.0 - https:\/\/yoast.com\/wordpress\/plugins\/seo\/ -->\n<title>Prefeitura de Manaus realiza a I Capacita\u00e7\u00e3o do Marco Regulat\u00f3rio das Organiza\u00e7\u00f5es da Sociedade Civil - SEMCOM<\/title>\n<meta name=\"description\" content=\"A Prefeitura de Manaus, por meio do Fundo Manaus Solid\u00e1ria (FMS), realiza a I Capacita\u00e7\u00e3o do Marco Regulat\u00f3rio das Organiza\u00e7\u00f5es da Sociedade Civil (Mrosc), no dia 23\/5, a partir das 8h, no audit\u00f3rio Luiz Geraldo Pontes Teixeira, da Secretaria Municipal de Educa\u00e7\u00e3o (Semed), localizado na avenida M\u00e1rio Ypiranga Monteiro, n\u00ba 2.358, bairro Parque 10 de Novembro, zona Centro-Sul.\" \/>\n<meta name=\"robots\" content=\"index, follow, max-snippet:-1, max-image-preview:large, max-video-preview:-1\" \/>\n<link rel=\"canonical\" href=\"https:\/\/www.manaus.am.gov.br\/semcom\/pautas\/prefeitura-de-manaus-realiza-a-i-capacitacao-do-marco-regulatorio-das-organizacoes-da-sociedade-civil\/\" \/>\n<meta property=\"og:locale\" content=\"pt_BR\" \/>\n<meta property=\"og:type\" content=\"article\" \/>\n<meta property=\"og:title\" content=\"Prefeitura de Manaus realiza a I Capacita\u00e7\u00e3o do Marco Regulat\u00f3rio das Organiza\u00e7\u00f5es da Sociedade Civil - SEMCOM\" \/>\n<meta property=\"og:description\" content=\"A Prefeitura de Manaus, por meio do Fundo Manaus Solid\u00e1ria (FMS), realiza a I Capacita\u00e7\u00e3o do Marco Regulat\u00f3rio das Organiza\u00e7\u00f5es da Sociedade Civil (Mrosc), no dia 23\/5, a partir das 8h, no audit\u00f3rio Luiz Geraldo Pontes Teixeira, da Secretaria Municipal de Educa\u00e7\u00e3o (Semed), localizado na avenida M\u00e1rio Ypiranga Monteiro, n\u00ba 2.358, bairro Parque 10 de Novembro, zona Centro-Sul.\" \/>\n<meta property=\"og:url\" content=\"https:\/\/www.manaus.am.gov.br\/semcom\/pautas\/prefeitura-de-manaus-realiza-a-i-capacitacao-do-marco-regulatorio-das-organizacoes-da-sociedade-civil\/\" \/>\n<meta property=\"og:site_name\" content=\"SEMCOM\" \/>\n<meta property=\"article:modified_time\" content=\"2023-05-22T16:04:12+00:00\" \/>\n<meta property=\"og:image\" content=\"https:\/\/www.manaus.am.gov.br\/semcom\/wp-content\/uploads\/sites\/5\/2023\/02\/sugestaodepauta.png\" \/>\n\t<meta property=\"og:image:width\" content=\"1020\" \/>\n\t<meta property=\"og:image:height\" content=\"540\" \/>\n\t<meta property=\"og:image:type\" content=\"image\/png\" \/>\n<meta name=\"twitter:card\" content=\"summary_large_image\" \/>\n<meta name=\"twitter:label1\" content=\"Est. reading time\" \/>\n\t<meta name=\"twitter:data1\" content=\"2 minutos\" \/>\n<script type=\"application\/ld+json\" class=\"yoast-schema-graph\">{\"@context\":\"https:\/\/schema.org\",\"@graph\":[{\"@type\":\"WebPage\",\"@id\":\"https:\/\/www.manaus.am.gov.br\/semcom\/pautas\/prefeitura-de-manaus-realiza-a-i-capacitacao-do-marco-regulatorio-das-organizacoes-da-sociedade-civil\/\",\"url\":\"https:\/\/www.manaus.am.gov.br\/semcom\/pautas\/prefeitura-de-manaus-realiza-a-i-capacitacao-do-marco-regulatorio-das-organizacoes-da-sociedade-civil\/\",\"name\":\"Prefeitura de Manaus realiza a I Capacita\u00e7\u00e3o do Marco Regulat\u00f3rio das Organiza\u00e7\u00f5es da Sociedade Civil - SEMCOM\",\"isPartOf\":{\"@id\":\"https:\/\/www.manaus.am.gov.br\/semcom\/#website\"},\"primaryImageOfPage\":{\"@id\":\"https:\/\/www.manaus.am.gov.br\/semcom\/pautas\/prefeitura-de-manaus-realiza-a-i-capacitacao-do-marco-regulatorio-das-organizacoes-da-sociedade-civil\/#primaryimage\"},\"image\":{\"@id\":\"https:\/\/www.manaus.am.gov.br\/semcom\/pautas\/prefeitura-de-manaus-realiza-a-i-capacitacao-do-marco-regulatorio-das-organizacoes-da-sociedade-civil\/#primaryimage\"},\"thumbnailUrl\":\"https:\/\/www.manaus.am.gov.br\/semcom\/wp-content\/uploads\/sites\/5\/2023\/02\/sugestaodepauta.png\",\"datePublished\":\"2023-05-18T17:04:15+00:00\",\"dateModified\":\"2023-05-22T16:04:12+00:00\",\"description\":\"A Prefeitura de Manaus, por meio do Fundo Manaus Solid\u00e1ria (FMS), realiza a I Capacita\u00e7\u00e3o do Marco Regulat\u00f3rio das Organiza\u00e7\u00f5es da Sociedade Civil (Mrosc), no dia 23\/5, a partir das 8h, no audit\u00f3rio Luiz Geraldo Pontes Teixeira, da Secretaria Municipal de Educa\u00e7\u00e3o (Semed), localizado na avenida M\u00e1rio Ypiranga Monteiro, n\u00ba 2.358, bairro Parque 10 de Novembro, zona Centro-Sul.\",\"inLanguage\":\"pt-BR\",\"potentialAction\":[{\"@type\":\"ReadAction\",\"target\":[\"https:\/\/www.manaus.am.gov.br\/semcom\/pautas\/prefeitura-de-manaus-realiza-a-i-capacitacao-do-marco-regulatorio-das-organizacoes-da-sociedade-civil\/\"]}]},{\"@type\":\"ImageObject\",\"inLanguage\":\"pt-BR\",\"@id\":\"https:\/\/www.manaus.am.gov.br\/semcom\/pautas\/prefeitura-de-manaus-realiza-a-i-capacitacao-do-marco-regulatorio-das-organizacoes-da-sociedade-civil\/#primaryimage\",\"url\":\"https:\/\/www.manaus.am.gov.br\/semcom\/wp-content\/uploads\/sites\/5\/2023\/02\/sugestaodepauta.png\",\"contentUrl\":\"https:\/\/www.manaus.am.gov.br\/semcom\/wp-content\/uploads\/sites\/5\/2023\/02\/sugestaodepauta.png\",\"width\":1020,\"height\":540},{\"@type\":\"WebSite\",\"@id\":\"https:\/\/www.manaus.am.gov.br\/semcom\/#website\",\"url\":\"https:\/\/www.manaus.am.gov.br\/semcom\/\",\"name\":\"SEMCOM\",\"description\":\"Secretaria Municipal de Comunica\u00e7\u00e3o\",\"potentialAction\":[{\"@type\":\"SearchAction\",\"target\":{\"@type\":\"EntryPoint\",\"urlTemplate\":\"https:\/\/www.manaus.am.gov.br\/semcom\/?s={search_term_string}\"},\"query-input\":\"required name=search_term_string\"}],\"inLanguage\":\"pt-BR\"}]}<\/script>\n<!-- \/ Yoast SEO plugin. -->","yoast_head_json":{"title":"Prefeitura de Manaus realiza a I Capacita\u00e7\u00e3o do Marco Regulat\u00f3rio das Organiza\u00e7\u00f5es da Sociedade Civil - SEMCOM","description":"A Prefeitura de Manaus, por meio do Fundo Manaus Solid\u00e1ria (FMS), realiza a I Capacita\u00e7\u00e3o do Marco Regulat\u00f3rio das Organiza\u00e7\u00f5es da Sociedade Civil (Mrosc), no dia 23\/5, a partir das 8h, no audit\u00f3rio Luiz Geraldo Pontes Teixeira, da Secretaria Municipal de Educa\u00e7\u00e3o (Semed), localizado na avenida M\u00e1rio Ypiranga Monteiro, n\u00ba 2.358, bairro Parque 10 de Novembro, zona Centro-Sul.","robots":{"index":"index","follow":"follow","max-snippet":"max-snippet:-1","max-image-preview":"max-image-preview:large","max-video-preview":"max-video-preview:-1"},"canonical":"https:\/\/www.manaus.am.gov.br\/semcom\/pautas\/prefeitura-de-manaus-realiza-a-i-capacitacao-do-marco-regulatorio-das-organizacoes-da-sociedade-civil\/","og_locale":"pt_BR","og_type":"article","og_title":"Prefeitura de Manaus realiza a I Capacita\u00e7\u00e3o do Marco Regulat\u00f3rio das Organiza\u00e7\u00f5es da Sociedade Civil - SEMCOM","og_description":"A Prefeitura de Manaus, por meio do Fundo Manaus Solid\u00e1ria (FMS), realiza a I Capacita\u00e7\u00e3o do Marco Regulat\u00f3rio das Organiza\u00e7\u00f5es da Sociedade Civil (Mrosc), no dia 23\/5, a partir das 8h, no audit\u00f3rio Luiz Geraldo Pontes Teixeira, da Secretaria Municipal de Educa\u00e7\u00e3o (Semed), localizado na avenida M\u00e1rio Ypiranga Monteiro, n\u00ba 2.358, bairro Parque 10 de Novembro, zona Centro-Sul.","og_url":"https:\/\/www.manaus.am.gov.br\/semcom\/pautas\/prefeitura-de-manaus-realiza-a-i-capacitacao-do-marco-regulatorio-das-organizacoes-da-sociedade-civil\/","og_site_name":"SEMCOM","article_modified_time":"2023-05-22T16:04:12+00:00","og_image":[{"width":1020,"height":540,"url":"https:\/\/www.manaus.am.gov.br\/semcom\/wp-content\/uploads\/sites\/5\/2023\/02\/sugestaodepauta.png","type":"image\/png"}],"twitter_card":"summary_large_image","twitter_misc":{"Est. reading time":"2 minutos"},"schema":{"@context":"https:\/\/schema.org","@graph":[{"@type":"WebPage","@id":"https:\/\/www.manaus.am.gov.br\/semcom\/pautas\/prefeitura-de-manaus-realiza-a-i-capacitacao-do-marco-regulatorio-das-organizacoes-da-sociedade-civil\/","url":"https:\/\/www.manaus.am.gov.br\/semcom\/pautas\/prefeitura-de-manaus-realiza-a-i-capacitacao-do-marco-regulatorio-das-organizacoes-da-sociedade-civil\/","name":"Prefeitura de Manaus realiza a I Capacita\u00e7\u00e3o do Marco Regulat\u00f3rio das Organiza\u00e7\u00f5es da Sociedade Civil - SEMCOM","isPartOf":{"@id":"https:\/\/www.manaus.am.gov.br\/semcom\/#website"},"primaryImageOfPage":{"@id":"https:\/\/www.manaus.am.gov.br\/semcom\/pautas\/prefeitura-de-manaus-realiza-a-i-capacitacao-do-marco-regulatorio-das-organizacoes-da-sociedade-civil\/#primaryimage"},"image":{"@id":"https:\/\/www.manaus.am.gov.br\/semcom\/pautas\/prefeitura-de-manaus-realiza-a-i-capacitacao-do-marco-regulatorio-das-organizacoes-da-sociedade-civil\/#primaryimage"},"thumbnailUrl":"https:\/\/www.manaus.am.gov.br\/semcom\/wp-content\/uploads\/sites\/5\/2023\/02\/sugestaodepauta.png","datePublished":"2023-05-18T17:04:15+00:00","dateModified":"2023-05-22T16:04:12+00:00","description":"A Prefeitura de Manaus, por meio do Fundo Manaus Solid\u00e1ria (FMS), realiza a I Capacita\u00e7\u00e3o do Marco Regulat\u00f3rio das Organiza\u00e7\u00f5es da Sociedade Civil (Mrosc), no dia 23\/5, a partir das 8h, no audit\u00f3rio Luiz Geraldo Pontes Teixeira, da Secretaria Municipal de Educa\u00e7\u00e3o (Semed), localizado na avenida M\u00e1rio Ypiranga Monteiro, n\u00ba 2.358, bairro Parque 10 de Novembro, zona Centro-Sul.","inLanguage":"pt-BR","potentialAction":[{"@type":"ReadAction","target":["https:\/\/www.manaus.am.gov.br\/semcom\/pautas\/prefeitura-de-manaus-realiza-a-i-capacitacao-do-marco-regulatorio-das-organizacoes-da-sociedade-civil\/"]}]},{"@type":"ImageObject","inLanguage":"pt-BR","@id":"https:\/\/www.manaus.am.gov.br\/semcom\/pautas\/prefeitura-de-manaus-realiza-a-i-capacitacao-do-marco-regulatorio-das-organizacoes-da-sociedade-civil\/#primaryimage","url":"https:\/\/www.manaus.am.gov.br\/semcom\/wp-content\/uploads\/sites\/5\/2023\/02\/sugestaodepauta.png","contentUrl":"https:\/\/www.manaus.am.gov.br\/semcom\/wp-content\/uploads\/sites\/5\/2023\/02\/sugestaodepauta.png","width":1020,"height":540},{"@type":"WebSite","@id":"https:\/\/www.manaus.am.gov.br\/semcom\/#website","url":"https:\/\/www.manaus.am.gov.br\/semcom\/","name":"SEMCOM","description":"Secretaria Municipal de Comunica\u00e7\u00e3o","potentialAction":[{"@type":"SearchAction","target":{"@type":"EntryPoint","urlTemplate":"https:\/\/www.manaus.am.gov.br\/semcom\/?s={search_term_string}"},"query-input":"required name=search_term_string"}],"inLanguage":"pt-BR"}]}},"_links":{"self":[{"href":"https:\/\/www.manaus.am.gov.br\/semcom\/wp-json\/wp\/v2\/pautas\/213815"}],"collection":[{"href":"https:\/\/www.manaus.am.gov.br\/semcom\/wp-json\/wp\/v2\/pautas"}],"about":[{"href":"https:\/\/www.manaus.am.gov.br\/semcom\/wp-json\/wp\/v2\/types\/pautas"}],"wp:featuredmedia":[{"embeddable":true,"href":"https:\/\/www.manaus.am.gov.br\/semcom\/wp-json\/wp\/v2\/media\/208729"}],"wp:attachment":[{"href":"https:\/\/www.manaus.am.gov.br\/semcom\/wp-json\/wp\/v2\/media?parent=213815"}],"wp:term":[{"taxonomy":"category","embeddable":true,"href":"https:\/\/www.manaus.am.gov.br\/semcom\/wp-json\/wp\/v2\/categories?post=213815"}],"curies":[{"name":"wp","href":"https:\/\/api.w.org\/{rel}","templated":true}]}}