{"id":213774,"date":"2023-05-17T20:06:02","date_gmt":"2023-05-17T23:06:02","guid":{"rendered":"https:\/\/www.manaus.am.gov.br\/semcom\/?post_type=pautas&#038;p=213774"},"modified":"2023-05-17T20:06:03","modified_gmt":"2023-05-17T23:06:03","slug":"prefeitura-realiza-caminhada-de-sensibilizacao-sobre-o-combate-ao-abuso-e-a-exploracao-sexual-infantojuvenil","status":"publish","type":"pautas","link":"https:\/\/www.manaus.am.gov.br\/semcom\/pautas\/prefeitura-realiza-caminhada-de-sensibilizacao-sobre-o-combate-ao-abuso-e-a-exploracao-sexual-infantojuvenil\/","title":{"rendered":"<strong>Prefeitura realiza caminhada de sensibiliza\u00e7\u00e3o sobre o combate ao abuso e \u00e0 explora\u00e7\u00e3o sexual infantojuvenil<\/strong>"},"content":{"rendered":"\n<p>A Prefeitura de Manaus realiza, nesta quinta-feira, 18\/5, uma caminhada de sensibiliza\u00e7\u00e3o sobre o combate ao abuso e \u00e0 explora\u00e7\u00e3o sexual de crian\u00e7as e adolescentes, em alus\u00e3o ao dia 18 de maio, data que marca o compromisso na luta contra o abuso e \u00e0 explora\u00e7\u00e3o sexual infantojuvenil.<\/p>\n\n\n\n<p>A concentra\u00e7\u00e3o ser\u00e1 na escola municipal Hiran de Lima Caminha, localizada na avenida Ita\u00faba, pr\u00f3ximo \u00e0 rotat\u00f3ria do Produtor, \u00e0s 7h30.<\/p>\n\n\n\n<p>A iniciativa \u00e9 da Secretaria Municipal da Mulher, Assist\u00eancia Social e Cidadania (Semasc) e o objetivo \u00e9 sensibilizar e orientar a popula\u00e7\u00e3o quanto \u00e0 viola\u00e7\u00e3o dos direitos das crian\u00e7as e adolescentes sobre o abuso e \u00e0 explora\u00e7\u00e3o sexual infantil, divulgando os canais de den\u00fancias e da rede de prote\u00e7\u00e3o.<\/p>\n\n\n\n<p>&#8212; &#8212; &#8212;<\/p>\n\n\n\n<p><strong>SERVI\u00c7O<\/strong><\/p>\n\n\n\n<p><strong>O qu\u00ea &#8211;&nbsp;<\/strong>Caminhada de sensibiliza\u00e7\u00e3o sobre o combate ao abuso e \u00e0 explora\u00e7\u00e3o sexual infantojuvenil<\/p>\n\n\n\n<p><strong>Quando &#8211;&nbsp;<\/strong>Quinta-feira, 18\/5<\/p>\n\n\n\n<p><strong>Hor\u00e1rio &#8211;&nbsp;<\/strong>Concentra\u00e7\u00e3o \u00e0s7h30<\/p>\n\n\n\n<p><strong>Local &#8211;&nbsp;<\/strong>Escola municipal Hiran de Lima Caminha, na avenida Ita\u00faba, pr\u00f3ximo \u00e0 rotat\u00f3ria do Produtor<\/p>\n\n\n\n<p>&#8212; &#8212; &#8212;<\/p>\n\n\n\n<p>SEMASC &#8211; Secretaria Municipal da Mulher, Assist\u00eancia Social e Cidadania<\/p>\n\n\n\n<p>Assessor Respons\u00e1vel: Leonardo Fierro&nbsp;(92) 99446-4599<\/p>\n\n\n\n<p>E-mail:&nbsp;<a href=\"mailto:comunicacao.semasc@gmail.com\" target=\"_blank\" rel=\"noreferrer noopener\">comunicacao.semasc@gmail.com<\/a><\/p>\n","protected":false},"featured_media":208729,"template":"","categories":[],"acf":[],"yoast_head":"<!-- This site is optimized with the Yoast SEO plugin v23.0 - https:\/\/yoast.com\/wordpress\/plugins\/seo\/ -->\n<title>Prefeitura realiza caminhada de sensibiliza\u00e7\u00e3o sobre o combate ao abuso e \u00e0 explora\u00e7\u00e3o sexual infantojuvenil - SEMCOM<\/title>\n<meta name=\"robots\" content=\"index, follow, max-snippet:-1, max-image-preview:large, max-video-preview:-1\" \/>\n<link rel=\"canonical\" href=\"https:\/\/www.manaus.am.gov.br\/semcom\/pautas\/prefeitura-realiza-caminhada-de-sensibilizacao-sobre-o-combate-ao-abuso-e-a-exploracao-sexual-infantojuvenil\/\" \/>\n<meta property=\"og:locale\" content=\"pt_BR\" \/>\n<meta property=\"og:type\" content=\"article\" \/>\n<meta property=\"og:title\" content=\"Prefeitura realiza caminhada de sensibiliza\u00e7\u00e3o sobre o combate ao abuso e \u00e0 explora\u00e7\u00e3o sexual infantojuvenil - SEMCOM\" \/>\n<meta property=\"og:url\" content=\"https:\/\/www.manaus.am.gov.br\/semcom\/pautas\/prefeitura-realiza-caminhada-de-sensibilizacao-sobre-o-combate-ao-abuso-e-a-exploracao-sexual-infantojuvenil\/\" \/>\n<meta property=\"og:site_name\" content=\"SEMCOM\" \/>\n<meta property=\"article:modified_time\" content=\"2023-05-17T23:06:03+00:00\" \/>\n<meta property=\"og:image\" content=\"https:\/\/www.manaus.am.gov.br\/semcom\/wp-content\/uploads\/sites\/5\/2023\/02\/sugestaodepauta.png\" \/>\n\t<meta property=\"og:image:width\" content=\"1020\" \/>\n\t<meta property=\"og:image:height\" content=\"540\" \/>\n\t<meta property=\"og:image:type\" content=\"image\/png\" \/>\n<meta name=\"twitter:card\" content=\"summary_large_image\" \/>\n<meta name=\"twitter:label1\" content=\"Est. reading time\" \/>\n\t<meta name=\"twitter:data1\" content=\"1 minuto\" \/>\n<script type=\"application\/ld+json\" class=\"yoast-schema-graph\">{\"@context\":\"https:\/\/schema.org\",\"@graph\":[{\"@type\":\"WebPage\",\"@id\":\"https:\/\/www.manaus.am.gov.br\/semcom\/pautas\/prefeitura-realiza-caminhada-de-sensibilizacao-sobre-o-combate-ao-abuso-e-a-exploracao-sexual-infantojuvenil\/\",\"url\":\"https:\/\/www.manaus.am.gov.br\/semcom\/pautas\/prefeitura-realiza-caminhada-de-sensibilizacao-sobre-o-combate-ao-abuso-e-a-exploracao-sexual-infantojuvenil\/\",\"name\":\"Prefeitura realiza caminhada de sensibiliza\u00e7\u00e3o sobre o combate ao abuso e \u00e0 explora\u00e7\u00e3o sexual infantojuvenil - SEMCOM\",\"isPartOf\":{\"@id\":\"https:\/\/www.manaus.am.gov.br\/semcom\/#website\"},\"primaryImageOfPage\":{\"@id\":\"https:\/\/www.manaus.am.gov.br\/semcom\/pautas\/prefeitura-realiza-caminhada-de-sensibilizacao-sobre-o-combate-ao-abuso-e-a-exploracao-sexual-infantojuvenil\/#primaryimage\"},\"image\":{\"@id\":\"https:\/\/www.manaus.am.gov.br\/semcom\/pautas\/prefeitura-realiza-caminhada-de-sensibilizacao-sobre-o-combate-ao-abuso-e-a-exploracao-sexual-infantojuvenil\/#primaryimage\"},\"thumbnailUrl\":\"https:\/\/www.manaus.am.gov.br\/semcom\/wp-content\/uploads\/sites\/5\/2023\/02\/sugestaodepauta.png\",\"datePublished\":\"2023-05-17T23:06:02+00:00\",\"dateModified\":\"2023-05-17T23:06:03+00:00\",\"inLanguage\":\"pt-BR\",\"potentialAction\":[{\"@type\":\"ReadAction\",\"target\":[\"https:\/\/www.manaus.am.gov.br\/semcom\/pautas\/prefeitura-realiza-caminhada-de-sensibilizacao-sobre-o-combate-ao-abuso-e-a-exploracao-sexual-infantojuvenil\/\"]}]},{\"@type\":\"ImageObject\",\"inLanguage\":\"pt-BR\",\"@id\":\"https:\/\/www.manaus.am.gov.br\/semcom\/pautas\/prefeitura-realiza-caminhada-de-sensibilizacao-sobre-o-combate-ao-abuso-e-a-exploracao-sexual-infantojuvenil\/#primaryimage\",\"url\":\"https:\/\/www.manaus.am.gov.br\/semcom\/wp-content\/uploads\/sites\/5\/2023\/02\/sugestaodepauta.png\",\"contentUrl\":\"https:\/\/www.manaus.am.gov.br\/semcom\/wp-content\/uploads\/sites\/5\/2023\/02\/sugestaodepauta.png\",\"width\":1020,\"height\":540},{\"@type\":\"WebSite\",\"@id\":\"https:\/\/www.manaus.am.gov.br\/semcom\/#website\",\"url\":\"https:\/\/www.manaus.am.gov.br\/semcom\/\",\"name\":\"SEMCOM\",\"description\":\"Secretaria Municipal de Comunica\u00e7\u00e3o\",\"potentialAction\":[{\"@type\":\"SearchAction\",\"target\":{\"@type\":\"EntryPoint\",\"urlTemplate\":\"https:\/\/www.manaus.am.gov.br\/semcom\/?s={search_term_string}\"},\"query-input\":\"required name=search_term_string\"}],\"inLanguage\":\"pt-BR\"}]}<\/script>\n<!-- \/ Yoast SEO plugin. -->","yoast_head_json":{"title":"Prefeitura realiza caminhada de sensibiliza\u00e7\u00e3o sobre o combate ao abuso e \u00e0 explora\u00e7\u00e3o sexual infantojuvenil - SEMCOM","robots":{"index":"index","follow":"follow","max-snippet":"max-snippet:-1","max-image-preview":"max-image-preview:large","max-video-preview":"max-video-preview:-1"},"canonical":"https:\/\/www.manaus.am.gov.br\/semcom\/pautas\/prefeitura-realiza-caminhada-de-sensibilizacao-sobre-o-combate-ao-abuso-e-a-exploracao-sexual-infantojuvenil\/","og_locale":"pt_BR","og_type":"article","og_title":"Prefeitura realiza caminhada de sensibiliza\u00e7\u00e3o sobre o combate ao abuso e \u00e0 explora\u00e7\u00e3o sexual infantojuvenil - SEMCOM","og_url":"https:\/\/www.manaus.am.gov.br\/semcom\/pautas\/prefeitura-realiza-caminhada-de-sensibilizacao-sobre-o-combate-ao-abuso-e-a-exploracao-sexual-infantojuvenil\/","og_site_name":"SEMCOM","article_modified_time":"2023-05-17T23:06:03+00:00","og_image":[{"width":1020,"height":540,"url":"https:\/\/www.manaus.am.gov.br\/semcom\/wp-content\/uploads\/sites\/5\/2023\/02\/sugestaodepauta.png","type":"image\/png"}],"twitter_card":"summary_large_image","twitter_misc":{"Est. reading time":"1 minuto"},"schema":{"@context":"https:\/\/schema.org","@graph":[{"@type":"WebPage","@id":"https:\/\/www.manaus.am.gov.br\/semcom\/pautas\/prefeitura-realiza-caminhada-de-sensibilizacao-sobre-o-combate-ao-abuso-e-a-exploracao-sexual-infantojuvenil\/","url":"https:\/\/www.manaus.am.gov.br\/semcom\/pautas\/prefeitura-realiza-caminhada-de-sensibilizacao-sobre-o-combate-ao-abuso-e-a-exploracao-sexual-infantojuvenil\/","name":"Prefeitura realiza caminhada de sensibiliza\u00e7\u00e3o sobre o combate ao abuso e \u00e0 explora\u00e7\u00e3o sexual infantojuvenil - SEMCOM","isPartOf":{"@id":"https:\/\/www.manaus.am.gov.br\/semcom\/#website"},"primaryImageOfPage":{"@id":"https:\/\/www.manaus.am.gov.br\/semcom\/pautas\/prefeitura-realiza-caminhada-de-sensibilizacao-sobre-o-combate-ao-abuso-e-a-exploracao-sexual-infantojuvenil\/#primaryimage"},"image":{"@id":"https:\/\/www.manaus.am.gov.br\/semcom\/pautas\/prefeitura-realiza-caminhada-de-sensibilizacao-sobre-o-combate-ao-abuso-e-a-exploracao-sexual-infantojuvenil\/#primaryimage"},"thumbnailUrl":"https:\/\/www.manaus.am.gov.br\/semcom\/wp-content\/uploads\/sites\/5\/2023\/02\/sugestaodepauta.png","datePublished":"2023-05-17T23:06:02+00:00","dateModified":"2023-05-17T23:06:03+00:00","inLanguage":"pt-BR","potentialAction":[{"@type":"ReadAction","target":["https:\/\/www.manaus.am.gov.br\/semcom\/pautas\/prefeitura-realiza-caminhada-de-sensibilizacao-sobre-o-combate-ao-abuso-e-a-exploracao-sexual-infantojuvenil\/"]}]},{"@type":"ImageObject","inLanguage":"pt-BR","@id":"https:\/\/www.manaus.am.gov.br\/semcom\/pautas\/prefeitura-realiza-caminhada-de-sensibilizacao-sobre-o-combate-ao-abuso-e-a-exploracao-sexual-infantojuvenil\/#primaryimage","url":"https:\/\/www.manaus.am.gov.br\/semcom\/wp-content\/uploads\/sites\/5\/2023\/02\/sugestaodepauta.png","contentUrl":"https:\/\/www.manaus.am.gov.br\/semcom\/wp-content\/uploads\/sites\/5\/2023\/02\/sugestaodepauta.png","width":1020,"height":540},{"@type":"WebSite","@id":"https:\/\/www.manaus.am.gov.br\/semcom\/#website","url":"https:\/\/www.manaus.am.gov.br\/semcom\/","name":"SEMCOM","description":"Secretaria Municipal de Comunica\u00e7\u00e3o","potentialAction":[{"@type":"SearchAction","target":{"@type":"EntryPoint","urlTemplate":"https:\/\/www.manaus.am.gov.br\/semcom\/?s={search_term_string}"},"query-input":"required name=search_term_string"}],"inLanguage":"pt-BR"}]}},"_links":{"self":[{"href":"https:\/\/www.manaus.am.gov.br\/semcom\/wp-json\/wp\/v2\/pautas\/213774"}],"collection":[{"href":"https:\/\/www.manaus.am.gov.br\/semcom\/wp-json\/wp\/v2\/pautas"}],"about":[{"href":"https:\/\/www.manaus.am.gov.br\/semcom\/wp-json\/wp\/v2\/types\/pautas"}],"wp:featuredmedia":[{"embeddable":true,"href":"https:\/\/www.manaus.am.gov.br\/semcom\/wp-json\/wp\/v2\/media\/208729"}],"wp:attachment":[{"href":"https:\/\/www.manaus.am.gov.br\/semcom\/wp-json\/wp\/v2\/media?parent=213774"}],"wp:term":[{"taxonomy":"category","embeddable":true,"href":"https:\/\/www.manaus.am.gov.br\/semcom\/wp-json\/wp\/v2\/categories?post=213774"}],"curies":[{"name":"wp","href":"https:\/\/api.w.org\/{rel}","templated":true}]}}