{"id":213759,"date":"2023-05-17T17:17:51","date_gmt":"2023-05-17T20:17:51","guid":{"rendered":"https:\/\/www.manaus.am.gov.br\/semcom\/?post_type=pautas&#038;p=213759"},"modified":"2023-05-17T17:17:51","modified_gmt":"2023-05-17T20:17:51","slug":"prefeitura-de-manaus-inaugura-primeiro-centro-de-convivencia-da-familia-e-do-idoso-do-municipio","status":"publish","type":"pautas","link":"https:\/\/www.manaus.am.gov.br\/semcom\/pautas\/prefeitura-de-manaus-inaugura-primeiro-centro-de-convivencia-da-familia-e-do-idoso-do-municipio\/","title":{"rendered":"<strong>Prefeitura de Manaus inaugura primeiro Centro de Conviv\u00eancia da Fam\u00edlia e do Idoso do munic\u00edpio<\/strong>"},"content":{"rendered":"\n<p>O prefeito de Manaus, Davi Almeida, entrega \u00e0 popula\u00e7\u00e3o da zona Leste da capital, nesta sexta-feira, 19\/5, \u00e0s 16h30, o primeiro centro de conviv\u00eancia do munic\u00edpio de Manaus. A solenidade contar\u00e1 com a presen\u00e7a do ministro das Rela\u00e7\u00f5es Institucionais da Presid\u00eancia da Rep\u00fablica, Alexandre Padilha.<\/p>\n\n\n\n<p>O Centro de Conviv\u00eancia da Fam\u00edlia e do Idoso Prefeito Jos\u00e9 Fernandes \u00e9 um espa\u00e7o p\u00fablico, localizado na rua Barreirinha, s\/n, no bairro S\u00e3o Jos\u00e9 3, respons\u00e1vel por ofertar atividades culturais, educativas, esportivas e de lazer para toda a popula\u00e7\u00e3o, em especial fam\u00edlias e indiv\u00edduos em estado de vulnerabilidade e risco social, bem como atividades do Servi\u00e7o de Conviv\u00eancia e Fortalecimento de V\u00ednculos (SCFV), servi\u00e7o socioassistencial tamb\u00e9m desenvolvido e ofertado pelos Centros de Refer\u00eancia de Assist\u00eancia Social (Cras) da cidade.<\/p>\n\n\n\n<p>No espa\u00e7o, a popula\u00e7\u00e3o ter\u00e1 acesso a a\u00e7\u00f5es e servi\u00e7os que promovam o fortalecimento de v\u00ednculos familiares e comunit\u00e1rios, por meio de atividades como aulas de dan\u00e7a, teatro, m\u00fasica, inform\u00e1tica, culin\u00e1ria e diferentes cursos administrativos.<\/p>\n\n\n\n<p>A obra e a equipagem do centro de conviv\u00eancia foram realizadas por meio de emendas parlamentares dos ex-deputados federais Concei\u00e7\u00e3o Sampaio e Jos\u00e9 Ricardo, no valor de quase R$ 4 milh\u00f5es.<\/p>\n\n\n\n<p><strong>SERVI\u00c7O<\/strong><\/p>\n\n\n\n<p><strong>O qu\u00ea &#8211;<\/strong> Inaugura\u00e7\u00e3o do Centro de Conviv\u00eancia da Fam\u00edlia e do Idoso Prefeito Jos\u00e9 Fernandes.<\/p>\n\n\n\n<p><strong>Quando \u2013 <\/strong>Sexta-feira,19\/5<\/p>\n\n\n\n<p><strong>Hor\u00e1rio &#8211; <\/strong>16h30<\/p>\n\n\n\n<p><strong>Local &#8211; <\/strong>Rua Barreirinha, S\/N, no bairro S\u00e3o Jos\u00e9 3, zona Leste<\/p>\n","protected":false},"featured_media":208729,"template":"","categories":[802],"acf":[],"yoast_head":"<!-- This site is optimized with the Yoast SEO plugin v23.0 - https:\/\/yoast.com\/wordpress\/plugins\/seo\/ -->\n<title>Prefeitura de Manaus inaugura primeiro Centro de Conviv\u00eancia da Fam\u00edlia e do Idoso do munic\u00edpio<\/title>\n<meta name=\"robots\" content=\"index, follow, max-snippet:-1, max-image-preview:large, max-video-preview:-1\" \/>\n<link rel=\"canonical\" href=\"https:\/\/www.manaus.am.gov.br\/semcom\/pautas\/prefeitura-de-manaus-inaugura-primeiro-centro-de-convivencia-da-familia-e-do-idoso-do-municipio\/\" \/>\n<meta property=\"og:locale\" content=\"pt_BR\" \/>\n<meta property=\"og:type\" content=\"article\" \/>\n<meta property=\"og:title\" content=\"Prefeitura de Manaus inaugura primeiro Centro de Conviv\u00eancia da Fam\u00edlia e do Idoso do munic\u00edpio\" \/>\n<meta property=\"og:url\" content=\"https:\/\/www.manaus.am.gov.br\/semcom\/pautas\/prefeitura-de-manaus-inaugura-primeiro-centro-de-convivencia-da-familia-e-do-idoso-do-municipio\/\" \/>\n<meta property=\"og:site_name\" content=\"SEMCOM\" \/>\n<meta property=\"og:image\" content=\"https:\/\/www.manaus.am.gov.br\/semcom\/wp-content\/uploads\/sites\/5\/2023\/02\/sugestaodepauta.png\" \/>\n\t<meta property=\"og:image:width\" content=\"1020\" \/>\n\t<meta property=\"og:image:height\" content=\"540\" \/>\n\t<meta property=\"og:image:type\" content=\"image\/png\" \/>\n<meta name=\"twitter:card\" content=\"summary_large_image\" \/>\n<meta name=\"twitter:label1\" content=\"Est. reading time\" \/>\n\t<meta name=\"twitter:data1\" content=\"2 minutos\" \/>\n<script type=\"application\/ld+json\" class=\"yoast-schema-graph\">{\"@context\":\"https:\/\/schema.org\",\"@graph\":[{\"@type\":\"WebPage\",\"@id\":\"https:\/\/www.manaus.am.gov.br\/semcom\/pautas\/prefeitura-de-manaus-inaugura-primeiro-centro-de-convivencia-da-familia-e-do-idoso-do-municipio\/\",\"url\":\"https:\/\/www.manaus.am.gov.br\/semcom\/pautas\/prefeitura-de-manaus-inaugura-primeiro-centro-de-convivencia-da-familia-e-do-idoso-do-municipio\/\",\"name\":\"Prefeitura de Manaus inaugura primeiro Centro de Conviv\u00eancia da Fam\u00edlia e do Idoso do munic\u00edpio\",\"isPartOf\":{\"@id\":\"https:\/\/www.manaus.am.gov.br\/semcom\/#website\"},\"primaryImageOfPage\":{\"@id\":\"https:\/\/www.manaus.am.gov.br\/semcom\/pautas\/prefeitura-de-manaus-inaugura-primeiro-centro-de-convivencia-da-familia-e-do-idoso-do-municipio\/#primaryimage\"},\"image\":{\"@id\":\"https:\/\/www.manaus.am.gov.br\/semcom\/pautas\/prefeitura-de-manaus-inaugura-primeiro-centro-de-convivencia-da-familia-e-do-idoso-do-municipio\/#primaryimage\"},\"thumbnailUrl\":\"https:\/\/www.manaus.am.gov.br\/semcom\/wp-content\/uploads\/sites\/5\/2023\/02\/sugestaodepauta.png\",\"datePublished\":\"2023-05-17T20:17:51+00:00\",\"dateModified\":\"2023-05-17T20:17:51+00:00\",\"inLanguage\":\"pt-BR\",\"potentialAction\":[{\"@type\":\"ReadAction\",\"target\":[\"https:\/\/www.manaus.am.gov.br\/semcom\/pautas\/prefeitura-de-manaus-inaugura-primeiro-centro-de-convivencia-da-familia-e-do-idoso-do-municipio\/\"]}]},{\"@type\":\"ImageObject\",\"inLanguage\":\"pt-BR\",\"@id\":\"https:\/\/www.manaus.am.gov.br\/semcom\/pautas\/prefeitura-de-manaus-inaugura-primeiro-centro-de-convivencia-da-familia-e-do-idoso-do-municipio\/#primaryimage\",\"url\":\"https:\/\/www.manaus.am.gov.br\/semcom\/wp-content\/uploads\/sites\/5\/2023\/02\/sugestaodepauta.png\",\"contentUrl\":\"https:\/\/www.manaus.am.gov.br\/semcom\/wp-content\/uploads\/sites\/5\/2023\/02\/sugestaodepauta.png\",\"width\":1020,\"height\":540},{\"@type\":\"WebSite\",\"@id\":\"https:\/\/www.manaus.am.gov.br\/semcom\/#website\",\"url\":\"https:\/\/www.manaus.am.gov.br\/semcom\/\",\"name\":\"SEMCOM\",\"description\":\"Secretaria Municipal de Comunica\u00e7\u00e3o\",\"potentialAction\":[{\"@type\":\"SearchAction\",\"target\":{\"@type\":\"EntryPoint\",\"urlTemplate\":\"https:\/\/www.manaus.am.gov.br\/semcom\/?s={search_term_string}\"},\"query-input\":\"required name=search_term_string\"}],\"inLanguage\":\"pt-BR\"}]}<\/script>\n<!-- \/ Yoast SEO plugin. -->","yoast_head_json":{"title":"Prefeitura de Manaus inaugura primeiro Centro de Conviv\u00eancia da Fam\u00edlia e do Idoso do munic\u00edpio","robots":{"index":"index","follow":"follow","max-snippet":"max-snippet:-1","max-image-preview":"max-image-preview:large","max-video-preview":"max-video-preview:-1"},"canonical":"https:\/\/www.manaus.am.gov.br\/semcom\/pautas\/prefeitura-de-manaus-inaugura-primeiro-centro-de-convivencia-da-familia-e-do-idoso-do-municipio\/","og_locale":"pt_BR","og_type":"article","og_title":"Prefeitura de Manaus inaugura primeiro Centro de Conviv\u00eancia da Fam\u00edlia e do Idoso do munic\u00edpio","og_url":"https:\/\/www.manaus.am.gov.br\/semcom\/pautas\/prefeitura-de-manaus-inaugura-primeiro-centro-de-convivencia-da-familia-e-do-idoso-do-municipio\/","og_site_name":"SEMCOM","og_image":[{"width":1020,"height":540,"url":"https:\/\/www.manaus.am.gov.br\/semcom\/wp-content\/uploads\/sites\/5\/2023\/02\/sugestaodepauta.png","type":"image\/png"}],"twitter_card":"summary_large_image","twitter_misc":{"Est. reading time":"2 minutos"},"schema":{"@context":"https:\/\/schema.org","@graph":[{"@type":"WebPage","@id":"https:\/\/www.manaus.am.gov.br\/semcom\/pautas\/prefeitura-de-manaus-inaugura-primeiro-centro-de-convivencia-da-familia-e-do-idoso-do-municipio\/","url":"https:\/\/www.manaus.am.gov.br\/semcom\/pautas\/prefeitura-de-manaus-inaugura-primeiro-centro-de-convivencia-da-familia-e-do-idoso-do-municipio\/","name":"Prefeitura de Manaus inaugura primeiro Centro de Conviv\u00eancia da Fam\u00edlia e do Idoso do munic\u00edpio","isPartOf":{"@id":"https:\/\/www.manaus.am.gov.br\/semcom\/#website"},"primaryImageOfPage":{"@id":"https:\/\/www.manaus.am.gov.br\/semcom\/pautas\/prefeitura-de-manaus-inaugura-primeiro-centro-de-convivencia-da-familia-e-do-idoso-do-municipio\/#primaryimage"},"image":{"@id":"https:\/\/www.manaus.am.gov.br\/semcom\/pautas\/prefeitura-de-manaus-inaugura-primeiro-centro-de-convivencia-da-familia-e-do-idoso-do-municipio\/#primaryimage"},"thumbnailUrl":"https:\/\/www.manaus.am.gov.br\/semcom\/wp-content\/uploads\/sites\/5\/2023\/02\/sugestaodepauta.png","datePublished":"2023-05-17T20:17:51+00:00","dateModified":"2023-05-17T20:17:51+00:00","inLanguage":"pt-BR","potentialAction":[{"@type":"ReadAction","target":["https:\/\/www.manaus.am.gov.br\/semcom\/pautas\/prefeitura-de-manaus-inaugura-primeiro-centro-de-convivencia-da-familia-e-do-idoso-do-municipio\/"]}]},{"@type":"ImageObject","inLanguage":"pt-BR","@id":"https:\/\/www.manaus.am.gov.br\/semcom\/pautas\/prefeitura-de-manaus-inaugura-primeiro-centro-de-convivencia-da-familia-e-do-idoso-do-municipio\/#primaryimage","url":"https:\/\/www.manaus.am.gov.br\/semcom\/wp-content\/uploads\/sites\/5\/2023\/02\/sugestaodepauta.png","contentUrl":"https:\/\/www.manaus.am.gov.br\/semcom\/wp-content\/uploads\/sites\/5\/2023\/02\/sugestaodepauta.png","width":1020,"height":540},{"@type":"WebSite","@id":"https:\/\/www.manaus.am.gov.br\/semcom\/#website","url":"https:\/\/www.manaus.am.gov.br\/semcom\/","name":"SEMCOM","description":"Secretaria Municipal de Comunica\u00e7\u00e3o","potentialAction":[{"@type":"SearchAction","target":{"@type":"EntryPoint","urlTemplate":"https:\/\/www.manaus.am.gov.br\/semcom\/?s={search_term_string}"},"query-input":"required name=search_term_string"}],"inLanguage":"pt-BR"}]}},"_links":{"self":[{"href":"https:\/\/www.manaus.am.gov.br\/semcom\/wp-json\/wp\/v2\/pautas\/213759"}],"collection":[{"href":"https:\/\/www.manaus.am.gov.br\/semcom\/wp-json\/wp\/v2\/pautas"}],"about":[{"href":"https:\/\/www.manaus.am.gov.br\/semcom\/wp-json\/wp\/v2\/types\/pautas"}],"wp:featuredmedia":[{"embeddable":true,"href":"https:\/\/www.manaus.am.gov.br\/semcom\/wp-json\/wp\/v2\/media\/208729"}],"wp:attachment":[{"href":"https:\/\/www.manaus.am.gov.br\/semcom\/wp-json\/wp\/v2\/media?parent=213759"}],"wp:term":[{"taxonomy":"category","embeddable":true,"href":"https:\/\/www.manaus.am.gov.br\/semcom\/wp-json\/wp\/v2\/categories?post=213759"}],"curies":[{"name":"wp","href":"https:\/\/api.w.org\/{rel}","templated":true}]}}