{"id":213387,"date":"2023-05-09T17:22:57","date_gmt":"2023-05-09T20:22:57","guid":{"rendered":"https:\/\/www.manaus.am.gov.br\/semcom\/?post_type=pautas&#038;p=213387"},"modified":"2023-05-10T17:04:56","modified_gmt":"2023-05-10T20:04:56","slug":"prefeito-david-almeida-assina-ordem-de-servico-para-a-construcao-do-t7-na-zona-norte","status":"publish","type":"pautas","link":"https:\/\/www.manaus.am.gov.br\/semcom\/pautas\/prefeito-david-almeida-assina-ordem-de-servico-para-a-construcao-do-t7-na-zona-norte\/","title":{"rendered":"Prefeito David Almeida assina ordem de servi\u00e7o para a constru\u00e7\u00e3o do T7, na zona Norte"},"content":{"rendered":"\n<p>O prefeito de Manaus, David Almeida, juntamente com o diretor-presidente do Instituto Municipal de Mobilidade Urbana (IMMU), Paulo Henrique Martins, assinar\u00e3o, nesta quinta-feira, 11\/5,  \u00e0s 9h, a ordem de servi\u00e7o para a constru\u00e7\u00e3o do novo terminal de \u00f4nibus, o T7, no bairro Tarum\u00e3-A\u00e7u, zona Norte da cidade.<\/p>\n\n\n\n<p>O novo T7 ter\u00e1 uma \u00e1rea constru\u00edda de 4 mil metros quadrados e contar\u00e1 com uma infraestrutura completa para atender, com seguran\u00e7a e conforto, os usu\u00e1rios do transporte p\u00fablico.<\/p>\n\n\n\n<p>O local ter\u00e1 duas plataformas, sendo uma para \u00f4nibus articulado e convencional e outra apenas para convencional, que ir\u00e3o realizar viagens dos bairros ao terminal (alimentador), e do bairro ao Centro (troncal), atendendo as zonas Oeste e Norte.<\/p>\n\n\n\n<p>O T7 vai atender diariamente mais de 40 mil passageiros que ser\u00e3o conduzidos por cerca de 20 linhas de \u00f4nibus para atender os usu\u00e1rios que ir\u00e3o em dire\u00e7\u00e3o ao Centro da cidade e outros bairros.<\/p>\n\n\n\n<p>&#8212; &#8212; &#8212;&nbsp;<\/p>\n\n\n\n<p><strong>SERVI\u00c7O:<\/strong><\/p>\n\n\n\n<p><strong>O qu\u00ea<\/strong>&nbsp;\u2013 Assinatura da ordem de servi\u00e7o do T7<\/p>\n\n\n\n<p><strong>Quando<\/strong>&nbsp;\u2013 Quinta-feira, 11\/5<\/p>\n\n\n\n<p><strong>Hor\u00e1rio<\/strong>\u00a0\u2013 9h<\/p>\n\n\n\n<p><strong>Local<\/strong>&nbsp;&#8211;&nbsp;Terminal&nbsp;7, na avenida Torquato Tapaj\u00f3s, esquina com a avenida do Turismo, no bairro Tarum\u00e3-A\u00e7u, pr\u00f3ximo ao complexo vi\u00e1rio Lydia da Eira Corr\u00eaa.<\/p>\n","protected":false},"featured_media":208729,"template":"","categories":[],"acf":[],"yoast_head":"<!-- This site is optimized with the Yoast SEO plugin v23.0 - https:\/\/yoast.com\/wordpress\/plugins\/seo\/ -->\n<title>Prefeito David Almeida assina ordem de servi\u00e7o para a constru\u00e7\u00e3o do T7, na zona Norte - SEMCOM<\/title>\n<meta name=\"robots\" content=\"index, follow, max-snippet:-1, max-image-preview:large, max-video-preview:-1\" \/>\n<link rel=\"canonical\" href=\"https:\/\/www.manaus.am.gov.br\/semcom\/pautas\/prefeito-david-almeida-assina-ordem-de-servico-para-a-construcao-do-t7-na-zona-norte\/\" \/>\n<meta property=\"og:locale\" content=\"pt_BR\" \/>\n<meta property=\"og:type\" content=\"article\" \/>\n<meta property=\"og:title\" content=\"Prefeito David Almeida assina ordem de servi\u00e7o para a constru\u00e7\u00e3o do T7, na zona Norte - SEMCOM\" \/>\n<meta property=\"og:url\" content=\"https:\/\/www.manaus.am.gov.br\/semcom\/pautas\/prefeito-david-almeida-assina-ordem-de-servico-para-a-construcao-do-t7-na-zona-norte\/\" \/>\n<meta property=\"og:site_name\" content=\"SEMCOM\" \/>\n<meta property=\"article:modified_time\" content=\"2023-05-10T20:04:56+00:00\" \/>\n<meta property=\"og:image\" content=\"https:\/\/www.manaus.am.gov.br\/semcom\/wp-content\/uploads\/sites\/5\/2023\/02\/sugestaodepauta.png\" \/>\n\t<meta property=\"og:image:width\" content=\"1020\" \/>\n\t<meta property=\"og:image:height\" content=\"540\" \/>\n\t<meta property=\"og:image:type\" content=\"image\/png\" \/>\n<meta name=\"twitter:card\" content=\"summary_large_image\" \/>\n<meta name=\"twitter:label1\" content=\"Est. reading time\" \/>\n\t<meta name=\"twitter:data1\" content=\"2 minutos\" \/>\n<script type=\"application\/ld+json\" class=\"yoast-schema-graph\">{\"@context\":\"https:\/\/schema.org\",\"@graph\":[{\"@type\":\"WebPage\",\"@id\":\"https:\/\/www.manaus.am.gov.br\/semcom\/pautas\/prefeito-david-almeida-assina-ordem-de-servico-para-a-construcao-do-t7-na-zona-norte\/\",\"url\":\"https:\/\/www.manaus.am.gov.br\/semcom\/pautas\/prefeito-david-almeida-assina-ordem-de-servico-para-a-construcao-do-t7-na-zona-norte\/\",\"name\":\"Prefeito David Almeida assina ordem de servi\u00e7o para a constru\u00e7\u00e3o do T7, na zona Norte - SEMCOM\",\"isPartOf\":{\"@id\":\"https:\/\/www.manaus.am.gov.br\/semcom\/#website\"},\"primaryImageOfPage\":{\"@id\":\"https:\/\/www.manaus.am.gov.br\/semcom\/pautas\/prefeito-david-almeida-assina-ordem-de-servico-para-a-construcao-do-t7-na-zona-norte\/#primaryimage\"},\"image\":{\"@id\":\"https:\/\/www.manaus.am.gov.br\/semcom\/pautas\/prefeito-david-almeida-assina-ordem-de-servico-para-a-construcao-do-t7-na-zona-norte\/#primaryimage\"},\"thumbnailUrl\":\"https:\/\/www.manaus.am.gov.br\/semcom\/wp-content\/uploads\/sites\/5\/2023\/02\/sugestaodepauta.png\",\"datePublished\":\"2023-05-09T20:22:57+00:00\",\"dateModified\":\"2023-05-10T20:04:56+00:00\",\"inLanguage\":\"pt-BR\",\"potentialAction\":[{\"@type\":\"ReadAction\",\"target\":[\"https:\/\/www.manaus.am.gov.br\/semcom\/pautas\/prefeito-david-almeida-assina-ordem-de-servico-para-a-construcao-do-t7-na-zona-norte\/\"]}]},{\"@type\":\"ImageObject\",\"inLanguage\":\"pt-BR\",\"@id\":\"https:\/\/www.manaus.am.gov.br\/semcom\/pautas\/prefeito-david-almeida-assina-ordem-de-servico-para-a-construcao-do-t7-na-zona-norte\/#primaryimage\",\"url\":\"https:\/\/www.manaus.am.gov.br\/semcom\/wp-content\/uploads\/sites\/5\/2023\/02\/sugestaodepauta.png\",\"contentUrl\":\"https:\/\/www.manaus.am.gov.br\/semcom\/wp-content\/uploads\/sites\/5\/2023\/02\/sugestaodepauta.png\",\"width\":1020,\"height\":540},{\"@type\":\"WebSite\",\"@id\":\"https:\/\/www.manaus.am.gov.br\/semcom\/#website\",\"url\":\"https:\/\/www.manaus.am.gov.br\/semcom\/\",\"name\":\"SEMCOM\",\"description\":\"Secretaria Municipal de Comunica\u00e7\u00e3o\",\"potentialAction\":[{\"@type\":\"SearchAction\",\"target\":{\"@type\":\"EntryPoint\",\"urlTemplate\":\"https:\/\/www.manaus.am.gov.br\/semcom\/?s={search_term_string}\"},\"query-input\":\"required name=search_term_string\"}],\"inLanguage\":\"pt-BR\"}]}<\/script>\n<!-- \/ Yoast SEO plugin. -->","yoast_head_json":{"title":"Prefeito David Almeida assina ordem de servi\u00e7o para a constru\u00e7\u00e3o do T7, na zona Norte - SEMCOM","robots":{"index":"index","follow":"follow","max-snippet":"max-snippet:-1","max-image-preview":"max-image-preview:large","max-video-preview":"max-video-preview:-1"},"canonical":"https:\/\/www.manaus.am.gov.br\/semcom\/pautas\/prefeito-david-almeida-assina-ordem-de-servico-para-a-construcao-do-t7-na-zona-norte\/","og_locale":"pt_BR","og_type":"article","og_title":"Prefeito David Almeida assina ordem de servi\u00e7o para a constru\u00e7\u00e3o do T7, na zona Norte - SEMCOM","og_url":"https:\/\/www.manaus.am.gov.br\/semcom\/pautas\/prefeito-david-almeida-assina-ordem-de-servico-para-a-construcao-do-t7-na-zona-norte\/","og_site_name":"SEMCOM","article_modified_time":"2023-05-10T20:04:56+00:00","og_image":[{"width":1020,"height":540,"url":"https:\/\/www.manaus.am.gov.br\/semcom\/wp-content\/uploads\/sites\/5\/2023\/02\/sugestaodepauta.png","type":"image\/png"}],"twitter_card":"summary_large_image","twitter_misc":{"Est. reading time":"2 minutos"},"schema":{"@context":"https:\/\/schema.org","@graph":[{"@type":"WebPage","@id":"https:\/\/www.manaus.am.gov.br\/semcom\/pautas\/prefeito-david-almeida-assina-ordem-de-servico-para-a-construcao-do-t7-na-zona-norte\/","url":"https:\/\/www.manaus.am.gov.br\/semcom\/pautas\/prefeito-david-almeida-assina-ordem-de-servico-para-a-construcao-do-t7-na-zona-norte\/","name":"Prefeito David Almeida assina ordem de servi\u00e7o para a constru\u00e7\u00e3o do T7, na zona Norte - SEMCOM","isPartOf":{"@id":"https:\/\/www.manaus.am.gov.br\/semcom\/#website"},"primaryImageOfPage":{"@id":"https:\/\/www.manaus.am.gov.br\/semcom\/pautas\/prefeito-david-almeida-assina-ordem-de-servico-para-a-construcao-do-t7-na-zona-norte\/#primaryimage"},"image":{"@id":"https:\/\/www.manaus.am.gov.br\/semcom\/pautas\/prefeito-david-almeida-assina-ordem-de-servico-para-a-construcao-do-t7-na-zona-norte\/#primaryimage"},"thumbnailUrl":"https:\/\/www.manaus.am.gov.br\/semcom\/wp-content\/uploads\/sites\/5\/2023\/02\/sugestaodepauta.png","datePublished":"2023-05-09T20:22:57+00:00","dateModified":"2023-05-10T20:04:56+00:00","inLanguage":"pt-BR","potentialAction":[{"@type":"ReadAction","target":["https:\/\/www.manaus.am.gov.br\/semcom\/pautas\/prefeito-david-almeida-assina-ordem-de-servico-para-a-construcao-do-t7-na-zona-norte\/"]}]},{"@type":"ImageObject","inLanguage":"pt-BR","@id":"https:\/\/www.manaus.am.gov.br\/semcom\/pautas\/prefeito-david-almeida-assina-ordem-de-servico-para-a-construcao-do-t7-na-zona-norte\/#primaryimage","url":"https:\/\/www.manaus.am.gov.br\/semcom\/wp-content\/uploads\/sites\/5\/2023\/02\/sugestaodepauta.png","contentUrl":"https:\/\/www.manaus.am.gov.br\/semcom\/wp-content\/uploads\/sites\/5\/2023\/02\/sugestaodepauta.png","width":1020,"height":540},{"@type":"WebSite","@id":"https:\/\/www.manaus.am.gov.br\/semcom\/#website","url":"https:\/\/www.manaus.am.gov.br\/semcom\/","name":"SEMCOM","description":"Secretaria Municipal de Comunica\u00e7\u00e3o","potentialAction":[{"@type":"SearchAction","target":{"@type":"EntryPoint","urlTemplate":"https:\/\/www.manaus.am.gov.br\/semcom\/?s={search_term_string}"},"query-input":"required name=search_term_string"}],"inLanguage":"pt-BR"}]}},"_links":{"self":[{"href":"https:\/\/www.manaus.am.gov.br\/semcom\/wp-json\/wp\/v2\/pautas\/213387"}],"collection":[{"href":"https:\/\/www.manaus.am.gov.br\/semcom\/wp-json\/wp\/v2\/pautas"}],"about":[{"href":"https:\/\/www.manaus.am.gov.br\/semcom\/wp-json\/wp\/v2\/types\/pautas"}],"wp:featuredmedia":[{"embeddable":true,"href":"https:\/\/www.manaus.am.gov.br\/semcom\/wp-json\/wp\/v2\/media\/208729"}],"wp:attachment":[{"href":"https:\/\/www.manaus.am.gov.br\/semcom\/wp-json\/wp\/v2\/media?parent=213387"}],"wp:term":[{"taxonomy":"category","embeddable":true,"href":"https:\/\/www.manaus.am.gov.br\/semcom\/wp-json\/wp\/v2\/categories?post=213387"}],"curies":[{"name":"wp","href":"https:\/\/api.w.org\/{rel}","templated":true}]}}