{"id":212780,"date":"2023-05-02T12:57:33","date_gmt":"2023-05-02T15:57:33","guid":{"rendered":"https:\/\/www.manaus.am.gov.br\/semcom\/?post_type=pautas&#038;p=212780"},"modified":"2023-05-02T13:06:01","modified_gmt":"2023-05-02T16:06:01","slug":"escolas-revitalizadas-zona-norte","status":"publish","type":"pautas","link":"https:\/\/www.manaus.am.gov.br\/semcom\/pautas\/escolas-revitalizadas-zona-norte\/","title":{"rendered":"<strong>Prefeitura de Manaus entrega mais duas escolas revitalizadas na zona norte<\/strong>"},"content":{"rendered":"\n<p><br>A Prefeitura de Manaus entrega nesta ter\u00e7a-feira, 2\/5, a partir das 14h30, duas escolas municipais totalmente revitalizadas, na zona Norte da cidade. Ser\u00e3o reinauguradas a Escola Municipal Ant\u00f4nio Moraes, \u00e0s 14h30, na avenida Itapemirim, no Monte das Oliveiras, e a Escola Municipal Professora Sulamita Pereira Gon\u00e7alves, \u00e0s 15h30, na rua Assar\u00ed, Cidade Nova.<\/p>\n\n\n\n<p><br>A primeira escola \u00e9 311\u00aa entregue totalmente revitalizada, nos \u00faltimos 2 anos e meio. A unidade de ensino tem capacidade para atender 740 estudantes do Ensino Fundamental. Para isso, conta com 10 salas de aula, laborat\u00f3rios e \u00e1rea administrativa.<\/p>\n\n\n\n<p><br>J\u00e1 a Sulamita, \u00e9 a 312\u00aa escola entregue, que atende 542 estudantes no Ensino Fundamental 1, do 1\u00ba ao 5\u00ba ano, e aguardava pela reforma havia mais de 20 anos.<\/p>\n\n\n\n<p><br><strong>SERVI\u00c7O<\/strong><\/p>\n\n\n\n<p><br><strong>O qu\u00ea<\/strong> &#8211; Reinaugura\u00e7\u00e3o da Escola Municipal Ant\u00f4nio Moraes e da Escola Municipal Sulamita Pereira Gon\u00e7alves<br><\/p>\n\n\n\n<p><strong>Quando<\/strong> &#8211; Ter\u00e7a-feira, 2\/5<\/p>\n\n\n\n<p><strong>Hor\u00e1rio &#8211; 14h30<\/strong> &#8211; Escola Municipal Ant\u00f4nio Moraes, na avenida Itapemirim, no Monte das Oliveiras &#8211; <strong>15h30 &#8211;<\/strong> Escola Municipal Professora Sulamita Pereira Gon\u00e7alves, na rua Assar\u00ed, N\u00ba 490-578 &#8211; Cidade Nova<\/p>\n","protected":false},"featured_media":208729,"template":"","categories":[788],"acf":[],"yoast_head":"<!-- This site is optimized with the Yoast SEO plugin v23.0 - https:\/\/yoast.com\/wordpress\/plugins\/seo\/ -->\n<title>Prefeitura de Manaus entrega mais duas escolas revitalizadas na zona norte<\/title>\n<meta name=\"description\" content=\"A Prefeitura de Manaus entrega nesta ter\u00e7a-feira, 2\/5, a partir das 14h30, duas escolas municipais totalmente revitalizadas,\" \/>\n<meta name=\"robots\" content=\"index, follow, max-snippet:-1, max-image-preview:large, max-video-preview:-1\" \/>\n<link rel=\"canonical\" href=\"https:\/\/www.manaus.am.gov.br\/semcom\/pautas\/escolas-revitalizadas-zona-norte\/\" \/>\n<meta property=\"og:locale\" content=\"pt_BR\" \/>\n<meta property=\"og:type\" content=\"article\" \/>\n<meta property=\"og:title\" content=\"Prefeitura de Manaus entrega mais duas escolas revitalizadas na zona norte\" \/>\n<meta property=\"og:description\" content=\"A Prefeitura de Manaus entrega nesta ter\u00e7a-feira, 2\/5, a partir das 14h30, duas escolas municipais totalmente revitalizadas,\" \/>\n<meta property=\"og:url\" content=\"https:\/\/www.manaus.am.gov.br\/semcom\/pautas\/escolas-revitalizadas-zona-norte\/\" \/>\n<meta property=\"og:site_name\" content=\"SEMCOM\" \/>\n<meta property=\"article:modified_time\" content=\"2023-05-02T16:06:01+00:00\" \/>\n<meta property=\"og:image\" content=\"https:\/\/www.manaus.am.gov.br\/semcom\/wp-content\/uploads\/sites\/5\/2023\/02\/sugestaodepauta.png\" \/>\n\t<meta property=\"og:image:width\" content=\"1020\" \/>\n\t<meta property=\"og:image:height\" content=\"540\" \/>\n\t<meta property=\"og:image:type\" content=\"image\/png\" \/>\n<meta name=\"twitter:card\" content=\"summary_large_image\" \/>\n<meta name=\"twitter:label1\" content=\"Est. reading time\" \/>\n\t<meta name=\"twitter:data1\" content=\"1 minuto\" \/>\n<script type=\"application\/ld+json\" class=\"yoast-schema-graph\">{\"@context\":\"https:\/\/schema.org\",\"@graph\":[{\"@type\":\"WebPage\",\"@id\":\"https:\/\/www.manaus.am.gov.br\/semcom\/pautas\/escolas-revitalizadas-zona-norte\/\",\"url\":\"https:\/\/www.manaus.am.gov.br\/semcom\/pautas\/escolas-revitalizadas-zona-norte\/\",\"name\":\"Prefeitura de Manaus entrega mais duas escolas revitalizadas na zona norte\",\"isPartOf\":{\"@id\":\"https:\/\/www.manaus.am.gov.br\/semcom\/#website\"},\"primaryImageOfPage\":{\"@id\":\"https:\/\/www.manaus.am.gov.br\/semcom\/pautas\/escolas-revitalizadas-zona-norte\/#primaryimage\"},\"image\":{\"@id\":\"https:\/\/www.manaus.am.gov.br\/semcom\/pautas\/escolas-revitalizadas-zona-norte\/#primaryimage\"},\"thumbnailUrl\":\"https:\/\/www.manaus.am.gov.br\/semcom\/wp-content\/uploads\/sites\/5\/2023\/02\/sugestaodepauta.png\",\"datePublished\":\"2023-05-02T15:57:33+00:00\",\"dateModified\":\"2023-05-02T16:06:01+00:00\",\"description\":\"A Prefeitura de Manaus entrega nesta ter\u00e7a-feira, 2\/5, a partir das 14h30, duas escolas municipais totalmente revitalizadas,\",\"inLanguage\":\"pt-BR\",\"potentialAction\":[{\"@type\":\"ReadAction\",\"target\":[\"https:\/\/www.manaus.am.gov.br\/semcom\/pautas\/escolas-revitalizadas-zona-norte\/\"]}]},{\"@type\":\"ImageObject\",\"inLanguage\":\"pt-BR\",\"@id\":\"https:\/\/www.manaus.am.gov.br\/semcom\/pautas\/escolas-revitalizadas-zona-norte\/#primaryimage\",\"url\":\"https:\/\/www.manaus.am.gov.br\/semcom\/wp-content\/uploads\/sites\/5\/2023\/02\/sugestaodepauta.png\",\"contentUrl\":\"https:\/\/www.manaus.am.gov.br\/semcom\/wp-content\/uploads\/sites\/5\/2023\/02\/sugestaodepauta.png\",\"width\":1020,\"height\":540},{\"@type\":\"WebSite\",\"@id\":\"https:\/\/www.manaus.am.gov.br\/semcom\/#website\",\"url\":\"https:\/\/www.manaus.am.gov.br\/semcom\/\",\"name\":\"SEMCOM\",\"description\":\"Secretaria Municipal de Comunica\u00e7\u00e3o\",\"potentialAction\":[{\"@type\":\"SearchAction\",\"target\":{\"@type\":\"EntryPoint\",\"urlTemplate\":\"https:\/\/www.manaus.am.gov.br\/semcom\/?s={search_term_string}\"},\"query-input\":\"required name=search_term_string\"}],\"inLanguage\":\"pt-BR\"}]}<\/script>\n<!-- \/ Yoast SEO plugin. -->","yoast_head_json":{"title":"Prefeitura de Manaus entrega mais duas escolas revitalizadas na zona norte","description":"A Prefeitura de Manaus entrega nesta ter\u00e7a-feira, 2\/5, a partir das 14h30, duas escolas municipais totalmente revitalizadas,","robots":{"index":"index","follow":"follow","max-snippet":"max-snippet:-1","max-image-preview":"max-image-preview:large","max-video-preview":"max-video-preview:-1"},"canonical":"https:\/\/www.manaus.am.gov.br\/semcom\/pautas\/escolas-revitalizadas-zona-norte\/","og_locale":"pt_BR","og_type":"article","og_title":"Prefeitura de Manaus entrega mais duas escolas revitalizadas na zona norte","og_description":"A Prefeitura de Manaus entrega nesta ter\u00e7a-feira, 2\/5, a partir das 14h30, duas escolas municipais totalmente revitalizadas,","og_url":"https:\/\/www.manaus.am.gov.br\/semcom\/pautas\/escolas-revitalizadas-zona-norte\/","og_site_name":"SEMCOM","article_modified_time":"2023-05-02T16:06:01+00:00","og_image":[{"width":1020,"height":540,"url":"https:\/\/www.manaus.am.gov.br\/semcom\/wp-content\/uploads\/sites\/5\/2023\/02\/sugestaodepauta.png","type":"image\/png"}],"twitter_card":"summary_large_image","twitter_misc":{"Est. reading time":"1 minuto"},"schema":{"@context":"https:\/\/schema.org","@graph":[{"@type":"WebPage","@id":"https:\/\/www.manaus.am.gov.br\/semcom\/pautas\/escolas-revitalizadas-zona-norte\/","url":"https:\/\/www.manaus.am.gov.br\/semcom\/pautas\/escolas-revitalizadas-zona-norte\/","name":"Prefeitura de Manaus entrega mais duas escolas revitalizadas na zona norte","isPartOf":{"@id":"https:\/\/www.manaus.am.gov.br\/semcom\/#website"},"primaryImageOfPage":{"@id":"https:\/\/www.manaus.am.gov.br\/semcom\/pautas\/escolas-revitalizadas-zona-norte\/#primaryimage"},"image":{"@id":"https:\/\/www.manaus.am.gov.br\/semcom\/pautas\/escolas-revitalizadas-zona-norte\/#primaryimage"},"thumbnailUrl":"https:\/\/www.manaus.am.gov.br\/semcom\/wp-content\/uploads\/sites\/5\/2023\/02\/sugestaodepauta.png","datePublished":"2023-05-02T15:57:33+00:00","dateModified":"2023-05-02T16:06:01+00:00","description":"A Prefeitura de Manaus entrega nesta ter\u00e7a-feira, 2\/5, a partir das 14h30, duas escolas municipais totalmente revitalizadas,","inLanguage":"pt-BR","potentialAction":[{"@type":"ReadAction","target":["https:\/\/www.manaus.am.gov.br\/semcom\/pautas\/escolas-revitalizadas-zona-norte\/"]}]},{"@type":"ImageObject","inLanguage":"pt-BR","@id":"https:\/\/www.manaus.am.gov.br\/semcom\/pautas\/escolas-revitalizadas-zona-norte\/#primaryimage","url":"https:\/\/www.manaus.am.gov.br\/semcom\/wp-content\/uploads\/sites\/5\/2023\/02\/sugestaodepauta.png","contentUrl":"https:\/\/www.manaus.am.gov.br\/semcom\/wp-content\/uploads\/sites\/5\/2023\/02\/sugestaodepauta.png","width":1020,"height":540},{"@type":"WebSite","@id":"https:\/\/www.manaus.am.gov.br\/semcom\/#website","url":"https:\/\/www.manaus.am.gov.br\/semcom\/","name":"SEMCOM","description":"Secretaria Municipal de Comunica\u00e7\u00e3o","potentialAction":[{"@type":"SearchAction","target":{"@type":"EntryPoint","urlTemplate":"https:\/\/www.manaus.am.gov.br\/semcom\/?s={search_term_string}"},"query-input":"required name=search_term_string"}],"inLanguage":"pt-BR"}]}},"_links":{"self":[{"href":"https:\/\/www.manaus.am.gov.br\/semcom\/wp-json\/wp\/v2\/pautas\/212780"}],"collection":[{"href":"https:\/\/www.manaus.am.gov.br\/semcom\/wp-json\/wp\/v2\/pautas"}],"about":[{"href":"https:\/\/www.manaus.am.gov.br\/semcom\/wp-json\/wp\/v2\/types\/pautas"}],"wp:featuredmedia":[{"embeddable":true,"href":"https:\/\/www.manaus.am.gov.br\/semcom\/wp-json\/wp\/v2\/media\/208729"}],"wp:attachment":[{"href":"https:\/\/www.manaus.am.gov.br\/semcom\/wp-json\/wp\/v2\/media?parent=212780"}],"wp:term":[{"taxonomy":"category","embeddable":true,"href":"https:\/\/www.manaus.am.gov.br\/semcom\/wp-json\/wp\/v2\/categories?post=212780"}],"curies":[{"name":"wp","href":"https:\/\/api.w.org\/{rel}","templated":true}]}}