{"id":212748,"date":"2023-04-30T18:24:58","date_gmt":"2023-04-30T21:24:58","guid":{"rendered":"https:\/\/www.manaus.am.gov.br\/semcom\/?post_type=pautas&#038;p=212748"},"modified":"2023-04-30T18:24:58","modified_gmt":"2023-04-30T21:24:58","slug":"inauguracao-da-casa-de-praia-zezinho-correa","status":"publish","type":"pautas","link":"https:\/\/www.manaus.am.gov.br\/semcom\/pautas\/inauguracao-da-casa-de-praia-zezinho-correa\/","title":{"rendered":"<strong>Inaugura\u00e7\u00e3o da Casa de Praia Zezinho Corr\u00eaa<\/strong>"},"content":{"rendered":"\n<p>Como parte da programa\u00e7\u00e3o em comemora\u00e7\u00e3o ao Dia do Trabalhador, o prefeito de Manaus, David Almeida, inaugura, \u00e0s 20h desta segunda-feira, 1\u00ba\/5, a nova Casa de Praia, agora batizada de Zezinho Corr\u00eaa, e concede entrevista coletiva \u00e0 imprensa no pr\u00f3prio local, que \u00e9 parte do complexo tur\u00edstico Ponta Negra, na zona Oeste da capital.<\/p>\n\n\n\n<p>A cerim\u00f4nia de entrega ser\u00e1 marcada por uma homenagem, in memoriam, ao artista Zezinho Corr\u00eaa, que no pr\u00f3ximo dia 21\/5 estaria completando 72 anos.<\/p>\n\n\n\n<p>Ap\u00f3s a solenidade, o prefeito, acompanhado pelos titulares da Secretaria Municipal do Trabalho, Empreendedorismo e Inova\u00e7\u00e3o (Semtepi), Radyr Junior; e da Funda\u00e7\u00e3o Municipal de Cultura, Turismo e Eventos (Manauscult), Osvaldo Cardoso, concede uma coletiva \u00e0 imprensa.<\/p>\n\n\n\n<p>A casa de praia \u00e9 a primeira grande reabilita\u00e7\u00e3o de um antigo pr\u00e9dio abandonado e deteriorado h\u00e1 mais de 20 anos. O local foi transformado em uma obra de reconvers\u00e3o da atual gest\u00e3o municipal, seguindo uma tend\u00eancia no Brasil e no mundo.<\/p>\n\n\n\n<p>A festa de abertura da Casa de Praia Zezinho Corr\u00eaa inicia \u00e0s 15h desta segunda-feira, com apresenta\u00e7\u00f5es de artistas locais e a grande atra\u00e7\u00e3o nacional, o cantor Frejat, \u00e0 noite, logo ap\u00f3s a solenidade de inaugura\u00e7\u00e3o.<\/p>\n\n\n\n<p><strong>SERVI\u00c7O<\/strong><\/p>\n\n\n\n<p><strong>O qu\u00ea<\/strong> \u2013 Inaugura\u00e7\u00e3o da Casa de Praia Zezinho Corr\u00eaa e coletiva de imprensa<\/p>\n\n\n\n<p><strong>Quando<\/strong> \u2013 Segunda-feira, 1\u00ba\/5<\/p>\n\n\n\n<p><strong>Hor\u00e1rio <\/strong>\u2013 20h<\/p>\n\n\n\n<p><strong>Local<\/strong> \u2013 Casa de Praia Zezinho Corr\u00eaa, na Ponta Negra, zona Oeste de Manaus<\/p>\n","protected":false},"featured_media":208729,"template":"","categories":[799,806],"acf":[],"yoast_head":"<!-- This site is optimized with the Yoast SEO plugin v23.0 - https:\/\/yoast.com\/wordpress\/plugins\/seo\/ -->\n<title>Inaugura\u00e7\u00e3o da Casa de Praia Zezinho Corr\u00eaa<\/title>\n<meta name=\"description\" content=\"Como parte da programa\u00e7\u00e3o em comemora\u00e7\u00e3o ao Dia do Trabalhador, o prefeito de Manaus, David Almeida, inaugura, \u00e0s 20h desta segunda-feira, 1\u00ba\/5, a nova Casa de Praia, agora batizada de Zezinho Corr\u00eaa, e concede entrevista coletiva \u00e0 imprensa no pr\u00f3prio local, que \u00e9 parte do complexo tur\u00edstico Ponta Negra, na zona Oeste da capital.\" \/>\n<meta name=\"robots\" content=\"index, follow, max-snippet:-1, max-image-preview:large, max-video-preview:-1\" \/>\n<link rel=\"canonical\" href=\"https:\/\/www.manaus.am.gov.br\/semcom\/pautas\/inauguracao-da-casa-de-praia-zezinho-correa\/\" \/>\n<meta property=\"og:locale\" content=\"pt_BR\" \/>\n<meta property=\"og:type\" content=\"article\" \/>\n<meta property=\"og:title\" content=\"Inaugura\u00e7\u00e3o da Casa de Praia Zezinho Corr\u00eaa\" \/>\n<meta property=\"og:description\" content=\"Como parte da programa\u00e7\u00e3o em comemora\u00e7\u00e3o ao Dia do Trabalhador, o prefeito de Manaus, David Almeida, inaugura, \u00e0s 20h desta segunda-feira, 1\u00ba\/5, a nova Casa de Praia, agora batizada de Zezinho Corr\u00eaa, e concede entrevista coletiva \u00e0 imprensa no pr\u00f3prio local, que \u00e9 parte do complexo tur\u00edstico Ponta Negra, na zona Oeste da capital.\" \/>\n<meta property=\"og:url\" content=\"https:\/\/www.manaus.am.gov.br\/semcom\/pautas\/inauguracao-da-casa-de-praia-zezinho-correa\/\" \/>\n<meta property=\"og:site_name\" content=\"SEMCOM\" \/>\n<meta property=\"og:image\" content=\"https:\/\/www.manaus.am.gov.br\/semcom\/wp-content\/uploads\/sites\/5\/2023\/02\/sugestaodepauta.png\" \/>\n\t<meta property=\"og:image:width\" content=\"1020\" \/>\n\t<meta property=\"og:image:height\" content=\"540\" \/>\n\t<meta property=\"og:image:type\" content=\"image\/png\" \/>\n<meta name=\"twitter:card\" content=\"summary_large_image\" \/>\n<meta name=\"twitter:label1\" content=\"Est. reading time\" \/>\n\t<meta name=\"twitter:data1\" content=\"2 minutos\" \/>\n<script type=\"application\/ld+json\" class=\"yoast-schema-graph\">{\"@context\":\"https:\/\/schema.org\",\"@graph\":[{\"@type\":\"WebPage\",\"@id\":\"https:\/\/www.manaus.am.gov.br\/semcom\/pautas\/inauguracao-da-casa-de-praia-zezinho-correa\/\",\"url\":\"https:\/\/www.manaus.am.gov.br\/semcom\/pautas\/inauguracao-da-casa-de-praia-zezinho-correa\/\",\"name\":\"Inaugura\u00e7\u00e3o da Casa de Praia Zezinho Corr\u00eaa\",\"isPartOf\":{\"@id\":\"https:\/\/www.manaus.am.gov.br\/semcom\/#website\"},\"primaryImageOfPage\":{\"@id\":\"https:\/\/www.manaus.am.gov.br\/semcom\/pautas\/inauguracao-da-casa-de-praia-zezinho-correa\/#primaryimage\"},\"image\":{\"@id\":\"https:\/\/www.manaus.am.gov.br\/semcom\/pautas\/inauguracao-da-casa-de-praia-zezinho-correa\/#primaryimage\"},\"thumbnailUrl\":\"https:\/\/www.manaus.am.gov.br\/semcom\/wp-content\/uploads\/sites\/5\/2023\/02\/sugestaodepauta.png\",\"datePublished\":\"2023-04-30T21:24:58+00:00\",\"dateModified\":\"2023-04-30T21:24:58+00:00\",\"description\":\"Como parte da programa\u00e7\u00e3o em comemora\u00e7\u00e3o ao Dia do Trabalhador, o prefeito de Manaus, David Almeida, inaugura, \u00e0s 20h desta segunda-feira, 1\u00ba\/5, a nova Casa de Praia, agora batizada de Zezinho Corr\u00eaa, e concede entrevista coletiva \u00e0 imprensa no pr\u00f3prio local, que \u00e9 parte do complexo tur\u00edstico Ponta Negra, na zona Oeste da capital.\",\"inLanguage\":\"pt-BR\",\"potentialAction\":[{\"@type\":\"ReadAction\",\"target\":[\"https:\/\/www.manaus.am.gov.br\/semcom\/pautas\/inauguracao-da-casa-de-praia-zezinho-correa\/\"]}]},{\"@type\":\"ImageObject\",\"inLanguage\":\"pt-BR\",\"@id\":\"https:\/\/www.manaus.am.gov.br\/semcom\/pautas\/inauguracao-da-casa-de-praia-zezinho-correa\/#primaryimage\",\"url\":\"https:\/\/www.manaus.am.gov.br\/semcom\/wp-content\/uploads\/sites\/5\/2023\/02\/sugestaodepauta.png\",\"contentUrl\":\"https:\/\/www.manaus.am.gov.br\/semcom\/wp-content\/uploads\/sites\/5\/2023\/02\/sugestaodepauta.png\",\"width\":1020,\"height\":540},{\"@type\":\"WebSite\",\"@id\":\"https:\/\/www.manaus.am.gov.br\/semcom\/#website\",\"url\":\"https:\/\/www.manaus.am.gov.br\/semcom\/\",\"name\":\"SEMCOM\",\"description\":\"Secretaria Municipal de Comunica\u00e7\u00e3o\",\"potentialAction\":[{\"@type\":\"SearchAction\",\"target\":{\"@type\":\"EntryPoint\",\"urlTemplate\":\"https:\/\/www.manaus.am.gov.br\/semcom\/?s={search_term_string}\"},\"query-input\":\"required name=search_term_string\"}],\"inLanguage\":\"pt-BR\"}]}<\/script>\n<!-- \/ Yoast SEO plugin. -->","yoast_head_json":{"title":"Inaugura\u00e7\u00e3o da Casa de Praia Zezinho Corr\u00eaa","description":"Como parte da programa\u00e7\u00e3o em comemora\u00e7\u00e3o ao Dia do Trabalhador, o prefeito de Manaus, David Almeida, inaugura, \u00e0s 20h desta segunda-feira, 1\u00ba\/5, a nova Casa de Praia, agora batizada de Zezinho Corr\u00eaa, e concede entrevista coletiva \u00e0 imprensa no pr\u00f3prio local, que \u00e9 parte do complexo tur\u00edstico Ponta Negra, na zona Oeste da capital.","robots":{"index":"index","follow":"follow","max-snippet":"max-snippet:-1","max-image-preview":"max-image-preview:large","max-video-preview":"max-video-preview:-1"},"canonical":"https:\/\/www.manaus.am.gov.br\/semcom\/pautas\/inauguracao-da-casa-de-praia-zezinho-correa\/","og_locale":"pt_BR","og_type":"article","og_title":"Inaugura\u00e7\u00e3o da Casa de Praia Zezinho Corr\u00eaa","og_description":"Como parte da programa\u00e7\u00e3o em comemora\u00e7\u00e3o ao Dia do Trabalhador, o prefeito de Manaus, David Almeida, inaugura, \u00e0s 20h desta segunda-feira, 1\u00ba\/5, a nova Casa de Praia, agora batizada de Zezinho Corr\u00eaa, e concede entrevista coletiva \u00e0 imprensa no pr\u00f3prio local, que \u00e9 parte do complexo tur\u00edstico Ponta Negra, na zona Oeste da capital.","og_url":"https:\/\/www.manaus.am.gov.br\/semcom\/pautas\/inauguracao-da-casa-de-praia-zezinho-correa\/","og_site_name":"SEMCOM","og_image":[{"width":1020,"height":540,"url":"https:\/\/www.manaus.am.gov.br\/semcom\/wp-content\/uploads\/sites\/5\/2023\/02\/sugestaodepauta.png","type":"image\/png"}],"twitter_card":"summary_large_image","twitter_misc":{"Est. reading time":"2 minutos"},"schema":{"@context":"https:\/\/schema.org","@graph":[{"@type":"WebPage","@id":"https:\/\/www.manaus.am.gov.br\/semcom\/pautas\/inauguracao-da-casa-de-praia-zezinho-correa\/","url":"https:\/\/www.manaus.am.gov.br\/semcom\/pautas\/inauguracao-da-casa-de-praia-zezinho-correa\/","name":"Inaugura\u00e7\u00e3o da Casa de Praia Zezinho Corr\u00eaa","isPartOf":{"@id":"https:\/\/www.manaus.am.gov.br\/semcom\/#website"},"primaryImageOfPage":{"@id":"https:\/\/www.manaus.am.gov.br\/semcom\/pautas\/inauguracao-da-casa-de-praia-zezinho-correa\/#primaryimage"},"image":{"@id":"https:\/\/www.manaus.am.gov.br\/semcom\/pautas\/inauguracao-da-casa-de-praia-zezinho-correa\/#primaryimage"},"thumbnailUrl":"https:\/\/www.manaus.am.gov.br\/semcom\/wp-content\/uploads\/sites\/5\/2023\/02\/sugestaodepauta.png","datePublished":"2023-04-30T21:24:58+00:00","dateModified":"2023-04-30T21:24:58+00:00","description":"Como parte da programa\u00e7\u00e3o em comemora\u00e7\u00e3o ao Dia do Trabalhador, o prefeito de Manaus, David Almeida, inaugura, \u00e0s 20h desta segunda-feira, 1\u00ba\/5, a nova Casa de Praia, agora batizada de Zezinho Corr\u00eaa, e concede entrevista coletiva \u00e0 imprensa no pr\u00f3prio local, que \u00e9 parte do complexo tur\u00edstico Ponta Negra, na zona Oeste da capital.","inLanguage":"pt-BR","potentialAction":[{"@type":"ReadAction","target":["https:\/\/www.manaus.am.gov.br\/semcom\/pautas\/inauguracao-da-casa-de-praia-zezinho-correa\/"]}]},{"@type":"ImageObject","inLanguage":"pt-BR","@id":"https:\/\/www.manaus.am.gov.br\/semcom\/pautas\/inauguracao-da-casa-de-praia-zezinho-correa\/#primaryimage","url":"https:\/\/www.manaus.am.gov.br\/semcom\/wp-content\/uploads\/sites\/5\/2023\/02\/sugestaodepauta.png","contentUrl":"https:\/\/www.manaus.am.gov.br\/semcom\/wp-content\/uploads\/sites\/5\/2023\/02\/sugestaodepauta.png","width":1020,"height":540},{"@type":"WebSite","@id":"https:\/\/www.manaus.am.gov.br\/semcom\/#website","url":"https:\/\/www.manaus.am.gov.br\/semcom\/","name":"SEMCOM","description":"Secretaria Municipal de Comunica\u00e7\u00e3o","potentialAction":[{"@type":"SearchAction","target":{"@type":"EntryPoint","urlTemplate":"https:\/\/www.manaus.am.gov.br\/semcom\/?s={search_term_string}"},"query-input":"required name=search_term_string"}],"inLanguage":"pt-BR"}]}},"_links":{"self":[{"href":"https:\/\/www.manaus.am.gov.br\/semcom\/wp-json\/wp\/v2\/pautas\/212748"}],"collection":[{"href":"https:\/\/www.manaus.am.gov.br\/semcom\/wp-json\/wp\/v2\/pautas"}],"about":[{"href":"https:\/\/www.manaus.am.gov.br\/semcom\/wp-json\/wp\/v2\/types\/pautas"}],"wp:featuredmedia":[{"embeddable":true,"href":"https:\/\/www.manaus.am.gov.br\/semcom\/wp-json\/wp\/v2\/media\/208729"}],"wp:attachment":[{"href":"https:\/\/www.manaus.am.gov.br\/semcom\/wp-json\/wp\/v2\/media?parent=212748"}],"wp:term":[{"taxonomy":"category","embeddable":true,"href":"https:\/\/www.manaus.am.gov.br\/semcom\/wp-json\/wp\/v2\/categories?post=212748"}],"curies":[{"name":"wp","href":"https:\/\/api.w.org\/{rel}","templated":true}]}}