{"id":212744,"date":"2023-04-30T16:45:41","date_gmt":"2023-04-30T19:45:41","guid":{"rendered":"https:\/\/www.manaus.am.gov.br\/semcom\/?post_type=pautas&#038;p=212744"},"modified":"2023-04-30T16:45:41","modified_gmt":"2023-04-30T19:45:41","slug":"comemoracao-dia-do-trabalhador","status":"publish","type":"pautas","link":"https:\/\/www.manaus.am.gov.br\/semcom\/pautas\/comemoracao-dia-do-trabalhador\/","title":{"rendered":"<strong>Prefeitura realiza megaprograma\u00e7\u00e3o em comemora\u00e7\u00e3o ao Dia do Trabalhador<\/strong>"},"content":{"rendered":"\n<p>Em comemora\u00e7\u00e3o ao Dia do Trabalhador, a Prefeitura de Manaus, por interm\u00e9dio da Secretaria Municipal do Trabalho, Empreendedorismo e Inova\u00e7\u00e3o (Semtepi), Funda\u00e7\u00e3o Municipal de Cultura, Turismo e Eventos (Manauscult) e Secretaria Municipal de Comunica\u00e7\u00e3o (Semcom), realiza nesta segunda-feira, 1\u00ba\/5, uma s\u00e9rie de programa\u00e7\u00f5es como forma de reconhecer e homenagear todo o empenho e dedica\u00e7\u00e3o dos trabalhadores da capital amazonense, com destaque para a inaugura\u00e7\u00e3o da Casa de Praia Zezinho Corr\u00eaa, no complexo tur\u00edstico Ponta Negra.<\/p>\n\n\n\n<p>As a\u00e7\u00f5es iniciam a partir das 7h, no shopping Phelippe Daou, na zona Norte da cidade, com uma s\u00e9rie de atividades que incluem circuito de dan\u00e7as aer\u00f3bicas e apresenta\u00e7\u00f5es de musicais. No local, o \u201caul\u00e3o\u201d de ritmos ser\u00e1 comandado pelo artista Hudson Praia, ex-integrante da banda Carrapicho. Na parte da tarde, a partir das 15h, a programa\u00e7\u00e3o segue na Ponta Negra, zona Oeste, com a inaugura\u00e7\u00e3o da Casa de Praia Zezinho Correa, e apresenta\u00e7\u00f5es de artistas locais e a grande atra\u00e7\u00e3o nacional, o cantor Frejat.<\/p>\n\n\n\n<p>O acesso aos locais \u00e9 gratuito tanto no Shopping Phelippe Daou quanto na \u00e1rea de praia da Ponta Negra.<\/p>\n\n\n\n<p><strong>SERVI\u00c7O:<\/strong><\/p>\n\n\n\n<p><strong>O qu\u00ea<\/strong> &#8211; Prefeitura realiza programa\u00e7\u00e3o comemorativa em alus\u00e3o ao Dia do Trabalhador<\/p>\n\n\n\n<p><strong>Quando<\/strong> \u2013 Segunda-feira, 1\u00ba\/5<\/p>\n\n\n\n<p><strong>Hor\u00e1rio<\/strong> &#8211; A partir das <strong>7h<\/strong> &#8211; Shopping Phelippe Daou (avenida Camapu\u00e3, bairro Cidade de Deus, zona Norte). A partir das <strong>15h<\/strong> &#8211; Casa de Praia Zezinho Correa (Ponta Negra, zona Oeste)<\/p>\n\n\n\n<p>MANAUSCULT &#8211; Funda\u00e7\u00e3o Municipal de Cultura, Turismo e Eventos<\/p>\n\n\n\n<p>Assessor Respons\u00e1vel: Emanuelle Baires &#8211; (92) 98185-5476<\/p>\n\n\n\n<p>E-mail: <a href=\"mailto:comunica.manauscult@gmail.com\">comunica.manauscult@gmail.com<\/a><\/p>\n\n\n\n<p>SEMTEPI &#8211; Secretaria Municipal do Trabalho, Empreendedorismo e Inova\u00e7\u00e3o<\/p>\n\n\n\n<p>E-mail: <a href=\"mailto:comunicacao.semtepi@gmail.com\">comunicacao.semtepi@gmail.com<\/a><\/p>\n","protected":false},"featured_media":208729,"template":"","categories":[806],"acf":[],"yoast_head":"<!-- This site is optimized with the Yoast SEO plugin v23.0 - https:\/\/yoast.com\/wordpress\/plugins\/seo\/ -->\n<title>Prefeitura realiza megaprograma\u00e7\u00e3o em comemora\u00e7\u00e3o ao Dia do Trabalhador<\/title>\n<meta name=\"description\" content=\"Em comemora\u00e7\u00e3o ao Dia do Trabalhador, a Prefeitura de Manaus realiza nesta segunda-feira, 1\u00ba\/5, uma s\u00e9rie de programa\u00e7\u00f5es\" \/>\n<meta name=\"robots\" content=\"index, follow, max-snippet:-1, max-image-preview:large, max-video-preview:-1\" \/>\n<link rel=\"canonical\" href=\"https:\/\/www.manaus.am.gov.br\/semcom\/pautas\/comemoracao-dia-do-trabalhador\/\" \/>\n<meta property=\"og:locale\" content=\"pt_BR\" \/>\n<meta property=\"og:type\" content=\"article\" \/>\n<meta property=\"og:title\" content=\"Prefeitura realiza megaprograma\u00e7\u00e3o em comemora\u00e7\u00e3o ao Dia do Trabalhador\" \/>\n<meta property=\"og:description\" content=\"Em comemora\u00e7\u00e3o ao Dia do Trabalhador, a Prefeitura de Manaus realiza nesta segunda-feira, 1\u00ba\/5, uma s\u00e9rie de programa\u00e7\u00f5es\" \/>\n<meta property=\"og:url\" content=\"https:\/\/www.manaus.am.gov.br\/semcom\/pautas\/comemoracao-dia-do-trabalhador\/\" \/>\n<meta property=\"og:site_name\" content=\"SEMCOM\" \/>\n<meta property=\"og:image\" content=\"https:\/\/www.manaus.am.gov.br\/semcom\/wp-content\/uploads\/sites\/5\/2023\/02\/sugestaodepauta.png\" \/>\n\t<meta property=\"og:image:width\" content=\"1020\" \/>\n\t<meta property=\"og:image:height\" content=\"540\" \/>\n\t<meta property=\"og:image:type\" content=\"image\/png\" \/>\n<meta name=\"twitter:card\" content=\"summary_large_image\" \/>\n<meta name=\"twitter:label1\" content=\"Est. reading time\" \/>\n\t<meta name=\"twitter:data1\" content=\"2 minutos\" \/>\n<script type=\"application\/ld+json\" class=\"yoast-schema-graph\">{\"@context\":\"https:\/\/schema.org\",\"@graph\":[{\"@type\":\"WebPage\",\"@id\":\"https:\/\/www.manaus.am.gov.br\/semcom\/pautas\/comemoracao-dia-do-trabalhador\/\",\"url\":\"https:\/\/www.manaus.am.gov.br\/semcom\/pautas\/comemoracao-dia-do-trabalhador\/\",\"name\":\"Prefeitura realiza megaprograma\u00e7\u00e3o em comemora\u00e7\u00e3o ao Dia do Trabalhador\",\"isPartOf\":{\"@id\":\"https:\/\/www.manaus.am.gov.br\/semcom\/#website\"},\"primaryImageOfPage\":{\"@id\":\"https:\/\/www.manaus.am.gov.br\/semcom\/pautas\/comemoracao-dia-do-trabalhador\/#primaryimage\"},\"image\":{\"@id\":\"https:\/\/www.manaus.am.gov.br\/semcom\/pautas\/comemoracao-dia-do-trabalhador\/#primaryimage\"},\"thumbnailUrl\":\"https:\/\/www.manaus.am.gov.br\/semcom\/wp-content\/uploads\/sites\/5\/2023\/02\/sugestaodepauta.png\",\"datePublished\":\"2023-04-30T19:45:41+00:00\",\"dateModified\":\"2023-04-30T19:45:41+00:00\",\"description\":\"Em comemora\u00e7\u00e3o ao Dia do Trabalhador, a Prefeitura de Manaus realiza nesta segunda-feira, 1\u00ba\/5, uma s\u00e9rie de programa\u00e7\u00f5es\",\"inLanguage\":\"pt-BR\",\"potentialAction\":[{\"@type\":\"ReadAction\",\"target\":[\"https:\/\/www.manaus.am.gov.br\/semcom\/pautas\/comemoracao-dia-do-trabalhador\/\"]}]},{\"@type\":\"ImageObject\",\"inLanguage\":\"pt-BR\",\"@id\":\"https:\/\/www.manaus.am.gov.br\/semcom\/pautas\/comemoracao-dia-do-trabalhador\/#primaryimage\",\"url\":\"https:\/\/www.manaus.am.gov.br\/semcom\/wp-content\/uploads\/sites\/5\/2023\/02\/sugestaodepauta.png\",\"contentUrl\":\"https:\/\/www.manaus.am.gov.br\/semcom\/wp-content\/uploads\/sites\/5\/2023\/02\/sugestaodepauta.png\",\"width\":1020,\"height\":540},{\"@type\":\"WebSite\",\"@id\":\"https:\/\/www.manaus.am.gov.br\/semcom\/#website\",\"url\":\"https:\/\/www.manaus.am.gov.br\/semcom\/\",\"name\":\"SEMCOM\",\"description\":\"Secretaria Municipal de Comunica\u00e7\u00e3o\",\"potentialAction\":[{\"@type\":\"SearchAction\",\"target\":{\"@type\":\"EntryPoint\",\"urlTemplate\":\"https:\/\/www.manaus.am.gov.br\/semcom\/?s={search_term_string}\"},\"query-input\":\"required name=search_term_string\"}],\"inLanguage\":\"pt-BR\"}]}<\/script>\n<!-- \/ Yoast SEO plugin. -->","yoast_head_json":{"title":"Prefeitura realiza megaprograma\u00e7\u00e3o em comemora\u00e7\u00e3o ao Dia do Trabalhador","description":"Em comemora\u00e7\u00e3o ao Dia do Trabalhador, a Prefeitura de Manaus realiza nesta segunda-feira, 1\u00ba\/5, uma s\u00e9rie de programa\u00e7\u00f5es","robots":{"index":"index","follow":"follow","max-snippet":"max-snippet:-1","max-image-preview":"max-image-preview:large","max-video-preview":"max-video-preview:-1"},"canonical":"https:\/\/www.manaus.am.gov.br\/semcom\/pautas\/comemoracao-dia-do-trabalhador\/","og_locale":"pt_BR","og_type":"article","og_title":"Prefeitura realiza megaprograma\u00e7\u00e3o em comemora\u00e7\u00e3o ao Dia do Trabalhador","og_description":"Em comemora\u00e7\u00e3o ao Dia do Trabalhador, a Prefeitura de Manaus realiza nesta segunda-feira, 1\u00ba\/5, uma s\u00e9rie de programa\u00e7\u00f5es","og_url":"https:\/\/www.manaus.am.gov.br\/semcom\/pautas\/comemoracao-dia-do-trabalhador\/","og_site_name":"SEMCOM","og_image":[{"width":1020,"height":540,"url":"https:\/\/www.manaus.am.gov.br\/semcom\/wp-content\/uploads\/sites\/5\/2023\/02\/sugestaodepauta.png","type":"image\/png"}],"twitter_card":"summary_large_image","twitter_misc":{"Est. reading time":"2 minutos"},"schema":{"@context":"https:\/\/schema.org","@graph":[{"@type":"WebPage","@id":"https:\/\/www.manaus.am.gov.br\/semcom\/pautas\/comemoracao-dia-do-trabalhador\/","url":"https:\/\/www.manaus.am.gov.br\/semcom\/pautas\/comemoracao-dia-do-trabalhador\/","name":"Prefeitura realiza megaprograma\u00e7\u00e3o em comemora\u00e7\u00e3o ao Dia do Trabalhador","isPartOf":{"@id":"https:\/\/www.manaus.am.gov.br\/semcom\/#website"},"primaryImageOfPage":{"@id":"https:\/\/www.manaus.am.gov.br\/semcom\/pautas\/comemoracao-dia-do-trabalhador\/#primaryimage"},"image":{"@id":"https:\/\/www.manaus.am.gov.br\/semcom\/pautas\/comemoracao-dia-do-trabalhador\/#primaryimage"},"thumbnailUrl":"https:\/\/www.manaus.am.gov.br\/semcom\/wp-content\/uploads\/sites\/5\/2023\/02\/sugestaodepauta.png","datePublished":"2023-04-30T19:45:41+00:00","dateModified":"2023-04-30T19:45:41+00:00","description":"Em comemora\u00e7\u00e3o ao Dia do Trabalhador, a Prefeitura de Manaus realiza nesta segunda-feira, 1\u00ba\/5, uma s\u00e9rie de programa\u00e7\u00f5es","inLanguage":"pt-BR","potentialAction":[{"@type":"ReadAction","target":["https:\/\/www.manaus.am.gov.br\/semcom\/pautas\/comemoracao-dia-do-trabalhador\/"]}]},{"@type":"ImageObject","inLanguage":"pt-BR","@id":"https:\/\/www.manaus.am.gov.br\/semcom\/pautas\/comemoracao-dia-do-trabalhador\/#primaryimage","url":"https:\/\/www.manaus.am.gov.br\/semcom\/wp-content\/uploads\/sites\/5\/2023\/02\/sugestaodepauta.png","contentUrl":"https:\/\/www.manaus.am.gov.br\/semcom\/wp-content\/uploads\/sites\/5\/2023\/02\/sugestaodepauta.png","width":1020,"height":540},{"@type":"WebSite","@id":"https:\/\/www.manaus.am.gov.br\/semcom\/#website","url":"https:\/\/www.manaus.am.gov.br\/semcom\/","name":"SEMCOM","description":"Secretaria Municipal de Comunica\u00e7\u00e3o","potentialAction":[{"@type":"SearchAction","target":{"@type":"EntryPoint","urlTemplate":"https:\/\/www.manaus.am.gov.br\/semcom\/?s={search_term_string}"},"query-input":"required name=search_term_string"}],"inLanguage":"pt-BR"}]}},"_links":{"self":[{"href":"https:\/\/www.manaus.am.gov.br\/semcom\/wp-json\/wp\/v2\/pautas\/212744"}],"collection":[{"href":"https:\/\/www.manaus.am.gov.br\/semcom\/wp-json\/wp\/v2\/pautas"}],"about":[{"href":"https:\/\/www.manaus.am.gov.br\/semcom\/wp-json\/wp\/v2\/types\/pautas"}],"wp:featuredmedia":[{"embeddable":true,"href":"https:\/\/www.manaus.am.gov.br\/semcom\/wp-json\/wp\/v2\/media\/208729"}],"wp:attachment":[{"href":"https:\/\/www.manaus.am.gov.br\/semcom\/wp-json\/wp\/v2\/media?parent=212744"}],"wp:term":[{"taxonomy":"category","embeddable":true,"href":"https:\/\/www.manaus.am.gov.br\/semcom\/wp-json\/wp\/v2\/categories?post=212744"}],"curies":[{"name":"wp","href":"https:\/\/api.w.org\/{rel}","templated":true}]}}