{"id":212688,"date":"2023-04-28T14:04:34","date_gmt":"2023-04-28T17:04:34","guid":{"rendered":"https:\/\/www.manaus.am.gov.br\/semcom\/?post_type=pautas&#038;p=212688"},"modified":"2023-04-28T14:04:34","modified_gmt":"2023-04-28T17:04:34","slug":"prefeitura-inicia-oferta-da-vacina-bivalente-contra-a-covid-19-para-publico-com-18-anos-ou-mais","status":"publish","type":"pautas","link":"https:\/\/www.manaus.am.gov.br\/semcom\/pautas\/prefeitura-inicia-oferta-da-vacina-bivalente-contra-a-covid-19-para-publico-com-18-anos-ou-mais\/","title":{"rendered":"<strong>Prefeitura inicia oferta da vacina bivalente contra a Covid-19 para p\u00fablico com 18 anos ou mais<\/strong>"},"content":{"rendered":"\n<p>A Prefeitura de Manaus iniciar\u00e1, neste s\u00e1bado, 29\/4, a oferta da vacina bivalente contra a Covid-19 para o p\u00fablico com 18 anos de idade ou mais. A Secretaria Municipal de Sa\u00fade (Semsa) informa que o imunizante ser\u00e1 disponibilizado em nove pontos de vacina\u00e7\u00e3o, neste s\u00e1bado, e em 75 endere\u00e7os a partir de ter\u00e7a-feira, 2\/5.<\/p>\n\n\n\n<p>A amplia\u00e7\u00e3o da campanha ser\u00e1 acompanhada pelo subsecret\u00e1rio municipal de Gest\u00e3o da Sa\u00fade, Djalma Coelho, \u00e0s 9h30, na Unidade de Sa\u00fade da Fam\u00edlia (USF) Jos\u00e9 Rayol dos Santos, na avenida Constantino Nery, bairro Chapada, zona Centro-Sul. Neste s\u00e1bado, a imuniza\u00e7\u00e3o ser\u00e1 realizada das 8h \u00e0s 12h.<\/p>\n\n\n\n<p><strong>SERVI\u00c7O:<\/strong><\/p>\n\n\n\n<p><strong>O qu\u00ea<\/strong>&nbsp;\u2013 Libera\u00e7\u00e3o da bivalente para pessoas com 18 anos ou mais<\/p>\n\n\n\n<p><strong>Quando<\/strong>&nbsp;\u2013 S\u00e1bado, 29\/4<\/p>\n\n\n\n<p><strong>Hor\u00e1rio<\/strong>&nbsp;\u2013 9h30<\/p>\n\n\n\n<p><strong>Local<\/strong>&nbsp;\u2013 USF Jos\u00e9 Rayol dos Santos, na avenida Constantino Nery, bairro Chapada, zona Centro-Sul.<\/p>\n","protected":false},"featured_media":208729,"template":"","categories":[787],"acf":[],"yoast_head":"<!-- This site is optimized with the Yoast SEO plugin v23.0 - https:\/\/yoast.com\/wordpress\/plugins\/seo\/ -->\n<title>Prefeitura inicia oferta da vacina bivalente contra a Covid-19 para p\u00fablico com 18 anos ou mais<\/title>\n<meta name=\"description\" content=\"A Prefeitura de Manaus iniciar\u00e1, neste s\u00e1bado, 29\/4, a oferta da vacina bivalente contra a Covid-19 para o p\u00fablico com 18 anos de idade ou mais. A Secretaria Municipal de Sa\u00fade (Semsa) informa que o imunizante ser\u00e1 disponibilizado em nove pontos de vacina\u00e7\u00e3o, neste s\u00e1bado, e em 75 endere\u00e7os a partir de ter\u00e7a-feira, 2\/5.\" \/>\n<meta name=\"robots\" content=\"index, follow, max-snippet:-1, max-image-preview:large, max-video-preview:-1\" \/>\n<link rel=\"canonical\" href=\"https:\/\/www.manaus.am.gov.br\/semcom\/pautas\/prefeitura-inicia-oferta-da-vacina-bivalente-contra-a-covid-19-para-publico-com-18-anos-ou-mais\/\" \/>\n<meta property=\"og:locale\" content=\"pt_BR\" \/>\n<meta property=\"og:type\" content=\"article\" \/>\n<meta property=\"og:title\" content=\"Prefeitura inicia oferta da vacina bivalente contra a Covid-19 para p\u00fablico com 18 anos ou mais\" \/>\n<meta property=\"og:description\" content=\"A Prefeitura de Manaus iniciar\u00e1, neste s\u00e1bado, 29\/4, a oferta da vacina bivalente contra a Covid-19 para o p\u00fablico com 18 anos de idade ou mais. A Secretaria Municipal de Sa\u00fade (Semsa) informa que o imunizante ser\u00e1 disponibilizado em nove pontos de vacina\u00e7\u00e3o, neste s\u00e1bado, e em 75 endere\u00e7os a partir de ter\u00e7a-feira, 2\/5.\" \/>\n<meta property=\"og:url\" content=\"https:\/\/www.manaus.am.gov.br\/semcom\/pautas\/prefeitura-inicia-oferta-da-vacina-bivalente-contra-a-covid-19-para-publico-com-18-anos-ou-mais\/\" \/>\n<meta property=\"og:site_name\" content=\"SEMCOM\" \/>\n<meta property=\"og:image\" content=\"https:\/\/www.manaus.am.gov.br\/semcom\/wp-content\/uploads\/sites\/5\/2023\/02\/sugestaodepauta.png\" \/>\n\t<meta property=\"og:image:width\" content=\"1020\" \/>\n\t<meta property=\"og:image:height\" content=\"540\" \/>\n\t<meta property=\"og:image:type\" content=\"image\/png\" \/>\n<meta name=\"twitter:card\" content=\"summary_large_image\" \/>\n<meta name=\"twitter:label1\" content=\"Est. reading time\" \/>\n\t<meta name=\"twitter:data1\" content=\"1 minuto\" \/>\n<script type=\"application\/ld+json\" class=\"yoast-schema-graph\">{\"@context\":\"https:\/\/schema.org\",\"@graph\":[{\"@type\":\"WebPage\",\"@id\":\"https:\/\/www.manaus.am.gov.br\/semcom\/pautas\/prefeitura-inicia-oferta-da-vacina-bivalente-contra-a-covid-19-para-publico-com-18-anos-ou-mais\/\",\"url\":\"https:\/\/www.manaus.am.gov.br\/semcom\/pautas\/prefeitura-inicia-oferta-da-vacina-bivalente-contra-a-covid-19-para-publico-com-18-anos-ou-mais\/\",\"name\":\"Prefeitura inicia oferta da vacina bivalente contra a Covid-19 para p\u00fablico com 18 anos ou mais\",\"isPartOf\":{\"@id\":\"https:\/\/www.manaus.am.gov.br\/semcom\/#website\"},\"primaryImageOfPage\":{\"@id\":\"https:\/\/www.manaus.am.gov.br\/semcom\/pautas\/prefeitura-inicia-oferta-da-vacina-bivalente-contra-a-covid-19-para-publico-com-18-anos-ou-mais\/#primaryimage\"},\"image\":{\"@id\":\"https:\/\/www.manaus.am.gov.br\/semcom\/pautas\/prefeitura-inicia-oferta-da-vacina-bivalente-contra-a-covid-19-para-publico-com-18-anos-ou-mais\/#primaryimage\"},\"thumbnailUrl\":\"https:\/\/www.manaus.am.gov.br\/semcom\/wp-content\/uploads\/sites\/5\/2023\/02\/sugestaodepauta.png\",\"datePublished\":\"2023-04-28T17:04:34+00:00\",\"dateModified\":\"2023-04-28T17:04:34+00:00\",\"description\":\"A Prefeitura de Manaus iniciar\u00e1, neste s\u00e1bado, 29\/4, a oferta da vacina bivalente contra a Covid-19 para o p\u00fablico com 18 anos de idade ou mais. A Secretaria Municipal de Sa\u00fade (Semsa) informa que o imunizante ser\u00e1 disponibilizado em nove pontos de vacina\u00e7\u00e3o, neste s\u00e1bado, e em 75 endere\u00e7os a partir de ter\u00e7a-feira, 2\/5.\",\"inLanguage\":\"pt-BR\",\"potentialAction\":[{\"@type\":\"ReadAction\",\"target\":[\"https:\/\/www.manaus.am.gov.br\/semcom\/pautas\/prefeitura-inicia-oferta-da-vacina-bivalente-contra-a-covid-19-para-publico-com-18-anos-ou-mais\/\"]}]},{\"@type\":\"ImageObject\",\"inLanguage\":\"pt-BR\",\"@id\":\"https:\/\/www.manaus.am.gov.br\/semcom\/pautas\/prefeitura-inicia-oferta-da-vacina-bivalente-contra-a-covid-19-para-publico-com-18-anos-ou-mais\/#primaryimage\",\"url\":\"https:\/\/www.manaus.am.gov.br\/semcom\/wp-content\/uploads\/sites\/5\/2023\/02\/sugestaodepauta.png\",\"contentUrl\":\"https:\/\/www.manaus.am.gov.br\/semcom\/wp-content\/uploads\/sites\/5\/2023\/02\/sugestaodepauta.png\",\"width\":1020,\"height\":540},{\"@type\":\"WebSite\",\"@id\":\"https:\/\/www.manaus.am.gov.br\/semcom\/#website\",\"url\":\"https:\/\/www.manaus.am.gov.br\/semcom\/\",\"name\":\"SEMCOM\",\"description\":\"Secretaria Municipal de Comunica\u00e7\u00e3o\",\"potentialAction\":[{\"@type\":\"SearchAction\",\"target\":{\"@type\":\"EntryPoint\",\"urlTemplate\":\"https:\/\/www.manaus.am.gov.br\/semcom\/?s={search_term_string}\"},\"query-input\":\"required name=search_term_string\"}],\"inLanguage\":\"pt-BR\"}]}<\/script>\n<!-- \/ Yoast SEO plugin. -->","yoast_head_json":{"title":"Prefeitura inicia oferta da vacina bivalente contra a Covid-19 para p\u00fablico com 18 anos ou mais","description":"A Prefeitura de Manaus iniciar\u00e1, neste s\u00e1bado, 29\/4, a oferta da vacina bivalente contra a Covid-19 para o p\u00fablico com 18 anos de idade ou mais. A Secretaria Municipal de Sa\u00fade (Semsa) informa que o imunizante ser\u00e1 disponibilizado em nove pontos de vacina\u00e7\u00e3o, neste s\u00e1bado, e em 75 endere\u00e7os a partir de ter\u00e7a-feira, 2\/5.","robots":{"index":"index","follow":"follow","max-snippet":"max-snippet:-1","max-image-preview":"max-image-preview:large","max-video-preview":"max-video-preview:-1"},"canonical":"https:\/\/www.manaus.am.gov.br\/semcom\/pautas\/prefeitura-inicia-oferta-da-vacina-bivalente-contra-a-covid-19-para-publico-com-18-anos-ou-mais\/","og_locale":"pt_BR","og_type":"article","og_title":"Prefeitura inicia oferta da vacina bivalente contra a Covid-19 para p\u00fablico com 18 anos ou mais","og_description":"A Prefeitura de Manaus iniciar\u00e1, neste s\u00e1bado, 29\/4, a oferta da vacina bivalente contra a Covid-19 para o p\u00fablico com 18 anos de idade ou mais. A Secretaria Municipal de Sa\u00fade (Semsa) informa que o imunizante ser\u00e1 disponibilizado em nove pontos de vacina\u00e7\u00e3o, neste s\u00e1bado, e em 75 endere\u00e7os a partir de ter\u00e7a-feira, 2\/5.","og_url":"https:\/\/www.manaus.am.gov.br\/semcom\/pautas\/prefeitura-inicia-oferta-da-vacina-bivalente-contra-a-covid-19-para-publico-com-18-anos-ou-mais\/","og_site_name":"SEMCOM","og_image":[{"width":1020,"height":540,"url":"https:\/\/www.manaus.am.gov.br\/semcom\/wp-content\/uploads\/sites\/5\/2023\/02\/sugestaodepauta.png","type":"image\/png"}],"twitter_card":"summary_large_image","twitter_misc":{"Est. reading time":"1 minuto"},"schema":{"@context":"https:\/\/schema.org","@graph":[{"@type":"WebPage","@id":"https:\/\/www.manaus.am.gov.br\/semcom\/pautas\/prefeitura-inicia-oferta-da-vacina-bivalente-contra-a-covid-19-para-publico-com-18-anos-ou-mais\/","url":"https:\/\/www.manaus.am.gov.br\/semcom\/pautas\/prefeitura-inicia-oferta-da-vacina-bivalente-contra-a-covid-19-para-publico-com-18-anos-ou-mais\/","name":"Prefeitura inicia oferta da vacina bivalente contra a Covid-19 para p\u00fablico com 18 anos ou mais","isPartOf":{"@id":"https:\/\/www.manaus.am.gov.br\/semcom\/#website"},"primaryImageOfPage":{"@id":"https:\/\/www.manaus.am.gov.br\/semcom\/pautas\/prefeitura-inicia-oferta-da-vacina-bivalente-contra-a-covid-19-para-publico-com-18-anos-ou-mais\/#primaryimage"},"image":{"@id":"https:\/\/www.manaus.am.gov.br\/semcom\/pautas\/prefeitura-inicia-oferta-da-vacina-bivalente-contra-a-covid-19-para-publico-com-18-anos-ou-mais\/#primaryimage"},"thumbnailUrl":"https:\/\/www.manaus.am.gov.br\/semcom\/wp-content\/uploads\/sites\/5\/2023\/02\/sugestaodepauta.png","datePublished":"2023-04-28T17:04:34+00:00","dateModified":"2023-04-28T17:04:34+00:00","description":"A Prefeitura de Manaus iniciar\u00e1, neste s\u00e1bado, 29\/4, a oferta da vacina bivalente contra a Covid-19 para o p\u00fablico com 18 anos de idade ou mais. A Secretaria Municipal de Sa\u00fade (Semsa) informa que o imunizante ser\u00e1 disponibilizado em nove pontos de vacina\u00e7\u00e3o, neste s\u00e1bado, e em 75 endere\u00e7os a partir de ter\u00e7a-feira, 2\/5.","inLanguage":"pt-BR","potentialAction":[{"@type":"ReadAction","target":["https:\/\/www.manaus.am.gov.br\/semcom\/pautas\/prefeitura-inicia-oferta-da-vacina-bivalente-contra-a-covid-19-para-publico-com-18-anos-ou-mais\/"]}]},{"@type":"ImageObject","inLanguage":"pt-BR","@id":"https:\/\/www.manaus.am.gov.br\/semcom\/pautas\/prefeitura-inicia-oferta-da-vacina-bivalente-contra-a-covid-19-para-publico-com-18-anos-ou-mais\/#primaryimage","url":"https:\/\/www.manaus.am.gov.br\/semcom\/wp-content\/uploads\/sites\/5\/2023\/02\/sugestaodepauta.png","contentUrl":"https:\/\/www.manaus.am.gov.br\/semcom\/wp-content\/uploads\/sites\/5\/2023\/02\/sugestaodepauta.png","width":1020,"height":540},{"@type":"WebSite","@id":"https:\/\/www.manaus.am.gov.br\/semcom\/#website","url":"https:\/\/www.manaus.am.gov.br\/semcom\/","name":"SEMCOM","description":"Secretaria Municipal de Comunica\u00e7\u00e3o","potentialAction":[{"@type":"SearchAction","target":{"@type":"EntryPoint","urlTemplate":"https:\/\/www.manaus.am.gov.br\/semcom\/?s={search_term_string}"},"query-input":"required name=search_term_string"}],"inLanguage":"pt-BR"}]}},"_links":{"self":[{"href":"https:\/\/www.manaus.am.gov.br\/semcom\/wp-json\/wp\/v2\/pautas\/212688"}],"collection":[{"href":"https:\/\/www.manaus.am.gov.br\/semcom\/wp-json\/wp\/v2\/pautas"}],"about":[{"href":"https:\/\/www.manaus.am.gov.br\/semcom\/wp-json\/wp\/v2\/types\/pautas"}],"wp:featuredmedia":[{"embeddable":true,"href":"https:\/\/www.manaus.am.gov.br\/semcom\/wp-json\/wp\/v2\/media\/208729"}],"wp:attachment":[{"href":"https:\/\/www.manaus.am.gov.br\/semcom\/wp-json\/wp\/v2\/media?parent=212688"}],"wp:term":[{"taxonomy":"category","embeddable":true,"href":"https:\/\/www.manaus.am.gov.br\/semcom\/wp-json\/wp\/v2\/categories?post=212688"}],"curies":[{"name":"wp","href":"https:\/\/api.w.org\/{rel}","templated":true}]}}