{"id":212597,"date":"2023-04-26T14:41:13","date_gmt":"2023-04-26T17:41:13","guid":{"rendered":"https:\/\/www.manaus.am.gov.br\/semcom\/?post_type=pautas&#038;p=212597"},"modified":"2023-04-26T14:41:14","modified_gmt":"2023-04-26T17:41:14","slug":"prefeitura-de-manaus-vai-realizar-o-1o-seminario-municipal-de-cultura-para-discutir-as-politicas-publicas-nos-segmentos-culturais","status":"publish","type":"pautas","link":"https:\/\/www.manaus.am.gov.br\/semcom\/pautas\/prefeitura-de-manaus-vai-realizar-o-1o-seminario-municipal-de-cultura-para-discutir-as-politicas-publicas-nos-segmentos-culturais\/","title":{"rendered":"<strong>Prefeitura de Manaus vai realizar o 1\u00ba Semin\u00e1rio Municipal de Cultura para discutir as pol\u00edticas p\u00fablicas nos segmentos culturais<\/strong>"},"content":{"rendered":"\n<p>Manaus vai sediar o 1\u00ba Semin\u00e1rio Municipal de Cultura, com o tema &#8220;O Futuro das Pol\u00edticas Culturais numa Cidade de Matriz Plural&#8221;, nos dias 27 e 28\/4, no Palacete Provincial, na pra\u00e7a Heliodoro Balbi, Centro. A abertura ser\u00e1 feita pelo prefeito David Almeida, nesta quinta-feira, 27, \u00e0s 9h.<\/p>\n\n\n\n<p>O evento est\u00e1 sendo organizado pela Funda\u00e7\u00e3o Municipal de Cultura, Turismo e Eventos (Manauscult), via Conselho Municipal de Cultura (Concultura). O semin\u00e1rio tem entre seus objetivos principais promover o di\u00e1logo, integrando gest\u00e3o, cria\u00e7\u00e3o, fomento, difus\u00e3o, os saberes e a diversidade art\u00edstico-cultural no processo de fortalecimento das pol\u00edticas p\u00fablicas e compartilhando perspectivas dos setores p\u00fablico e privado. Durante o evento, ser\u00e3o oferecidas oficinas de forma\u00e7\u00e3o em projetos e gest\u00e3o para os artistas. As inscri\u00e7\u00f5es foram feitas previamente no site do Concultura.<\/p>\n\n\n\n<p>O Minist\u00e9rio da Cultura participar\u00e1 do semin\u00e1rio, por meio da presen\u00e7a de sua c\u00fapula de gest\u00e3o cultural, com a participa\u00e7\u00e3o dos gestores dos Comit\u00eas de Cultura do Minist\u00e9rio da Cultura; coordenadora-geral do Sistema Nacional de Cultura; do diretor do Sistema Nacional de Cultura; e do coordenador-geral dos Comit\u00eas de Cultura. Al\u00e9m dos representantes do Minc, o semin\u00e1rio ter\u00e1 a presen\u00e7a de gestores culturais e intelectuais.<\/p>\n\n\n\n<p><strong>SERVI\u00c7O:<\/strong><\/p>\n\n\n\n<p><strong>O qu\u00ea &#8211;&nbsp;<\/strong>Abertura do 1\u00ba Semin\u00e1rio Municipal de Cultura de Manaus<\/p>\n\n\n\n<p><strong>Quando &#8211;<\/strong>&nbsp;Quinta-feira, 27\/4<\/p>\n\n\n\n<p><strong>Hor\u00e1rio \u2013<\/strong>&nbsp;9h<\/p>\n\n\n\n<p><strong>Local &#8211;<\/strong>&nbsp;Palacete Provincial, pra\u00e7a Heliodoro Balbi, Centro<\/p>\n","protected":false},"featured_media":208729,"template":"","categories":[799],"acf":[],"yoast_head":"<!-- This site is optimized with the Yoast SEO plugin v23.0 - https:\/\/yoast.com\/wordpress\/plugins\/seo\/ -->\n<title>Prefeitura de Manaus vai realizar o 1\u00ba Semin\u00e1rio Municipal de Cultura para discutir as pol\u00edticas p\u00fablicas nos segmentos culturais<\/title>\n<meta name=\"description\" content=\"Manaus vai sediar o 1\u00ba Semin\u00e1rio Municipal de Cultura, com o tema &quot;O Futuro das Pol\u00edticas Culturais numa Cidade de Matriz Plural&quot;, nos dias 27 e 28\/4, no Palacete Provincial, na pra\u00e7a Heliodoro Balbi, Centro.\" \/>\n<meta name=\"robots\" content=\"index, follow, max-snippet:-1, max-image-preview:large, max-video-preview:-1\" \/>\n<link rel=\"canonical\" href=\"https:\/\/www.manaus.am.gov.br\/semcom\/pautas\/prefeitura-de-manaus-vai-realizar-o-1o-seminario-municipal-de-cultura-para-discutir-as-politicas-publicas-nos-segmentos-culturais\/\" \/>\n<meta property=\"og:locale\" content=\"pt_BR\" \/>\n<meta property=\"og:type\" content=\"article\" \/>\n<meta property=\"og:title\" content=\"Prefeitura de Manaus vai realizar o 1\u00ba Semin\u00e1rio Municipal de Cultura para discutir as pol\u00edticas p\u00fablicas nos segmentos culturais\" \/>\n<meta property=\"og:description\" content=\"Manaus vai sediar o 1\u00ba Semin\u00e1rio Municipal de Cultura, com o tema &quot;O Futuro das Pol\u00edticas Culturais numa Cidade de Matriz Plural&quot;, nos dias 27 e 28\/4, no Palacete Provincial, na pra\u00e7a Heliodoro Balbi, Centro.\" \/>\n<meta property=\"og:url\" content=\"https:\/\/www.manaus.am.gov.br\/semcom\/pautas\/prefeitura-de-manaus-vai-realizar-o-1o-seminario-municipal-de-cultura-para-discutir-as-politicas-publicas-nos-segmentos-culturais\/\" \/>\n<meta property=\"og:site_name\" content=\"SEMCOM\" \/>\n<meta property=\"article:modified_time\" content=\"2023-04-26T17:41:14+00:00\" \/>\n<meta property=\"og:image\" content=\"https:\/\/www.manaus.am.gov.br\/semcom\/wp-content\/uploads\/sites\/5\/2023\/02\/sugestaodepauta.png\" \/>\n\t<meta property=\"og:image:width\" content=\"1020\" \/>\n\t<meta property=\"og:image:height\" content=\"540\" \/>\n\t<meta property=\"og:image:type\" content=\"image\/png\" \/>\n<meta name=\"twitter:card\" content=\"summary_large_image\" \/>\n<meta name=\"twitter:label1\" content=\"Est. reading time\" \/>\n\t<meta name=\"twitter:data1\" content=\"2 minutos\" \/>\n<script type=\"application\/ld+json\" class=\"yoast-schema-graph\">{\"@context\":\"https:\/\/schema.org\",\"@graph\":[{\"@type\":\"WebPage\",\"@id\":\"https:\/\/www.manaus.am.gov.br\/semcom\/pautas\/prefeitura-de-manaus-vai-realizar-o-1o-seminario-municipal-de-cultura-para-discutir-as-politicas-publicas-nos-segmentos-culturais\/\",\"url\":\"https:\/\/www.manaus.am.gov.br\/semcom\/pautas\/prefeitura-de-manaus-vai-realizar-o-1o-seminario-municipal-de-cultura-para-discutir-as-politicas-publicas-nos-segmentos-culturais\/\",\"name\":\"Prefeitura de Manaus vai realizar o 1\u00ba Semin\u00e1rio Municipal de Cultura para discutir as pol\u00edticas p\u00fablicas nos segmentos culturais\",\"isPartOf\":{\"@id\":\"https:\/\/www.manaus.am.gov.br\/semcom\/#website\"},\"primaryImageOfPage\":{\"@id\":\"https:\/\/www.manaus.am.gov.br\/semcom\/pautas\/prefeitura-de-manaus-vai-realizar-o-1o-seminario-municipal-de-cultura-para-discutir-as-politicas-publicas-nos-segmentos-culturais\/#primaryimage\"},\"image\":{\"@id\":\"https:\/\/www.manaus.am.gov.br\/semcom\/pautas\/prefeitura-de-manaus-vai-realizar-o-1o-seminario-municipal-de-cultura-para-discutir-as-politicas-publicas-nos-segmentos-culturais\/#primaryimage\"},\"thumbnailUrl\":\"https:\/\/www.manaus.am.gov.br\/semcom\/wp-content\/uploads\/sites\/5\/2023\/02\/sugestaodepauta.png\",\"datePublished\":\"2023-04-26T17:41:13+00:00\",\"dateModified\":\"2023-04-26T17:41:14+00:00\",\"description\":\"Manaus vai sediar o 1\u00ba Semin\u00e1rio Municipal de Cultura, com o tema \\\"O Futuro das Pol\u00edticas Culturais numa Cidade de Matriz Plural\\\", nos dias 27 e 28\/4, no Palacete Provincial, na pra\u00e7a Heliodoro Balbi, Centro.\",\"inLanguage\":\"pt-BR\",\"potentialAction\":[{\"@type\":\"ReadAction\",\"target\":[\"https:\/\/www.manaus.am.gov.br\/semcom\/pautas\/prefeitura-de-manaus-vai-realizar-o-1o-seminario-municipal-de-cultura-para-discutir-as-politicas-publicas-nos-segmentos-culturais\/\"]}]},{\"@type\":\"ImageObject\",\"inLanguage\":\"pt-BR\",\"@id\":\"https:\/\/www.manaus.am.gov.br\/semcom\/pautas\/prefeitura-de-manaus-vai-realizar-o-1o-seminario-municipal-de-cultura-para-discutir-as-politicas-publicas-nos-segmentos-culturais\/#primaryimage\",\"url\":\"https:\/\/www.manaus.am.gov.br\/semcom\/wp-content\/uploads\/sites\/5\/2023\/02\/sugestaodepauta.png\",\"contentUrl\":\"https:\/\/www.manaus.am.gov.br\/semcom\/wp-content\/uploads\/sites\/5\/2023\/02\/sugestaodepauta.png\",\"width\":1020,\"height\":540},{\"@type\":\"WebSite\",\"@id\":\"https:\/\/www.manaus.am.gov.br\/semcom\/#website\",\"url\":\"https:\/\/www.manaus.am.gov.br\/semcom\/\",\"name\":\"SEMCOM\",\"description\":\"Secretaria Municipal de Comunica\u00e7\u00e3o\",\"potentialAction\":[{\"@type\":\"SearchAction\",\"target\":{\"@type\":\"EntryPoint\",\"urlTemplate\":\"https:\/\/www.manaus.am.gov.br\/semcom\/?s={search_term_string}\"},\"query-input\":\"required name=search_term_string\"}],\"inLanguage\":\"pt-BR\"}]}<\/script>\n<!-- \/ Yoast SEO plugin. -->","yoast_head_json":{"title":"Prefeitura de Manaus vai realizar o 1\u00ba Semin\u00e1rio Municipal de Cultura para discutir as pol\u00edticas p\u00fablicas nos segmentos culturais","description":"Manaus vai sediar o 1\u00ba Semin\u00e1rio Municipal de Cultura, com o tema \"O Futuro das Pol\u00edticas Culturais numa Cidade de Matriz Plural\", nos dias 27 e 28\/4, no Palacete Provincial, na pra\u00e7a Heliodoro Balbi, Centro.","robots":{"index":"index","follow":"follow","max-snippet":"max-snippet:-1","max-image-preview":"max-image-preview:large","max-video-preview":"max-video-preview:-1"},"canonical":"https:\/\/www.manaus.am.gov.br\/semcom\/pautas\/prefeitura-de-manaus-vai-realizar-o-1o-seminario-municipal-de-cultura-para-discutir-as-politicas-publicas-nos-segmentos-culturais\/","og_locale":"pt_BR","og_type":"article","og_title":"Prefeitura de Manaus vai realizar o 1\u00ba Semin\u00e1rio Municipal de Cultura para discutir as pol\u00edticas p\u00fablicas nos segmentos culturais","og_description":"Manaus vai sediar o 1\u00ba Semin\u00e1rio Municipal de Cultura, com o tema \"O Futuro das Pol\u00edticas Culturais numa Cidade de Matriz Plural\", nos dias 27 e 28\/4, no Palacete Provincial, na pra\u00e7a Heliodoro Balbi, Centro.","og_url":"https:\/\/www.manaus.am.gov.br\/semcom\/pautas\/prefeitura-de-manaus-vai-realizar-o-1o-seminario-municipal-de-cultura-para-discutir-as-politicas-publicas-nos-segmentos-culturais\/","og_site_name":"SEMCOM","article_modified_time":"2023-04-26T17:41:14+00:00","og_image":[{"width":1020,"height":540,"url":"https:\/\/www.manaus.am.gov.br\/semcom\/wp-content\/uploads\/sites\/5\/2023\/02\/sugestaodepauta.png","type":"image\/png"}],"twitter_card":"summary_large_image","twitter_misc":{"Est. reading time":"2 minutos"},"schema":{"@context":"https:\/\/schema.org","@graph":[{"@type":"WebPage","@id":"https:\/\/www.manaus.am.gov.br\/semcom\/pautas\/prefeitura-de-manaus-vai-realizar-o-1o-seminario-municipal-de-cultura-para-discutir-as-politicas-publicas-nos-segmentos-culturais\/","url":"https:\/\/www.manaus.am.gov.br\/semcom\/pautas\/prefeitura-de-manaus-vai-realizar-o-1o-seminario-municipal-de-cultura-para-discutir-as-politicas-publicas-nos-segmentos-culturais\/","name":"Prefeitura de Manaus vai realizar o 1\u00ba Semin\u00e1rio Municipal de Cultura para discutir as pol\u00edticas p\u00fablicas nos segmentos culturais","isPartOf":{"@id":"https:\/\/www.manaus.am.gov.br\/semcom\/#website"},"primaryImageOfPage":{"@id":"https:\/\/www.manaus.am.gov.br\/semcom\/pautas\/prefeitura-de-manaus-vai-realizar-o-1o-seminario-municipal-de-cultura-para-discutir-as-politicas-publicas-nos-segmentos-culturais\/#primaryimage"},"image":{"@id":"https:\/\/www.manaus.am.gov.br\/semcom\/pautas\/prefeitura-de-manaus-vai-realizar-o-1o-seminario-municipal-de-cultura-para-discutir-as-politicas-publicas-nos-segmentos-culturais\/#primaryimage"},"thumbnailUrl":"https:\/\/www.manaus.am.gov.br\/semcom\/wp-content\/uploads\/sites\/5\/2023\/02\/sugestaodepauta.png","datePublished":"2023-04-26T17:41:13+00:00","dateModified":"2023-04-26T17:41:14+00:00","description":"Manaus vai sediar o 1\u00ba Semin\u00e1rio Municipal de Cultura, com o tema \"O Futuro das Pol\u00edticas Culturais numa Cidade de Matriz Plural\", nos dias 27 e 28\/4, no Palacete Provincial, na pra\u00e7a Heliodoro Balbi, Centro.","inLanguage":"pt-BR","potentialAction":[{"@type":"ReadAction","target":["https:\/\/www.manaus.am.gov.br\/semcom\/pautas\/prefeitura-de-manaus-vai-realizar-o-1o-seminario-municipal-de-cultura-para-discutir-as-politicas-publicas-nos-segmentos-culturais\/"]}]},{"@type":"ImageObject","inLanguage":"pt-BR","@id":"https:\/\/www.manaus.am.gov.br\/semcom\/pautas\/prefeitura-de-manaus-vai-realizar-o-1o-seminario-municipal-de-cultura-para-discutir-as-politicas-publicas-nos-segmentos-culturais\/#primaryimage","url":"https:\/\/www.manaus.am.gov.br\/semcom\/wp-content\/uploads\/sites\/5\/2023\/02\/sugestaodepauta.png","contentUrl":"https:\/\/www.manaus.am.gov.br\/semcom\/wp-content\/uploads\/sites\/5\/2023\/02\/sugestaodepauta.png","width":1020,"height":540},{"@type":"WebSite","@id":"https:\/\/www.manaus.am.gov.br\/semcom\/#website","url":"https:\/\/www.manaus.am.gov.br\/semcom\/","name":"SEMCOM","description":"Secretaria Municipal de Comunica\u00e7\u00e3o","potentialAction":[{"@type":"SearchAction","target":{"@type":"EntryPoint","urlTemplate":"https:\/\/www.manaus.am.gov.br\/semcom\/?s={search_term_string}"},"query-input":"required name=search_term_string"}],"inLanguage":"pt-BR"}]}},"_links":{"self":[{"href":"https:\/\/www.manaus.am.gov.br\/semcom\/wp-json\/wp\/v2\/pautas\/212597"}],"collection":[{"href":"https:\/\/www.manaus.am.gov.br\/semcom\/wp-json\/wp\/v2\/pautas"}],"about":[{"href":"https:\/\/www.manaus.am.gov.br\/semcom\/wp-json\/wp\/v2\/types\/pautas"}],"wp:featuredmedia":[{"embeddable":true,"href":"https:\/\/www.manaus.am.gov.br\/semcom\/wp-json\/wp\/v2\/media\/208729"}],"wp:attachment":[{"href":"https:\/\/www.manaus.am.gov.br\/semcom\/wp-json\/wp\/v2\/media?parent=212597"}],"wp:term":[{"taxonomy":"category","embeddable":true,"href":"https:\/\/www.manaus.am.gov.br\/semcom\/wp-json\/wp\/v2\/categories?post=212597"}],"curies":[{"name":"wp","href":"https:\/\/api.w.org\/{rel}","templated":true}]}}