{"id":212515,"date":"2023-04-25T13:43:25","date_gmt":"2023-04-25T16:43:25","guid":{"rendered":"https:\/\/www.manaus.am.gov.br\/semcom\/?post_type=pautas&#038;p=212515"},"modified":"2023-04-26T12:48:51","modified_gmt":"2023-04-26T15:48:51","slug":"megaprogramacao-casa-de-praia-zezinho-correa","status":"publish","type":"pautas","link":"https:\/\/www.manaus.am.gov.br\/semcom\/pautas\/megaprogramacao-casa-de-praia-zezinho-correa\/","title":{"rendered":"<strong>Prefeitura inaugura Casa de Praia Zezinho Corr\u00eaa como parte de megaprograma\u00e7\u00e3o do Dia do Trabalhador<\/strong>"},"content":{"rendered":"\n<p>O Dia do Trabalhador deste ano, a ser comemorado na segunda-feira, 1\u00ba\/5, ser\u00e1 marcado pela entrega das novas instala\u00e7\u00f5es do Local Casa de Praia, rebatizado pela popula\u00e7\u00e3o de Casa de Praia Zezinho Corr\u00eaa; al\u00e9m de shows, no complexo tur\u00edstico Ponta Negra, e no shopping Phelipe Daou, localizado na zona Norte da cidade.<\/p>\n\n\n\n<p>Detalhes do espa\u00e7o de entretenimento completamente revitalizado e a programa\u00e7\u00e3o com as atra\u00e7\u00f5es art\u00edsticas, incluindo uma nacional, ser\u00e3o apresentadas pelo prefeito de Manaus, David Almeida, em coletiva de imprensa nesta quarta-feira, 26\/4, \u00e0s 17h, no Casa de Praia Zezinho Corr\u00eaa.<\/p>\n\n\n\n<p>Participam da coletiva com o prefeito, os secret\u00e1rios Radyr J\u00fanior (Semtepi), Osvaldo Cardoso (Manauscult), S\u00e9rgio Fontes (Semseg) e Paulo Henrique (IMMU), que tamb\u00e9m falar\u00e3o sobre o novo empreendimento da Ponta Negra, que fomenta o empreendedorismo e o turismo, e demais preparativos para a agenda de shows no Dia do Trabalhador.<\/p>\n\n\n\n<p><strong>SERVI\u00c7O:<\/strong><\/p>\n\n\n\n<p><strong>O qu\u00ea<\/strong> &#8211; Coletiva de imprensa sobre a reinaugura\u00e7\u00e3o do Casa de Praia Zezinho Corr\u00eaa e programa\u00e7\u00e3o para o Dia do Trabalhador<\/p>\n\n\n\n<p><strong>Quando<\/strong> \u2013 Quarta-feira, 26\/4<\/p>\n\n\n\n<p><strong>Hor\u00e1rio<\/strong> &#8211; 17h<\/p>\n\n\n\n<p><strong>Local<\/strong> &#8211; Casa de Praia Zezinho Corr\u00eaa, no complexo tur\u00edstico Ponta Negra.<\/p>\n","protected":false},"featured_media":208729,"template":"","categories":[806],"acf":[],"yoast_head":"<!-- This site is optimized with the Yoast SEO plugin v23.0 - https:\/\/yoast.com\/wordpress\/plugins\/seo\/ -->\n<title>Prefeitura anuncia megaprograma\u00e7\u00e3o do Dia do Trabalhador e entrega das novas instala\u00e7\u00f5es da Casa de Praia Zezinho Corr\u00eaa<\/title>\n<meta name=\"description\" content=\"O Dia do Trabalhador deste ano, a ser comemorado na pr\u00f3xima segunda-feira, 1\u00ba\/5, ser\u00e1 marcado pela entrega das novas instala\u00e7\u00f5es do Local Casa de Praia, rebatizado pela popula\u00e7\u00e3o de Casa de Praia Zezinho Corr\u00eaa; al\u00e9m de shows, no complexo tur\u00edstico Ponta Negra, e no shopping Phelipe Daou, localizado na zona Leste da cidade.\" \/>\n<meta name=\"robots\" content=\"index, follow, max-snippet:-1, max-image-preview:large, max-video-preview:-1\" \/>\n<link rel=\"canonical\" href=\"https:\/\/www.manaus.am.gov.br\/semcom\/pautas\/megaprogramacao-casa-de-praia-zezinho-correa\/\" \/>\n<meta property=\"og:locale\" content=\"pt_BR\" \/>\n<meta property=\"og:type\" content=\"article\" \/>\n<meta property=\"og:title\" content=\"Prefeitura anuncia megaprograma\u00e7\u00e3o do Dia do Trabalhador e entrega das novas instala\u00e7\u00f5es da Casa de Praia Zezinho Corr\u00eaa\" \/>\n<meta property=\"og:description\" content=\"O Dia do Trabalhador deste ano, a ser comemorado na pr\u00f3xima segunda-feira, 1\u00ba\/5, ser\u00e1 marcado pela entrega das novas instala\u00e7\u00f5es do Local Casa de Praia, rebatizado pela popula\u00e7\u00e3o de Casa de Praia Zezinho Corr\u00eaa; al\u00e9m de shows, no complexo tur\u00edstico Ponta Negra, e no shopping Phelipe Daou, localizado na zona Leste da cidade.\" \/>\n<meta property=\"og:url\" content=\"https:\/\/www.manaus.am.gov.br\/semcom\/pautas\/megaprogramacao-casa-de-praia-zezinho-correa\/\" \/>\n<meta property=\"og:site_name\" content=\"SEMCOM\" \/>\n<meta property=\"article:modified_time\" content=\"2023-04-26T15:48:51+00:00\" \/>\n<meta property=\"og:image\" content=\"https:\/\/www.manaus.am.gov.br\/semcom\/wp-content\/uploads\/sites\/5\/2023\/02\/sugestaodepauta.png\" \/>\n\t<meta property=\"og:image:width\" content=\"1020\" \/>\n\t<meta property=\"og:image:height\" content=\"540\" \/>\n\t<meta property=\"og:image:type\" content=\"image\/png\" \/>\n<meta name=\"twitter:card\" content=\"summary_large_image\" \/>\n<meta name=\"twitter:label1\" content=\"Est. reading time\" \/>\n\t<meta name=\"twitter:data1\" content=\"1 minuto\" \/>\n<script type=\"application\/ld+json\" class=\"yoast-schema-graph\">{\"@context\":\"https:\/\/schema.org\",\"@graph\":[{\"@type\":\"WebPage\",\"@id\":\"https:\/\/www.manaus.am.gov.br\/semcom\/pautas\/megaprogramacao-casa-de-praia-zezinho-correa\/\",\"url\":\"https:\/\/www.manaus.am.gov.br\/semcom\/pautas\/megaprogramacao-casa-de-praia-zezinho-correa\/\",\"name\":\"Prefeitura anuncia megaprograma\u00e7\u00e3o do Dia do Trabalhador e entrega das novas instala\u00e7\u00f5es da Casa de Praia Zezinho Corr\u00eaa\",\"isPartOf\":{\"@id\":\"https:\/\/www.manaus.am.gov.br\/semcom\/#website\"},\"primaryImageOfPage\":{\"@id\":\"https:\/\/www.manaus.am.gov.br\/semcom\/pautas\/megaprogramacao-casa-de-praia-zezinho-correa\/#primaryimage\"},\"image\":{\"@id\":\"https:\/\/www.manaus.am.gov.br\/semcom\/pautas\/megaprogramacao-casa-de-praia-zezinho-correa\/#primaryimage\"},\"thumbnailUrl\":\"https:\/\/www.manaus.am.gov.br\/semcom\/wp-content\/uploads\/sites\/5\/2023\/02\/sugestaodepauta.png\",\"datePublished\":\"2023-04-25T16:43:25+00:00\",\"dateModified\":\"2023-04-26T15:48:51+00:00\",\"description\":\"O Dia do Trabalhador deste ano, a ser comemorado na pr\u00f3xima segunda-feira, 1\u00ba\/5, ser\u00e1 marcado pela entrega das novas instala\u00e7\u00f5es do Local Casa de Praia, rebatizado pela popula\u00e7\u00e3o de Casa de Praia Zezinho Corr\u00eaa; al\u00e9m de shows, no complexo tur\u00edstico Ponta Negra, e no shopping Phelipe Daou, localizado na zona Leste da cidade.\",\"inLanguage\":\"pt-BR\",\"potentialAction\":[{\"@type\":\"ReadAction\",\"target\":[\"https:\/\/www.manaus.am.gov.br\/semcom\/pautas\/megaprogramacao-casa-de-praia-zezinho-correa\/\"]}]},{\"@type\":\"ImageObject\",\"inLanguage\":\"pt-BR\",\"@id\":\"https:\/\/www.manaus.am.gov.br\/semcom\/pautas\/megaprogramacao-casa-de-praia-zezinho-correa\/#primaryimage\",\"url\":\"https:\/\/www.manaus.am.gov.br\/semcom\/wp-content\/uploads\/sites\/5\/2023\/02\/sugestaodepauta.png\",\"contentUrl\":\"https:\/\/www.manaus.am.gov.br\/semcom\/wp-content\/uploads\/sites\/5\/2023\/02\/sugestaodepauta.png\",\"width\":1020,\"height\":540},{\"@type\":\"WebSite\",\"@id\":\"https:\/\/www.manaus.am.gov.br\/semcom\/#website\",\"url\":\"https:\/\/www.manaus.am.gov.br\/semcom\/\",\"name\":\"SEMCOM\",\"description\":\"Secretaria Municipal de Comunica\u00e7\u00e3o\",\"potentialAction\":[{\"@type\":\"SearchAction\",\"target\":{\"@type\":\"EntryPoint\",\"urlTemplate\":\"https:\/\/www.manaus.am.gov.br\/semcom\/?s={search_term_string}\"},\"query-input\":\"required name=search_term_string\"}],\"inLanguage\":\"pt-BR\"}]}<\/script>\n<!-- \/ Yoast SEO plugin. -->","yoast_head_json":{"title":"Prefeitura anuncia megaprograma\u00e7\u00e3o do Dia do Trabalhador e entrega das novas instala\u00e7\u00f5es da Casa de Praia Zezinho Corr\u00eaa","description":"O Dia do Trabalhador deste ano, a ser comemorado na pr\u00f3xima segunda-feira, 1\u00ba\/5, ser\u00e1 marcado pela entrega das novas instala\u00e7\u00f5es do Local Casa de Praia, rebatizado pela popula\u00e7\u00e3o de Casa de Praia Zezinho Corr\u00eaa; al\u00e9m de shows, no complexo tur\u00edstico Ponta Negra, e no shopping Phelipe Daou, localizado na zona Leste da cidade.","robots":{"index":"index","follow":"follow","max-snippet":"max-snippet:-1","max-image-preview":"max-image-preview:large","max-video-preview":"max-video-preview:-1"},"canonical":"https:\/\/www.manaus.am.gov.br\/semcom\/pautas\/megaprogramacao-casa-de-praia-zezinho-correa\/","og_locale":"pt_BR","og_type":"article","og_title":"Prefeitura anuncia megaprograma\u00e7\u00e3o do Dia do Trabalhador e entrega das novas instala\u00e7\u00f5es da Casa de Praia Zezinho Corr\u00eaa","og_description":"O Dia do Trabalhador deste ano, a ser comemorado na pr\u00f3xima segunda-feira, 1\u00ba\/5, ser\u00e1 marcado pela entrega das novas instala\u00e7\u00f5es do Local Casa de Praia, rebatizado pela popula\u00e7\u00e3o de Casa de Praia Zezinho Corr\u00eaa; al\u00e9m de shows, no complexo tur\u00edstico Ponta Negra, e no shopping Phelipe Daou, localizado na zona Leste da cidade.","og_url":"https:\/\/www.manaus.am.gov.br\/semcom\/pautas\/megaprogramacao-casa-de-praia-zezinho-correa\/","og_site_name":"SEMCOM","article_modified_time":"2023-04-26T15:48:51+00:00","og_image":[{"width":1020,"height":540,"url":"https:\/\/www.manaus.am.gov.br\/semcom\/wp-content\/uploads\/sites\/5\/2023\/02\/sugestaodepauta.png","type":"image\/png"}],"twitter_card":"summary_large_image","twitter_misc":{"Est. reading time":"1 minuto"},"schema":{"@context":"https:\/\/schema.org","@graph":[{"@type":"WebPage","@id":"https:\/\/www.manaus.am.gov.br\/semcom\/pautas\/megaprogramacao-casa-de-praia-zezinho-correa\/","url":"https:\/\/www.manaus.am.gov.br\/semcom\/pautas\/megaprogramacao-casa-de-praia-zezinho-correa\/","name":"Prefeitura anuncia megaprograma\u00e7\u00e3o do Dia do Trabalhador e entrega das novas instala\u00e7\u00f5es da Casa de Praia Zezinho Corr\u00eaa","isPartOf":{"@id":"https:\/\/www.manaus.am.gov.br\/semcom\/#website"},"primaryImageOfPage":{"@id":"https:\/\/www.manaus.am.gov.br\/semcom\/pautas\/megaprogramacao-casa-de-praia-zezinho-correa\/#primaryimage"},"image":{"@id":"https:\/\/www.manaus.am.gov.br\/semcom\/pautas\/megaprogramacao-casa-de-praia-zezinho-correa\/#primaryimage"},"thumbnailUrl":"https:\/\/www.manaus.am.gov.br\/semcom\/wp-content\/uploads\/sites\/5\/2023\/02\/sugestaodepauta.png","datePublished":"2023-04-25T16:43:25+00:00","dateModified":"2023-04-26T15:48:51+00:00","description":"O Dia do Trabalhador deste ano, a ser comemorado na pr\u00f3xima segunda-feira, 1\u00ba\/5, ser\u00e1 marcado pela entrega das novas instala\u00e7\u00f5es do Local Casa de Praia, rebatizado pela popula\u00e7\u00e3o de Casa de Praia Zezinho Corr\u00eaa; al\u00e9m de shows, no complexo tur\u00edstico Ponta Negra, e no shopping Phelipe Daou, localizado na zona Leste da cidade.","inLanguage":"pt-BR","potentialAction":[{"@type":"ReadAction","target":["https:\/\/www.manaus.am.gov.br\/semcom\/pautas\/megaprogramacao-casa-de-praia-zezinho-correa\/"]}]},{"@type":"ImageObject","inLanguage":"pt-BR","@id":"https:\/\/www.manaus.am.gov.br\/semcom\/pautas\/megaprogramacao-casa-de-praia-zezinho-correa\/#primaryimage","url":"https:\/\/www.manaus.am.gov.br\/semcom\/wp-content\/uploads\/sites\/5\/2023\/02\/sugestaodepauta.png","contentUrl":"https:\/\/www.manaus.am.gov.br\/semcom\/wp-content\/uploads\/sites\/5\/2023\/02\/sugestaodepauta.png","width":1020,"height":540},{"@type":"WebSite","@id":"https:\/\/www.manaus.am.gov.br\/semcom\/#website","url":"https:\/\/www.manaus.am.gov.br\/semcom\/","name":"SEMCOM","description":"Secretaria Municipal de Comunica\u00e7\u00e3o","potentialAction":[{"@type":"SearchAction","target":{"@type":"EntryPoint","urlTemplate":"https:\/\/www.manaus.am.gov.br\/semcom\/?s={search_term_string}"},"query-input":"required name=search_term_string"}],"inLanguage":"pt-BR"}]}},"_links":{"self":[{"href":"https:\/\/www.manaus.am.gov.br\/semcom\/wp-json\/wp\/v2\/pautas\/212515"}],"collection":[{"href":"https:\/\/www.manaus.am.gov.br\/semcom\/wp-json\/wp\/v2\/pautas"}],"about":[{"href":"https:\/\/www.manaus.am.gov.br\/semcom\/wp-json\/wp\/v2\/types\/pautas"}],"wp:featuredmedia":[{"embeddable":true,"href":"https:\/\/www.manaus.am.gov.br\/semcom\/wp-json\/wp\/v2\/media\/208729"}],"wp:attachment":[{"href":"https:\/\/www.manaus.am.gov.br\/semcom\/wp-json\/wp\/v2\/media?parent=212515"}],"wp:term":[{"taxonomy":"category","embeddable":true,"href":"https:\/\/www.manaus.am.gov.br\/semcom\/wp-json\/wp\/v2\/categories?post=212515"}],"curies":[{"name":"wp","href":"https:\/\/api.w.org\/{rel}","templated":true}]}}