{"id":212162,"date":"2023-04-16T13:34:40","date_gmt":"2023-04-16T16:34:40","guid":{"rendered":"https:\/\/www.manaus.am.gov.br\/semcom\/?post_type=pautas&#038;p=212162"},"modified":"2023-04-17T10:09:10","modified_gmt":"2023-04-17T13:09:10","slug":"prefeitura-de-manaus-entrega-terminal-2-reformado-a-populacao","status":"publish","type":"pautas","link":"https:\/\/www.manaus.am.gov.br\/semcom\/pautas\/prefeitura-de-manaus-entrega-terminal-2-reformado-a-populacao\/","title":{"rendered":"<strong>Prefeitura \u00a0de Manaus entrega Terminal 2 reformado \u00e0 popula\u00e7\u00e3o<\/strong>"},"content":{"rendered":"\n<p>O prefeito de Manaus, David Almeida, e o diretor-presidente do Instituto Municipal de Mobilidade Urbana (IMMU), Paulo Henrique Martins, entregam, nesta segunda-feira, 17\/4, a partir das 18h30, o Terminal de Integra\u00e7\u00e3o 2 da Cachoeirinha, conhecido como T2, com estrutura &nbsp;totalmente recuperada.&nbsp; O descerramento da placa de reinaugura\u00e7\u00e3o ser\u00e1 feito ap\u00f3s quase 40 dias de obras.&nbsp;<\/p>\n\n\n\n<p>Foram realizadas melhorias &nbsp;em diversas \u00e1reas do espa\u00e7o, como a retirada das telhas &nbsp;transl\u00facidas da parte central do telhado, que tinham pouca durabilidade.<\/p>\n\n\n\n<p>As equipes da Ger\u00eancia de Manuten\u00e7\u00e3o de Obras (GMO) e Divis\u00e3o de Sinaliza\u00e7\u00e3o realizaram &nbsp;tamb\u00e9m pintura interna e externa do espa\u00e7o, substitui\u00e7\u00e3o dos aparelhos hidrossanit\u00e1rios, recupera\u00e7\u00e3o das cal\u00e7adas, refor\u00e7o da ilumina\u00e7\u00e3o, entre outros servi\u00e7os, que ir\u00e3o oferecer mais comodidade aos usu\u00e1rios do transporte.<\/p>\n\n\n\n<p>A reforma dos terminais \u00e9 uma das etapas do programa de melhorias do servi\u00e7o de transporte urbano da cidade, planejado pela Prefeitura de Manaus.<\/p>\n\n\n\n<p><strong>SERVI\u00c7O:<\/strong><\/p>\n\n\n\n<p><strong>O qu\u00ea<\/strong> &#8211; Entrega do Terminal 2 reformado.<\/p>\n\n\n\n<p><strong>Quando<\/strong> \u2013 Segunda-feira, 17\/4<\/p>\n\n\n\n<p><strong>Hor\u00e1rio<\/strong> \u2013 18h30<\/p>\n\n\n\n<p><strong>Onde<\/strong> &#8211; Terminal 2, na rua Manicor\u00e9, bairro Cachoeirinha, zona Sul.<\/p>\n\n\n\n<p><\/p>\n","protected":false},"featured_media":208729,"template":"","categories":[797],"acf":[],"yoast_head":"<!-- This site is optimized with the Yoast SEO plugin v23.0 - https:\/\/yoast.com\/wordpress\/plugins\/seo\/ -->\n<title>Prefeitura de Manaus entrega Terminal 2 reformado \u00e0 popula\u00e7\u00e3o<\/title>\n<meta name=\"description\" content=\"O prefeito de Manaus, David Almeida, e o diretor-presidente do Instituto Municipal de Mobilidade Urbana (IMMU), Paulo Henrique Martins, entregam, nesta segunda-feira, 17\/4, a partir das 18h30, o Terminal de Integra\u00e7\u00e3o 2 da Cachoeirinha, conhecido como T2, com estrutura totalmente recuperada. O descerramento da placa de reinaugura\u00e7\u00e3o ser\u00e1 feito ap\u00f3s quase 40 dias de obras.\" \/>\n<meta name=\"robots\" content=\"index, follow, max-snippet:-1, max-image-preview:large, max-video-preview:-1\" \/>\n<link rel=\"canonical\" href=\"https:\/\/www.manaus.am.gov.br\/semcom\/pautas\/prefeitura-de-manaus-entrega-terminal-2-reformado-a-populacao\/\" \/>\n<meta property=\"og:locale\" content=\"pt_BR\" \/>\n<meta property=\"og:type\" content=\"article\" \/>\n<meta property=\"og:title\" content=\"Prefeitura de Manaus entrega Terminal 2 reformado \u00e0 popula\u00e7\u00e3o\" \/>\n<meta property=\"og:description\" content=\"O prefeito de Manaus, David Almeida, e o diretor-presidente do Instituto Municipal de Mobilidade Urbana (IMMU), Paulo Henrique Martins, entregam, nesta segunda-feira, 17\/4, a partir das 18h30, o Terminal de Integra\u00e7\u00e3o 2 da Cachoeirinha, conhecido como T2, com estrutura totalmente recuperada. O descerramento da placa de reinaugura\u00e7\u00e3o ser\u00e1 feito ap\u00f3s quase 40 dias de obras.\" \/>\n<meta property=\"og:url\" content=\"https:\/\/www.manaus.am.gov.br\/semcom\/pautas\/prefeitura-de-manaus-entrega-terminal-2-reformado-a-populacao\/\" \/>\n<meta property=\"og:site_name\" content=\"SEMCOM\" \/>\n<meta property=\"article:modified_time\" content=\"2023-04-17T13:09:10+00:00\" \/>\n<meta property=\"og:image\" content=\"https:\/\/www.manaus.am.gov.br\/semcom\/wp-content\/uploads\/sites\/5\/2023\/02\/sugestaodepauta.png\" \/>\n\t<meta property=\"og:image:width\" content=\"1020\" \/>\n\t<meta property=\"og:image:height\" content=\"540\" \/>\n\t<meta property=\"og:image:type\" content=\"image\/png\" \/>\n<meta name=\"twitter:card\" content=\"summary_large_image\" \/>\n<meta name=\"twitter:label1\" content=\"Est. reading time\" \/>\n\t<meta name=\"twitter:data1\" content=\"1 minuto\" \/>\n<script type=\"application\/ld+json\" class=\"yoast-schema-graph\">{\"@context\":\"https:\/\/schema.org\",\"@graph\":[{\"@type\":\"WebPage\",\"@id\":\"https:\/\/www.manaus.am.gov.br\/semcom\/pautas\/prefeitura-de-manaus-entrega-terminal-2-reformado-a-populacao\/\",\"url\":\"https:\/\/www.manaus.am.gov.br\/semcom\/pautas\/prefeitura-de-manaus-entrega-terminal-2-reformado-a-populacao\/\",\"name\":\"Prefeitura de Manaus entrega Terminal 2 reformado \u00e0 popula\u00e7\u00e3o\",\"isPartOf\":{\"@id\":\"https:\/\/www.manaus.am.gov.br\/semcom\/#website\"},\"primaryImageOfPage\":{\"@id\":\"https:\/\/www.manaus.am.gov.br\/semcom\/pautas\/prefeitura-de-manaus-entrega-terminal-2-reformado-a-populacao\/#primaryimage\"},\"image\":{\"@id\":\"https:\/\/www.manaus.am.gov.br\/semcom\/pautas\/prefeitura-de-manaus-entrega-terminal-2-reformado-a-populacao\/#primaryimage\"},\"thumbnailUrl\":\"https:\/\/www.manaus.am.gov.br\/semcom\/wp-content\/uploads\/sites\/5\/2023\/02\/sugestaodepauta.png\",\"datePublished\":\"2023-04-16T16:34:40+00:00\",\"dateModified\":\"2023-04-17T13:09:10+00:00\",\"description\":\"O prefeito de Manaus, David Almeida, e o diretor-presidente do Instituto Municipal de Mobilidade Urbana (IMMU), Paulo Henrique Martins, entregam, nesta segunda-feira, 17\/4, a partir das 18h30, o Terminal de Integra\u00e7\u00e3o 2 da Cachoeirinha, conhecido como T2, com estrutura totalmente recuperada. O descerramento da placa de reinaugura\u00e7\u00e3o ser\u00e1 feito ap\u00f3s quase 40 dias de obras.\",\"inLanguage\":\"pt-BR\",\"potentialAction\":[{\"@type\":\"ReadAction\",\"target\":[\"https:\/\/www.manaus.am.gov.br\/semcom\/pautas\/prefeitura-de-manaus-entrega-terminal-2-reformado-a-populacao\/\"]}]},{\"@type\":\"ImageObject\",\"inLanguage\":\"pt-BR\",\"@id\":\"https:\/\/www.manaus.am.gov.br\/semcom\/pautas\/prefeitura-de-manaus-entrega-terminal-2-reformado-a-populacao\/#primaryimage\",\"url\":\"https:\/\/www.manaus.am.gov.br\/semcom\/wp-content\/uploads\/sites\/5\/2023\/02\/sugestaodepauta.png\",\"contentUrl\":\"https:\/\/www.manaus.am.gov.br\/semcom\/wp-content\/uploads\/sites\/5\/2023\/02\/sugestaodepauta.png\",\"width\":1020,\"height\":540},{\"@type\":\"WebSite\",\"@id\":\"https:\/\/www.manaus.am.gov.br\/semcom\/#website\",\"url\":\"https:\/\/www.manaus.am.gov.br\/semcom\/\",\"name\":\"SEMCOM\",\"description\":\"Secretaria Municipal de Comunica\u00e7\u00e3o\",\"potentialAction\":[{\"@type\":\"SearchAction\",\"target\":{\"@type\":\"EntryPoint\",\"urlTemplate\":\"https:\/\/www.manaus.am.gov.br\/semcom\/?s={search_term_string}\"},\"query-input\":\"required name=search_term_string\"}],\"inLanguage\":\"pt-BR\"}]}<\/script>\n<!-- \/ Yoast SEO plugin. -->","yoast_head_json":{"title":"Prefeitura de Manaus entrega Terminal 2 reformado \u00e0 popula\u00e7\u00e3o","description":"O prefeito de Manaus, David Almeida, e o diretor-presidente do Instituto Municipal de Mobilidade Urbana (IMMU), Paulo Henrique Martins, entregam, nesta segunda-feira, 17\/4, a partir das 18h30, o Terminal de Integra\u00e7\u00e3o 2 da Cachoeirinha, conhecido como T2, com estrutura totalmente recuperada. O descerramento da placa de reinaugura\u00e7\u00e3o ser\u00e1 feito ap\u00f3s quase 40 dias de obras.","robots":{"index":"index","follow":"follow","max-snippet":"max-snippet:-1","max-image-preview":"max-image-preview:large","max-video-preview":"max-video-preview:-1"},"canonical":"https:\/\/www.manaus.am.gov.br\/semcom\/pautas\/prefeitura-de-manaus-entrega-terminal-2-reformado-a-populacao\/","og_locale":"pt_BR","og_type":"article","og_title":"Prefeitura de Manaus entrega Terminal 2 reformado \u00e0 popula\u00e7\u00e3o","og_description":"O prefeito de Manaus, David Almeida, e o diretor-presidente do Instituto Municipal de Mobilidade Urbana (IMMU), Paulo Henrique Martins, entregam, nesta segunda-feira, 17\/4, a partir das 18h30, o Terminal de Integra\u00e7\u00e3o 2 da Cachoeirinha, conhecido como T2, com estrutura totalmente recuperada. O descerramento da placa de reinaugura\u00e7\u00e3o ser\u00e1 feito ap\u00f3s quase 40 dias de obras.","og_url":"https:\/\/www.manaus.am.gov.br\/semcom\/pautas\/prefeitura-de-manaus-entrega-terminal-2-reformado-a-populacao\/","og_site_name":"SEMCOM","article_modified_time":"2023-04-17T13:09:10+00:00","og_image":[{"width":1020,"height":540,"url":"https:\/\/www.manaus.am.gov.br\/semcom\/wp-content\/uploads\/sites\/5\/2023\/02\/sugestaodepauta.png","type":"image\/png"}],"twitter_card":"summary_large_image","twitter_misc":{"Est. reading time":"1 minuto"},"schema":{"@context":"https:\/\/schema.org","@graph":[{"@type":"WebPage","@id":"https:\/\/www.manaus.am.gov.br\/semcom\/pautas\/prefeitura-de-manaus-entrega-terminal-2-reformado-a-populacao\/","url":"https:\/\/www.manaus.am.gov.br\/semcom\/pautas\/prefeitura-de-manaus-entrega-terminal-2-reformado-a-populacao\/","name":"Prefeitura de Manaus entrega Terminal 2 reformado \u00e0 popula\u00e7\u00e3o","isPartOf":{"@id":"https:\/\/www.manaus.am.gov.br\/semcom\/#website"},"primaryImageOfPage":{"@id":"https:\/\/www.manaus.am.gov.br\/semcom\/pautas\/prefeitura-de-manaus-entrega-terminal-2-reformado-a-populacao\/#primaryimage"},"image":{"@id":"https:\/\/www.manaus.am.gov.br\/semcom\/pautas\/prefeitura-de-manaus-entrega-terminal-2-reformado-a-populacao\/#primaryimage"},"thumbnailUrl":"https:\/\/www.manaus.am.gov.br\/semcom\/wp-content\/uploads\/sites\/5\/2023\/02\/sugestaodepauta.png","datePublished":"2023-04-16T16:34:40+00:00","dateModified":"2023-04-17T13:09:10+00:00","description":"O prefeito de Manaus, David Almeida, e o diretor-presidente do Instituto Municipal de Mobilidade Urbana (IMMU), Paulo Henrique Martins, entregam, nesta segunda-feira, 17\/4, a partir das 18h30, o Terminal de Integra\u00e7\u00e3o 2 da Cachoeirinha, conhecido como T2, com estrutura totalmente recuperada. O descerramento da placa de reinaugura\u00e7\u00e3o ser\u00e1 feito ap\u00f3s quase 40 dias de obras.","inLanguage":"pt-BR","potentialAction":[{"@type":"ReadAction","target":["https:\/\/www.manaus.am.gov.br\/semcom\/pautas\/prefeitura-de-manaus-entrega-terminal-2-reformado-a-populacao\/"]}]},{"@type":"ImageObject","inLanguage":"pt-BR","@id":"https:\/\/www.manaus.am.gov.br\/semcom\/pautas\/prefeitura-de-manaus-entrega-terminal-2-reformado-a-populacao\/#primaryimage","url":"https:\/\/www.manaus.am.gov.br\/semcom\/wp-content\/uploads\/sites\/5\/2023\/02\/sugestaodepauta.png","contentUrl":"https:\/\/www.manaus.am.gov.br\/semcom\/wp-content\/uploads\/sites\/5\/2023\/02\/sugestaodepauta.png","width":1020,"height":540},{"@type":"WebSite","@id":"https:\/\/www.manaus.am.gov.br\/semcom\/#website","url":"https:\/\/www.manaus.am.gov.br\/semcom\/","name":"SEMCOM","description":"Secretaria Municipal de Comunica\u00e7\u00e3o","potentialAction":[{"@type":"SearchAction","target":{"@type":"EntryPoint","urlTemplate":"https:\/\/www.manaus.am.gov.br\/semcom\/?s={search_term_string}"},"query-input":"required name=search_term_string"}],"inLanguage":"pt-BR"}]}},"_links":{"self":[{"href":"https:\/\/www.manaus.am.gov.br\/semcom\/wp-json\/wp\/v2\/pautas\/212162"}],"collection":[{"href":"https:\/\/www.manaus.am.gov.br\/semcom\/wp-json\/wp\/v2\/pautas"}],"about":[{"href":"https:\/\/www.manaus.am.gov.br\/semcom\/wp-json\/wp\/v2\/types\/pautas"}],"wp:featuredmedia":[{"embeddable":true,"href":"https:\/\/www.manaus.am.gov.br\/semcom\/wp-json\/wp\/v2\/media\/208729"}],"wp:attachment":[{"href":"https:\/\/www.manaus.am.gov.br\/semcom\/wp-json\/wp\/v2\/media?parent=212162"}],"wp:term":[{"taxonomy":"category","embeddable":true,"href":"https:\/\/www.manaus.am.gov.br\/semcom\/wp-json\/wp\/v2\/categories?post=212162"}],"curies":[{"name":"wp","href":"https:\/\/api.w.org\/{rel}","templated":true}]}}