{"id":212061,"date":"2023-04-13T20:03:21","date_gmt":"2023-04-13T23:03:21","guid":{"rendered":"https:\/\/www.manaus.am.gov.br\/semcom\/?post_type=pautas&#038;p=212061"},"modified":"2023-04-13T20:03:22","modified_gmt":"2023-04-13T23:03:22","slug":"prefeitura-de-manaus-entrega-registro-de-imoveis-a-familias-da-comunidade-sao-jose-dos-campos-nesta-sexta-feira","status":"publish","type":"pautas","link":"https:\/\/www.manaus.am.gov.br\/semcom\/pautas\/prefeitura-de-manaus-entrega-registro-de-imoveis-a-familias-da-comunidade-sao-jose-dos-campos-nesta-sexta-feira\/","title":{"rendered":"<strong>Prefeitura de Manaus entrega registro de im\u00f3veis a fam\u00edlias da comunidade S\u00e3o Jos\u00e9 dos Campos, nesta sexta-feira<\/strong>"},"content":{"rendered":"\n<p>O&nbsp;prefeito de Manaus, David Almeida, o diretor-presidente do Instituto Municipal de Planejamento Urbano (Implurb), Carlos Valente, e o vice-presidente de Habita\u00e7\u00e3o e Assuntos Fundi\u00e1rios (Vpreshaf), Renato Queiroz, fazem a entrega de registros de im\u00f3veis a fam\u00edlias da comunidade S\u00e3o Jos\u00e9 dos Campos, no S\u00e3o Jos\u00e9 Oper\u00e1rio, na zona Leste, nesta sexta-feira, 14\/4, \u00e0s 10h.<\/p>\n\n\n\n<p><br>Com a entrega desta sexta, a Prefeitura de Manaus soma mais de 1.100 registros de im\u00f3veis entregues na mesma comunidade, conferindo regulariza\u00e7\u00e3o fundi\u00e1ria \u00e0s fam\u00edlias.<\/p>\n\n\n\n<p>Os documentos que ser\u00e3o entregues s\u00e3o definitivos, j\u00e1 registrados em cart\u00f3rio e sem custo ao benefici\u00e1rio que se enquadra no perfil social, ou seja, a Regulariza\u00e7\u00e3o Fundi\u00e1ria Urbana Social (Reurb-S), conforme legisla\u00e7\u00e3o vigente.<\/p>\n\n\n\n<p><br>As fam\u00edlias s\u00e3o atendidas com levantamento t\u00e9cnico e cadastro social de benefici\u00e1rios aptos \u00e0 elabora\u00e7\u00e3o dos registros definitivos de seus im\u00f3veis.<\/p>\n\n\n\n<p>&#8212; &#8212; &#8212;<\/p>\n\n\n\n<p><strong>SERVI\u00c7O<br><\/strong><br><strong>O qu\u00ea<\/strong>&nbsp;\u2013 Entrega de registros de im\u00f3veis na comunidade S\u00e3o Jos\u00e9 dos Campos, no bairro S\u00e3o Jos\u00e9, zona Leste<\/p>\n\n\n\n<p><strong>Quando<\/strong>&nbsp;\u2013 Sexta-feira, 14\/4<\/p>\n\n\n\n<p><strong>Hor\u00e1rio<\/strong>&nbsp;\u2013 10h<\/p>\n\n\n\n<p><strong>Local<\/strong>&nbsp;\u2013 Rua Rio Marie (antiga rua Penetra\u00e7\u00e3o I), s\/n\u00ba, na quadra da escola municipal Honorina de Azevedo Vasconcelos<\/p>\n\n\n\n<p><strong>Localizador<\/strong>&nbsp;&#8211;&nbsp;<a href=\"https:\/\/g.co\/kgs\/UjaJDQ\" target=\"_blank\" rel=\"noreferrer noopener\">https:\/\/g.co\/kgs\/UjaJDQ<\/a><\/p>\n\n\n\n<p>&#8212; &#8212; &#8212;<\/p>\n\n\n\n<p>SEMULSP &#8211; Secretaria Municipal de Limpeza Urbana<\/p>\n\n\n\n<p>Assessor Respons\u00e1vel: Alex Melo&nbsp;&nbsp;&nbsp;&nbsp;&nbsp;&nbsp; (92) 99381-3275<\/p>\n\n\n\n<p>E-mail: <a href=\"mailto:semulspmanaus@gmail.com\">semulspmanaus@gmail.com<\/a><\/p>\n","protected":false},"featured_media":208729,"template":"","categories":[],"acf":[],"yoast_head":"<!-- This site is optimized with the Yoast SEO plugin v23.0 - https:\/\/yoast.com\/wordpress\/plugins\/seo\/ -->\n<title>Prefeitura de Manaus entrega registro de im\u00f3veis a fam\u00edlias da comunidade S\u00e3o Jos\u00e9 dos Campos, nesta sexta-feira - SEMCOM<\/title>\n<meta name=\"robots\" content=\"index, follow, max-snippet:-1, max-image-preview:large, max-video-preview:-1\" \/>\n<link rel=\"canonical\" href=\"https:\/\/www.manaus.am.gov.br\/semcom\/pautas\/prefeitura-de-manaus-entrega-registro-de-imoveis-a-familias-da-comunidade-sao-jose-dos-campos-nesta-sexta-feira\/\" \/>\n<meta property=\"og:locale\" content=\"pt_BR\" \/>\n<meta property=\"og:type\" content=\"article\" \/>\n<meta property=\"og:title\" content=\"Prefeitura de Manaus entrega registro de im\u00f3veis a fam\u00edlias da comunidade S\u00e3o Jos\u00e9 dos Campos, nesta sexta-feira - SEMCOM\" \/>\n<meta property=\"og:url\" content=\"https:\/\/www.manaus.am.gov.br\/semcom\/pautas\/prefeitura-de-manaus-entrega-registro-de-imoveis-a-familias-da-comunidade-sao-jose-dos-campos-nesta-sexta-feira\/\" \/>\n<meta property=\"og:site_name\" content=\"SEMCOM\" \/>\n<meta property=\"article:modified_time\" content=\"2023-04-13T23:03:22+00:00\" \/>\n<meta property=\"og:image\" content=\"https:\/\/www.manaus.am.gov.br\/semcom\/wp-content\/uploads\/sites\/5\/2023\/02\/sugestaodepauta.png\" \/>\n\t<meta property=\"og:image:width\" content=\"1020\" \/>\n\t<meta property=\"og:image:height\" content=\"540\" \/>\n\t<meta property=\"og:image:type\" content=\"image\/png\" \/>\n<meta name=\"twitter:card\" content=\"summary_large_image\" \/>\n<meta name=\"twitter:label1\" content=\"Est. reading time\" \/>\n\t<meta name=\"twitter:data1\" content=\"2 minutos\" \/>\n<script type=\"application\/ld+json\" class=\"yoast-schema-graph\">{\"@context\":\"https:\/\/schema.org\",\"@graph\":[{\"@type\":\"WebPage\",\"@id\":\"https:\/\/www.manaus.am.gov.br\/semcom\/pautas\/prefeitura-de-manaus-entrega-registro-de-imoveis-a-familias-da-comunidade-sao-jose-dos-campos-nesta-sexta-feira\/\",\"url\":\"https:\/\/www.manaus.am.gov.br\/semcom\/pautas\/prefeitura-de-manaus-entrega-registro-de-imoveis-a-familias-da-comunidade-sao-jose-dos-campos-nesta-sexta-feira\/\",\"name\":\"Prefeitura de Manaus entrega registro de im\u00f3veis a fam\u00edlias da comunidade S\u00e3o Jos\u00e9 dos Campos, nesta sexta-feira - SEMCOM\",\"isPartOf\":{\"@id\":\"https:\/\/www.manaus.am.gov.br\/semcom\/#website\"},\"primaryImageOfPage\":{\"@id\":\"https:\/\/www.manaus.am.gov.br\/semcom\/pautas\/prefeitura-de-manaus-entrega-registro-de-imoveis-a-familias-da-comunidade-sao-jose-dos-campos-nesta-sexta-feira\/#primaryimage\"},\"image\":{\"@id\":\"https:\/\/www.manaus.am.gov.br\/semcom\/pautas\/prefeitura-de-manaus-entrega-registro-de-imoveis-a-familias-da-comunidade-sao-jose-dos-campos-nesta-sexta-feira\/#primaryimage\"},\"thumbnailUrl\":\"https:\/\/www.manaus.am.gov.br\/semcom\/wp-content\/uploads\/sites\/5\/2023\/02\/sugestaodepauta.png\",\"datePublished\":\"2023-04-13T23:03:21+00:00\",\"dateModified\":\"2023-04-13T23:03:22+00:00\",\"inLanguage\":\"pt-BR\",\"potentialAction\":[{\"@type\":\"ReadAction\",\"target\":[\"https:\/\/www.manaus.am.gov.br\/semcom\/pautas\/prefeitura-de-manaus-entrega-registro-de-imoveis-a-familias-da-comunidade-sao-jose-dos-campos-nesta-sexta-feira\/\"]}]},{\"@type\":\"ImageObject\",\"inLanguage\":\"pt-BR\",\"@id\":\"https:\/\/www.manaus.am.gov.br\/semcom\/pautas\/prefeitura-de-manaus-entrega-registro-de-imoveis-a-familias-da-comunidade-sao-jose-dos-campos-nesta-sexta-feira\/#primaryimage\",\"url\":\"https:\/\/www.manaus.am.gov.br\/semcom\/wp-content\/uploads\/sites\/5\/2023\/02\/sugestaodepauta.png\",\"contentUrl\":\"https:\/\/www.manaus.am.gov.br\/semcom\/wp-content\/uploads\/sites\/5\/2023\/02\/sugestaodepauta.png\",\"width\":1020,\"height\":540},{\"@type\":\"WebSite\",\"@id\":\"https:\/\/www.manaus.am.gov.br\/semcom\/#website\",\"url\":\"https:\/\/www.manaus.am.gov.br\/semcom\/\",\"name\":\"SEMCOM\",\"description\":\"Secretaria Municipal de Comunica\u00e7\u00e3o\",\"potentialAction\":[{\"@type\":\"SearchAction\",\"target\":{\"@type\":\"EntryPoint\",\"urlTemplate\":\"https:\/\/www.manaus.am.gov.br\/semcom\/?s={search_term_string}\"},\"query-input\":\"required name=search_term_string\"}],\"inLanguage\":\"pt-BR\"}]}<\/script>\n<!-- \/ Yoast SEO plugin. -->","yoast_head_json":{"title":"Prefeitura de Manaus entrega registro de im\u00f3veis a fam\u00edlias da comunidade S\u00e3o Jos\u00e9 dos Campos, nesta sexta-feira - SEMCOM","robots":{"index":"index","follow":"follow","max-snippet":"max-snippet:-1","max-image-preview":"max-image-preview:large","max-video-preview":"max-video-preview:-1"},"canonical":"https:\/\/www.manaus.am.gov.br\/semcom\/pautas\/prefeitura-de-manaus-entrega-registro-de-imoveis-a-familias-da-comunidade-sao-jose-dos-campos-nesta-sexta-feira\/","og_locale":"pt_BR","og_type":"article","og_title":"Prefeitura de Manaus entrega registro de im\u00f3veis a fam\u00edlias da comunidade S\u00e3o Jos\u00e9 dos Campos, nesta sexta-feira - SEMCOM","og_url":"https:\/\/www.manaus.am.gov.br\/semcom\/pautas\/prefeitura-de-manaus-entrega-registro-de-imoveis-a-familias-da-comunidade-sao-jose-dos-campos-nesta-sexta-feira\/","og_site_name":"SEMCOM","article_modified_time":"2023-04-13T23:03:22+00:00","og_image":[{"width":1020,"height":540,"url":"https:\/\/www.manaus.am.gov.br\/semcom\/wp-content\/uploads\/sites\/5\/2023\/02\/sugestaodepauta.png","type":"image\/png"}],"twitter_card":"summary_large_image","twitter_misc":{"Est. reading time":"2 minutos"},"schema":{"@context":"https:\/\/schema.org","@graph":[{"@type":"WebPage","@id":"https:\/\/www.manaus.am.gov.br\/semcom\/pautas\/prefeitura-de-manaus-entrega-registro-de-imoveis-a-familias-da-comunidade-sao-jose-dos-campos-nesta-sexta-feira\/","url":"https:\/\/www.manaus.am.gov.br\/semcom\/pautas\/prefeitura-de-manaus-entrega-registro-de-imoveis-a-familias-da-comunidade-sao-jose-dos-campos-nesta-sexta-feira\/","name":"Prefeitura de Manaus entrega registro de im\u00f3veis a fam\u00edlias da comunidade S\u00e3o Jos\u00e9 dos Campos, nesta sexta-feira - SEMCOM","isPartOf":{"@id":"https:\/\/www.manaus.am.gov.br\/semcom\/#website"},"primaryImageOfPage":{"@id":"https:\/\/www.manaus.am.gov.br\/semcom\/pautas\/prefeitura-de-manaus-entrega-registro-de-imoveis-a-familias-da-comunidade-sao-jose-dos-campos-nesta-sexta-feira\/#primaryimage"},"image":{"@id":"https:\/\/www.manaus.am.gov.br\/semcom\/pautas\/prefeitura-de-manaus-entrega-registro-de-imoveis-a-familias-da-comunidade-sao-jose-dos-campos-nesta-sexta-feira\/#primaryimage"},"thumbnailUrl":"https:\/\/www.manaus.am.gov.br\/semcom\/wp-content\/uploads\/sites\/5\/2023\/02\/sugestaodepauta.png","datePublished":"2023-04-13T23:03:21+00:00","dateModified":"2023-04-13T23:03:22+00:00","inLanguage":"pt-BR","potentialAction":[{"@type":"ReadAction","target":["https:\/\/www.manaus.am.gov.br\/semcom\/pautas\/prefeitura-de-manaus-entrega-registro-de-imoveis-a-familias-da-comunidade-sao-jose-dos-campos-nesta-sexta-feira\/"]}]},{"@type":"ImageObject","inLanguage":"pt-BR","@id":"https:\/\/www.manaus.am.gov.br\/semcom\/pautas\/prefeitura-de-manaus-entrega-registro-de-imoveis-a-familias-da-comunidade-sao-jose-dos-campos-nesta-sexta-feira\/#primaryimage","url":"https:\/\/www.manaus.am.gov.br\/semcom\/wp-content\/uploads\/sites\/5\/2023\/02\/sugestaodepauta.png","contentUrl":"https:\/\/www.manaus.am.gov.br\/semcom\/wp-content\/uploads\/sites\/5\/2023\/02\/sugestaodepauta.png","width":1020,"height":540},{"@type":"WebSite","@id":"https:\/\/www.manaus.am.gov.br\/semcom\/#website","url":"https:\/\/www.manaus.am.gov.br\/semcom\/","name":"SEMCOM","description":"Secretaria Municipal de Comunica\u00e7\u00e3o","potentialAction":[{"@type":"SearchAction","target":{"@type":"EntryPoint","urlTemplate":"https:\/\/www.manaus.am.gov.br\/semcom\/?s={search_term_string}"},"query-input":"required name=search_term_string"}],"inLanguage":"pt-BR"}]}},"_links":{"self":[{"href":"https:\/\/www.manaus.am.gov.br\/semcom\/wp-json\/wp\/v2\/pautas\/212061"}],"collection":[{"href":"https:\/\/www.manaus.am.gov.br\/semcom\/wp-json\/wp\/v2\/pautas"}],"about":[{"href":"https:\/\/www.manaus.am.gov.br\/semcom\/wp-json\/wp\/v2\/types\/pautas"}],"wp:featuredmedia":[{"embeddable":true,"href":"https:\/\/www.manaus.am.gov.br\/semcom\/wp-json\/wp\/v2\/media\/208729"}],"wp:attachment":[{"href":"https:\/\/www.manaus.am.gov.br\/semcom\/wp-json\/wp\/v2\/media?parent=212061"}],"wp:term":[{"taxonomy":"category","embeddable":true,"href":"https:\/\/www.manaus.am.gov.br\/semcom\/wp-json\/wp\/v2\/categories?post=212061"}],"curies":[{"name":"wp","href":"https:\/\/api.w.org\/{rel}","templated":true}]}}