{"id":211980,"date":"2023-04-12T14:04:10","date_gmt":"2023-04-12T17:04:10","guid":{"rendered":"https:\/\/www.manaus.am.gov.br\/semcom\/?post_type=pautas&#038;p=211980"},"modified":"2023-04-12T14:04:11","modified_gmt":"2023-04-12T17:04:11","slug":"prefeitura-entrega-passagens-aereas-a-42-atletas-do-manaus-olimpica-para-competir-no-campeonato-brasileiro-de-jiu-jitsu","status":"publish","type":"pautas","link":"https:\/\/www.manaus.am.gov.br\/semcom\/pautas\/prefeitura-entrega-passagens-aereas-a-42-atletas-do-manaus-olimpica-para-competir-no-campeonato-brasileiro-de-jiu-jitsu\/","title":{"rendered":"<strong>Prefeitura entrega passagens a\u00e9reas a 42 atletas do \u2018Manaus Ol\u00edmpica\u2019 para competir no Campeonato Brasileiro de Jiu-Jitsu<\/strong>"},"content":{"rendered":"\n<p>O prefeito David Almeida entrega, nesta quinta-feira, 13\/4, 42 passagens a\u00e9reas aos atletas qualificados para representar Manaus no Campeonato Brasileiro de Jiu-Jitsu. A competi\u00e7\u00e3o nacional acontecer\u00e1 em Barueri, S\u00e3o Paulo, de 29 de abril a 7 de maio deste ano.<\/p>\n\n\n\n<p>O evento acontece a partir das 15h, no audit\u00f3rio da sede da Secretaria Municipal de Educa\u00e7\u00e3o (Semed), na zona Centro-Sul da capital.<\/p>\n\n\n\n<p>Para conquistar as vagas e as passagens, os jovens contemplados passaram por uma seletiva do programa \u201cManaus Ol\u00edmpica\u201d, da Funda\u00e7\u00e3o Manaus Esporte (FME), realizada em mar\u00e7o, que contou com mais de 400 participantes.<\/p>\n\n\n\n<p>&#8212; &#8212; &#8212;<\/p>\n\n\n\n<p><strong>SERVI\u00c7O:<\/strong><\/p>\n\n\n\n<p><strong>O qu\u00ea &#8211; <\/strong>Entrega das passagens a\u00e9reas a 42 atletas do \u201cManaus Ol\u00edmpica\u201d para disputa do Campeonato Brasileiro de Jiu-Jitsu<\/p>\n\n\n\n<p><strong>Quando &#8211;<\/strong> Quinta-feira, 13\/4<\/p>\n\n\n\n<p><strong>Hor\u00e1rio &#8211;<\/strong> 15h<\/p>\n\n\n\n<p><strong>Local &#8211; <\/strong>Audit\u00f3rio da sede da Secretaria Municipal de Educa\u00e7\u00e3o (Semed), na avenida M\u00e1rio Ypiranga Monteiro, n\u00ba 2.358, bairro Parque 10 de Novembro, zona Centro-Sul<\/p>\n","protected":false},"featured_media":208729,"template":"","categories":[833],"acf":[],"yoast_head":"<!-- This site is optimized with the Yoast SEO plugin v23.0 - https:\/\/yoast.com\/wordpress\/plugins\/seo\/ -->\n<title>Prefeitura entrega passagens a\u00e9reas a 42 atletas do \u2018Manaus Ol\u00edmpica\u2019 para competir no Campeonato Brasileiro de Jiu-Jitsu<\/title>\n<meta name=\"description\" content=\"O prefeito David Almeida entrega, nesta quinta-feira, 13\/4, 42 passagens a\u00e9reas aos atletas qualificados para representar Manaus no Campeonato Brasileiro de Jiu-Jitsu.\" \/>\n<meta name=\"robots\" content=\"index, follow, max-snippet:-1, max-image-preview:large, max-video-preview:-1\" \/>\n<link rel=\"canonical\" href=\"https:\/\/www.manaus.am.gov.br\/semcom\/pautas\/prefeitura-entrega-passagens-aereas-a-42-atletas-do-manaus-olimpica-para-competir-no-campeonato-brasileiro-de-jiu-jitsu\/\" \/>\n<meta property=\"og:locale\" content=\"pt_BR\" \/>\n<meta property=\"og:type\" content=\"article\" \/>\n<meta property=\"og:title\" content=\"Prefeitura entrega passagens a\u00e9reas a 42 atletas do \u2018Manaus Ol\u00edmpica\u2019 para competir no Campeonato Brasileiro de Jiu-Jitsu\" \/>\n<meta property=\"og:description\" content=\"O prefeito David Almeida entrega, nesta quinta-feira, 13\/4, 42 passagens a\u00e9reas aos atletas qualificados para representar Manaus no Campeonato Brasileiro de Jiu-Jitsu.\" \/>\n<meta property=\"og:url\" content=\"https:\/\/www.manaus.am.gov.br\/semcom\/pautas\/prefeitura-entrega-passagens-aereas-a-42-atletas-do-manaus-olimpica-para-competir-no-campeonato-brasileiro-de-jiu-jitsu\/\" \/>\n<meta property=\"og:site_name\" content=\"SEMCOM\" \/>\n<meta property=\"article:modified_time\" content=\"2023-04-12T17:04:11+00:00\" \/>\n<meta property=\"og:image\" content=\"https:\/\/www.manaus.am.gov.br\/semcom\/wp-content\/uploads\/sites\/5\/2023\/02\/sugestaodepauta.png\" \/>\n\t<meta property=\"og:image:width\" content=\"1020\" \/>\n\t<meta property=\"og:image:height\" content=\"540\" \/>\n\t<meta property=\"og:image:type\" content=\"image\/png\" \/>\n<meta name=\"twitter:card\" content=\"summary_large_image\" \/>\n<meta name=\"twitter:label1\" content=\"Est. reading time\" \/>\n\t<meta name=\"twitter:data1\" content=\"1 minuto\" \/>\n<script type=\"application\/ld+json\" class=\"yoast-schema-graph\">{\"@context\":\"https:\/\/schema.org\",\"@graph\":[{\"@type\":\"WebPage\",\"@id\":\"https:\/\/www.manaus.am.gov.br\/semcom\/pautas\/prefeitura-entrega-passagens-aereas-a-42-atletas-do-manaus-olimpica-para-competir-no-campeonato-brasileiro-de-jiu-jitsu\/\",\"url\":\"https:\/\/www.manaus.am.gov.br\/semcom\/pautas\/prefeitura-entrega-passagens-aereas-a-42-atletas-do-manaus-olimpica-para-competir-no-campeonato-brasileiro-de-jiu-jitsu\/\",\"name\":\"Prefeitura entrega passagens a\u00e9reas a 42 atletas do \u2018Manaus Ol\u00edmpica\u2019 para competir no Campeonato Brasileiro de Jiu-Jitsu\",\"isPartOf\":{\"@id\":\"https:\/\/www.manaus.am.gov.br\/semcom\/#website\"},\"primaryImageOfPage\":{\"@id\":\"https:\/\/www.manaus.am.gov.br\/semcom\/pautas\/prefeitura-entrega-passagens-aereas-a-42-atletas-do-manaus-olimpica-para-competir-no-campeonato-brasileiro-de-jiu-jitsu\/#primaryimage\"},\"image\":{\"@id\":\"https:\/\/www.manaus.am.gov.br\/semcom\/pautas\/prefeitura-entrega-passagens-aereas-a-42-atletas-do-manaus-olimpica-para-competir-no-campeonato-brasileiro-de-jiu-jitsu\/#primaryimage\"},\"thumbnailUrl\":\"https:\/\/www.manaus.am.gov.br\/semcom\/wp-content\/uploads\/sites\/5\/2023\/02\/sugestaodepauta.png\",\"datePublished\":\"2023-04-12T17:04:10+00:00\",\"dateModified\":\"2023-04-12T17:04:11+00:00\",\"description\":\"O prefeito David Almeida entrega, nesta quinta-feira, 13\/4, 42 passagens a\u00e9reas aos atletas qualificados para representar Manaus no Campeonato Brasileiro de Jiu-Jitsu.\",\"inLanguage\":\"pt-BR\",\"potentialAction\":[{\"@type\":\"ReadAction\",\"target\":[\"https:\/\/www.manaus.am.gov.br\/semcom\/pautas\/prefeitura-entrega-passagens-aereas-a-42-atletas-do-manaus-olimpica-para-competir-no-campeonato-brasileiro-de-jiu-jitsu\/\"]}]},{\"@type\":\"ImageObject\",\"inLanguage\":\"pt-BR\",\"@id\":\"https:\/\/www.manaus.am.gov.br\/semcom\/pautas\/prefeitura-entrega-passagens-aereas-a-42-atletas-do-manaus-olimpica-para-competir-no-campeonato-brasileiro-de-jiu-jitsu\/#primaryimage\",\"url\":\"https:\/\/www.manaus.am.gov.br\/semcom\/wp-content\/uploads\/sites\/5\/2023\/02\/sugestaodepauta.png\",\"contentUrl\":\"https:\/\/www.manaus.am.gov.br\/semcom\/wp-content\/uploads\/sites\/5\/2023\/02\/sugestaodepauta.png\",\"width\":1020,\"height\":540},{\"@type\":\"WebSite\",\"@id\":\"https:\/\/www.manaus.am.gov.br\/semcom\/#website\",\"url\":\"https:\/\/www.manaus.am.gov.br\/semcom\/\",\"name\":\"SEMCOM\",\"description\":\"Secretaria Municipal de Comunica\u00e7\u00e3o\",\"potentialAction\":[{\"@type\":\"SearchAction\",\"target\":{\"@type\":\"EntryPoint\",\"urlTemplate\":\"https:\/\/www.manaus.am.gov.br\/semcom\/?s={search_term_string}\"},\"query-input\":\"required name=search_term_string\"}],\"inLanguage\":\"pt-BR\"}]}<\/script>\n<!-- \/ Yoast SEO plugin. -->","yoast_head_json":{"title":"Prefeitura entrega passagens a\u00e9reas a 42 atletas do \u2018Manaus Ol\u00edmpica\u2019 para competir no Campeonato Brasileiro de Jiu-Jitsu","description":"O prefeito David Almeida entrega, nesta quinta-feira, 13\/4, 42 passagens a\u00e9reas aos atletas qualificados para representar Manaus no Campeonato Brasileiro de Jiu-Jitsu.","robots":{"index":"index","follow":"follow","max-snippet":"max-snippet:-1","max-image-preview":"max-image-preview:large","max-video-preview":"max-video-preview:-1"},"canonical":"https:\/\/www.manaus.am.gov.br\/semcom\/pautas\/prefeitura-entrega-passagens-aereas-a-42-atletas-do-manaus-olimpica-para-competir-no-campeonato-brasileiro-de-jiu-jitsu\/","og_locale":"pt_BR","og_type":"article","og_title":"Prefeitura entrega passagens a\u00e9reas a 42 atletas do \u2018Manaus Ol\u00edmpica\u2019 para competir no Campeonato Brasileiro de Jiu-Jitsu","og_description":"O prefeito David Almeida entrega, nesta quinta-feira, 13\/4, 42 passagens a\u00e9reas aos atletas qualificados para representar Manaus no Campeonato Brasileiro de Jiu-Jitsu.","og_url":"https:\/\/www.manaus.am.gov.br\/semcom\/pautas\/prefeitura-entrega-passagens-aereas-a-42-atletas-do-manaus-olimpica-para-competir-no-campeonato-brasileiro-de-jiu-jitsu\/","og_site_name":"SEMCOM","article_modified_time":"2023-04-12T17:04:11+00:00","og_image":[{"width":1020,"height":540,"url":"https:\/\/www.manaus.am.gov.br\/semcom\/wp-content\/uploads\/sites\/5\/2023\/02\/sugestaodepauta.png","type":"image\/png"}],"twitter_card":"summary_large_image","twitter_misc":{"Est. reading time":"1 minuto"},"schema":{"@context":"https:\/\/schema.org","@graph":[{"@type":"WebPage","@id":"https:\/\/www.manaus.am.gov.br\/semcom\/pautas\/prefeitura-entrega-passagens-aereas-a-42-atletas-do-manaus-olimpica-para-competir-no-campeonato-brasileiro-de-jiu-jitsu\/","url":"https:\/\/www.manaus.am.gov.br\/semcom\/pautas\/prefeitura-entrega-passagens-aereas-a-42-atletas-do-manaus-olimpica-para-competir-no-campeonato-brasileiro-de-jiu-jitsu\/","name":"Prefeitura entrega passagens a\u00e9reas a 42 atletas do \u2018Manaus Ol\u00edmpica\u2019 para competir no Campeonato Brasileiro de Jiu-Jitsu","isPartOf":{"@id":"https:\/\/www.manaus.am.gov.br\/semcom\/#website"},"primaryImageOfPage":{"@id":"https:\/\/www.manaus.am.gov.br\/semcom\/pautas\/prefeitura-entrega-passagens-aereas-a-42-atletas-do-manaus-olimpica-para-competir-no-campeonato-brasileiro-de-jiu-jitsu\/#primaryimage"},"image":{"@id":"https:\/\/www.manaus.am.gov.br\/semcom\/pautas\/prefeitura-entrega-passagens-aereas-a-42-atletas-do-manaus-olimpica-para-competir-no-campeonato-brasileiro-de-jiu-jitsu\/#primaryimage"},"thumbnailUrl":"https:\/\/www.manaus.am.gov.br\/semcom\/wp-content\/uploads\/sites\/5\/2023\/02\/sugestaodepauta.png","datePublished":"2023-04-12T17:04:10+00:00","dateModified":"2023-04-12T17:04:11+00:00","description":"O prefeito David Almeida entrega, nesta quinta-feira, 13\/4, 42 passagens a\u00e9reas aos atletas qualificados para representar Manaus no Campeonato Brasileiro de Jiu-Jitsu.","inLanguage":"pt-BR","potentialAction":[{"@type":"ReadAction","target":["https:\/\/www.manaus.am.gov.br\/semcom\/pautas\/prefeitura-entrega-passagens-aereas-a-42-atletas-do-manaus-olimpica-para-competir-no-campeonato-brasileiro-de-jiu-jitsu\/"]}]},{"@type":"ImageObject","inLanguage":"pt-BR","@id":"https:\/\/www.manaus.am.gov.br\/semcom\/pautas\/prefeitura-entrega-passagens-aereas-a-42-atletas-do-manaus-olimpica-para-competir-no-campeonato-brasileiro-de-jiu-jitsu\/#primaryimage","url":"https:\/\/www.manaus.am.gov.br\/semcom\/wp-content\/uploads\/sites\/5\/2023\/02\/sugestaodepauta.png","contentUrl":"https:\/\/www.manaus.am.gov.br\/semcom\/wp-content\/uploads\/sites\/5\/2023\/02\/sugestaodepauta.png","width":1020,"height":540},{"@type":"WebSite","@id":"https:\/\/www.manaus.am.gov.br\/semcom\/#website","url":"https:\/\/www.manaus.am.gov.br\/semcom\/","name":"SEMCOM","description":"Secretaria Municipal de Comunica\u00e7\u00e3o","potentialAction":[{"@type":"SearchAction","target":{"@type":"EntryPoint","urlTemplate":"https:\/\/www.manaus.am.gov.br\/semcom\/?s={search_term_string}"},"query-input":"required name=search_term_string"}],"inLanguage":"pt-BR"}]}},"_links":{"self":[{"href":"https:\/\/www.manaus.am.gov.br\/semcom\/wp-json\/wp\/v2\/pautas\/211980"}],"collection":[{"href":"https:\/\/www.manaus.am.gov.br\/semcom\/wp-json\/wp\/v2\/pautas"}],"about":[{"href":"https:\/\/www.manaus.am.gov.br\/semcom\/wp-json\/wp\/v2\/types\/pautas"}],"wp:featuredmedia":[{"embeddable":true,"href":"https:\/\/www.manaus.am.gov.br\/semcom\/wp-json\/wp\/v2\/media\/208729"}],"wp:attachment":[{"href":"https:\/\/www.manaus.am.gov.br\/semcom\/wp-json\/wp\/v2\/media?parent=211980"}],"wp:term":[{"taxonomy":"category","embeddable":true,"href":"https:\/\/www.manaus.am.gov.br\/semcom\/wp-json\/wp\/v2\/categories?post=211980"}],"curies":[{"name":"wp","href":"https:\/\/api.w.org\/{rel}","templated":true}]}}