{"id":211772,"date":"2023-04-08T10:35:30","date_gmt":"2023-04-08T13:35:30","guid":{"rendered":"https:\/\/www.manaus.am.gov.br\/semcom\/?post_type=pautas&#038;p=211772"},"modified":"2023-04-08T10:35:30","modified_gmt":"2023-04-08T13:35:30","slug":"osvaldo-cardoso-toma-posse-como-novo-diretor-presidente-da-manauscult","status":"publish","type":"pautas","link":"https:\/\/www.manaus.am.gov.br\/semcom\/pautas\/osvaldo-cardoso-toma-posse-como-novo-diretor-presidente-da-manauscult\/","title":{"rendered":"<strong>Osvaldo Cardoso toma posse como novo diretor-presidente da Manauscult<\/strong>"},"content":{"rendered":"\n<p>O prefeito David Almeida empossa Osvaldo Cardoso como novo diretor-presidente da Funda\u00e7\u00e3o Municipal de Cultura, Turismo e Eventos (Manauscult). A solenidade acontece nesta segunda-feira, dia 10\/4, \u00e0s 10h30, no Centro de Coopera\u00e7\u00e3o da Cidade (CCC), localizado na avenida Umberto Calderaro Filho, Zona Centro-Sul.<\/p>\n\n\n\n<p>Osvaldo Cardoso \u00e9 advogado, ativista cultural e articulador pol\u00edtico com mais de 10 anos de atua\u00e7\u00e3o. Com grande tr\u00e2nsito nos minist\u00e9rios do governo federal, Cardoso assume a Manauscult com a miss\u00e3o de impulsionar projetos na \u00e1rea da cultura e turismo.<\/p>\n\n\n\n<p>Como primeira agenda oficial, o presidente vai a Bras\u00edlia na quarta-feira, 12, em busca de recursos para fomentar projetos culturais, principalmente do segmento audiovisual e manifesta\u00e7\u00f5es folcl\u00f3ricas, bem como para infraestrutura e sinaliza\u00e7\u00e3o tur\u00edstica da cidade.<\/p>\n\n\n\n<p>Ap\u00f3s seu retorno, Cardoso dar\u00e1 in\u00edcio \u00e0 agenda de articula\u00e7\u00f5es com pautas importantes como pol\u00edticas p\u00fablicas culturais, respeito \u00e0 pluralidade e inclus\u00e3o, al\u00e9m da interlocu\u00e7\u00e3o com representantes dos grupos de trabalho para acompanhamento e implementa\u00e7\u00e3o das leis Paulo Gustavo e Aldir Blanc 2.<\/p>\n\n\n\n<p>Identificado com as pautas culturais, o novo gestor da Manauscult pretende trabalhar com afinco, dialogando muito com os segmentos art\u00edsticos, para fortalecer o processo cultural em Manaus, promovendo a\u00e7\u00f5es de fomento e gerando oportunidade de trabalho e renda para os fazedores de cultura de nossa cidade.<\/p>\n\n\n\n<p><strong>SERVI\u00c7O<\/strong><\/p>\n\n\n\n<p><strong>O qu\u00ea<\/strong>&nbsp;&#8211; Posse do diretor-presidente da Manauscult, Osvaldo Cardoso.<\/p>\n\n\n\n<p><strong>Quando<\/strong>&nbsp;&#8211; Segunda-feira, 10\/4<\/p>\n\n\n\n<p><strong>Hor\u00e1rio<\/strong>&nbsp;&#8211; 10h30<\/p>\n\n\n\n<p><strong>Local<\/strong>&nbsp;&#8211; Centro de Coopera\u00e7\u00e3o da Cidade (CCC),&nbsp;na esquina das avenidas Efig\u00eanio Sales e Umberto Calderaro Filho, bairro Adrian\u00f3polis, Zona Centro-Sul<\/p>\n","protected":false},"featured_media":208729,"template":"","categories":[799],"acf":[],"yoast_head":"<!-- This site is optimized with the Yoast SEO plugin v23.0 - https:\/\/yoast.com\/wordpress\/plugins\/seo\/ -->\n<title>Osvaldo Cardoso toma posse como novo diretor-presidente da Manauscult<\/title>\n<meta name=\"description\" content=\"O prefeito David Almeida empossa Osvaldo Cardoso como novo diretor-presidente da Funda\u00e7\u00e3o Municipal de Cultura, Turismo e Eventos (Manauscult)\" \/>\n<meta name=\"robots\" content=\"index, follow, max-snippet:-1, max-image-preview:large, max-video-preview:-1\" \/>\n<link rel=\"canonical\" href=\"https:\/\/www.manaus.am.gov.br\/semcom\/pautas\/osvaldo-cardoso-toma-posse-como-novo-diretor-presidente-da-manauscult\/\" \/>\n<meta property=\"og:locale\" content=\"pt_BR\" \/>\n<meta property=\"og:type\" content=\"article\" \/>\n<meta property=\"og:title\" content=\"Osvaldo Cardoso toma posse como novo diretor-presidente da Manauscult\" \/>\n<meta property=\"og:description\" content=\"O prefeito David Almeida empossa Osvaldo Cardoso como novo diretor-presidente da Funda\u00e7\u00e3o Municipal de Cultura, Turismo e Eventos (Manauscult)\" \/>\n<meta property=\"og:url\" content=\"https:\/\/www.manaus.am.gov.br\/semcom\/pautas\/osvaldo-cardoso-toma-posse-como-novo-diretor-presidente-da-manauscult\/\" \/>\n<meta property=\"og:site_name\" content=\"SEMCOM\" \/>\n<meta property=\"og:image\" content=\"https:\/\/www.manaus.am.gov.br\/semcom\/wp-content\/uploads\/sites\/5\/2023\/02\/sugestaodepauta.png\" \/>\n\t<meta property=\"og:image:width\" content=\"1020\" \/>\n\t<meta property=\"og:image:height\" content=\"540\" \/>\n\t<meta property=\"og:image:type\" content=\"image\/png\" \/>\n<meta name=\"twitter:card\" content=\"summary_large_image\" \/>\n<meta name=\"twitter:label1\" content=\"Est. reading time\" \/>\n\t<meta name=\"twitter:data1\" content=\"2 minutos\" \/>\n<script type=\"application\/ld+json\" class=\"yoast-schema-graph\">{\"@context\":\"https:\/\/schema.org\",\"@graph\":[{\"@type\":\"WebPage\",\"@id\":\"https:\/\/www.manaus.am.gov.br\/semcom\/pautas\/osvaldo-cardoso-toma-posse-como-novo-diretor-presidente-da-manauscult\/\",\"url\":\"https:\/\/www.manaus.am.gov.br\/semcom\/pautas\/osvaldo-cardoso-toma-posse-como-novo-diretor-presidente-da-manauscult\/\",\"name\":\"Osvaldo Cardoso toma posse como novo diretor-presidente da Manauscult\",\"isPartOf\":{\"@id\":\"https:\/\/www.manaus.am.gov.br\/semcom\/#website\"},\"primaryImageOfPage\":{\"@id\":\"https:\/\/www.manaus.am.gov.br\/semcom\/pautas\/osvaldo-cardoso-toma-posse-como-novo-diretor-presidente-da-manauscult\/#primaryimage\"},\"image\":{\"@id\":\"https:\/\/www.manaus.am.gov.br\/semcom\/pautas\/osvaldo-cardoso-toma-posse-como-novo-diretor-presidente-da-manauscult\/#primaryimage\"},\"thumbnailUrl\":\"https:\/\/www.manaus.am.gov.br\/semcom\/wp-content\/uploads\/sites\/5\/2023\/02\/sugestaodepauta.png\",\"datePublished\":\"2023-04-08T13:35:30+00:00\",\"dateModified\":\"2023-04-08T13:35:30+00:00\",\"description\":\"O prefeito David Almeida empossa Osvaldo Cardoso como novo diretor-presidente da Funda\u00e7\u00e3o Municipal de Cultura, Turismo e Eventos (Manauscult)\",\"inLanguage\":\"pt-BR\",\"potentialAction\":[{\"@type\":\"ReadAction\",\"target\":[\"https:\/\/www.manaus.am.gov.br\/semcom\/pautas\/osvaldo-cardoso-toma-posse-como-novo-diretor-presidente-da-manauscult\/\"]}]},{\"@type\":\"ImageObject\",\"inLanguage\":\"pt-BR\",\"@id\":\"https:\/\/www.manaus.am.gov.br\/semcom\/pautas\/osvaldo-cardoso-toma-posse-como-novo-diretor-presidente-da-manauscult\/#primaryimage\",\"url\":\"https:\/\/www.manaus.am.gov.br\/semcom\/wp-content\/uploads\/sites\/5\/2023\/02\/sugestaodepauta.png\",\"contentUrl\":\"https:\/\/www.manaus.am.gov.br\/semcom\/wp-content\/uploads\/sites\/5\/2023\/02\/sugestaodepauta.png\",\"width\":1020,\"height\":540},{\"@type\":\"WebSite\",\"@id\":\"https:\/\/www.manaus.am.gov.br\/semcom\/#website\",\"url\":\"https:\/\/www.manaus.am.gov.br\/semcom\/\",\"name\":\"SEMCOM\",\"description\":\"Secretaria Municipal de Comunica\u00e7\u00e3o\",\"potentialAction\":[{\"@type\":\"SearchAction\",\"target\":{\"@type\":\"EntryPoint\",\"urlTemplate\":\"https:\/\/www.manaus.am.gov.br\/semcom\/?s={search_term_string}\"},\"query-input\":\"required name=search_term_string\"}],\"inLanguage\":\"pt-BR\"}]}<\/script>\n<!-- \/ Yoast SEO plugin. -->","yoast_head_json":{"title":"Osvaldo Cardoso toma posse como novo diretor-presidente da Manauscult","description":"O prefeito David Almeida empossa Osvaldo Cardoso como novo diretor-presidente da Funda\u00e7\u00e3o Municipal de Cultura, Turismo e Eventos (Manauscult)","robots":{"index":"index","follow":"follow","max-snippet":"max-snippet:-1","max-image-preview":"max-image-preview:large","max-video-preview":"max-video-preview:-1"},"canonical":"https:\/\/www.manaus.am.gov.br\/semcom\/pautas\/osvaldo-cardoso-toma-posse-como-novo-diretor-presidente-da-manauscult\/","og_locale":"pt_BR","og_type":"article","og_title":"Osvaldo Cardoso toma posse como novo diretor-presidente da Manauscult","og_description":"O prefeito David Almeida empossa Osvaldo Cardoso como novo diretor-presidente da Funda\u00e7\u00e3o Municipal de Cultura, Turismo e Eventos (Manauscult)","og_url":"https:\/\/www.manaus.am.gov.br\/semcom\/pautas\/osvaldo-cardoso-toma-posse-como-novo-diretor-presidente-da-manauscult\/","og_site_name":"SEMCOM","og_image":[{"width":1020,"height":540,"url":"https:\/\/www.manaus.am.gov.br\/semcom\/wp-content\/uploads\/sites\/5\/2023\/02\/sugestaodepauta.png","type":"image\/png"}],"twitter_card":"summary_large_image","twitter_misc":{"Est. reading time":"2 minutos"},"schema":{"@context":"https:\/\/schema.org","@graph":[{"@type":"WebPage","@id":"https:\/\/www.manaus.am.gov.br\/semcom\/pautas\/osvaldo-cardoso-toma-posse-como-novo-diretor-presidente-da-manauscult\/","url":"https:\/\/www.manaus.am.gov.br\/semcom\/pautas\/osvaldo-cardoso-toma-posse-como-novo-diretor-presidente-da-manauscult\/","name":"Osvaldo Cardoso toma posse como novo diretor-presidente da Manauscult","isPartOf":{"@id":"https:\/\/www.manaus.am.gov.br\/semcom\/#website"},"primaryImageOfPage":{"@id":"https:\/\/www.manaus.am.gov.br\/semcom\/pautas\/osvaldo-cardoso-toma-posse-como-novo-diretor-presidente-da-manauscult\/#primaryimage"},"image":{"@id":"https:\/\/www.manaus.am.gov.br\/semcom\/pautas\/osvaldo-cardoso-toma-posse-como-novo-diretor-presidente-da-manauscult\/#primaryimage"},"thumbnailUrl":"https:\/\/www.manaus.am.gov.br\/semcom\/wp-content\/uploads\/sites\/5\/2023\/02\/sugestaodepauta.png","datePublished":"2023-04-08T13:35:30+00:00","dateModified":"2023-04-08T13:35:30+00:00","description":"O prefeito David Almeida empossa Osvaldo Cardoso como novo diretor-presidente da Funda\u00e7\u00e3o Municipal de Cultura, Turismo e Eventos (Manauscult)","inLanguage":"pt-BR","potentialAction":[{"@type":"ReadAction","target":["https:\/\/www.manaus.am.gov.br\/semcom\/pautas\/osvaldo-cardoso-toma-posse-como-novo-diretor-presidente-da-manauscult\/"]}]},{"@type":"ImageObject","inLanguage":"pt-BR","@id":"https:\/\/www.manaus.am.gov.br\/semcom\/pautas\/osvaldo-cardoso-toma-posse-como-novo-diretor-presidente-da-manauscult\/#primaryimage","url":"https:\/\/www.manaus.am.gov.br\/semcom\/wp-content\/uploads\/sites\/5\/2023\/02\/sugestaodepauta.png","contentUrl":"https:\/\/www.manaus.am.gov.br\/semcom\/wp-content\/uploads\/sites\/5\/2023\/02\/sugestaodepauta.png","width":1020,"height":540},{"@type":"WebSite","@id":"https:\/\/www.manaus.am.gov.br\/semcom\/#website","url":"https:\/\/www.manaus.am.gov.br\/semcom\/","name":"SEMCOM","description":"Secretaria Municipal de Comunica\u00e7\u00e3o","potentialAction":[{"@type":"SearchAction","target":{"@type":"EntryPoint","urlTemplate":"https:\/\/www.manaus.am.gov.br\/semcom\/?s={search_term_string}"},"query-input":"required name=search_term_string"}],"inLanguage":"pt-BR"}]}},"_links":{"self":[{"href":"https:\/\/www.manaus.am.gov.br\/semcom\/wp-json\/wp\/v2\/pautas\/211772"}],"collection":[{"href":"https:\/\/www.manaus.am.gov.br\/semcom\/wp-json\/wp\/v2\/pautas"}],"about":[{"href":"https:\/\/www.manaus.am.gov.br\/semcom\/wp-json\/wp\/v2\/types\/pautas"}],"wp:featuredmedia":[{"embeddable":true,"href":"https:\/\/www.manaus.am.gov.br\/semcom\/wp-json\/wp\/v2\/media\/208729"}],"wp:attachment":[{"href":"https:\/\/www.manaus.am.gov.br\/semcom\/wp-json\/wp\/v2\/media?parent=211772"}],"wp:term":[{"taxonomy":"category","embeddable":true,"href":"https:\/\/www.manaus.am.gov.br\/semcom\/wp-json\/wp\/v2\/categories?post=211772"}],"curies":[{"name":"wp","href":"https:\/\/api.w.org\/{rel}","templated":true}]}}