{"id":211378,"date":"2023-03-30T12:07:11","date_gmt":"2023-03-30T15:07:11","guid":{"rendered":"https:\/\/www.manaus.am.gov.br\/semcom\/?post_type=pautas&#038;p=211378"},"modified":"2023-03-30T12:07:12","modified_gmt":"2023-03-30T15:07:12","slug":"prefeitura-lanca-programa-english-manaus-com-2-mil-vagas-nesta-sexta-feira-31","status":"publish","type":"pautas","link":"https:\/\/www.manaus.am.gov.br\/semcom\/pautas\/prefeitura-lanca-programa-english-manaus-com-2-mil-vagas-nesta-sexta-feira-31\/","title":{"rendered":"<strong>Prefeitura lan\u00e7a programa \u2018English Manaus\u2019 com 2 mil vagas nesta sexta-feira, 31<\/strong>"},"content":{"rendered":"\n<p>A Prefeitura de Manaus, por meio da Secretaria Municipal do Trabalho, Empreendedorismo e Inova\u00e7\u00e3o (Semtepi), lan\u00e7a, nesta sexta, 31\/3, \u00e0s 14h, no Casar\u00e3o da Inova\u00e7\u00e3o Cassina, Centro, o programa \u201cEnglish Manaus\u201d, com o intuito de ofertar ao empreendedor um curso gratuito de ingl\u00eas, para melhorar a qualidade de atendimento ao turista e ampliar as possibilidades de atua\u00e7\u00e3o do empreendedor. As inscri\u00e7\u00f5es se iniciam no dia 31\/3 e se encerram em 21 de abril.<\/p>\n\n\n\n<p>Inicialmente, ser\u00e3o ofertadas 2 mil vagas para permission\u00e1rios das galerias dos Rem\u00e9dios e Esp\u00edrito Santo e do shopping Phelippe Daou, podendo alcan\u00e7ar outros p\u00fablicos, dependendo do preenchimento das vagas.<\/p>\n\n\n\n<p>O curso ser\u00e1 on-line, com dura\u00e7\u00e3o de dez meses. Com metodologia adaptada para neg\u00f3cios, as aulas poder\u00e3o ser assistidas a partir do aplicativo, que ser\u00e1 lan\u00e7ado no dia 31\/3, com disponibilidade para Android e IOS.<\/p>\n\n\n\n<p><strong>SERVI\u00c7O:<\/strong><\/p>\n\n\n\n<p><strong>O qu\u00ea \u2013&nbsp;<\/strong>Lan\u00e7amento do programa English Manaus e in\u00edcio das inscri\u00e7\u00f5es<\/p>\n\n\n\n<p><strong>Quando<\/strong>&nbsp;&#8211; Sexta-feira, 31\/3<\/p>\n\n\n\n<p><strong>Hor\u00e1rio<\/strong>&nbsp;&#8211; 14h<\/p>\n\n\n\n<p><strong>Local<\/strong>&nbsp;&#8211;&nbsp;Casar\u00e3o&nbsp;da Inova\u00e7\u00e3o Cassina, rua Bernardo Ramos, n\u00ba 290, Centro, zona Sul.<\/p>\n","protected":false},"featured_media":208729,"template":"","categories":[806],"acf":[],"yoast_head":"<!-- This site is optimized with the Yoast SEO plugin v23.0 - https:\/\/yoast.com\/wordpress\/plugins\/seo\/ -->\n<title>Prefeitura lan\u00e7a programa \u2018English Manaus\u2019 com 2 mil vagas nesta sexta-feira, 31<\/title>\n<meta name=\"description\" content=\"A Prefeitura de Manaus, por meio da Secretaria Municipal do Trabalho, Empreendedorismo e Inova\u00e7\u00e3o (Semtepi), lan\u00e7a, nesta sexta, 31\/3, \u00e0s 14h, no Casar\u00e3o da Inova\u00e7\u00e3o Cassina, Centro, o programa \u201cEnglish Manaus\u201d, com o intuito de ofertar ao empreendedor um curso gratuito de ingl\u00eas, para melhorar a qualidade de atendimento ao turista e ampliar as possibilidades de atua\u00e7\u00e3o do empreendedor. As inscri\u00e7\u00f5es se iniciam no dia 31\/3 e se encerram em 21 de abril.\" \/>\n<meta name=\"robots\" content=\"index, follow, max-snippet:-1, max-image-preview:large, max-video-preview:-1\" \/>\n<link rel=\"canonical\" href=\"https:\/\/www.manaus.am.gov.br\/semcom\/pautas\/prefeitura-lanca-programa-english-manaus-com-2-mil-vagas-nesta-sexta-feira-31\/\" \/>\n<meta property=\"og:locale\" content=\"pt_BR\" \/>\n<meta property=\"og:type\" content=\"article\" \/>\n<meta property=\"og:title\" content=\"Prefeitura lan\u00e7a programa \u2018English Manaus\u2019 com 2 mil vagas nesta sexta-feira, 31\" \/>\n<meta property=\"og:description\" content=\"A Prefeitura de Manaus, por meio da Secretaria Municipal do Trabalho, Empreendedorismo e Inova\u00e7\u00e3o (Semtepi), lan\u00e7a, nesta sexta, 31\/3, \u00e0s 14h, no Casar\u00e3o da Inova\u00e7\u00e3o Cassina, Centro, o programa \u201cEnglish Manaus\u201d, com o intuito de ofertar ao empreendedor um curso gratuito de ingl\u00eas, para melhorar a qualidade de atendimento ao turista e ampliar as possibilidades de atua\u00e7\u00e3o do empreendedor. As inscri\u00e7\u00f5es se iniciam no dia 31\/3 e se encerram em 21 de abril.\" \/>\n<meta property=\"og:url\" content=\"https:\/\/www.manaus.am.gov.br\/semcom\/pautas\/prefeitura-lanca-programa-english-manaus-com-2-mil-vagas-nesta-sexta-feira-31\/\" \/>\n<meta property=\"og:site_name\" content=\"SEMCOM\" \/>\n<meta property=\"article:modified_time\" content=\"2023-03-30T15:07:12+00:00\" \/>\n<meta property=\"og:image\" content=\"https:\/\/www.manaus.am.gov.br\/semcom\/wp-content\/uploads\/sites\/5\/2023\/02\/sugestaodepauta.png\" \/>\n\t<meta property=\"og:image:width\" content=\"1020\" \/>\n\t<meta property=\"og:image:height\" content=\"540\" \/>\n\t<meta property=\"og:image:type\" content=\"image\/png\" \/>\n<meta name=\"twitter:card\" content=\"summary_large_image\" \/>\n<meta name=\"twitter:label1\" content=\"Est. reading time\" \/>\n\t<meta name=\"twitter:data1\" content=\"1 minuto\" \/>\n<script type=\"application\/ld+json\" class=\"yoast-schema-graph\">{\"@context\":\"https:\/\/schema.org\",\"@graph\":[{\"@type\":\"WebPage\",\"@id\":\"https:\/\/www.manaus.am.gov.br\/semcom\/pautas\/prefeitura-lanca-programa-english-manaus-com-2-mil-vagas-nesta-sexta-feira-31\/\",\"url\":\"https:\/\/www.manaus.am.gov.br\/semcom\/pautas\/prefeitura-lanca-programa-english-manaus-com-2-mil-vagas-nesta-sexta-feira-31\/\",\"name\":\"Prefeitura lan\u00e7a programa \u2018English Manaus\u2019 com 2 mil vagas nesta sexta-feira, 31\",\"isPartOf\":{\"@id\":\"https:\/\/www.manaus.am.gov.br\/semcom\/#website\"},\"primaryImageOfPage\":{\"@id\":\"https:\/\/www.manaus.am.gov.br\/semcom\/pautas\/prefeitura-lanca-programa-english-manaus-com-2-mil-vagas-nesta-sexta-feira-31\/#primaryimage\"},\"image\":{\"@id\":\"https:\/\/www.manaus.am.gov.br\/semcom\/pautas\/prefeitura-lanca-programa-english-manaus-com-2-mil-vagas-nesta-sexta-feira-31\/#primaryimage\"},\"thumbnailUrl\":\"https:\/\/www.manaus.am.gov.br\/semcom\/wp-content\/uploads\/sites\/5\/2023\/02\/sugestaodepauta.png\",\"datePublished\":\"2023-03-30T15:07:11+00:00\",\"dateModified\":\"2023-03-30T15:07:12+00:00\",\"description\":\"A Prefeitura de Manaus, por meio da Secretaria Municipal do Trabalho, Empreendedorismo e Inova\u00e7\u00e3o (Semtepi), lan\u00e7a, nesta sexta, 31\/3, \u00e0s 14h, no Casar\u00e3o da Inova\u00e7\u00e3o Cassina, Centro, o programa \u201cEnglish Manaus\u201d, com o intuito de ofertar ao empreendedor um curso gratuito de ingl\u00eas, para melhorar a qualidade de atendimento ao turista e ampliar as possibilidades de atua\u00e7\u00e3o do empreendedor. As inscri\u00e7\u00f5es se iniciam no dia 31\/3 e se encerram em 21 de abril.\",\"inLanguage\":\"pt-BR\",\"potentialAction\":[{\"@type\":\"ReadAction\",\"target\":[\"https:\/\/www.manaus.am.gov.br\/semcom\/pautas\/prefeitura-lanca-programa-english-manaus-com-2-mil-vagas-nesta-sexta-feira-31\/\"]}]},{\"@type\":\"ImageObject\",\"inLanguage\":\"pt-BR\",\"@id\":\"https:\/\/www.manaus.am.gov.br\/semcom\/pautas\/prefeitura-lanca-programa-english-manaus-com-2-mil-vagas-nesta-sexta-feira-31\/#primaryimage\",\"url\":\"https:\/\/www.manaus.am.gov.br\/semcom\/wp-content\/uploads\/sites\/5\/2023\/02\/sugestaodepauta.png\",\"contentUrl\":\"https:\/\/www.manaus.am.gov.br\/semcom\/wp-content\/uploads\/sites\/5\/2023\/02\/sugestaodepauta.png\",\"width\":1020,\"height\":540},{\"@type\":\"WebSite\",\"@id\":\"https:\/\/www.manaus.am.gov.br\/semcom\/#website\",\"url\":\"https:\/\/www.manaus.am.gov.br\/semcom\/\",\"name\":\"SEMCOM\",\"description\":\"Secretaria Municipal de Comunica\u00e7\u00e3o\",\"potentialAction\":[{\"@type\":\"SearchAction\",\"target\":{\"@type\":\"EntryPoint\",\"urlTemplate\":\"https:\/\/www.manaus.am.gov.br\/semcom\/?s={search_term_string}\"},\"query-input\":\"required name=search_term_string\"}],\"inLanguage\":\"pt-BR\"}]}<\/script>\n<!-- \/ Yoast SEO plugin. -->","yoast_head_json":{"title":"Prefeitura lan\u00e7a programa \u2018English Manaus\u2019 com 2 mil vagas nesta sexta-feira, 31","description":"A Prefeitura de Manaus, por meio da Secretaria Municipal do Trabalho, Empreendedorismo e Inova\u00e7\u00e3o (Semtepi), lan\u00e7a, nesta sexta, 31\/3, \u00e0s 14h, no Casar\u00e3o da Inova\u00e7\u00e3o Cassina, Centro, o programa \u201cEnglish Manaus\u201d, com o intuito de ofertar ao empreendedor um curso gratuito de ingl\u00eas, para melhorar a qualidade de atendimento ao turista e ampliar as possibilidades de atua\u00e7\u00e3o do empreendedor. As inscri\u00e7\u00f5es se iniciam no dia 31\/3 e se encerram em 21 de abril.","robots":{"index":"index","follow":"follow","max-snippet":"max-snippet:-1","max-image-preview":"max-image-preview:large","max-video-preview":"max-video-preview:-1"},"canonical":"https:\/\/www.manaus.am.gov.br\/semcom\/pautas\/prefeitura-lanca-programa-english-manaus-com-2-mil-vagas-nesta-sexta-feira-31\/","og_locale":"pt_BR","og_type":"article","og_title":"Prefeitura lan\u00e7a programa \u2018English Manaus\u2019 com 2 mil vagas nesta sexta-feira, 31","og_description":"A Prefeitura de Manaus, por meio da Secretaria Municipal do Trabalho, Empreendedorismo e Inova\u00e7\u00e3o (Semtepi), lan\u00e7a, nesta sexta, 31\/3, \u00e0s 14h, no Casar\u00e3o da Inova\u00e7\u00e3o Cassina, Centro, o programa \u201cEnglish Manaus\u201d, com o intuito de ofertar ao empreendedor um curso gratuito de ingl\u00eas, para melhorar a qualidade de atendimento ao turista e ampliar as possibilidades de atua\u00e7\u00e3o do empreendedor. As inscri\u00e7\u00f5es se iniciam no dia 31\/3 e se encerram em 21 de abril.","og_url":"https:\/\/www.manaus.am.gov.br\/semcom\/pautas\/prefeitura-lanca-programa-english-manaus-com-2-mil-vagas-nesta-sexta-feira-31\/","og_site_name":"SEMCOM","article_modified_time":"2023-03-30T15:07:12+00:00","og_image":[{"width":1020,"height":540,"url":"https:\/\/www.manaus.am.gov.br\/semcom\/wp-content\/uploads\/sites\/5\/2023\/02\/sugestaodepauta.png","type":"image\/png"}],"twitter_card":"summary_large_image","twitter_misc":{"Est. reading time":"1 minuto"},"schema":{"@context":"https:\/\/schema.org","@graph":[{"@type":"WebPage","@id":"https:\/\/www.manaus.am.gov.br\/semcom\/pautas\/prefeitura-lanca-programa-english-manaus-com-2-mil-vagas-nesta-sexta-feira-31\/","url":"https:\/\/www.manaus.am.gov.br\/semcom\/pautas\/prefeitura-lanca-programa-english-manaus-com-2-mil-vagas-nesta-sexta-feira-31\/","name":"Prefeitura lan\u00e7a programa \u2018English Manaus\u2019 com 2 mil vagas nesta sexta-feira, 31","isPartOf":{"@id":"https:\/\/www.manaus.am.gov.br\/semcom\/#website"},"primaryImageOfPage":{"@id":"https:\/\/www.manaus.am.gov.br\/semcom\/pautas\/prefeitura-lanca-programa-english-manaus-com-2-mil-vagas-nesta-sexta-feira-31\/#primaryimage"},"image":{"@id":"https:\/\/www.manaus.am.gov.br\/semcom\/pautas\/prefeitura-lanca-programa-english-manaus-com-2-mil-vagas-nesta-sexta-feira-31\/#primaryimage"},"thumbnailUrl":"https:\/\/www.manaus.am.gov.br\/semcom\/wp-content\/uploads\/sites\/5\/2023\/02\/sugestaodepauta.png","datePublished":"2023-03-30T15:07:11+00:00","dateModified":"2023-03-30T15:07:12+00:00","description":"A Prefeitura de Manaus, por meio da Secretaria Municipal do Trabalho, Empreendedorismo e Inova\u00e7\u00e3o (Semtepi), lan\u00e7a, nesta sexta, 31\/3, \u00e0s 14h, no Casar\u00e3o da Inova\u00e7\u00e3o Cassina, Centro, o programa \u201cEnglish Manaus\u201d, com o intuito de ofertar ao empreendedor um curso gratuito de ingl\u00eas, para melhorar a qualidade de atendimento ao turista e ampliar as possibilidades de atua\u00e7\u00e3o do empreendedor. As inscri\u00e7\u00f5es se iniciam no dia 31\/3 e se encerram em 21 de abril.","inLanguage":"pt-BR","potentialAction":[{"@type":"ReadAction","target":["https:\/\/www.manaus.am.gov.br\/semcom\/pautas\/prefeitura-lanca-programa-english-manaus-com-2-mil-vagas-nesta-sexta-feira-31\/"]}]},{"@type":"ImageObject","inLanguage":"pt-BR","@id":"https:\/\/www.manaus.am.gov.br\/semcom\/pautas\/prefeitura-lanca-programa-english-manaus-com-2-mil-vagas-nesta-sexta-feira-31\/#primaryimage","url":"https:\/\/www.manaus.am.gov.br\/semcom\/wp-content\/uploads\/sites\/5\/2023\/02\/sugestaodepauta.png","contentUrl":"https:\/\/www.manaus.am.gov.br\/semcom\/wp-content\/uploads\/sites\/5\/2023\/02\/sugestaodepauta.png","width":1020,"height":540},{"@type":"WebSite","@id":"https:\/\/www.manaus.am.gov.br\/semcom\/#website","url":"https:\/\/www.manaus.am.gov.br\/semcom\/","name":"SEMCOM","description":"Secretaria Municipal de Comunica\u00e7\u00e3o","potentialAction":[{"@type":"SearchAction","target":{"@type":"EntryPoint","urlTemplate":"https:\/\/www.manaus.am.gov.br\/semcom\/?s={search_term_string}"},"query-input":"required name=search_term_string"}],"inLanguage":"pt-BR"}]}},"_links":{"self":[{"href":"https:\/\/www.manaus.am.gov.br\/semcom\/wp-json\/wp\/v2\/pautas\/211378"}],"collection":[{"href":"https:\/\/www.manaus.am.gov.br\/semcom\/wp-json\/wp\/v2\/pautas"}],"about":[{"href":"https:\/\/www.manaus.am.gov.br\/semcom\/wp-json\/wp\/v2\/types\/pautas"}],"wp:featuredmedia":[{"embeddable":true,"href":"https:\/\/www.manaus.am.gov.br\/semcom\/wp-json\/wp\/v2\/media\/208729"}],"wp:attachment":[{"href":"https:\/\/www.manaus.am.gov.br\/semcom\/wp-json\/wp\/v2\/media?parent=211378"}],"wp:term":[{"taxonomy":"category","embeddable":true,"href":"https:\/\/www.manaus.am.gov.br\/semcom\/wp-json\/wp\/v2\/categories?post=211378"}],"curies":[{"name":"wp","href":"https:\/\/api.w.org\/{rel}","templated":true}]}}